{"id":497,"date":"2023-12-05T12:33:59","date_gmt":"2023-12-05T12:33:59","guid":{"rendered":"https:\/\/webs.uab.cat\/occita\/?page_id=497"},"modified":"2023-12-05T13:10:40","modified_gmt":"2023-12-05T13:10:40","slug":"infoc-aranoc","status":"publish","type":"page","link":"https:\/\/webs.uab.cat\/occita\/infoc-aranoc\/","title":{"rendered":"Inf\u00d2c-Aran\u00d2c"},"content":{"rendered":"\n<p><\/p>\n\n\n\n<p><\/p>\n\n\n\n<p><\/p>\n\n\n\n<p><\/p>\n\n\n\n<p><\/p>\n\n\n\n<p><strong>Informatius occitans. Fons Macip \u2013 Zabala<\/strong>:<\/p>\n\n\n\n<p>L&#8217;any 2002, la Televisi\u00f3 de Barcelona BTV endegava uns informatius setmanals d\u2019informaci\u00f3 occitana i aranesa, realitzats pels periodistes i occitanistes Farriol Macip i Man\u00e8l Zabala. Aquests informatius es van realitzar durant vuit anys, concretament des del dia 2 de febrer de 2013 fins al 29 de juliol de 2021 amb un total de 378 programes.<\/p>\n\n\n\n<p>Sota el t\u00edtol Aran\u00e8s\u00f3c s\u2019agrupaven els programes Inf\u00f2c i Aran\u00f2c sobre l&#8217;actualitat de la Vall d&#8217;Aran. Contenien tots els temes d&#8217;actualitat aranesa: pol\u00edtic, cultural, hist\u00f2ric, festes i tradicions, premsa, etc. Sovint en els reportatges hi participaven els habitants dels pobles aranesos explicant els costums i la vida d&#8217;anys enrere.<\/p>\n\n\n\n<p>Van ser emesos \u00edntegrament en llengua aranesa i amb subt\u00edtols en catal\u00e0. Van ser coprodu\u00efts per BTV i per l&#8217;AD\u00d2C (Associaci\u00f3 per a la Difusi\u00f3 d&#8217;Occit\u00e0nia a Catalunya).<\/p>\n\n\n\n<p>Gr\u00e0cies a la voluntat i generositat dels dos autors (Zabala i Macip) i de la BTV s\u2019ha signat un conveni de col\u00b7laboraci\u00f3 que permet que aquest inestimable material sigui accessible per consulta i recerca dels estudiosos i occitanistes.<\/p>\n\n\n\n<p><img loading=\"lazy\" decoding=\"async\" width=\"70\" height=\"46\" class=\"wp-image-514\" style=\"width: 70px\" src=\"https:\/\/webs.uab.cat\/occita\/wp-content\/uploads\/sites\/196\/2023\/12\/logoVideo.jpg\" alt=\"\"><strong><a rel=\"noreferrer noopener\" href=\"https:\/\/ddd.uab.cat\/collection\/aranesoc\" target=\"_blank\">PODEU CONSULTAR ELS PROGRAMES AQU\u00cd.<\/a><\/strong><\/p>\n","protected":false},"excerpt":{"rendered":"<p>Informatius occitans. Fons Macip \u2013 Zabala: L&#8217;any 2002, la Televisi\u00f3 de Barcelona BTV endegava uns informatius setmanals d\u2019informaci\u00f3 occitana i aranesa, realitzats pels periodistes i occitanistes Farriol Macip i Man\u00e8l Zabala. Aquests informatius es van realitzar durant vuit anys, concretament des del dia 2 de febrer de 2013 fins al 29 de juliol de 2021 [&hellip;]<\/p>\n","protected":false},"author":74,"featured_media":0,"parent":0,"menu_order":0,"comment_status":"closed","ping_status":"closed","template":"","meta":{"footnotes":""},"class_list":["post-497","page","type-page","status-publish","hentry"],"_links":{"self":[{"href":"https:\/\/webs.uab.cat\/occita\/wp-json\/wp\/v2\/pages\/497","targetHints":{"allow":["GET"]}}],"collection":[{"href":"https:\/\/webs.uab.cat\/occita\/wp-json\/wp\/v2\/pages"}],"about":[{"href":"https:\/\/webs.uab.cat\/occita\/wp-json\/wp\/v2\/types\/page"}],"author":[{"embeddable":true,"href":"https:\/\/webs.uab.cat\/occita\/wp-json\/wp\/v2\/users\/74"}],"replies":[{"embeddable":true,"href":"https:\/\/webs.uab.cat\/occita\/wp-json\/wp\/v2\/comments?post=497"}],"version-history":[{"count":6,"href":"https:\/\/webs.uab.cat\/occita\/wp-json\/wp\/v2\/pages\/497\/revisions"}],"predecessor-version":[{"id":515,"href":"https:\/\/webs.uab.cat\/occita\/wp-json\/wp\/v2\/pages\/497\/revisions\/515"}],"wp:attachment":[{"href":"https:\/\/webs.uab.cat\/occita\/wp-json\/wp\/v2\/media?parent=497"}],"curies":[{"name":"wp","href":"https:\/\/api.w.org\/{rel}","templated":true}]}}