{"id":207,"date":"2011-02-19T12:42:34","date_gmt":"2011-02-19T10:42:34","guid":{"rendered":"https:\/\/webs.uab.cat\/oic\/cooperacion-desarrollo\/"},"modified":"2022-10-05T14:29:56","modified_gmt":"2022-10-05T12:29:56","slug":"cooperacion-desarrollo","status":"publish","type":"page","link":"https:\/\/webs.uab.cat\/oic\/es\/cooperacion-desarrollo\/","title":{"rendered":"Cooperaci\u00f3n internacional para el desarrollo"},"content":{"rendered":"<div class=\"wp-block-image\">\n<figure class=\"aligncenter is-resized\"><a href=\"http:\/\/www.comunicacionsocial.es\/cs\/index.php?option=com_wrapper&amp;view=wrapper&amp;Itemid=78&amp;CADENA=978-84-92860-39-5&amp;BUSQUEDA=NO&amp;MODO=DETALLE&amp;CB=0\"><img loading=\"lazy\" decoding=\"async\" src=\"http:\/\/centresderecerca.uab.cat\/oic\/sites\/centresderecerca.uab.cat.oic\/files\/images\/Libro IPS.jpg\" alt=\"\" width=\"187\" height=\"261\"\/><\/a><\/figure>\n<\/div>\n\n\n<p>En el contexto de un debate amplio y en construcci\u00f3n sobre el compromiso que tienen expl\u00edcita o impl\u00edcitamente los medios de comunicaci\u00f3n como actores del proceso social vinculado a la ayuda y la cooperaci\u00f3n internacional para el desarrollo, nuestro grupo ha realizado la investigaci\u00f3n <em>La prensa y la cooperaci\u00f3n internacional. Cobertura de la cooperaci\u00f3n para el desarrollo en nueve diarios europeos<\/em>. Es el resultado de un proyecto de colaboraci\u00f3n entre la agencia internacional Inter Press Service (IPS), la Agencia Espa\u00f1ola de Cooperaci\u00f3n Internacional para el Desarrollo (AECID) y el Grupo de Investigaciones sobre la Informaci\u00f3n (GII) del Observatorio Iberoamericano de la Comunicaci\u00f3n de la Universidad Aut\u00f3noma de Barcelona (UAB).<\/p>\n\n\n\n<p>A lo largo de tres meses se analizaron nueve diarios de referencia europeos: tres espa\u00f1oles (ABC, El Pa\u00eds y La Vanguardia), tres franceses (Le Figaro, Le Monde y Lib\u00e9ration) y tres ingleses (The Daily Telegraph, The Guardian y The Times). Cada uno de los peri\u00f3dicos seleccionados se codific\u00f3 a dos niveles: En un primer nivel se procedi\u00f3 al vaciado de los contenidos redaccionales de los diarios en funci\u00f3n de las secciones, identific\u00e1ndose un total de 86.859 Unidades Period\u00edsticas (UP). De estas, se discriminaron 3.025 relacionadas con la Cooperaci\u00f3n para el Desarrollo (UPC). En el segundo nivel se aplic\u00f3 un cuestionario de an\u00e1lisis de contenido integrado por variables vinculadas a aspectos period\u00edsticos (extensi\u00f3n de la informaci\u00f3n, secci\u00f3n, autor\u00eda, jerarquizaci\u00f3n, etc.), contextuales (pa\u00eds de edici\u00f3n, cabecera, protagonismo institucional, etc.) y tem\u00e1ticos (acceso a la salud, a la educaci\u00f3n, gobernabilidad, protecci\u00f3n del medio ambiente, etc.).<\/p>\n\n\n\n<p>Para la realizaci\u00f3n de este estudio se ha dise\u00f1ado una herramienta electr\u00f3nica integrada por un Formulario de Codificaci\u00f3n de setenta y siete entradas (diecisiete variables b\u00e1sicas y sesenta descriptores tem\u00e1ticos) que al cumplimentarse en l\u00ednea alimenta autom\u00e1ticamente una base de datos permanentemente disponible para el trabajo en red. La disponibilidad permanente de los formularios enviados por la herramienta de trabajo en l\u00ednea permite procesar peri\u00f3dicamente los datos mediante el software de an\u00e1lisis estad\u00edstico, generar las tablas y gr\u00e1ficos con resultados parciales y finales, acometer el correspondiente an\u00e1lisis y llegar a conclusiones.<\/p>\n\n\n\n<p>&nbsp;<\/p>\n","protected":false},"excerpt":{"rendered":"<p>En el contexto de un debate amplio y en construcci\u00f3n sobre el compromiso que tienen expl\u00edcita o impl\u00edcitamente los medios de comunicaci\u00f3n como actores del proceso social vinculado a la ayuda y la cooperaci\u00f3n internacional para el desarrollo, nuestro grupo ha realizado la investigaci\u00f3n La prensa y la cooperaci\u00f3n internacional. Cobertura de la cooperaci\u00f3n para [&hellip;]<\/p>\n","protected":false},"author":20,"featured_media":0,"parent":0,"menu_order":0,"comment_status":"closed","ping_status":"closed","template":"","meta":{"footnotes":""},"class_list":["post-207","page","type-page","status-publish","hentry"],"_links":{"self":[{"href":"https:\/\/webs.uab.cat\/oic\/es\/wp-json\/wp\/v2\/pages\/207","targetHints":{"allow":["GET"]}}],"collection":[{"href":"https:\/\/webs.uab.cat\/oic\/es\/wp-json\/wp\/v2\/pages"}],"about":[{"href":"https:\/\/webs.uab.cat\/oic\/es\/wp-json\/wp\/v2\/types\/page"}],"author":[{"embeddable":true,"href":"https:\/\/webs.uab.cat\/oic\/es\/wp-json\/wp\/v2\/users\/20"}],"replies":[{"embeddable":true,"href":"https:\/\/webs.uab.cat\/oic\/es\/wp-json\/wp\/v2\/comments?post=207"}],"version-history":[{"count":1,"href":"https:\/\/webs.uab.cat\/oic\/es\/wp-json\/wp\/v2\/pages\/207\/revisions"}],"predecessor-version":[{"id":2504,"href":"https:\/\/webs.uab.cat\/oic\/es\/wp-json\/wp\/v2\/pages\/207\/revisions\/2504"}],"wp:attachment":[{"href":"https:\/\/webs.uab.cat\/oic\/es\/wp-json\/wp\/v2\/media?parent=207"}],"curies":[{"name":"wp","href":"https:\/\/api.w.org\/{rel}","templated":true}]}}