{"id":2643,"date":"2022-10-05T16:08:01","date_gmt":"2022-10-05T14:08:01","guid":{"rendered":"https:\/\/webs.uab.cat\/oic\/inici-2\/"},"modified":"2022-10-06T10:50:33","modified_gmt":"2022-10-06T08:50:33","slug":"inici-2","status":"publish","type":"page","link":"https:\/\/webs.uab.cat\/oic\/es\/","title":{"rendered":"Inici"},"content":{"rendered":"\n<div class=\"wp-block-columns alignwide is-layout-flex wp-container-core-columns-is-layout-9d6595d7 wp-block-columns-is-layout-flex\">\n<div class=\"wp-block-column is-layout-flow wp-block-column-is-layout-flow\">\n<h2 class=\"wp-block-heading\"><a href=\"https:\/\/webs.uab.cat\/oic\/icc-estadisticas-resumen\">Estad\u00edstica comparada dels Sectors Cultural i Creatiu a les CCAA espanyoles<\/a><\/h2>\n\n\n\n<figure class=\"wp-block-image size-full\"><img loading=\"lazy\" decoding=\"async\" width=\"800\" height=\"391\" src=\"https:\/\/webs.uab.cat\/oic\/wp-content\/uploads\/sites\/223\/2022\/10\/cuadro_resumen_melicc_web.png\" alt=\"\" class=\"wp-image-2708\" srcset=\"https:\/\/webs.uab.cat\/oic\/wp-content\/uploads\/sites\/223\/2022\/10\/cuadro_resumen_melicc_web.png 800w, https:\/\/webs.uab.cat\/oic\/wp-content\/uploads\/sites\/223\/2022\/10\/cuadro_resumen_melicc_web-300x147.png 300w, https:\/\/webs.uab.cat\/oic\/wp-content\/uploads\/sites\/223\/2022\/10\/cuadro_resumen_melicc_web-768x375.png 768w\" sizes=\"auto, (max-width: 800px) 100vw, 800px\" \/><\/figure>\n\n\n\n<p>El grup de recerca Localcom mesura per primera vegada el pes desagregat dels Sectors Cultural i Creatiu a les&nbsp;comunitats aut\u00f2nomes d&#8217;Espanya. El projecte estableix els desequilibris entre les comunitats, dimensiona els efectes negatius de la crisi sobre el sector i identifica els pols de major desenvolupament i potencialitat.<\/p>\n\n\n\n<p>A partir d&#8217;un model propi s&#8217;ha generat una \u00e0mplia base amb m\u00e9s de 26.000 dades estad\u00edstiques: 18.300 dades originals sobre les ICC i prop de 8.000 dades de fonts externes fins ara dispersos en m\u00faltiples entitats (instituts d&#8217;estad\u00edstica, ministeris, associacions, gremis professionals, etc.).\u00a0<a href=\"https:\/\/webs.uab.cat\/oic\/icc-estadisticas-resumen\">[+]<\/a><\/p>\n\n\n\n<figure class=\"wp-block-image size-full\"><img loading=\"lazy\" decoding=\"async\" width=\"400\" height=\"100\" src=\"https:\/\/webs.uab.cat\/oic\/wp-content\/uploads\/sites\/223\/2022\/09\/melicc.png\" alt=\"\" class=\"wp-image-586\" srcset=\"https:\/\/webs.uab.cat\/oic\/wp-content\/uploads\/sites\/223\/2022\/09\/melicc.png 400w, https:\/\/webs.uab.cat\/oic\/wp-content\/uploads\/sites\/223\/2022\/09\/melicc-300x75.png 300w\" sizes=\"auto, (max-width: 400px) 100vw, 400px\" \/><figcaption>Con\u00e8ixer m\u00e9s del\u00a0<a href=\"https:\/\/webs.uab.cat\/oic\/metodologia-melicc\">Model Estad\u00edstic LOCALCO<\/a><br><a href=\"https:\/\/webs.uab.cat\/oic\/metodologia-melicc\">M de les Ind\u00fastries Culturals i Creatives<\/a><\/figcaption><\/figure>\n\n\n\n<figure class=\"wp-block-image size-full\"><a href=\"https:\/\/ddd.uab.cat\/collection\/localcom\"><img loading=\"lazy\" decoding=\"async\" width=\"400\" height=\"115\" src=\"https:\/\/webs.uab.cat\/oic\/wp-content\/uploads\/sites\/223\/2022\/09\/ddd_home_0.png\" alt=\"\" class=\"wp-image-574\" srcset=\"https:\/\/webs.uab.cat\/oic\/wp-content\/uploads\/sites\/223\/2022\/09\/ddd_home_0.png 400w, https:\/\/webs.uab.cat\/oic\/wp-content\/uploads\/sites\/223\/2022\/09\/ddd_home_0-300x86.png 300w\" sizes=\"auto, (max-width: 400px) 100vw, 400px\" \/><\/a><\/figure>\n<\/div>\n\n\n\n<div class=\"wp-block-column has-subtle-background-background-color has-background is-layout-flow wp-block-column-is-layout-flow\">\n<h2 class=\"has-text-align-center wp-block-heading\">Actualidad<\/h2>\n\n\n\n<div class=\"wp-block-query is-layout-flow wp-block-query-is-layout-flow\"><ul class=\"wp-block-post-template is-layout-flow wp-block-post-template-is-layout-flow\"><li class=\"wp-block-post post-93 post type-post status-publish format-standard hentry category-uncategorized-ca\">\n<h2 class=\"wp-block-post-title\"><a href=\"https:\/\/webs.uab.cat\/oic\/es\/2017\/03\/07\/madrid-liderazgo-icc\/\" target=\"_self\" >Relevancia de las ICC en Catalu\u00f1a<\/a><\/h2>\n\n\n\n<div class=\"wp-block-post-excerpt\"><p class=\"wp-block-post-excerpt__excerpt\">LAS INDUSTRIAS CULTURALES Y CREATIVAS EN LAS COMUNIDADES AUT\u00d3NOMAS ESPA\u00d1OLAS: EL CASO CATALU\u00d1A Seg\u00fan el art\u00edculo acad\u00e9mico&nbsp;elaborado por los investigadores Marcial Murciano y Carlos Gonz\u00e1lez Saavedra,&nbsp;y basado en la metodolog\u00eda MELICC, las Industrias Culturales y Creativas (ICC) forman un ecosistema que puede beneficiarse de entornos socioecon\u00f3micos favorables y de las oportunidades abiertas por el cambio&hellip; <\/p><\/div>\n\n\n<hr class=\"wp-block-separator has-css-opacity\"\/>\n\n\n<div class=\"wp-block-post-date\"><time datetime=\"2017-03-07T12:18:06+02:00\">7 de marzo de 2017<\/time><\/div>\n<\/li><li class=\"wp-block-post post-90 post type-post status-publish format-standard hentry category-uncategorized-ca\">\n<h2 class=\"wp-block-post-title\"><a href=\"https:\/\/webs.uab.cat\/oic\/es\/2017\/01\/30\/aragon-icc-crisis\/\" target=\"_self\" >ICC y crisis en Arag\u00f3n<\/a><\/h2>\n\n\n\n<div class=\"wp-block-post-excerpt\"><p class=\"wp-block-post-excerpt__excerpt\">La incidencia de la crisis econ\u00f3mica en las industrias culturales y creativas: el caso de Arag\u00f3n Las industrias culturales y creativas (ICC) tienen un escaso impacto en Arag\u00f3n, y, en general, todos los sub-sectores que las conforman han sufrido durante la crisis un notable descenso en sus principales indicadores econ\u00f3micos. Esta es la conclusi\u00f3n principal&hellip; <\/p><\/div>\n\n\n<hr class=\"wp-block-separator has-css-opacity\"\/>\n\n\n<div class=\"wp-block-post-date\"><time datetime=\"2017-01-30T12:33:36+02:00\">30 de enero de 2017<\/time><\/div>\n<\/li><li class=\"wp-block-post post-87 post type-post status-publish format-standard has-post-thumbnail hentry category-uncategorized-ca\">\n<h2 class=\"wp-block-post-title\"><a href=\"https:\/\/webs.uab.cat\/oic\/es\/2015\/07\/13\/premio-investigacion-nuevos-modelos-negocio-prensa-proximidad\/\" target=\"_self\" >Premio de investigaci\u00f3n<\/a><\/h2>\n\n<figure class=\"alignwide wp-block-post-featured-image\"><a href=\"https:\/\/webs.uab.cat\/oic\/es\/2015\/07\/13\/premio-investigacion-nuevos-modelos-negocio-prensa-proximidad\/\" target=\"_self\"  ><img loading=\"lazy\" decoding=\"async\" width=\"400\" height=\"250\" src=\"https:\/\/webs.uab.cat\/oic\/wp-content\/uploads\/sites\/223\/2015\/07\/presentacio_estudi_amic_web_c.crusafon.jpg\" class=\"attachment-post-thumbnail size-post-thumbnail wp-post-image\" alt=\"Premio de investigaci\u00f3n\" style=\"object-fit:cover;\" srcset=\"https:\/\/webs.uab.cat\/oic\/wp-content\/uploads\/sites\/223\/2015\/07\/presentacio_estudi_amic_web_c.crusafon.jpg 400w, https:\/\/webs.uab.cat\/oic\/wp-content\/uploads\/sites\/223\/2015\/07\/presentacio_estudi_amic_web_c.crusafon-300x188.jpg 300w\" sizes=\"auto, (max-width: 400px) 100vw, 400px\" \/><\/a><\/figure>\n\n<div class=\"wp-block-post-excerpt\"><p class=\"wp-block-post-excerpt__excerpt\">Presentaci\u00f3n del estudio sobre el modelo de negocio de la prensa de proximidad La subdirectora del OIC, Carmina Crusafon, ha publicado el libro&nbsp;Modelos de negocio de la prensa de proximidad: 10 claves para una f\u00f3rmula m\u00e1s eficiente a partir de la innovaci\u00f3n digital internacional. Este libro ha obtenido el primer&nbsp;premio de investigaci\u00f3n en Modelos de&hellip; <\/p><\/div>\n\n\n<hr class=\"wp-block-separator has-css-opacity\"\/>\n\n\n<div class=\"wp-block-post-date\"><time datetime=\"2015-07-13T16:23:37+02:00\">13 de julio de 2015<\/time><\/div>\n<\/li><\/ul><\/div>\n<\/div>\n\n\n\n<div class=\"wp-block-column is-layout-flow wp-block-column-is-layout-flow\">\n<div class=\"wp-block-group\"><div class=\"wp-block-group__inner-container is-layout-flow wp-block-group-is-layout-flow\">\n<h2 class=\"has-text-align-center wp-block-heading\"><a href=\"https:\/\/webs.uab.cat\/oic\/empleo-icc\">La xifra<\/a><\/h2>\n\n\n<div class=\"wp-block-image\">\n<figure class=\"aligncenter is-resized\"><a href=\"https:\/\/centresderecerca.uab.cat\/oic\/content\/empleo-icc\"><img loading=\"lazy\" decoding=\"async\" src=\"https:\/\/centresderecerca.uab.cat\/oic\/sites\/centresderecerca.uab.cat.oic\/files\/u3\/el_dato_2017.png\" alt=\"\" width=\"376\" height=\"266\"\/><\/a><\/figure>\n<\/div>\n\n\n<p>El sector cultural i creatiu en les&nbsp;CCAA&nbsp;\u00e9s particularment vulnerable: en mitjana, durant la crisi perd ocupaci\u00f3 al doble de velocitat que l&#8217;economia en el seu conjunt.&nbsp;<\/p>\n\n\n\n<figure class=\"wp-block-image size-full\"><a href=\"https:\/\/webs.uab.cat\/oic\/esptv-presentacio\/\"><img loading=\"lazy\" decoding=\"async\" width=\"800\" height=\"231\" src=\"https:\/\/webs.uab.cat\/oic\/wp-content\/uploads\/sites\/223\/2022\/09\/esptv-banner-home-cat.png\" alt=\"\" class=\"wp-image-622\" srcset=\"https:\/\/webs.uab.cat\/oic\/wp-content\/uploads\/sites\/223\/2022\/09\/esptv-banner-home-cat.png 800w, https:\/\/webs.uab.cat\/oic\/wp-content\/uploads\/sites\/223\/2022\/09\/esptv-banner-home-cat-300x87.png 300w, https:\/\/webs.uab.cat\/oic\/wp-content\/uploads\/sites\/223\/2022\/09\/esptv-banner-home-cat-768x222.png 768w\" sizes=\"auto, (max-width: 800px) 100vw, 800px\" \/><\/a><\/figure>\n<\/div><\/div>\n\n\n\n<figure class=\"wp-block-image size-full\"><a href=\"https:\/\/webs.uab.cat\/oic\/industries-creatives-culturals\/\"><img loading=\"lazy\" decoding=\"async\" width=\"800\" height=\"235\" src=\"https:\/\/webs.uab.cat\/oic\/wp-content\/uploads\/sites\/223\/2022\/09\/icc-banner-home-cat.png\" alt=\"\" class=\"wp-image-625\" srcset=\"https:\/\/webs.uab.cat\/oic\/wp-content\/uploads\/sites\/223\/2022\/09\/icc-banner-home-cat.png 800w, https:\/\/webs.uab.cat\/oic\/wp-content\/uploads\/sites\/223\/2022\/09\/icc-banner-home-cat-300x88.png 300w, https:\/\/webs.uab.cat\/oic\/wp-content\/uploads\/sites\/223\/2022\/09\/icc-banner-home-cat-768x226.png 768w\" sizes=\"auto, (max-width: 800px) 100vw, 800px\" \/><\/a><\/figure>\n\n\n\n<figure class=\"wp-block-image size-full\"><img loading=\"lazy\" decoding=\"async\" width=\"800\" height=\"230\" src=\"https:\/\/webs.uab.cat\/oic\/wp-content\/uploads\/sites\/223\/2022\/09\/digital-banner-home-cat.png\" alt=\"\" class=\"wp-image-628\" srcset=\"https:\/\/webs.uab.cat\/oic\/wp-content\/uploads\/sites\/223\/2022\/09\/digital-banner-home-cat.png 800w, https:\/\/webs.uab.cat\/oic\/wp-content\/uploads\/sites\/223\/2022\/09\/digital-banner-home-cat-300x86.png 300w, https:\/\/webs.uab.cat\/oic\/wp-content\/uploads\/sites\/223\/2022\/09\/digital-banner-home-cat-768x221.png 768w\" sizes=\"auto, (max-width: 800px) 100vw, 800px\" \/><\/figure>\n\n\n\n<figure class=\"wp-block-image size-full\"><img loading=\"lazy\" decoding=\"async\" width=\"800\" height=\"242\" src=\"https:\/\/webs.uab.cat\/oic\/wp-content\/uploads\/sites\/223\/2022\/09\/politicas-banner-home-cat.png\" alt=\"\" class=\"wp-image-631\" srcset=\"https:\/\/webs.uab.cat\/oic\/wp-content\/uploads\/sites\/223\/2022\/09\/politicas-banner-home-cat.png 800w, https:\/\/webs.uab.cat\/oic\/wp-content\/uploads\/sites\/223\/2022\/09\/politicas-banner-home-cat-300x91.png 300w, https:\/\/webs.uab.cat\/oic\/wp-content\/uploads\/sites\/223\/2022\/09\/politicas-banner-home-cat-768x232.png 768w\" sizes=\"auto, (max-width: 800px) 100vw, 800px\" \/><\/figure>\n\n\n\n<figure class=\"wp-block-image size-full\"><a href=\"https:\/\/webs.uab.cat\/oic\/resultados-ips-aecid\/\"><img loading=\"lazy\" decoding=\"async\" width=\"800\" height=\"242\" src=\"https:\/\/webs.uab.cat\/oic\/wp-content\/uploads\/sites\/223\/2022\/09\/ips-home-cat-ok.png\" alt=\"\" class=\"wp-image-634\" srcset=\"https:\/\/webs.uab.cat\/oic\/wp-content\/uploads\/sites\/223\/2022\/09\/ips-home-cat-ok.png 800w, https:\/\/webs.uab.cat\/oic\/wp-content\/uploads\/sites\/223\/2022\/09\/ips-home-cat-ok-300x91.png 300w, https:\/\/webs.uab.cat\/oic\/wp-content\/uploads\/sites\/223\/2022\/09\/ips-home-cat-ok-768x232.png 768w\" sizes=\"auto, (max-width: 800px) 100vw, 800px\" \/><\/a><\/figure>\n<\/div>\n<\/div>\n","protected":false},"excerpt":{"rendered":"<p>Estad\u00edstica comparada dels Sectors Cultural i Creatiu a les CCAA espanyoles El grup de recerca Localcom mesura per primera vegada el pes desagregat dels Sectors Cultural i Creatiu a les&nbsp;comunitats aut\u00f2nomes d&#8217;Espanya. El projecte estableix els desequilibris entre les comunitats, dimensiona els efectes negatius de la crisi sobre el sector i identifica els pols de [&hellip;]<\/p>\n","protected":false},"author":20,"featured_media":0,"parent":0,"menu_order":0,"comment_status":"closed","ping_status":"closed","template":"","meta":{"footnotes":""},"class_list":["post-2643","page","type-page","status-publish","hentry"],"_links":{"self":[{"href":"https:\/\/webs.uab.cat\/oic\/es\/wp-json\/wp\/v2\/pages\/2643","targetHints":{"allow":["GET"]}}],"collection":[{"href":"https:\/\/webs.uab.cat\/oic\/es\/wp-json\/wp\/v2\/pages"}],"about":[{"href":"https:\/\/webs.uab.cat\/oic\/es\/wp-json\/wp\/v2\/types\/page"}],"author":[{"embeddable":true,"href":"https:\/\/webs.uab.cat\/oic\/es\/wp-json\/wp\/v2\/users\/20"}],"replies":[{"embeddable":true,"href":"https:\/\/webs.uab.cat\/oic\/es\/wp-json\/wp\/v2\/comments?post=2643"}],"version-history":[{"count":8,"href":"https:\/\/webs.uab.cat\/oic\/es\/wp-json\/wp\/v2\/pages\/2643\/revisions"}],"predecessor-version":[{"id":2711,"href":"https:\/\/webs.uab.cat\/oic\/es\/wp-json\/wp\/v2\/pages\/2643\/revisions\/2711"}],"wp:attachment":[{"href":"https:\/\/webs.uab.cat\/oic\/es\/wp-json\/wp\/v2\/media?parent=2643"}],"curies":[{"name":"wp","href":"https:\/\/api.w.org\/{rel}","templated":true}]}}