{"id":351,"date":"2011-09-15T15:52:37","date_gmt":"2011-09-15T13:52:37","guid":{"rendered":"https:\/\/webs.uab.cat\/oic\/volum-3-numero-1\/"},"modified":"2011-09-15T15:52:37","modified_gmt":"2011-09-15T13:52:37","slug":"volum-3-numero-1","status":"publish","type":"page","link":"https:\/\/webs.uab.cat\/oic\/volum-3-numero-1\/","title":{"rendered":"Volum-3-numero-1"},"content":{"rendered":"<h2>Comunicaci\u00f3 i educaci\u00f3 (en premsa)<\/h2>\n<p><em>Conexiones. Revista Iberoamericana de Comunicaci\u00f3n<\/em>. Vol.3 N\u00ba 1. 128 p\u00e0gines. Any 2011. ISSN: 1697-3720. ISBN (edici\u00f3 impressa): 978-84-92860-68-5<\/p>\n<p><strong>&nbsp;&nbsp;&nbsp; <\/strong>\u00bb<strong> <a href=\"#PRE\">Presentaci\u00f3<\/a><\/strong><br \/>&nbsp;&nbsp;&nbsp; \u00bb<strong> <a href=\"#SUM\">Sumari<\/a><\/strong><br \/>&nbsp;&nbsp;&nbsp; \u00bb<strong> <a href=\"#RES\">Resums<\/a><\/strong><\/p>\n<table style=\"background-color: rgb(58, 127, 187); width: 991px; height: 26px; border: 1px solid rgb(255, 255, 255);\" align=\"center\" border=\"0\">\n<tbody>\n<tr>\n<td style=\"border: 1px solid rgb(255, 255, 255);\"><span style=\"color: white;\"><strong><a name=\"PRE\"><\/a><a name=\"PRE\"><\/a><a name=\"PRE\"><\/a>PRESENTACI\u00d3<br \/><\/strong><\/span><\/td>\n<\/tr>\n<\/tbody>\n<\/table>\n<p style=\"text-align: justify;\"><span class=\"inline inline-left\">&nbsp;<\/span><strong>En premsa.<\/strong><\/p>\n<table style=\"background-color: rgb(58, 127, 187); width: 991px; height: 26px; border: 1px solid rgb(255, 255, 255);\" align=\"center\" border=\"0\">\n<tbody>\n<tr>\n<td style=\"border: 1px solid rgb(255, 255, 255);\"><span style=\"color: white;\"><strong><a name=\"SUM\"><\/a>SUMARI<br \/><\/strong><\/span><\/td>\n<\/tr>\n<\/tbody>\n<\/table>\n<table style=\"border: 1px solid rgb(255, 255, 255);\" border=\"1\" frame=\"border\">\n<tbody>\n<tr>\n<td style=\"border: 1px solid rgb(255, 255, 255); background-color: rgb(220, 220, 220);\"><a href=\"#PER\">Comunicaci\u00f3n, educaci\u00f3n y movimiento estudiantil chileno <\/a><\/td>\n<td style=\"border: 1px solid rgb(255, 255, 255); background-color: rgb(220, 220, 220);\">Claudio Avenda\u00f1o<\/td>\n<\/tr>\n<tr>\n<td style=\"background-color: rgb(176, 196, 222);\"><a href=\"#MEL\">Redes sociales, ense\u00f1anza y construcci\u00f3n de identidades<\/a><\/td>\n<td style=\"background-color: rgb(176, 196, 222);\">David Capdevilla<\/td>\n<\/tr>\n<tr>\n<td style=\"background-color: rgb(220, 220, 220);\"><a href=\"#BAC\">La educaci\u00f3n medi\u00e1tica en la encrucijada<\/a><\/td>\n<td style=\"background-color: rgb(220, 220, 220);\">Joan Ferr\u00e9s<\/td>\n<\/tr>\n<tr>\n<td style=\"background-color: rgb(176, 196, 222);\"><a href=\"#ANZ\">Educaci\u00f3n y educaci\u00f3n en tiempos de Internet: burocr\u00e1ticos, aburridos, desesperados y creativos<\/a><\/td>\n<td style=\"background-color: rgb(176, 196, 222);\">Gabriel Kapl\u00fan<\/td>\n<\/tr>\n<tr>\n<td style=\"background-color: rgb(220, 220, 220);\"><a href=\"#ORO\">Comunicaci\u00f3n\/educaci\u00f3n en Am\u00e9rica Latina: entre la memoria y la promesa<\/a><\/td>\n<td style=\"background-color: rgb(220, 220, 220);\">Jorge Huergo<\/td>\n<\/tr>\n<tr>\n<td style=\"background-color: rgb(176, 196, 222);\"><a href=\"#CAS\">Uso y apropiaci\u00f3n de Internet en telecentros por mujeres chilenas<\/a><\/td>\n<td style=\"background-color: rgb(176, 196, 222);\">Patricia Pe\u00f1a y Alejandra Phillippi<\/td>\n<\/tr>\n<tr>\n<td style=\"background-color: rgb(220, 220, 220);\"><a href=\"#BUD\">El sentido de formar audiencias en la convergencia digital<\/a><\/td>\n<td style=\"background-color: rgb(220, 220, 220);\">Alajandra Phillippi<\/td>\n<\/tr>\n<\/tbody>\n<\/table>\n<p>&nbsp;<\/p>\n<table style=\"background-color: rgb(58, 127, 187); width: 991px; height: 26px; border: 1px solid rgb(255, 255, 255);\" align=\"center\" border=\"0\">\n<tbody>\n<tr>\n<td style=\"border: 1px solid rgb(255, 255, 255);\"><span style=\"color: white;\"><strong><a name=\"RES\"><\/a>RESUMS<br \/><\/strong><\/span><\/td>\n<\/tr>\n<\/tbody>\n<\/table>\n<p style=\"text-align: justify;\"><em><a name=\"PER\"><\/a> <\/em><strong>En premsa.<\/strong><\/p>\n<p><script type=\"text\/javascript\">\/\/ <![CDATA[\n  var _gaq = _gaq || [];\n  _gaq.push(['_setAccount', 'UA-21721731-1']);\n  _gaq.push(['_trackPageview']);\n\n  (function() {\n    var ga = document.createElement('script'); ga.type = 'text\/javascript'; ga.async = true;\n    ga.src = ('https:' == document.location.protocol ? 'https:\/\/ssl' : 'http:\/\/www') + '.google-analytics.com\/ga.js';\n    var s = document.getElementsByTagName('script')[0]; s.parentNode.insertBefore(ga, s);\n  })();\n\/\/ ]]><\/script><\/p>\n","protected":false},"excerpt":{"rendered":"<p>Comunicaci\u00f3 i educaci\u00f3 (en premsa) Conexiones. Revista Iberoamericana de Comunicaci\u00f3n. Vol.3 N\u00ba 1. 128 p\u00e0gines. Any 2011. ISSN: 1697-3720. ISBN (edici\u00f3 impressa): 978-84-92860-68-5 &nbsp;&nbsp;&nbsp; \u00bb Presentaci\u00f3&nbsp;&nbsp;&nbsp; \u00bb Sumari&nbsp;&nbsp;&nbsp; \u00bb Resums PRESENTACI\u00d3 &nbsp;En premsa. SUMARI Comunicaci\u00f3n, educaci\u00f3n y movimiento estudiantil chileno Claudio Avenda\u00f1o Redes sociales, ense\u00f1anza y construcci\u00f3n de identidades David Capdevilla La educaci\u00f3n medi\u00e1tica en [&hellip;]<\/p>\n","protected":false},"author":20,"featured_media":0,"parent":0,"menu_order":0,"comment_status":"closed","ping_status":"closed","template":"","meta":{"footnotes":""},"class_list":["post-351","page","type-page","status-publish","hentry"],"_links":{"self":[{"href":"https:\/\/webs.uab.cat\/oic\/wp-json\/wp\/v2\/pages\/351","targetHints":{"allow":["GET"]}}],"collection":[{"href":"https:\/\/webs.uab.cat\/oic\/wp-json\/wp\/v2\/pages"}],"about":[{"href":"https:\/\/webs.uab.cat\/oic\/wp-json\/wp\/v2\/types\/page"}],"author":[{"embeddable":true,"href":"https:\/\/webs.uab.cat\/oic\/wp-json\/wp\/v2\/users\/20"}],"replies":[{"embeddable":true,"href":"https:\/\/webs.uab.cat\/oic\/wp-json\/wp\/v2\/comments?post=351"}],"version-history":[{"count":0,"href":"https:\/\/webs.uab.cat\/oic\/wp-json\/wp\/v2\/pages\/351\/revisions"}],"wp:attachment":[{"href":"https:\/\/webs.uab.cat\/oic\/wp-json\/wp\/v2\/media?parent=351"}],"curies":[{"name":"wp","href":"https:\/\/api.w.org\/{rel}","templated":true}]}}