{"id":369,"date":"2011-09-20T15:05:03","date_gmt":"2011-09-20T13:05:03","guid":{"rendered":"https:\/\/webs.uab.cat\/oic\/volum-1-numero-1\/"},"modified":"2011-09-20T15:05:03","modified_gmt":"2011-09-20T13:05:03","slug":"volum-1-numero-1","status":"publish","type":"page","link":"https:\/\/webs.uab.cat\/oic\/volum-1-numero-1\/","title":{"rendered":"Volum-1-Numero-1"},"content":{"rendered":"<h2>L&#8217;espai audiovisual Iberoameric\u00e0<\/h2>\n<p><em>Conexiones. Revista Iberoamericana de Comunicaci\u00f3n<\/em>. Vol. 1 N\u00ba 1. 128 p\u00e0gines. Any 2009. ISSN: 1697-3720. ISBN (edici\u00f3 impresa): 978-84-92860-49-4<\/p>\n<p><strong>&nbsp;&nbsp;&nbsp; <\/strong>\u00bb<strong><a href=\"#PRE\"> Presentaci\u00f3<\/a><\/strong><br \/>&nbsp;&nbsp;&nbsp; \u00bb<strong><a href=\"#SUM\"> Sumari<\/a><\/strong><br \/>&nbsp;&nbsp;&nbsp; \u00bb<strong><a href=\"#RES\"> Resums<\/a><\/strong><\/p>\n<p style=\"text-align: justify;\">\n<table style=\"background-color: rgb(58, 127, 187); width: 991px; height: 26px; border: 1px solid rgb(255, 255, 255);\" align=\"center\" border=\"0\">\n<tbody>\n<tr>\n<td style=\"border: 1px solid rgb(255, 255, 255);\"><span style=\"color: white;\"><strong><a name=\"PRE\"><\/a>PRESENTACI\u00d3<br \/><\/strong><\/span><\/td>\n<\/tr>\n<\/tbody>\n<\/table>\n<p>&nbsp;<\/p>\n<p><span class=\"inline inline-left\"><img loading=\"lazy\" decoding=\"async\" class=\"image image-preview \" style=\"float: left;\" src=\"http:\/\/centresderecerca.uab.cat\/oic\/sites\/centresderecerca.uab.cat.oic\/files\/images\/Portada%20Conexiones%201-1_0.jpg\" alt=\"\" width=\"225\" height=\"314\"><\/span><\/p>\n<p style=\"text-align: justify;\">El primer n\u00famero de <em> Conexiones. Revista Iberoamericana de Comunicaci\u00f3n <\/em> t\u00e9 car\u00e0cter monogr\u00e0fic i est\u00e0 dedicat a presentar diverses aproximacions nacionals a l&#8217;espai audiovisual iberoameric\u00e0. Es recullen en ell sis contribucions originals sobre l&#8217;estat del sector a Argentina, Brasil, Xile, Col\u00f2mbia, M\u00e8xic i Vene\u00e7uela. En general, els autors aborden unes situacions hist\u00f2riques i unes d\u00e8cades durant les quals la ind\u00fastria audiovisual de la regi\u00f3 es va transformar en un potent actor de la ind\u00fastria cultural mundial, generant un significatiu mercat geocultural en llengua portuguesa i espanyola, al mateix temps que es consolidaven grans grups empresarials com Globus o Televisa. <\/p>\n<p style=\"text-align: justify;\"> L&#8217;article que obre el monogr\u00e0fic, escrit per Luciano Elizalde, analitza el context de canvis, en particular durant la d\u00e8cada dels noranta del segle passat, en la renovaci\u00f3 i la reestructuraci\u00f3 de la ind\u00fastria audiovisual argentina, determinada inicialment per la retirada de l&#8217;Estat del sector i per la conseq\u00fcent entrada del capital privat i la reordenaci\u00f3 de la ind\u00fastria cultural. L&#8217;autor delimita quatre etapes principals, des de 1989, durant les quals es va transformar per complet el sector fins a adquirir l&#8217;actual estructura en qu\u00e8 coexisteixen una feble oferta nacional amb una altra cosmopolita, oferint m\u00e9s de 120 canals. En el mateix sentit, Sergio Caparelli i Suzy dos Santos aborden els canvis de l&#8217;audiovisual brasiler produ\u00efts durant els 15 \u00faltims anys, subratllant en particular la l\u00ednia de continu\u00eftat que es produeix en la propietat empresarial, forjada en el per\u00edode hist\u00f2ric de la dictadura de 1964 i 1984, i que ha donat lloc a un sector concentrat, conformat pels mateixos actors. <\/p>\n<p style=\"text-align: justify;\"> L&#8217;estructura de la televisi\u00f3 a Xile, analitzada per Francisco Javier Fern\u00e1ndez Medina, t\u00e9 uns or\u00edgens diferents. Es va desenvolupar en l&#8217;ambient experimental i de servei p\u00fablic derivat de la concessi\u00f3 de llic\u00e8ncies a institucions universit\u00e0ries. La dictadura militar instaurada el 1973 va alterar aquest esquema inicial, sotmetent el medi al control pol\u00edtic fins que a la d\u00e8cada dels noranta aquesta situaci\u00f3 va patir una transformaci\u00f3 radical amb l&#8217;entrada de la televisi\u00f3 comercial. <\/p>\n<p style = \"text- align: justify; \"> D&#8217;altra banda, Fabio Alberto Gil-Bol\u00edvar presenta un paisatge audiovisual colombi\u00e0 marcat per una transformaci\u00f3 profunda en passar en poques d\u00e8cades d&#8217;una estructura de producci\u00f3 i comercialitzaci\u00f3 molt atomitzada (amb m\u00e9s de 50 actors) a una altra caracteritzada per dos grans grups multim\u00e8dia com s\u00f3n Caragol i RCN. <\/p>\n<p style=\"text-align: justify;\"> Rodrigo G\u00f3mez Garc\u00eda analitza l&#8217;estructura audiovisual mexicana des de la d\u00e8cada dels 90 fins als nostres dies. Els principals canvis es deuen a quatre din\u00e0miques directament relacionades entre si: les pol\u00edtiques liberals privatitzadores, la introducci\u00f3 en el sector de les noves tecnologies de la comunicaci\u00f3, el proc\u00e9s de transici\u00f3 democr\u00e0tica i la p\u00e8rdua del monopoli pol\u00edtic pel PRI i la participaci\u00f3 de M\u00e8xic en el Tractat de Lliure Comer\u00e7 d&#8217;Am\u00e8rica del Nord (TLCAN). <\/p>\n<p style=\"text-align: justify;\"> Finalment, Carlos Gonz\u00e1lez-Saavedra mostra un sector audiovisual vene\u00e7ol\u00e0 polaritzat activament entre un important sector econ\u00f2mic comercial i un creixent entramat de mitjans p\u00fablics.<\/p>\n<p style=\"text-align: justify;\">&nbsp;<\/p>\n<table style=\"background-color: rgb(58, 127, 187); width: 991px; height: 26px; border: 0pt solid rgb(0, 0, 0);\" align=\"center\" border=\"0\">\n<tbody>\n<tr>\n<td style=\"border: 1px solid rgb(255, 255, 255);\"><span style=\"color: white;\"><strong><a name=\"SUM\"><\/a>SUMARI<br \/><\/strong><\/span><\/td>\n<\/tr>\n<\/tbody>\n<\/table>\n<p>&nbsp;<\/p>\n<table class=\"rootcandyspan\" style=\"border: 1px solid rgb(255, 255, 255);\" border=\"1\" frame=\"border\">\n<tbody>\n<tr>\n<td style=\"border: 1px solid rgb(255, 255, 255); background-color: rgb(220, 220, 220);\"><a href=\"#ELI\">L&#8217;audiovisual argent\u00ed: reorganitzaci\u00f3 i renovaci\u00f3 de la ind\u00fastria durant les dues \u00faltimes d\u00e8cades<\/a><\/td>\n<td style=\"border: 1px solid rgb(255, 255, 255); background-color: rgb(220, 220, 220);\">Luciano H. Elizalde<\/td>\n<\/tr>\n<tr>\n<td style=\"background-color: rgb(176, 196, 222);\"><a href=\"#CAP\">O setor audiovisual brasileiro: entre o local e o internacional<\/a><\/td>\n<td style=\"background-color: rgb(176, 196, 222);\">Sergio Capparelli y Suzy dos Santos<\/td>\n<\/tr>\n<tr>\n<td style=\"background-color: rgb(220, 220, 220);\"><a href=\"#MED\">La televisi\u00f3 a Xile: d&#8217;un model \u00fanic a la multiplicitat d&#8217;actors<\/a><\/td>\n<td style=\"background-color: rgb(220, 220, 220);\">Francisco Javier Fern\u00e1ndez Medina<\/td>\n<\/tr>\n<tr>\n<td style=\"background-color: rgb(176, 196, 222);\"><a href=\"#GIL\">Informe sobre la situaci\u00f3 del sector audiovisual colombi\u00e0<\/a><\/td>\n<td style=\"background-color: rgb(176, 196, 222);\">Fabio Alberto Gil-Bol\u00edvar<\/td>\n<\/tr>\n<tr>\n<td style=\"background-color: rgb(220, 220, 220);\"><a href=\"#GOM\">La ind\u00fastria audiovisual mexicana: estructura, pol\u00edtiques i tend\u00e8ncies<\/a><\/td>\n<td style=\"background-color: rgb(220, 220, 220);\">Rodrigo G\u00f3mez Garc\u00eda<\/td>\n<\/tr>\n<tr>\n<td style=\"background-color: rgb(176, 196, 222);\"><a href=\"#SAA\">Car\u00e8ncies, desajustos i reptes del nou entorn audiovisual vene\u00e7ol\u00e0<\/a><\/td>\n<td style=\"background-color: rgb(176, 196, 222);\">Carlos Gonz\u00e1lez-Saavedra<\/td>\n<\/tr>\n<\/tbody>\n<\/table>\n<p style=\"text-align: justify;\">&nbsp;<\/p>\n<table style=\"background-color: rgb(58, 127, 187); width: 991px; height: 26px; border: 0pt solid rgb(0, 0, 0);\" align=\"center\" border=\"0\">\n<tbody>\n<tr>\n<td style=\"border: 1px solid rgb(255, 255, 255);\"><span style=\"color: white;\"><strong><a name=\"RES\"><\/a>RESUMS<br \/><\/strong><\/span><\/td>\n<\/tr>\n<\/tbody>\n<\/table>\n<p><em><a name=\"ELI\"><\/a>L&#8217;audiovisual argent\u00ed: reorganitzaci\u00f3 i renovaci\u00f3 de la ind\u00fastria durant les dues \u00faltimes d\u00e8cades <\/em>. Luciano H. Elizalde <\/p>\n<p> Resum: El sector audiovisual a Argentina ha viscut durant les dues \u00faltimes d\u00e8cades un proc\u00e9s de reorganitzaci\u00f3 i renovaci\u00f3. En aquest per\u00edode, quatre s\u00f3n les etapes que poden identificar-se: una primera etapa (1989-1991), que va transc\u00f3rrer en el proc\u00e9s de canvi de signe de pol\u00edtica econ\u00f2mica, una segona (1992-1999), de consolidaci\u00f3 i auge de l&#8217;economia pol\u00edtica liberal i comercial, una tercera etapa (2000-2003) de crisi i de reordenaci\u00f3 d&#8217;un model menys liberal i amb m\u00e9s participaci\u00f3 de l&#8217;Estat, i una quarta (2003-2005), caracteritzada per una recuperaci\u00f3 del sector. <\/p>\n<p> Paraules clau: audiovisual argent\u00ed, pol\u00edtica audiovisual argentina, audiovisual iberoameric\u00e0 <\/p>\n<\/p>\n<hr>\n<p> <em> <a name=\"CAP\"> <\/a> O setor audiovisual brasileiro: entre o local eo internacional <\/em>. Sergio Capparelli i Suzy dos Santos <\/p>\n<p> Resum: Els canvis en l&#8217;audiovisual brasiler en els \u00faltims 15 anys ens permeten percebre les transformacions accelerades per les quals passa el sector. Una mica com el que ha passat recentment amb dos personatge &#8211; cinema i televisi\u00f3 &#8211; caminant en paral.lel, i de tant en tant visites Amb el videocasset, per conversar sobre els seus respectius camins. L&#8217;audiovisual brasiler continua en les mateixes mans dels empresaris que van obtenir els avantatges durant la dictadura brasilera de 1964 a 1984. La televisi\u00f3 brasilera est\u00e0 en mans de grans fam\u00edlia, grups pol\u00edtics, i m\u00e9s recentment, religiosos. <\/p>\n<p> Paraules clau: audiovisual brasiler, pol\u00edtica audiovisual brasilera, audiovisual iberoameric\u00e0. <\/p>\n<\/p>\n<hr>\n<p> <em> <a name=\"MED\"> <\/a> La televisi\u00f3 a Xile: d&#8217;un model \u00fanic a la multiplicitat d&#8217;actors <\/em>. Francisco Javier Fern\u00e1ndez Medina <\/p>\n<p> Resum: L&#8217;estructura de la televisi\u00f3 xilena definida al comen\u00e7ament de la d\u00e8cada de 1960 i que va dominar el medi per tres d\u00e8cades va canviar per complet en els \u00faltims deu anys. Actualment, la televisi\u00f3 es presenta com un sector complex amb pres\u00e8ncia de capitals estrangers d&#8217;empreses multim\u00e8dia, com el grup Cisneros i Televisa, amb un mercat de televisi\u00f3 de pagament en augment i una regulaci\u00f3 que permet la participaci\u00f3 del sector privat, encara que amb lleis que poc articulen el mercat de la televisi\u00f3 oberta i el de la televisi\u00f3 pagada. <\/p>\n<p> Paraules clau: televisi\u00f3 xilena, pol\u00edtica audiovisual xilena, audiovisual iberoameric\u00e0. <\/p>\n<\/p>\n<hr>\n<p> <em> <a name=\"GIL\"> <\/a> Informe sobre la situaci\u00f3 del sector audiovisual colombi\u00e0 <\/em>. Fabio Alberto Gil-Bol\u00edvar <\/p>\n<p> Resum: El paisatge audiovisual colombi\u00e0 ha experimentat en els \u00faltims anys una transformaci\u00f3 global, que va partir d&#8217;una estructura de producci\u00f3 i comercialitzaci\u00f3 bastant atomitzada, amb m\u00e9s de 50 actors, a una ind\u00fastria liderada per dos canals, que formen part del gran capital nacional, com que les seves accionariats s\u00f3n controlats per tres dels m\u00e9s importants conglomerats econ\u00f2mics del pa\u00eds, que al seu torn tenen una gran capacitat d&#8217;influ\u00e8ncia pol\u00edtica. <\/p>\n<p> Paraules clau: Audiovisual colombi\u00e0, Pol\u00edtica Audiovisual colombiana, Audiovisual iberoameric\u00e0. <\/p>\n<\/p>\n<hr>\n<p> <em> <a name=\"GOM\"> <\/a> La ind\u00fastria audiovisual mexicana: estructura, pol\u00edtiques i tend\u00e8ncies <\/em>. Rodrigo G\u00f3mez Garc\u00eda <\/p>\n<p> Resum: La ind\u00fastria audiovisual mexicana, des de la d\u00e8cada dels noranta fins als nostres dies, ha experimentat canvis significatius en tots els seus sectors. Les principals raons d&#8217;aquests canvis es deuen a quatre circumst\u00e0ncies que van estretament relacionades entre si: en primer lloc, per l&#8217;impuls governamental de pol\u00edtiques de privatitzaci\u00f3, de neo-regulaci\u00f3 i d&#8217;obertura cap als capitals estrangers, en segon lloc, per les noves possibilitats que ofereixen les noves tecnologies (converg\u00e8ncia i digitalitzaci\u00f3), en tercer lloc, pel proc\u00e9s de transici\u00f3 a la democr\u00e0cia que travessa M\u00e8xic i, en quart lloc, per la participaci\u00f3 en el Tractat de Lliure Comer\u00e7 d&#8217;Am\u00e8rica del Nord (TLCAN), i la l\u00f2gica del capitalisme global. <\/p>\n<p> Paraules clau: Audiovisual mexic\u00e0, Pol\u00edtica Audiovisual mexicana, Audiovisual iberoameric\u00e0. <\/p>\n<\/p>\n<hr>\n<p> <em> <a name=\"SAA\"> <\/a> Mancances, desajustos i reptes del nou entorn audiovisual vene\u00e7ol\u00e0 <\/em>. Carlos Gonz\u00e1lez-Saavedra <\/p>\n<p> Resum: Encara noves lleis i reglaments hagin ampliat el marc jur\u00eddic del sector audiovisual, no s&#8217;ha articulat una pol\u00edtica nacional homog\u00e8nia i d&#8217;ampli abast, s&#8217;ha multiplicat l&#8217;oferta de canals televisius gr\u00e0cies al sorgiment de cadenes tem\u00e0tiques, regionals, comunit\u00e0ries i governamentals, tot i que Vene\u00e7uela continua sense tenir una veritable radiotelevisi\u00f3 p\u00fablica plural i independent, les sales de cinema recapten cada any m\u00e9s diners, mentre la cinematografia nacional perllonga les seves cr\u00f2niques mancances pressupost\u00e0ries, i es duplica la despesa per c\u00e0pita en tecnologies de la informaci\u00f3 sense que s&#8217;hagin superat els desequilibris regionals i socials que exclouen a part de la societat del nou entorn comunicatiu. <\/p>\n<p> Paraules clau: Audiovisual vene\u00e7ol\u00e0, Pol\u00edtica Audiovisual vene\u00e7olana, Audiovisual iberoameric\u00e0. <\/p>\n","protected":false},"excerpt":{"rendered":"<p>L&#8217;espai audiovisual Iberoameric\u00e0 Conexiones. Revista Iberoamericana de Comunicaci\u00f3n. Vol. 1 N\u00ba 1. 128 p\u00e0gines. Any 2009. ISSN: 1697-3720. ISBN (edici\u00f3 impresa): 978-84-92860-49-4 &nbsp;&nbsp;&nbsp; \u00bb Presentaci\u00f3&nbsp;&nbsp;&nbsp; \u00bb Sumari&nbsp;&nbsp;&nbsp; \u00bb Resums PRESENTACI\u00d3 &nbsp; El primer n\u00famero de Conexiones. Revista Iberoamericana de Comunicaci\u00f3n t\u00e9 car\u00e0cter monogr\u00e0fic i est\u00e0 dedicat a presentar diverses aproximacions nacionals a l&#8217;espai audiovisual iberoameric\u00e0. [&hellip;]<\/p>\n","protected":false},"author":20,"featured_media":0,"parent":0,"menu_order":0,"comment_status":"closed","ping_status":"closed","template":"","meta":{"footnotes":""},"class_list":["post-369","page","type-page","status-publish","hentry"],"_links":{"self":[{"href":"https:\/\/webs.uab.cat\/oic\/wp-json\/wp\/v2\/pages\/369","targetHints":{"allow":["GET"]}}],"collection":[{"href":"https:\/\/webs.uab.cat\/oic\/wp-json\/wp\/v2\/pages"}],"about":[{"href":"https:\/\/webs.uab.cat\/oic\/wp-json\/wp\/v2\/types\/page"}],"author":[{"embeddable":true,"href":"https:\/\/webs.uab.cat\/oic\/wp-json\/wp\/v2\/users\/20"}],"replies":[{"embeddable":true,"href":"https:\/\/webs.uab.cat\/oic\/wp-json\/wp\/v2\/comments?post=369"}],"version-history":[{"count":0,"href":"https:\/\/webs.uab.cat\/oic\/wp-json\/wp\/v2\/pages\/369\/revisions"}],"wp:attachment":[{"href":"https:\/\/webs.uab.cat\/oic\/wp-json\/wp\/v2\/media?parent=369"}],"curies":[{"name":"wp","href":"https:\/\/api.w.org\/{rel}","templated":true}]}}