{"id":25,"date":"2009-05-08T11:22:32","date_gmt":"2009-05-08T11:22:32","guid":{"rendered":"https:\/\/webs.uab.cat\/plopez\/fuentes-de-datos-para-la-investigacion-y-la-docencia\/"},"modified":"2023-03-24T16:09:59","modified_gmt":"2023-03-24T15:09:59","slug":"fuentes-de-datos-para-la-investigacion-y-la-docencia","status":"publish","type":"page","link":"https:\/\/webs.uab.cat\/plopez\/fuentes-de-datos-para-la-investigacion-y-la-docencia\/","title":{"rendered":"Fuentes de datos para la investigaci\u00f3n y la docencia"},"content":{"rendered":"\n<h2 class=\"wp-block-heading\"><strong>Selecci\u00f3n de bases de datos y enlaces a fuentes de datos para el an\u00e1lisis social<\/strong><\/h2>\n\n\n\n<p>\u2013 <a href=\"#ine\">Instituto Nacional de Estad\u00edstica (INE). Microdatos<\/a><br>\u2013 <a href=\"#cis\">Encuestas del Centro de Investigaciones Sociol\u00f3gicas (CIS)<\/a><br>\u2013 <a href=\"#ceo\">Encuestas del Centre d&#8217;Estudis d&#8217;Opini\u00f3 (CEO)<\/a><br>\u2013 <a href=\"https:\/\/webs.uab.cat\/plopez\/wp-admin\/post.php?post=25&amp;action=edit&amp;lang=ca#ess\">European Social Survey (ESS)<\/a><br>\u2013 <a href=\"#wvs\">World Values Survey (WVS)<\/a><br>\u2013 <a href=\"https:\/\/webs.uab.cat\/plopez\/wp-admin\/post.php?post=25&amp;action=edit&amp;lang=ca#issp\">International Social Survey Programme (ISSP)<\/a><br>\u2013 <a href=\"https:\/\/webs.uab.cat\/plopez\/wp-admin\/post.php?post=25&amp;action=edit&amp;lang=ca#facultat\">Enquestes de les assignatures de t\u00e8cniques quantitatives de la Facultat de CCPPiS de la UAB<\/a><br>\u2013 <a href=\"#esp\">Fuentes de datos de Catalunya y Espa\u00f1a<\/a> | <a href=\"#institutos\">Institutos de Estad\u00edstica<\/a><br>\u2013 <a href=\"#eur\">Fuentes de datos de Europa<\/a> | <a href=\"#int\">Fuentes de datos internacionales<\/a><br>\u2013 <a href=\"#otras\">Otras fuentes de datos<\/a><\/p>\n\n\n\n<figure class=\"wp-block-image size-full\" id=\"ine\"><img loading=\"lazy\" decoding=\"async\" width=\"152\" height=\"70\" src=\"https:\/\/webs.uab.cat\/plopez\/wp-content\/uploads\/sites\/156\/2017\/06\/ine.jpg\" alt=\"ine\" class=\"wp-image-32\" srcset=\"https:\/\/webs.uab.cat\/plopez\/wp-content\/uploads\/sites\/156\/2017\/06\/ine.jpg 152w, https:\/\/webs.uab.cat\/plopez\/wp-content\/uploads\/sites\/156\/2017\/06\/ine-150x70.jpg 150w\" sizes=\"auto, (max-width: 152px) 100vw, 152px\" \/><\/figure>\n\n\n\n<h2 class=\"wp-block-heading\"><strong>Microdatos del INE<\/strong><\/h2>\n\n\n\n<p>Relaci\u00f3n de estad\u00edsticas a partir de las cuales se pueden obtener ficheros de microdatos. Los ficheros de microdatos contienen los datos individuales de una estad\u00edstica, convenientemente anonimizados, con el fin de preservar la confidencialidad de la informaci\u00f3n. Se trata de ficheros ASCII con estructura de campos que recogen para cada registro individual de la encuesta los valores que toma cada variable. Los datos aparecen sin agregar, por lo que para el estudio de los mismos se necesitan programas adecuados para el tratamiento de datos estad\u00edsticos.<\/p>\n\n\n\n<p>El INE no se responsabiliza de los resultados que los usuarios obtengan a partir de estos ficheros basados en sus propios c\u00e1lculos. Adem\u00e1s, toda persona que utilice ficheros de microdatos se compromete a citar, en cualquier publicaci\u00f3n obtenida a partir de ellos, al INE como fuente del dato primario (fuente: INE, <a rel=\"noreferrer noopener\" href=\"http:\/\/www.ine.es\/\" target=\"_blank\">www.ine.es<\/a>), as\u00ed como el grado de exactitud o fiabilidad de la informaci\u00f3n derivada por elaboraci\u00f3n propia de los autores, es de la exclusiva responsabilidad de \u00e9stos.<\/p>\n\n\n\n<p>Para acceder al fichero de microdatos de una estad\u00edstica concreta:<\/p>\n\n\n\n<ul class=\"wp-block-list\"><li><a rel=\"noreferrer noopener\" href=\"http:\/\/www.ine.es\/prodyser\/microdatos.htm\" target=\"_blank\">http:\/\/www.ine.es\/prodyser\/microdatos.htm<\/a><\/li><\/ul>\n\n\n\n<p>Seleccionando la estad\u00edstica deseada se presentar\u00e1 otra p\u00e1gina donde se ofrecen, para su descarga, los distintos per\u00edodos disponibles y toda la informaci\u00f3n necesaria para la comprensi\u00f3n de los datos: metodolog\u00eda, cuestionarios, dise\u00f1o de registro y relaci\u00f3n de valores v\u00e1lidos que pueden tomar las variables recogidas en la encuesta. Selecci\u00f3n de bases de datos:<\/p>\n\n\n\n<ul class=\"wp-block-list\"><li><a rel=\"noreferrer noopener\" href=\"http:\/\/www.ine.es\/prodyser\/micro_padron.htm\" target=\"_blank\">Explotaci\u00f3n estad\u00edstica del Padr\u00f3n<\/a> | <a rel=\"noreferrer noopener\" href=\"http:\/\/www.ine.es\/prodyser\/micro_censopv.htm\" target=\"_blank\">Censos de Poblaci\u00f3n y Viviendas<\/a> (Microdatos 1991, 2001, 2011)<\/li><li>Padr\u00f3n de Habitantes 1986, Area Metropolitana de Barcelona (fichero de SPSS con indicadores a nivel de secci\u00f3n censal): <a href=\"http:\/\/pagines.uab.cat\/plopez\/sites\/pagines.uab.cat.plopez\/files\/RMB1986.sav\">RMB1986.sav<\/a><\/li><li>Censo 2001, ficheros de SPSS con indicadores a nivel de secci\u00f3n censal:<br><a rel=\"noreferrer noopener\" href=\"http:\/\/pagines.uab.cat\/plopez\/sites\/pagines.uab.cat.plopez\/files\/Catalunya.sav\" target=\"_blank\">Catalunya<\/a> | <a href=\"http:\/\/pagines.uab.cat\/plopez\/sites\/pagines.uab.cat.plopez\/files\/Barcelona.SAV\">Barcelona<\/a> | <a rel=\"noreferrer noopener\" href=\"http:\/\/pagines.uab.cat\/plopez\/sites\/pagines.uab.cat.plopez\/files\/Alt_Empord\u00e0.sav\" target=\"_blank\">Alt Empord\u00e0<\/a> | <a rel=\"noreferrer noopener\" href=\"http:\/\/pagines.uab.cat\/plopez\/sites\/pagines.uab.cat.plopez\/files\/Baix_Llobregat.sav\" target=\"_blank\">Baix Llobregat<\/a> | <a rel=\"noreferrer noopener\" href=\"http:\/\/pagines.uab.cat\/plopez\/sites\/pagines.uab.cat.plopez\/files\/Bages.sav\" target=\"_blank\">Bages<\/a>&nbsp;| <a rel=\"noreferrer noopener\" href=\"http:\/\/pagines.uab.cat\/plopez\/sites\/pagines.uab.cat.plopez\/files\/Giron\u00e8s.sav\" target=\"_blank\">Giron\u00e8s<\/a> | <a rel=\"noreferrer noopener\" href=\"http:\/\/pagines.uab.cat\/plopez\/sites\/pagines.uab.cat.plopez\/files\/Maresme.sav\" target=\"_blank\">Maresme<\/a> | <a rel=\"noreferrer noopener\" href=\"http:\/\/pagines.uab.cat\/plopez\/sites\/pagines.uab.cat.plopez\/files\/Segri\u00e0.sav\" target=\"_blank\">Segri\u00e0<\/a> | <a rel=\"noreferrer noopener\" href=\"http:\/\/pagines.uab.cat\/plopez\/sites\/pagines.uab.cat.plopez\/files\/Vall\u00e8s%20Occidental.sav\" target=\"_blank\">Vall\u00e8s Occidental<\/a> | <a rel=\"noreferrer noopener\" href=\"http:\/\/pagines.uab.cat\/plopez\/sites\/pagines.uab.cat.plopez\/files\/Vall\u00e8s%20Oriental.sav\" target=\"_blank\">Vall\u00e8s Oriental<\/a><\/li><li>Censo 2011<ul><li><a rel=\"noreferrer noopener\" href=\"https:\/\/www.dropbox.com\/s\/61lnis0yszbv8uh\/Censo2011.7z?dl=0\" target=\"_blank\">Censo2011.sav<\/a>: Fichero de SPSS (en formato zip: <em>Censo2011.7z<\/em> de 193 Mb) con los datos del Censo de Poblaci\u00f3n del INE del a\u00f1o 2011 (Personas: 4.107.465 casos) identificados a partir del programa de sintaxis facilitado por &#8220;<a rel=\"noreferrer noopener\" href=\"http:\/\/envejecimiento.csic.es\/index.html\" target=\"_blank\">Envejecimiento en Red<\/a>&#8221; del CSIC. El cuestionario y el dise\u00f1o de registro y valores v\u00e1lidos de las variables se pueden consultar <a rel=\"noreferrer noopener\" href=\"https:\/\/www.ine.es\/dyngs\/INEbase\/es\/operacion.htm?c=Estadistica_C&amp;cid=1254736176992&amp;menu=metodologia&amp;idp=1254735572981\" target=\"_blank\">aqu\u00ed<\/a>.<\/li><li><a rel=\"noreferrer noopener\" href=\"http:\/\/www.ine.es\/censos2011_datos\/cen11_datos_resultados_seccen.htm\" target=\"_blank\">Censo 2011: Indicadores a nivel de secci\u00f3n censal<\/a>&nbsp;<br>Fichero de SPSS (32 Mb) con indicadores a nivel de secci\u00f3n censal (35.917 secciones):&nbsp; <a rel=\"noreferrer noopener\" href=\"https:\/\/www.dropbox.com\/s\/rmd4rp17kc1dzyz\/Censo2011_Espa%C3%B1a_Indicadores.sav?dl=0\" target=\"_blank\">Espa\u00f1a<\/a><\/li><\/ul><\/li><li>Encuesta de Condiciones de Vida:&nbsp; <a rel=\"noreferrer noopener\" href=\"http:\/\/www.ine.es\/prodyser\/micro_ecv_lon.htm\" target=\"_blank\">Ficheros longitudinales<\/a> |&nbsp; <a rel=\"noreferrer noopener\" href=\"http:\/\/www.ine.es\/prodyser\/micro_ecv.htm\" target=\"_blank\">Ficheros transversales<\/a><br>Ficheros de SPSS:&nbsp; <a rel=\"noreferrer noopener\" href=\"http:\/\/pagines.uab.cat\/plopez\/sites\/pagines.uab.cat.plopez\/files\/ECV2005.sav\" target=\"_blank\">ECV2005.sav<\/a>&nbsp; |&nbsp; <a rel=\"noreferrer noopener\" href=\"http:\/\/pagines.uab.cat\/plopez\/sites\/pagines.uab.cat.plopez\/files\/ECV2011.sav\" target=\"_blank\">ECV2011.sav<\/a><\/li><li><a rel=\"noreferrer noopener\" href=\"http:\/\/www.ine.es\/prodyser\/micro_epa.htm\" target=\"_blank\">Encuesta de Poblaci\u00f3n Activa (EPA). Resultados trimestrales de la encuesta<\/a><br>EPA 4\u00ba trimestre 2014: <a rel=\"noreferrer noopener\" href=\"http:\/\/pagines.uab.cat\/plopez\/sites\/pagines.uab.cat.plopez\/files\/EPA4T2014.sav\" target=\"_blank\">EPA4T2014.sav<\/a>&nbsp; |&nbsp; <a rel=\"noreferrer noopener\" href=\"http:\/\/pagines.uab.cat\/plopez\/sites\/pagines.uab.cat.plopez\/files\/Identificaci\u00f3n%20EPA%204T-2014.sps\" target=\"_blank\">Identificaci\u00f3n EPA 4T-2014.sps<\/a><\/li><li><a href=\"http:\/\/www.ine.es\/prodyser\/micro_salarial.htm\">Encuesta de Estructura Salarial<\/a><\/li><li><a rel=\"noreferrer noopener\" href=\"http:\/\/www.ine.es\/prodyser\/micro_etefil.htm\" target=\"_blank\">Encuesta de Transici\u00f3n Educativo-Formativa e Inserci\u00f3n Laboral<\/a><\/li><li><a rel=\"noreferrer noopener\" href=\"http:\/\/www.empleo.gob.es\/estadisticas\/ecvt\/welcome.htm\" target=\"_blank\">Encuesta de Calidad de Vida en el Trabajo (ECVT)<\/a><\/li><li><a rel=\"noreferrer noopener\" href=\"http:\/\/www.ine.es\/prodyser\/micro_enceursalud.htm\" target=\"_blank\">Encuesta europea de salud en Espa\u00f1a<\/a> | <a rel=\"noreferrer noopener\" href=\"http:\/\/www.ine.es\/prodyser\/micro_habisalud.htm\" target=\"_blank\">Encuesta de salud y h\u00e1bitos sexuales<\/a><\/li><li><a rel=\"noreferrer noopener\" href=\"http:\/\/www.ine.es\/prodyser\/micro_epf2006.htm\" target=\"_blank\">Encuesta de Presupuestos Familiares<\/a><\/li><li><a rel=\"noreferrer noopener\" href=\"http:\/\/www.ine.es\/prodyser\/micro_phogue.htm\" target=\"_blank\">Panel de hogares de la UE. Datos de Espa\u00f1a<\/a><\/li><li><a rel=\"noreferrer noopener\" href=\"http:\/\/www.ine.es\/prodyser\/micro_tich.htm\" target=\"_blank\">Encuesta sobre Equipamiento y Uso de Tecnolog\u00edas de la Informaci\u00f3n y Comunicaci\u00f3n en los hogares<\/a><\/li><li><a rel=\"noreferrer noopener\" href=\"http:\/\/www.ine.es\/prodyser\/micro_emptiem.htm\" target=\"_blank\">Encuesta de Empleo del Tiempo<\/a><\/li><li><a href=\"http:\/\/www.ine.es\/prodyser\/micro_hogmed.htm\">Encuesta de hogares y medio ambiente<\/a><\/li><li><a href=\"http:\/\/www.ine.es\/prodyser\/micro_recurciencia.htm\">Encuesta de recursos humanos en Ciencia y Tecnolog\u00eda<\/a><\/li><li><a href=\"http:\/\/www.ine.es\/prodyser\/micro_expagr.htm\">Encuesta sobre la Estructura de las Explotaciones Agr\u00edcolas<\/a><\/li><li><a rel=\"noreferrer noopener\" href=\"http:\/\/www.ine.es\/GSTConsul\/arbolAction.do;jsessionid=9801FCD28AC75BE2404209FF64542998.GSTConsul02\" target=\"_blank\">Banco de Series Temporales (Tempus)<\/a><\/li><\/ul>\n\n\n\n<p><a rel=\"noreferrer noopener\" href=\"http:\/\/www.ine.es\/ss\/Satellite?L=es_ES&amp;c=Page&amp;cid=1254735116596&amp;p=1254735116596&amp;pagename=ProductosYServicios%2FPYSLayout\" target=\"_blank\">Los programas PX-Map y Mapas municipales<\/a>.<\/p>\n\n\n\n<hr class=\"wp-block-separator has-alpha-channel-opacity\" \/>\n\n\n\n<figure class=\"wp-block-image size-full is-resized\" id=\"cis\"><img loading=\"lazy\" decoding=\"async\" src=\"https:\/\/webs.uab.cat\/plopez\/wp-content\/uploads\/sites\/156\/2022\/08\/CIS.gif\" alt=\"\" class=\"wp-image-762\" width=\"172\" height=\"56\" \/><\/figure>\n\n\n\n<h2 class=\"wp-block-heading\"><strong>Encuestas del CIS<\/strong><\/h2>\n\n\n\n<p>Desde el 1 de enero de 2009 el Centro de Investigaciones Sociol\u00f3gicas (<a rel=\"noreferrer noopener\" href=\"http:\/\/www.cis.es\/\" target=\"_blank\">http:\/\/www.cis.es\/<\/a>) pone a disposici\u00f3n de los usuarios, de forma gratuita, los ficheros de datos de las encuestas realizadas por este organismo.<\/p>\n\n\n\n<p>Los ficheros de datos se pueden descargar desde la p\u00e1gina web del CIS en el formato del paquete estad\u00edstico SPSS, el cuestionario, la ficha t\u00e9cnica, el libro de c\u00f3digos y las tarjetas, a trav\u00e9s de la direcci\u00f3n:<\/p>\n\n\n\n<ul class=\"wp-block-list\"><li><a rel=\"noreferrer noopener\" href=\"http:\/\/www.cis.es\/cis\/opencms\/CA\/2_bancodatos\/\" target=\"_blank\">http:\/\/www.cis.es\/cis\/opencms\/CA\/2_bancodatos\/<\/a>&nbsp; |&nbsp; <a rel=\"noreferrer noopener\" href=\"http:\/\/www.cis.es\/cis\/opencms\/ES\/2_encuestas\/catalogoencuestas.html\" target=\"_blank\">Cat\u00e1logo de encuestas<\/a><\/li><\/ul>\n\n\n\n<p>Los datos se pueden bajar en formato de SPSS directamente, pero para las bases de datos m\u00e1s antiguas es preciso seguir estas instrucciones para generar los ficheros del CIS en formato de SPSS, bien a trav\u00e9s del software comercial IBM SPSS o bien a trav\u00e9s del software libre PSPP (<a rel=\"noreferrer noopener\" href=\"https:\/\/www.gnu.org\/software\/pspp\/\" target=\"_blank\">https:\/\/www.gnu.org\/software\/pspp\/<\/a>):<\/p>\n\n\n\n<ol class=\"wp-block-list\"><li>Una vez bajado y descomprimido el archivo zip, uno de los archivos se llama &#8220;DAn\u00baestudio&#8221; y contiene los datos en un fichero sin formato, tipo txt, que se puede ver con el &#8220;bloc de notas&#8221;, si se quiere, pero no es lo relevante.<\/li><li>El archivo denominado &#8220;ESn\u00baestudio&#8221; corresponde al archivo de sintaxis del SPSS. Se puede cambiar su nombre &#8220;ESn\u00baestudio&#8221; por &#8220;ESn\u00baestudio.sps&#8221;. Una vez cambiado, se abre con el software SPSS o con PSPP.<\/li><li>Antes de ejecutar toda la sintaxis, hay que tener en cuenta la direcci\u00f3n de la carpeta donde se encuentra el archivo de datos. El archivo de sintaxis incluye una primera instrucci\u00f3n como esta:<br><strong>DATA LIST FILE = &#8216;DA3041&#8243;<\/strong>.<br>donde hay que a\u00f1adir la ubicaci\u00f3n del archivo de datos, por ejemplo:<br><strong>DATA LIST FILE = &#8216;c:\\datos\\DA3041&#8217;.<\/strong><\/li><li>Finalmente se selecciona todo, se ejecuta y se guarda el archivo de datos que se genera (<a rel=\"noreferrer noopener\" href=\"http:\/\/datos.cis.es\/pdf\/Instrucciones%20MD\/ES_Instrucciones%20MD.pdf\" target=\"_blank\">Documento del CIS<\/a>).<\/li><\/ol>\n\n\n\n<p>Aplicaci\u00f3n web del CIS para el an\u00e1lisis en l\u00ednea de Estudios, Preguntas y Series: <a rel=\"noreferrer noopener\" href=\"http:\/\/www.analisis.cis.es\/cisdb.jsp\" target=\"_blank\">http:\/\/www.analisis.cis.es\/cisdb.jsp<\/a><\/p>\n\n\n\n<p>El Fichero Integrado de Datos (FID) permite la extracci\u00f3n integrada, en un \u00fanico fichero, de los microdatos de un conjunto de variables &nbsp;para los estudios del CIS que se seleccionen: <a href=\"http:\/\/analisis.cis.es\/fid\/fid.jsp\">http:\/\/analisis.cis.es\/fid\/fid.jsp<\/a><\/p>\n\n\n\n<p>Ficheros del CIS identificados en SPSS:<\/p>\n\n\n\n<p><a rel=\"noreferrer noopener\" href=\"http:\/\/www.cis.es\/cis\/opencm\/ES\/1_encuestas\/estudios\/ver.jsp?estudio=9140&amp;cuestionario=10694&amp;muestra=16285\" target=\"_blank\">Sondeo sobre la Juventud de Espa\u00f1a 2008<\/a>&nbsp; |&nbsp; <a rel=\"noreferrer noopener\" href=\"http:\/\/pagines.uab.cat\/plopez\/sites\/pagines.uab.cat.plopez\/files\/CIS2753.sav\" target=\"_blank\">CIS2753.sav<\/a><br><a rel=\"noreferrer noopener\" href=\"http:\/\/www.cis.es\/cis\/opencm\/CA\/2_bancodatos\/estudios\/ver.jsp?estudio=13704udios\/ver.jsp?estudio=14010\" target=\"_blank\">Bar\u00f3metro de marzo de 2013<\/a>&nbsp; (Medios de comunicaci\u00f3n) |&nbsp; <a rel=\"noreferrer noopener\" href=\"http:\/\/pagines.uab.cat\/plopez\/sites\/pagines.uab.cat.plopez\/files\/CIS2981.sav\" target=\"_blank\">CIS2981.sav<\/a><br><a rel=\"noreferrer noopener\" href=\"http:\/\/www.cis.es\/cis\/opencm\/ES\/1_encuestas\/estudios\/ver.jsp?estudio=14010\" target=\"_blank\">Bar\u00f3metro de mayo de 2013<\/a>&nbsp; (Seguridad y protecci\u00f3n de datos)&nbsp; |&nbsp; <a rel=\"noreferrer noopener\" href=\"http:\/\/pagines.uab.cat\/plopez\/sites\/pagines.uab.cat.plopez\/files\/CIS2987.sav\" target=\"_blank\">CIS2987.sav<\/a><\/p>\n\n\n\n<p><a rel=\"noreferrer noopener\" href=\"https:\/\/webs.uab.cat\/plopez\/wp-content\/uploads\/sites\/156\/2023\/03\/EstudiosCIS1983-2017.xlsx\" target=\"_blank\">Base de datos con los estudios cuantitativos del CIS entre 1983 y 2017<\/a> y <a rel=\"noreferrer noopener\" href=\"https:\/\/webs.uab.cat\/plopez\/wp-content\/uploads\/sites\/156\/2023\/03\/EstudiosCIS1983-2012Cuali.xlsx\" target=\"_blank\">cualitativos entre 1983 y 2012<\/a> elaboradas en las asignaturas de t\u00e9cnicas cuantitativas con el estudiantado de Sociolog\u00eda de la Universidad Pablo de Olavide. Trabajo coordinado por la profesora Sandra Fachelli.<\/p>\n\n\n\n<hr class=\"wp-block-separator has-alpha-channel-opacity\" \/>\n\n\n\n<figure class=\"wp-block-image\"><a href=\"http:\/\/ceo.gencat.cat\/\" target=\"_blank\" rel=\"noreferrer noopener\"><img loading=\"lazy\" decoding=\"async\" width=\"192\" height=\"63\" src=\"https:\/\/webs.uab.cat\/plopez\/wp-content\/uploads\/sites\/156\/2009\/05\/ceo.png\" alt=\"\" class=\"wp-image-19\" title=\"ceo\" \/><\/a><\/figure>\n\n\n\n<p>Se puede acceder a la aplicaci\u00f3n <a rel=\"noreferrer noopener\" href=\"http:\/\/ceo.gencat.cat\/ceop\/AppJava\/pages\/links_externs\/CEOA_Pagina_Principal_Operacions\" target=\"_blank\">UPCEO<\/a>, programa desarrollado por el CEO para analizar las matrices de datos online de los<em> Bar\u00f2metres d\u2019Opini\u00f3 Pol\u00edtica<\/em>, o bien trabajar directamente con los microdatos anonimizados de los diferentes <a rel=\"noreferrer noopener\" href=\"http:\/\/ceo.gencat.cat\/ceop\/AppJava\/pages\/estudis\/\" target=\"_blank\">Estudis<\/a> que est\u00e1n disponibles en formato de SPSS, con la extensi\u00f3n <em>.sav<\/em>.<\/p>\n\n\n\n<hr class=\"wp-block-separator has-alpha-channel-opacity\" \/>\n\n\n\n<figure class=\"wp-block-image size-full\" id=\"ess\"><img loading=\"lazy\" decoding=\"async\" width=\"131\" height=\"58\" src=\"https:\/\/webs.uab.cat\/plopez\/wp-content\/uploads\/sites\/156\/2017\/06\/ess.png\" alt=\"ess\" class=\"wp-image-29\" \/><\/figure>\n\n\n\n<p>La <em>European Social Survey<\/em> (ESS): <a rel=\"noreferrer noopener\" href=\"http:\/\/www.europeansocialsurvey.org\/\" target=\"_blank\">http:\/\/www.europeansocialsurvey.org\/<\/a>, es una encuesta bianual que, desde 2002, permite el estudio comparado y longitudinal de las actitudes, atributos y comportamientos de los ciudadanos europeos en los \u00e1mbitos econ\u00f3mico, social y pol\u00edtico. Tambi\u00e9n pretende facilitar el an\u00e1lisis de la interacci\u00f3n entre el contexto y las instituciones sociales de cada pa\u00eds con los patrones de comportamiento, las actitudes y las creencias de sus ciudadanos. La ESS tiene una clara orientaci\u00f3n acad\u00e9mica y pretende ser un instrumento de referencia en la investigaci\u00f3n europea en ciencias sociales.<\/p>\n\n\n\n<p>En su web se pueden consultar sus caracter\u00edsticas y obtener las <a rel=\"noreferrer noopener\" href=\"http:\/\/www.europeansocialsurvey.org\/data\/\" target=\"_blank\">matrices de datos<\/a> de la encuesta de todos los pa\u00edses para SPSS, SAS y STATA.<\/p>\n\n\n\n<p>Datos de: <a rel=\"noreferrer noopener\" href=\"http:\/\/www.europeansocialsurvey.org\/data\/download.html?r=7\" target=\"_blank\">2014<\/a> | <a rel=\"noreferrer noopener\" href=\"http:\/\/www.europeansocialsurvey.org\/data\/download.html?r=6\" target=\"_blank\">2012<\/a> | <a rel=\"noreferrer noopener\" href=\"http:\/\/www.europeansocialsurvey.org\/data\/download.html?r=5\" target=\"_blank\">2010<\/a>| <a rel=\"noreferrer noopener\" href=\"http:\/\/www.europeansocialsurvey.org\/data\/download.html?r=4\" target=\"_blank\">2008<\/a> | <a rel=\"noreferrer noopener\" href=\"http:\/\/www.europeansocialsurvey.org\/data\/download.html?r=3\" target=\"_blank\">2006<\/a> | <a rel=\"noreferrer noopener\" href=\"http:\/\/www.europeansocialsurvey.org\/data\/download.html?r=2\" target=\"_blank\">2004<\/a> | <a rel=\"noreferrer noopener\" href=\"http:\/\/www.europeansocialsurvey.org\/data\/download.html?r=1\" target=\"_blank\">2002<\/a><\/p>\n\n\n\n<p>Es preciso conocer las <a rel=\"noreferrer noopener\" href=\"http:\/\/www.europeansocialsurvey.org\/methodology\/\" target=\"_blank\">caracter\u00edsticas metodol\u00f3gicas<\/a> de la encuesta, la <a rel=\"noreferrer noopener\" href=\"http:\/\/www.europeansocialsurvey.org\/data\/conditions_of_use.html\" target=\"_blank\">condiciones de uso<\/a> y, en particular, el procedimiento de <a rel=\"noreferrer noopener\" href=\"http:\/\/www.europeansocialsurvey.org\/docs\/methodology\/ESS_weighting_data_1.pdf\" target=\"_blank\">ponderaci\u00f3n<\/a> de los datos.<\/p>\n\n\n\n<hr class=\"wp-block-separator has-alpha-channel-opacity\" \/>\n\n\n\n<figure class=\"wp-block-image size-large is-resized\"><img loading=\"lazy\" decoding=\"async\" src=\"https:\/\/webs.uab.cat\/plopez\/wp-content\/uploads\/sites\/156\/2017\/06\/wvs-1024x138.jpg\" alt=\"wvs\" class=\"wp-image-38\" width=\"381\" height=\"52\" title=\"wvs\" srcset=\"https:\/\/webs.uab.cat\/plopez\/wp-content\/uploads\/sites\/156\/2017\/06\/wvs-1024x138.jpg 1024w, https:\/\/webs.uab.cat\/plopez\/wp-content\/uploads\/sites\/156\/2017\/06\/wvs-300x40.jpg 300w, https:\/\/webs.uab.cat\/plopez\/wp-content\/uploads\/sites\/156\/2017\/06\/wvs-768x104.jpg 768w, https:\/\/webs.uab.cat\/plopez\/wp-content\/uploads\/sites\/156\/2017\/06\/wvs.jpg 1186w\" sizes=\"auto, (max-width: 381px) 100vw, 381px\" \/><\/figure>\n\n\n\n<p>La <em>World Values Survey<\/em> (WVS): <a rel=\"noreferrer noopener\" href=\"http:\/\/www.worldvaluessurvey.org\/\" target=\"_blank\">http:\/\/www.worldvaluessurvey.org<\/a>&nbsp; es un proyecto de investigaci\u00f3n global que explora los valores y las creencias de la gente, su estabilidad o el cambio en el tiempo y su impacto en el desarrollo social y pol\u00edtico de las sociedades en diferentes pa\u00edses del mundo. La WVS se inici\u00f3 en 1981 y se han realizado seis oleadas de encuestas hasta 2014, cubiendo casi el 90% de la poblaci\u00f3n mundial.<\/p>\n\n\n\n<p>En su web se pueden consultar sus caracter\u00edsticas y obtener las matrices de datos en diversos formatos (SPSS, Stata, R): <a rel=\"noreferrer noopener\" href=\"http:\/\/www.worldvaluessurvey.org\/WVSContents.jsp\" target=\"_blank\">Datos y documentaci\u00f3n<\/a><\/p>\n\n\n\n<hr class=\"wp-block-separator has-alpha-channel-opacity\" \/>\n\n\n\n<figure class=\"wp-block-image size-full\"><img loading=\"lazy\" decoding=\"async\" width=\"190\" height=\"100\" src=\"https:\/\/webs.uab.cat\/plopez\/wp-content\/uploads\/sites\/156\/2009\/05\/issp.jpg\" alt=\"\" class=\"wp-image-22\" title=\"issp\" \/><\/figure>\n\n\n\n<p><a href=\"http:\/\/www.issp.org\">International Social Survey Programme<\/a><\/p>\n\n\n\n<p>El ISSP (<a rel=\"noreferrer noopener\" href=\"http:\/\/www.issp.org\" target=\"_blank\">http:\/\/www.issp.org<\/a>) es un programa de colaboraci\u00f3n transnacional que realiza encuestas anuales sobre diversos temas relacionados con las ciencias sociales. Se cre\u00f3 en 1984 y contribuyen diversos pa\u00edses del mundo (ver <a rel=\"noreferrer noopener\" href=\"http:\/\/www.issp.org\/members\/member-states\/\" target=\"_blank\">miembros<\/a>).&nbsp; a partir de organizaciones acad\u00e9micas, universidades o agencias de encuestas. Todos los <a rel=\"noreferrer noopener\" href=\"http:\/\/www.issp.org\/data-download\/by-year\/\" target=\"_blank\">datos recopilados<\/a> y la documentaci\u00f3n est\u00e1n disponibles de forma gratuita.<\/p>\n\n\n\n<hr class=\"wp-block-separator has-alpha-channel-opacity\" \/>\n\n\n\n<h2 class=\"wp-block-heading\" id=\"uab\"><strong>Enquestes de les assignatures de Sociologia de t\u00e8cniques quantitatives a la Facultat de Ci\u00e8ncies Pol\u00edtiques i de Sociologia de la UAB<\/strong><\/h2>\n\n\n\n<p>-Enquesta sobre <strong>Absentisme a la Facultat de Ci\u00e8ncies Pol\u00edtiques i de Sociologia<\/strong>. Estudi realitzat a l&#8217;assignatura de Pr\u00e0ctiques Instrumentals III de la titulaci\u00f3 de Sociologia durant el curs 2002-03.<\/p>\n\n\n\n<ul class=\"wp-block-list\"><li><a rel=\"noreferrer noopener\" href=\"http:\/\/pagines.uab.cat\/plopez\/sites\/pagines.uab.cat.plopez\/files\/Absentisme.sav\" target=\"_blank\">Absentisme.sav&nbsp;<\/a>&nbsp; |&nbsp; <a rel=\"noreferrer noopener\" href=\"http:\/\/pagines.uab.cat\/plopez\/sites\/pagines.uab.cat.plopez\/files\/Questionari-absentisme.pdf\" target=\"_blank\">Q\u00fcestionari absentisme.pdf<\/a><\/li><\/ul>\n\n\n\n<p>-Enquesta sobre <strong>\u00das del temps dels i de les joves universitaris<\/strong>. Estudi realitzat a l&#8217;assignatura de Pr\u00e0ctiques Instrumentals III de la titulaci\u00f3 de Sociologia durant el curs 2003-04.<\/p>\n\n\n\n<ul class=\"wp-block-list\"><li><a rel=\"noreferrer noopener\" href=\"http:\/\/pagines.uab.cat\/plopez\/sites\/pagines.uab.cat.plopez\/files\/USTEMPS.sav\" target=\"_blank\">USTEMPS.sav<\/a>&nbsp;&nbsp; |&nbsp; <a rel=\"noreferrer noopener\" href=\"http:\/\/pagines.uab.cat\/plopez\/sites\/pagines.uab.cat.plopez\/files\/Questionari-ustemps.pdf\" target=\"_blank\">Q\u00fcestionari \u00fas del temps.pdf<\/a><\/li><\/ul>\n\n\n\n<p>-Enquesta sobre <strong>Cosum d&#8217;oci i posici\u00f3 social<\/strong>. Estudi realitzat a l&#8217;assignatura de M\u00e8todes Quantitatius de Recerca Social de la titulaci\u00f3 de Sociologia durant el curs 2010-11.<br><em>Fitxa t\u00e8cnica<\/em>: treball de camp realitzat la primera setmana del mes de novembre de 2010 mitjan\u00e7ant entrevista personal. Poblaci\u00f3: estudiants de grau del Campus de Bellaterra de la UAB (28.307 individus segons dades del curs 2009-10). Mostreig per quotes segons facultat, sexe i horari (mat\u00ed\/tarda). Grand\u00e0ria de la mostra: 740 persones. Error mostral del 3,6% en el sup\u00f2sit m\u00e0xima vari\u00e0ncia (P=Q=50%) amb un nivell de confian\u00e7a del 95,5%.&nbsp; &nbsp;<\/p>\n\n\n\n<ul class=\"wp-block-list\"><li><a rel=\"noreferrer noopener\" href=\"http:\/\/pagines.uab.cat\/plopez\/sites\/pagines.uab.cat.plopez\/files\/COPS.sav\" target=\"_blank\">COPS.sav<\/a>&nbsp;&nbsp; |&nbsp; <a rel=\"noreferrer noopener\" href=\"http:\/\/pagines.uab.cat\/plopez\/sites\/pagines.uab.cat.plopez\/files\/Questionari_COPS.pdf\" target=\"_blank\">Q\u00fcestionari COPS.pdf<\/a><\/li><\/ul>\n\n\n\n<p>-Enquesta sobre <strong>Conciliaci\u00f3 de la vida acad\u00e8mica i de la vida laboral<\/strong>. Estudi realitzat a l&#8217;assignatura de M\u00e8todes Quantitatius de Recerca Social de la titulaci\u00f3 de Sociologia durant el curs 2011-12.<br><em>Fitxa t\u00e8cnica<\/em>: treball de camp realitzat la primera setmana del mes de novembre de 2011 mitjan\u00e7ant entrevista personal. Poblaci\u00f3: estudiants de grau del Campus de Bellaterra de la UAB (28.969 individus segons dades del curs 2010-11). Mostreig per quotes segons facultat, sexe i horari (mat\u00ed\/tarda). Grand\u00e0ria de la mostra: 1.119 persones. Error mostral del 2,9% en el sup\u00f2sit m\u00e0xima vari\u00e0ncia (P=Q=50%) amb un nivell de confian\u00e7a del 95,5%.&nbsp; &nbsp;<\/p>\n\n\n\n<ul class=\"wp-block-list\"><li><a rel=\"noreferrer noopener\" href=\"http:\/\/pagines.uab.cat\/plopez\/sites\/pagines.uab.cat.plopez\/files\/Concilia.sav\" target=\"_blank\">CONCILIA.sav<\/a>&nbsp;&nbsp; |&nbsp; <a rel=\"noreferrer noopener\" href=\"http:\/\/pagines.uab.cat\/plopez\/sites\/pagines.uab.cat.plopez\/files\/Questionari_Concilia.pdf\" target=\"_blank\">Q\u00fcestionari CONCILIA.pdf<\/a><\/li><\/ul>\n\n\n\n<p>-Enquesta sobre <strong>Qu\u00e8 es pensa de la Sociologia?<\/strong>. Estudi realitzat a l&#8217;assignatura de M\u00e8todes Quantitatius de Recerca Social de la titulaci\u00f3 de Sociologia durant el curs 2012-13.<br><em>Fitxa t\u00e8cnica<\/em>: treball de camp realitzat la primera quinzena del mes de novembre de 2012 mitjan\u00e7ant entrevista personal. Poblaci\u00f3: estudiants de grau del Campus de Bellaterra de la UAB (27.253 individus segons dades del curs 2012-13). Mostreig per quotes segons facultat, sexe i horari (mat\u00ed\/tarda). Grand\u00e0ria de la mostra: 897 persones. Error mostral del 3,3% en el sup\u00f2sit m\u00e0xima vari\u00e0ncia (P=Q=50%) amb un nivell de confian\u00e7a del 95,5%.&nbsp; &nbsp;<\/p>\n\n\n\n<ul class=\"wp-block-list\"><li><a rel=\"noreferrer noopener\" href=\"http:\/\/pagines.uab.cat\/plopez\/sites\/pagines.uab.cat.plopez\/files\/SOCIO.sav\" target=\"_blank\">SOCIO.sav<\/a>&nbsp;&nbsp; |&nbsp; <a rel=\"noreferrer noopener\" href=\"http:\/\/pagines.uab.cat\/plopez\/sites\/pagines.uab.cat.plopez\/files\/Questionari_SOCIO.pdf\" target=\"_blank\">Q\u00fcestionari SOCIO.pdf<\/a><\/li><\/ul>\n\n\n\n<p>-Enquesta sobre <strong>Comportament sexual i sexe segur<\/strong>. Estudi realitzat a l&#8217;assignatura de M\u00e8todes Quantitatius de Recerca Social de la titulaci\u00f3 de Sociologia durant el curs 2013-14.<br><em>Fitxa t\u00e8cnica<\/em>: treball de camp realitzat la primera quinzena del mes de novembre de 2013 mitjan\u00e7ant entrevista personal. Poblaci\u00f3: estudiants de grau del Campus de Bellaterra de la UAB (28.505 individus segons dades del curs 2013-14). Mostreig per quotes segons facultat, sexe i horari (mat\u00ed\/tarda). Grand\u00e0ria de la mostra: 872 persones. Error mostral del 3,3% en el sup\u00f2sit m\u00e0xima vari\u00e0ncia (P=Q=50%) amb un nivell de confian\u00e7a del 95,5%.&nbsp; &nbsp;<\/p>\n\n\n\n<ul class=\"wp-block-list\"><li><a rel=\"noreferrer noopener\" href=\"http:\/\/pagines.uab.cat\/plopez\/sites\/pagines.uab.cat.plopez\/files\/SexeSegur.sav\" target=\"_blank\">SexeSegur.sav<\/a>&nbsp;&nbsp; |&nbsp; <a rel=\"noreferrer noopener\" href=\"http:\/\/pagines.uab.cat\/plopez\/sites\/pagines.uab.cat.plopez\/files\/Questionari_SexeSegur.pdf\" target=\"_blank\">Q\u00fcestionari SexeSegur.pdf<\/a><\/li><\/ul>\n\n\n\n<p>-Enquesta sobre <strong>H\u00e0bits i pr\u00e0ctiques sexuals<\/strong>. Estudi realitzat a l&#8217;assignatura de M\u00e8todes Quantitatius de Recerca Social de la titulaci\u00f3 de Sociologia durant el curs 2014-15.<br><em>Fitxa t\u00e8cnica<\/em>: treball de camp realitzat la primera quinzena del mes de novembre de 2014 mitjan\u00e7ant entrevista personal. Poblaci\u00f3: estudiants de grau del Campus de Bellaterra de la UAB (28.005 individus segons dades del curs 2014-15). Mostreig per quotes segons facultat, sexe i horari (mat\u00ed\/tarda). Grand\u00e0ria de la mostra: 892 persones. Error mostral del 3,3% en el sup\u00f2sit m\u00e0xima vari\u00e0ncia (P=Q=50%) amb un nivell de confian\u00e7a del 95,5%.&nbsp; &nbsp;<\/p>\n\n\n\n<ul class=\"wp-block-list\"><li><a rel=\"noreferrer noopener\" href=\"http:\/\/pagines.uab.cat\/plopez\/sites\/pagines.uab.cat.plopez\/files\/HAPRASEXE.rda\" target=\"_blank\">HAPRASEXE.rda<\/a> &nbsp; |&nbsp; <a href=\"http:\/\/pagines.uab.cat\/plopez\/sites\/pagines.uab.cat.plopez\/files\/Questionari_HAPRASEXE.pdf\">Q\u00fcestionari HAPRASEXE.pdf<\/a><\/li><\/ul>\n\n\n\n<h2 class=\"wp-block-heading\" id=\"esp\"> Fuentes de datos de Catalunya y Espa\u00f1a<\/h2>\n\n\n\n<h3 class=\"wp-block-heading\">Catalunya<\/h3>\n\n\n\n<ul class=\"wp-block-list\"><li><a rel=\"noreferrer noopener\" href=\"http:\/\/www.idescat.cat\/\" target=\"_blank\">IDESCAT. Institut d&#8217;Estad\u00edstica de Catalunya<\/a><\/li><li><a rel=\"noreferrer noopener\" href=\"http:\/\/dadesobertes.gencat.cat\/ca\" target=\"_blank\">Dades obertes de la Generalitat de Catalunya<\/a><\/li><li><a rel=\"noreferrer noopener\" href=\"http:\/\/ceo.gencat.cat\/\" target=\"_blank\">Centre d\u2019Estudis d\u2019Opini\u00f3<\/a> (CEO)<\/li><li><a rel=\"noreferrer noopener\" href=\"http:\/\/www.ccoo.cat\/eurobarometre\/\" target=\"_blank\">Eurobar\u00f2metre Social de CCOO de Catalunya<\/a><\/li><li><a rel=\"noreferrer noopener\" href=\"http:\/\/www.diba.es\/hg2\/menu_ini.asp\" target=\"_blank\">Programa HERMES<\/a> Sistema d&#8217;Informaci\u00f3 Socioecon\u00f2mica Local. Diputaci\u00f3 de Barcelona<\/li><li><a rel=\"noreferrer noopener\" href=\"http:\/\/www.bcn.es\/estadistica\/catala\/index.htm\" target=\"_blank\">Dades de l&#8217;Ajuntament de Barcelona<\/a><\/li><li><a rel=\"noreferrer noopener\" href=\"http:\/\/www.gencat.cat\/joventut\/observatori\/\" target=\"_blank\">Dades estadistiques de l&#8217;Observatori Catal\u00e0 de la Joventut<\/a><\/li><\/ul>\n\n\n\n<h3 class=\"wp-block-heading\">Espa\u00f1a<\/h3>\n\n\n\n<ul class=\"wp-block-list\"><li><a rel=\"noreferrer noopener\" href=\"http:\/\/www.anuarieco.lacaixa.comunicacions.com\/java\/X?cgi=caixa.anuari99.util.ChangeLanguage&amp;lang=esp\" target=\"_blank\">Anuario Social de Espa\u00f1a<\/a> La Caixa:<br>A\u00f1o 2013 completo en Excel de <a rel=\"noreferrer noopener\" href=\"http:\/\/pagines.uab.cat\/plopez\/sites\/pagines.uab.cat.plopez\/files\/AE13_Municipal_Completo.xlsx\" target=\"_blank\">Municipios<\/a>&nbsp; |&nbsp; <a rel=\"noreferrer noopener\" href=\"https:\/\/pagines.uab.cat\/plopez\/sites\/pagines.uab.cat.plopez\/files\/AE13_Provincial_Completo.xlsx\" target=\"_blank\">Provincias<\/a><\/li><li><a rel=\"noreferrer noopener\" href=\"http:\/\/www.seg-social.es\/wps\/portal\/wss\/internet\/EstadisticasPresupuestosEstudios\/Estadisticas\/EST211\" target=\"_blank\">Muestra Continua de Vidas Laborales (MCVL) del Ministerio de Empleo y Seguridad Social<\/a><\/li><li><a rel=\"noreferrer noopener\" href=\"https:\/\/www.ine.es\/dyngs\/IOE\/es\/operacion.htm?numinv=58029\" target=\"_blank\">Encuesta de Calidad de Vida en el Trabajo (ECVT)<\/a><\/li><li><a rel=\"noreferrer noopener\" href=\"https:\/\/www.ine.es\/dyngs\/INEbase\/es\/operacion.htm?c=Estadistica_C&amp;cid=1254736176818&amp;menu=resultados&amp;idp=1254735976608#!tabs-1254736194834\" target=\"_blank\">Panel de Hogares de la UE<\/a>&nbsp;antecedente de la ECV<\/li><li><a rel=\"noreferrer noopener\" href=\"https:\/\/www.ine.es\/dyngs\/INEbase\/es\/operacion.htm?c=Estadistica_C&amp;cid=1254736176807&amp;menu=ultiDatos&amp;idp=1254735976608\" target=\"_blank\">Encuesta de Condiciones de Vida (ECV)<\/a><\/li><li><a rel=\"noreferrer noopener\" href=\"https:\/\/www.ine.es\/dyngs\/INEbase\/es\/operacion.htm?c=Estadistica_C&amp;cid=1254736176815&amp;menu=resultados&amp;idp=1254735976608#!tabs-1254736194826\" target=\"_blank\">Encuesta de Empleo del Tiempo (EET)<\/a><\/li><li><a rel=\"noreferrer noopener\" href=\"https:\/\/www.ine.es\/dyngs\/IOE\/es\/operacion.htm?numinv=30458\" target=\"_blank\">Encuesta de Presupuestos Familiares (EPF)<\/a><\/li><li><a rel=\"noreferrer noopener\" href=\"http:\/\/www.empleo.gob.es\/es\/estadisticas\/index.htm\" target=\"_blank\">Estad\u00edsticas del Ministerio de Empleo y Seguridad Social<\/a><\/li><li><a rel=\"noreferrer noopener\" href=\"http:\/\/envejecimiento.csic.es\/estadisticas\/encuestas\/index.html\" target=\"_blank\">Envejecimiento en red. Microdatos de encuestas de inter\u00e9s en el mundo de los mayores<\/a><\/li><li><a rel=\"noreferrer noopener\" href=\"http:\/\/www.observatoriosocial.org\/ose\/\" target=\"_blank\">Observatorio Social de Espa\u00f1a<\/a><\/li><li><a rel=\"noreferrer noopener\" href=\"http:\/\/www.1mayo.ccoo.es\/nova\/NPortada\" target=\"_blank\">Hispanobar\u00f3metro<\/a> de la Fundaci\u00f3n 1\u00ba de Mayo<\/li><li><a rel=\"noreferrer noopener\" href=\"http:\/\/www.bde.es\/bde\/es\/areas\/estadis\/\" target=\"_blank\">Banco de Espa\u00f1a<\/a><\/li><\/ul>\n\n\n\n<h2 class=\"wp-block-heading\" id=\"institutos\"><strong>Institutos de Estad\u00edstica de Espa\u00f1a<\/strong><\/h2>\n\n\n\n<ul class=\"wp-block-list\"><li><a rel=\"noreferrer noopener\" href=\"http:\/\/www.juntadeandalucia.es\/institutodeestadisticaycartografia\" target=\"_blank\">Instituto de Estad\u00edstica y Cartograf\u00eda de Andaluc\u00eda<\/a><\/li><li><a rel=\"noreferrer noopener\" href=\"http:\/\/www.asturestad.es\/\" target=\"_blank\">Instituto Asturiano de Estad\u00edstica<\/a><\/li><li><a rel=\"noreferrer noopener\" href=\"http:\/\/www.aragon.es\/DepartamentosOrganismosPublicos\/Organismos\/InstitutoAragonesEstadistica\" target=\"_blank\">Instituto Aragon\u00e9s de Estad\u00edstica<\/a><a rel=\"noreferrer noopener\" href=\"http:\/\/www.ibestat.cat\/\" target=\"_blank\">I<\/a><\/li><li><a rel=\"noreferrer noopener\" href=\"http:\/\/www.ibestat.cat\/\" target=\"_blank\">nstitut d&#8217;Estad\u00edstica de les Illes Balears<\/a><\/li><li><a rel=\"noreferrer noopener\" href=\"http:\/\/www.gobiernodecanarias.org\/istac\/\" target=\"_blank\">Instituto Canario de Estad\u00edstica<\/a><\/li><li><a rel=\"noreferrer noopener\" href=\"http:\/\/www.icane.es\/\" target=\"_blank\">Instituto C\u00e1ntabro de Estad\u00edstica<\/a><\/li><li><a rel=\"noreferrer noopener\" href=\"http:\/\/www.ies.jccm.es\/\" target=\"_blank\">Servicio de Estad\u00edstica de Castilla-La Mancha<\/a><a rel=\"noreferrer noopener\" href=\"http:\/\/www.jcyl.es\/estadistica\" target=\"_blank\">Castilla-Le\u00f3n: Direcci\u00f3n General de Estad\u00edstica<\/a><\/li><li><a rel=\"noreferrer noopener\" href=\"http:\/\/www.madrid.org\/iestadis\/\" target=\"_blank\">Instituto de Estad\u00edstica de la Comunidad de Madrid<\/a><\/li><li><a rel=\"noreferrer noopener\" href=\"http:\/\/www.ive.es\/valenc\/indexval.htm\" target=\"_blank\">Institut Valenci\u00e0 d&#8217;Estad\u00edstica<\/a><\/li><li><a rel=\"noreferrer noopener\" href=\"http:\/\/www.estadisticaextremadura.com\/\" target=\"_blank\">Instituto de Estad\u00edstica de Extremadura<\/a><\/li><li><a rel=\"noreferrer noopener\" href=\"http:\/\/www.ige.eu\/\" target=\"_blank\">Instituto Galego de Estad\u00edstica<\/a><\/li><li><a rel=\"noreferrer noopener\" href=\"http:\/\/www.larioja.org\/npRioja\/default\/defaultpage.jsp?idtab=431934\" target=\"_blank\">Instituto de Estad\u00edstica de La Rioja<\/a><\/li><li><a rel=\"noreferrer noopener\" href=\"http:\/\/www.carm.es\/econet\/\" target=\"_blank\">Centro Regional de Estad\u00edstica de Murcia<\/a><\/li><li><a rel=\"noreferrer noopener\" href=\"http:\/\/www.cfnavarra.es\/estadistica\/index.html\" target=\"_blank\">Instituto de Estad\u00edstica de Navarra<\/a><\/li><li><a rel=\"noreferrer noopener\" href=\"http:\/\/www.eustat.es\/\" target=\"_blank\">Instituto Vasco de Estad\u00edstica (Eustat)<\/a><\/li><\/ul>\n\n\n\n<h2 class=\"wp-block-heading\" id=\"eur\"><strong> Fuentes de datos de Europa<\/strong><\/h2>\n\n\n\n<p><a rel=\"noreferrer noopener\" href=\"http:\/\/ec.europa.eu\/eurostat\" target=\"_blank\">EUROSTAT: The Statistical Office of the European Communities<\/a><br><a rel=\"noreferrer noopener\" href=\"http:\/\/ec.europa.eu\/eurostat\/web\/ess\" target=\"_blank\">European Statistical System (ESS) <\/a><br><a rel=\"noreferrer noopener\" href=\"http:\/\/www.cessda.org\/\" target=\"_blank\">CESSDA: Council of European Social Science Data Archives<\/a><br><a rel=\"noreferrer noopener\" href=\"http:\/\/ec.europa.eu\/eurostat\/web\/microdata\/european-union-labour-force-survey\" target=\"_blank\">European Union Labour Force Survey (EU LFS)<\/a><br><a rel=\"noreferrer noopener\" href=\"http:\/\/ec.europa.eu\/eurostat\/web\/income-and-living-conditions\/overview\" target=\"_blank\">European Union Statistics on Income and Living Conditions (EU-SILC)<\/a><br><a rel=\"noreferrer noopener\" href=\"http:\/\/ec.europa.eu\/eurostat\/web\/microdata\/european-community-household-panel\" target=\"_blank\">European Community Household Panel (ECHP)<\/a><br><a rel=\"noreferrer noopener\" href=\"http:\/\/ec.europa.eu\/eurostat\/web\/household-budget-surveys\" target=\"_blank\">Household Budget Surveys (HBS)<\/a><a rel=\"noreferrer noopener\" href=\"http:\/\/ec.europa.eu\/eurostat\/web\/products-manuals-and-guidelines\/-\/KS-RA-08-014\" target=\"_blank\">Harmonised European Time Use Surveys (HETUS)<\/a><br><a rel=\"noreferrer noopener\" href=\"http:\/\/ec.europa.eu\/eurostat\/web\/microdata\/adult-education-survey\" target=\"_blank\">Adult Education Survey (AES)<\/a><a rel=\"noreferrer noopener\" href=\"http:\/\/ec.europa.eu\/eurostat\/web\/microdata\/european-health-interview-survey\" target=\"_blank\">European Health Interview Survey (EHIS)<\/a><br><a rel=\"noreferrer noopener\" href=\"http:\/\/ec.europa.eu\/eurostat\/statistics-explained\/index.php\/Information_society_statistics_-_households_and_individuals\" target=\"_blank\">Survey on Information and Communication Technologies usage in Households (ICT-HH)<\/a><br><a rel=\"noreferrer noopener\" href=\"http:\/\/ec.europa.eu\/eurostat\/web\/microdata\/community-statistics-on-information-society\" target=\"_blank\">Community Statistics on Information Society (CSIS)<\/a> <br>Eurofound Surveys. <a rel=\"noreferrer noopener\" href=\"http:\/\/www.eurofound.europa.eu\/index.htm\" target=\"_blank\">Eurofound <\/a>ha desarrollado tres encuestas peri\u00f3dicas con objeto de contribuir a la planificaci\u00f3n y el establecimiento de unas mejores condiciones de vida y de trabajo. Los datos y los materiales de acompa\u00f1amiento se encuentran en el <a rel=\"noreferrer noopener\" href=\"http:\/\/ukdataservice.ac.uk\/\" target=\"_blank\">UK Data Archive (UKDA)<\/a>, en Essex. El <a rel=\"noreferrer noopener\" href=\"http:\/\/www.eurofound.europa.eu\/surveys\/availability\/index_es.htm\" target=\"_blank\">acceso a los datos<\/a> es gratuito a trav\u00e9s de la secci\u00f3n internacional del Servicio de Datos Econ\u00f3micos y Sociales (ESDS).<\/p>\n\n\n\n<ul class=\"wp-block-list\"><li><a rel=\"noreferrer noopener\" href=\"http:\/\/eurofound.europa.eu\/ewco\/surveys\/\" target=\"_blank\">European Working Conditions Surveys (EWCS)<\/a>&nbsp;<\/li><li><a rel=\"noreferrer noopener\" href=\"http:\/\/www.eurofound.europa.eu\/surveys\/eqls\/index.htm\" target=\"_blank\">European Quality of Life Surveys (EQLS)<\/a>&nbsp;<\/li><li><a rel=\"noreferrer noopener\" href=\"http:\/\/www.eurofound.europa.eu\/surveys\/ecs\/index.htm\" target=\"_blank\">European Company Surveys (ECS)<\/a><\/li><\/ul>\n\n\n\n<p><a rel=\"noreferrer noopener\" href=\"http:\/\/epp.eurostat.ec.europa.eu\/portal\/page\/portal\/microdata\/ses\" target=\"_blank\">Structure of Earnings Survey (SES)<\/a><a rel=\"noreferrer noopener\" href=\"http:\/\/ec.europa.eu\/eurostat\/web\/microdata\/community-innovation-survey\" target=\"_blank\">Community Innovation Survey (CIS) <\/a><a rel=\"noreferrer noopener\" href=\"http:\/\/ec.europa.eu\/eurostat\/web\/microdata\/continuing-vocational-training-survey\" target=\"_blank\">Continuing Vocational Training Survey (CVTS)<\/a><\/p>\n\n\n\n<p><a rel=\"noreferrer noopener\" href=\"http:\/\/www.gesis.org\/en\/home\/\" target=\"_blank\">Leibniz Institute for Social Sciences (GESIS)<\/a><br>ZACAT &#8211; <a rel=\"noreferrer noopener\" href=\"http:\/\/zacat.gesis.org\/webview\/\" target=\"_blank\">GESIS Online Study Catalogue<\/a><br>ISSP &#8211; <a rel=\"noreferrer noopener\" href=\"http:\/\/www.gesis.org\/en\/issp\/issp-home\/\" target=\"_blank\">The International Social Survey Programme<\/a><br>EVS &#8211; <a rel=\"noreferrer noopener\" href=\"http:\/\/www.europeanvaluesstudy.eu\/evs\/about-evs\/\" target=\"_blank\">European Values Study<\/a><a rel=\"noreferrer noopener\" href=\"http:\/\/ukdataservice.ac.uk\/\" target=\"_blank\">UK Data Service<\/a><a rel=\"noreferrer noopener\" href=\"http:\/\/www.icpsr.umich.edu\/icpsrweb\/ICPSR\/access\/index.jsp\" target=\"_blank\">Inter-University Consortium for Political and Social Research (ICPSR)<\/a><a rel=\"noreferrer noopener\" href=\"http:\/\/www.destatis.de\" target=\"_blank\">Statistisches Bundesamt Deutschland<\/a><a rel=\"noreferrer noopener\" href=\"http:\/\/www.insee.fr\/fr\/default.asp\" target=\"_blank\">Institut National de la Statistique et des \u00c9tudes \u00c9conomiques (INS\u00c9\u00c9)<\/a><a rel=\"noreferrer noopener\" href=\"http:\/\/snd.gu.se\/\" target=\"_blank\">Swedish Social Science Data Service<\/a><a rel=\"noreferrer noopener\" href=\"http:\/\/www.ecb.int\/\" target=\"_blank\">Banco Central Europeo<\/a><\/p>\n\n\n\n<h2 class=\"wp-block-heading\" id=\"int\"><strong> Fuentes de datos internacionales<\/strong><\/h2>\n\n\n\n<ul class=\"wp-block-list\"><li><a rel=\"noreferrer noopener\" href=\"http:\/\/www.lisdatacenter.org\/\" target=\"_blank\">LIS Cross-National Data Center<\/a><\/li><li><a rel=\"noreferrer noopener\" href=\"http:\/\/www.latinobarometro.org\/\" target=\"_blank\">Latinobar\u00f3metro<\/a><a rel=\"noreferrer noopener\" href=\"http:\/\/www.indec.mecon.ar\/\" target=\"_blank\">Instituto de Estad\u00edstica y Censos de la Rep\u00fablica de Argentina<\/a><\/li><li><a rel=\"noreferrer noopener\" href=\"http:\/\/www.estadistica.buenosaires.gob.ar\/areas\/hacienda\/sis_estadistico\/\" target=\"_blank\">Direcci\u00f3n General de Estad\u00edstica y Censos de la Ciudad de Buenos Aires<\/a><\/li><li><a rel=\"noreferrer noopener\" href=\"http:\/\/www.jdsurvey.net\" target=\"_blank\">Banco de datos ASEP\/JDS<\/a><a rel=\"noreferrer noopener\" href=\"http:\/\/www.fedstats.gov\/\" target=\"_blank\">FedStats: Federal Government, USA<\/a><\/li><li><a rel=\"noreferrer noopener\" href=\"http:\/\/www.destatis.de\" target=\"_blank\">USA: Bureau of the Census<\/a><\/li><li><a rel=\"noreferrer noopener\" href=\"http:\/\/www.fedstats.gov\/\" target=\"_blank\">USA: The Gateway to statistics from over 100 U.S. <\/a><\/li><li><a rel=\"noreferrer noopener\" href=\"http:\/\/www.fedstats.gov\/\" target=\"_blank\">Federal Agencies (FedStats)<\/a><\/li><li><a rel=\"noreferrer noopener\" href=\"http:\/\/unescoprivadesa.urv.cat\/\" target=\"_blank\">C\u00e0tedra UNESCO de privacidad de datos<\/a><\/li><li><a rel=\"noreferrer noopener\" href=\"http:\/\/www.ilo.org\/global\/statistics-and-databases\/lang--es\/index.htm\" target=\"_blank\">Organizaci\u00f3n Internacional del Trabajo (OIT)<\/a><\/li><li><a rel=\"noreferrer noopener\" href=\"http:\/\/data.worldbank.org\/\" target=\"_blank\">The World Bank<\/a><\/li><li><a rel=\"noreferrer noopener\" href=\"http:\/\/unstats.un.org\/\" target=\"_blank\">United Nations Statistics Division<\/a><\/li><li><a rel=\"noreferrer noopener\" href=\"http:\/\/www.oecd.org\/std\/\" target=\"_blank\">The Organisation for Economic Co-operation and Developmen7 (OECD)<\/a><\/li><li><a rel=\"noreferrer noopener\" href=\"http:\/\/dsbb.imf.org\/\" target=\"_blank\">International Monetary Fund<\/a><\/li><li><a rel=\"noreferrer noopener\" href=\"http:\/\/www.unesco.org\/\" target=\"_blank\">UNESCO Institute for Statistics<\/a><\/li><li><a rel=\"noreferrer noopener\" href=\"http:\/\/www.ilo.org\/global\/statistics-and-databases\/lang--en\/index.htm\" target=\"_blank\">International Labour Organization<\/a><\/li><li><a rel=\"noreferrer noopener\" href=\"http:\/\/www.wto.org\/english\/res_e\/statis_e\/statis_e.htm\" target=\"_blank\">World Trade Organization<\/a><\/li><li><a rel=\"noreferrer noopener\" href=\"http:\/\/www.who.int\/research\/en\/\" target=\"_blank\">World Health Organization<\/a><\/li><li><a rel=\"noreferrer noopener\" href=\"http:\/\/isi.cbs.nl\/iaos\/\" target=\"_blank\">International Association for Oficial Statistics<\/a><\/li><li><a rel=\"noreferrer noopener\" href=\"http:\/\/www.cbs.nl\/isi\/\" target=\"_blank\">The International Statistical Institute<\/a><\/li><\/ul>\n\n\n\n<p><\/p>\n\n\n\n<h2 class=\"wp-block-heading\" id=\"otras\"><strong> Otras fuentes<\/strong><\/h2>\n\n\n\n<h3 class=\"wp-block-heading\">Bases de datos para el an\u00e1lisis estad\u00edstico<\/h3>\n\n\n\n<ul class=\"wp-block-list\"><li><a rel=\"noreferrer noopener\" href=\"http:\/\/lib.stat.cmu.edu\/DASL\/\" target=\"_blank\">DASL &#8211; Statlib<\/a><\/li><li><a rel=\"noreferrer noopener\" href=\"http:\/\/lib.stat.cmu.edu\/datasets\/\" target=\"_blank\">Datasets &#8211; Statlib<\/a><\/li><li><a rel=\"noreferrer noopener\" href=\"http:\/\/www.math.umass.edu\/%7Escc\/statdata\/\" target=\"_blank\">Statistical datasets<\/a>. University of Michigan<\/li><li><a rel=\"noreferrer noopener\" href=\"http:\/\/www.itl.nist.gov\/div898\/strd\/\" target=\"_blank\">Statistical Reference datasets<\/a>. National Institute of Standards and Technology (USA)<\/li><li><a rel=\"noreferrer noopener\" href=\"http:\/\/www.stat.ucla.edu\/data\/\" target=\"_blank\">UCLA Statistics<\/a><\/li><\/ul>\n\n\n\n<h3 class=\"wp-block-heading\">Bibliotecas<\/h3>\n\n\n\n<ul class=\"wp-block-list\"><li><a rel=\"noreferrer noopener\" href=\"http:\/\/www.uab.es\/servlet\/Satellite?cid=1096479084704&amp;pagename=BibUAB%2FPage%2FTemplatePlanaBibUAB\" target=\"_blank\">Unitat d\u2019Estad\u00edstiques de la Biblioteca de Ci\u00e8ncies Socials de la UAB<\/a><\/li><li><a rel=\"noreferrer noopener\" href=\"http:\/\/www.upf.edu\/bibtic\/recursos\/dades\/index.html\" target=\"_blank\">Dades estad\u00edstiques<\/a>. Universitat Pompeu Fabra<\/li><li><a rel=\"noreferrer noopener\" href=\"http:\/\/www.ub.edu\/bid\/15monta2.htm\" target=\"_blank\">Fuentes estad\u00edsticas y bibliotecas: estado de la cuesti\u00f3n<\/a><\/li><\/ul>\n\n\n\n<h2 class=\"wp-block-heading\"><strong>Encuestas del CIRES<\/strong><\/h2>\n\n\n\n<p>Matrices de encuestas sobre temas monogr\u00e1ficos que el CIRES (Centro de Investigaciones sobre la Realidad Social) realiz\u00f3 entre 1994 y 1996 a una muestra representativa de la poblaci\u00f3n de Espa\u00f1a. El dise\u00f1o de la encuesta sigue siempre la misma estructura: un primer bloque de preguntas fijas correspondientes a indicadores de &#8220;actitudes b\u00e1sicas&#8221;, un segundo bloque de preguntas referidas al tema monogr\u00e1fico, y un \u00faltimo bloque de preguntas fijas sobre caracter\u00edsticas socioecon\u00f3micas de las personas entrevistadas.<\/p>\n\n\n\n<p>Cada matriz de datos se identifica con un nombre (<em>Tema monogr\u00e1fico.sav<\/em>) e incluye un programa ejecutable (<em>Cires.exe<\/em>), mediante el cual se puede consultar el cuestionario, la ficha t\u00e9cnica y metodol\u00f3gica del estudio, y el formato de la matriz de datos. Para ejecutarlo hay que bajarse la carpeta comprimida <em>cires.zip<\/em> correspondiente a cada matriz.<\/p>\n\n\n\n<ul class=\"wp-block-list\"><li><a rel=\"noreferrer noopener\" href=\"http:\/\/pagines.uab.cat\/plopez\/sites\/pagines.uab.cat.plopez\/files\/inmigrantes.sav\" target=\"_blank\">Actitudes hacia los inmigrantes.sav<\/a>&nbsp;&nbsp; |&nbsp; <a rel=\"noreferrer noopener\" href=\"http:\/\/pagines.uab.cat\/plopez\/sites\/pagines.uab.cat.plopez\/files\/cires.zip\" target=\"_blank\">Cires.zip<\/a><\/li><li><a rel=\"noreferrer noopener\" href=\"http:\/\/pagines.uab.cat\/plopez\/sites\/pagines.uab.cat.plopez\/files\/ahorro.sav\" target=\"_blank\">Ahorro, familia y vejez.sav<\/a>&nbsp;&nbsp; |&nbsp; <a rel=\"noreferrer noopener\" href=\"http:\/\/pagines.uab.cat\/plopez\/sites\/pagines.uab.cat.plopez\/files\/cires_0.zip\" target=\"_blank\">Cires.zip<\/a><\/li><li><a rel=\"noreferrer noopener\" href=\"http:\/\/pagines.uab.cat\/plopez\/sites\/pagines.uab.cat.plopez\/files\/politica.sav\" target=\"_blank\">Cultura pol\u00edtica y econ\u00f3mica.sav&nbsp;<\/a>&nbsp; |&nbsp; <a rel=\"noreferrer noopener\" href=\"http:\/\/pagines.uab.cat\/plopez\/sites\/pagines.uab.cat.plopez\/files\/cires_3.zip\" target=\"_blank\">Cires.zip<\/a><\/li><li><a rel=\"noreferrer noopener\" href=\"http:\/\/pagines.uab.cat\/plopez\/sites\/pagines.uab.cat.plopez\/files\/identificacion.sav\" target=\"_blank\">Identificaci\u00f3n supranacional.sav&nbsp;<\/a>&nbsp; |&nbsp; <a rel=\"noreferrer noopener\" href=\"http:\/\/pagines.uab.cat\/plopez\/sites\/pagines.uab.cat.plopez\/files\/cires_2.zip\" target=\"_blank\">Cires.zip<\/a><\/li><li><a rel=\"noreferrer noopener\" href=\"http:\/\/pagines.uab.cat\/plopez\/sites\/pagines.uab.cat.plopez\/files\/cultura_0.sav\" target=\"_blank\">La cultura como consumo.sav<\/a>&nbsp;&nbsp; |&nbsp; <a rel=\"noreferrer noopener\" href=\"http:\/\/pagines.uab.cat\/plopez\/sites\/pagines.uab.cat.plopez\/files\/cires_1.zip\" target=\"_blank\">Cires.zip<\/a><\/li><li><a rel=\"noreferrer noopener\" href=\"http:\/\/pagines.uab.cat\/plopez\/sites\/pagines.uab.cat.plopez\/files\/vida.sav\" target=\"_blank\">La vida cotidiana.sav<\/a>&nbsp;&nbsp; |&nbsp; <a rel=\"noreferrer noopener\" href=\"http:\/\/pagines.uab.cat\/plopez\/sites\/pagines.uab.cat.plopez\/files\/cires_4.zip\" target=\"_blank\">Cires.zip<\/a><\/li><li><a rel=\"noreferrer noopener\" href=\"http:\/\/pagines.uab.cat\/plopez\/sites\/pagines.uab.cat.plopez\/files\/mayores.sav\" target=\"_blank\">Los mayores.sav<\/a>&nbsp;&nbsp; |&nbsp; <a rel=\"noreferrer noopener\" href=\"http:\/\/pagines.uab.cat\/plopez\/sites\/pagines.uab.cat.plopez\/files\/cires_5.zip\" target=\"_blank\">Cires.zip<\/a><\/li><li><a rel=\"noreferrer noopener\" href=\"http:\/\/pagines.uab.cat\/plopez\/sites\/pagines.uab.cat.plopez\/files\/trabajo.sav\" target=\"_blank\">Orientaci\u00f3n hacia el trabajo.sav<\/a>&nbsp;&nbsp; |&nbsp; <a rel=\"noreferrer noopener\" href=\"http:\/\/pagines.uab.cat\/plopez\/sites\/pagines.uab.cat.plopez\/files\/cires_6.zip\" target=\"_blank\">Cires.zip<\/a><\/li><li><a rel=\"noreferrer noopener\" href=\"http:\/\/pagines.uab.cat\/plopez\/sites\/pagines.uab.cat.plopez\/files\/salud.sav\" target=\"_blank\">Salud.sav&nbsp;<\/a>&nbsp; |&nbsp; <a rel=\"noreferrer noopener\" href=\"http:\/\/pagines.uab.cat\/plopez\/sites\/pagines.uab.cat.plopez\/files\/cires_7.zip\" target=\"_blank\">Cires.zip<\/a><\/li><\/ul>\n\n\n\n<p><a rel=\"noreferrer noopener\" href=\"http:\/\/www.ine.es\/ine\/see\/see_codigo.htm\" target=\"_blank\">Buenas pr\u00e1cticas de las estad\u00edsticas<\/a><\/p>\n","protected":false},"excerpt":{"rendered":"<p>Selecci\u00f3n de bases de datos y enlaces a fuentes de datos para el an\u00e1lisis social \u2013 Instituto Nacional de Estad\u00edstica (INE). Microdatos\u2013 Encuestas del Centro de Investigaciones Sociol\u00f3gicas (CIS)\u2013 Encuestas del Centre d&#8217;Estudis d&#8217;Opini\u00f3 (CEO)\u2013 European Social Survey (ESS)\u2013 World Values Survey (WVS)\u2013 International Social Survey Programme (ISSP)\u2013 Enquestes de les assignatures de t\u00e8cniques quantitatives [&hellip;]<\/p>\n","protected":false},"author":20,"featured_media":0,"parent":0,"menu_order":0,"comment_status":"closed","ping_status":"closed","template":"","meta":{"footnotes":""},"class_list":["post-25","page","type-page","status-publish","hentry"],"_links":{"self":[{"href":"https:\/\/webs.uab.cat\/plopez\/wp-json\/wp\/v2\/pages\/25","targetHints":{"allow":["GET"]}}],"collection":[{"href":"https:\/\/webs.uab.cat\/plopez\/wp-json\/wp\/v2\/pages"}],"about":[{"href":"https:\/\/webs.uab.cat\/plopez\/wp-json\/wp\/v2\/types\/page"}],"author":[{"embeddable":true,"href":"https:\/\/webs.uab.cat\/plopez\/wp-json\/wp\/v2\/users\/20"}],"replies":[{"embeddable":true,"href":"https:\/\/webs.uab.cat\/plopez\/wp-json\/wp\/v2\/comments?post=25"}],"version-history":[{"count":11,"href":"https:\/\/webs.uab.cat\/plopez\/wp-json\/wp\/v2\/pages\/25\/revisions"}],"predecessor-version":[{"id":1404,"href":"https:\/\/webs.uab.cat\/plopez\/wp-json\/wp\/v2\/pages\/25\/revisions\/1404"}],"wp:attachment":[{"href":"https:\/\/webs.uab.cat\/plopez\/wp-json\/wp\/v2\/media?parent=25"}],"curies":[{"name":"wp","href":"https:\/\/api.w.org\/{rel}","templated":true}]}}