{"id":49,"date":"2021-01-18T17:11:48","date_gmt":"2021-01-18T17:11:48","guid":{"rendered":"https:\/\/webs.uab.cat\/projectemencioencarnasanahujayll\/metodologies-sexgades-0\/"},"modified":"2021-01-18T17:11:48","modified_gmt":"2021-01-18T17:11:48","slug":"metodologies-sexgades-0","status":"publish","type":"page","link":"https:\/\/webs.uab.cat\/projectemencioencarnasanahujayll\/metodologies-sexgades-0\/","title":{"rendered":"Metodologies SeXgades"},"content":{"rendered":"<p>El <strong>segon any<\/strong> de la programaci\u00f3 es destinar\u00e0 a promoure activitats que permetin de fer evidents les <strong>eines metodol\u00f2giques efectives en la doc\u00e8ncia amb biaix de g\u00e8nere<\/strong>. Aix\u00f2 vol dir fer del g\u00e8nere no nom\u00e9s un objecte d\u2019estudi, sin\u00f3 una eina de treball i comporta, per tant, no nom\u00e9s eixamplar el lloc que s\u2019atorga al g\u00e8nere en les diferents disciplines, sin\u00f3 suscitar una formaci\u00f3 de qualitat en g\u00e8nere que permet una veritable transformaci\u00f3 disciplinar. L\u2019objectiu, per tant, de la programaci\u00f3 dedicada a la revisi\u00f3 de les metodologies de g\u00e8nere, \u00e9s, aix\u00ed doncs, la <strong>innovaci\u00f3<\/strong>.<\/p>\n","protected":false},"excerpt":{"rendered":"<p>El segon any de la programaci\u00f3 es destinar\u00e0 a promoure activitats que permetin de fer evidents les eines metodol\u00f2giques efectives en la doc\u00e8ncia amb biaix de g\u00e8nere. Aix\u00f2 vol dir fer del g\u00e8nere no nom\u00e9s un objecte d\u2019estudi, sin\u00f3 una eina de treball i comporta, per tant, no nom\u00e9s eixamplar el lloc que s\u2019atorga al [&hellip;]<\/p>\n","protected":false},"author":20,"featured_media":0,"parent":0,"menu_order":0,"comment_status":"closed","ping_status":"closed","template":"","meta":{"footnotes":""},"class_list":["post-49","page","type-page","status-publish","hentry"],"_links":{"self":[{"href":"https:\/\/webs.uab.cat\/projectemencioencarnasanahujayll\/wp-json\/wp\/v2\/pages\/49","targetHints":{"allow":["GET"]}}],"collection":[{"href":"https:\/\/webs.uab.cat\/projectemencioencarnasanahujayll\/wp-json\/wp\/v2\/pages"}],"about":[{"href":"https:\/\/webs.uab.cat\/projectemencioencarnasanahujayll\/wp-json\/wp\/v2\/types\/page"}],"author":[{"embeddable":true,"href":"https:\/\/webs.uab.cat\/projectemencioencarnasanahujayll\/wp-json\/wp\/v2\/users\/20"}],"replies":[{"embeddable":true,"href":"https:\/\/webs.uab.cat\/projectemencioencarnasanahujayll\/wp-json\/wp\/v2\/comments?post=49"}],"version-history":[{"count":0,"href":"https:\/\/webs.uab.cat\/projectemencioencarnasanahujayll\/wp-json\/wp\/v2\/pages\/49\/revisions"}],"wp:attachment":[{"href":"https:\/\/webs.uab.cat\/projectemencioencarnasanahujayll\/wp-json\/wp\/v2\/media?parent=49"}],"curies":[{"name":"wp","href":"https:\/\/api.w.org\/{rel}","templated":true}]}}