{"id":182,"date":"2019-09-09T11:39:06","date_gmt":"2019-09-09T09:39:06","guid":{"rendered":"https:\/\/webs.uab.cat\/reicit\/activities\/"},"modified":"2023-05-29T15:17:23","modified_gmt":"2023-05-29T13:17:23","slug":"activities","status":"publish","type":"page","link":"https:\/\/webs.uab.cat\/reicit\/en\/activities\/","title":{"rendered":"Activities"},"content":{"rendered":"\n\n31\/05\/2023\u00a0a les 13h (Sala Jos\u00e9 Agust\u00edn Goytisolo. Biblioteca d&#8217;Humanitats)\n\n \n<p class=\"has-larger-font-size\"><strong>Literatures i cinemes en llengua portuguesa<\/strong><\/p>\n \n<figure class=\"wp-block-image size-large is-resized\"><img loading=\"lazy\" decoding=\"async\" class=\"wp-image-326\" src=\"https:\/\/webs.uab.cat\/reicit\/wp-content\/uploads\/sites\/390\/2023\/05\/Literatures-i-cinemes-en-llengua-portuguesa-1-724x1024.jpg\" alt=\"\" width=\"543\" height=\"768\" srcset=\"https:\/\/webs.uab.cat\/reicit\/wp-content\/uploads\/sites\/390\/2023\/05\/Literatures-i-cinemes-en-llengua-portuguesa-1-724x1024.jpg 724w, https:\/\/webs.uab.cat\/reicit\/wp-content\/uploads\/sites\/390\/2023\/05\/Literatures-i-cinemes-en-llengua-portuguesa-1-212x300.jpg 212w, https:\/\/webs.uab.cat\/reicit\/wp-content\/uploads\/sites\/390\/2023\/05\/Literatures-i-cinemes-en-llengua-portuguesa-1-768x1086.jpg 768w, https:\/\/webs.uab.cat\/reicit\/wp-content\/uploads\/sites\/390\/2023\/05\/Literatures-i-cinemes-en-llengua-portuguesa-1-1086x1536.jpg 1086w, https:\/\/webs.uab.cat\/reicit\/wp-content\/uploads\/sites\/390\/2023\/05\/Literatures-i-cinemes-en-llengua-portuguesa-1.jpg 1131w\" sizes=\"auto, (max-width: 543px) 100vw, 543px\" \/><\/figure>\n21\/10\/2022 \u00a0a les 11h (aula 83 FTI)\n<h3><b><i>Brasil e \u00c1frica: palavras em tr\u00e2nsito<\/i><\/b><\/h3>\nSpeaker: Rita Chaves (Universidade de S\u00e3o Paulo)\n\n<img loading=\"lazy\" decoding=\"async\" class=\" size-full wp-image-152\" style=\"width: 424px;height: 600px\" src=\"https:\/\/webs.uab.cat\/reicit\/wp-content\/uploads\/sites\/390\/2019\/09\/rita-chaves-ftiajpg.jpg\" alt=\"rita-chaves-ftiajpg.jpg\" width=\"424\" height=\"600\" srcset=\"https:\/\/webs.uab.cat\/reicit\/wp-content\/uploads\/sites\/390\/2019\/09\/rita-chaves-ftiajpg.jpg 424w, https:\/\/webs.uab.cat\/reicit\/wp-content\/uploads\/sites\/390\/2019\/09\/rita-chaves-ftiajpg-212x300.jpg 212w\" sizes=\"auto, (max-width: 424px) 100vw, 424px\" \/>\n\n<hr \/>\n\n<strong>3\/12\/2020 15 h (CET)<\/strong>\n\n<em><strong>Cosmpolitismo y Traducci\u00f3n<\/strong><\/em>\n\n<strong>Confer\u00e8ncia virtual a c\u00e0rrec de Esperan\u00e7a Bielsa (Dpt. Sociologia, UAB, i Shanghai International Studies University)<\/strong>\n\n<strong><a href=\"https:\/\/tinyurl.com\/\">Enlla\u00e7<\/a><\/strong>\n\n<img loading=\"lazy\" decoding=\"async\" class=\" size-full wp-image-155\" src=\"https:\/\/webs.uab.cat\/reicit\/wp-content\/uploads\/sites\/390\/2019\/09\/conferencia_bielsa_reicit-min_0.jpg\" alt=\"\" width=\"400\" height=\"225\" srcset=\"https:\/\/webs.uab.cat\/reicit\/wp-content\/uploads\/sites\/390\/2019\/09\/conferencia_bielsa_reicit-min_0.jpg 800w, https:\/\/webs.uab.cat\/reicit\/wp-content\/uploads\/sites\/390\/2019\/09\/conferencia_bielsa_reicit-min_0-300x169.jpg 300w, https:\/\/webs.uab.cat\/reicit\/wp-content\/uploads\/sites\/390\/2019\/09\/conferencia_bielsa_reicit-min_0-768x432.jpg 768w\" sizes=\"auto, (max-width: 400px) 100vw, 400px\" \/>\n\n<hr \/>\n\n<strong>15\/08\/2019<\/strong>\n\n<strong>PANORAMA DE LA COCINA FUSI\u00d3N JAPONESA EN CATALU\u00d1A<\/strong>\n\nEntrevista a\u00a0Sergi Ortiz (L\u2019Antic Forn Cervera)\n\n<img loading=\"lazy\" decoding=\"async\" class=\" size-full wp-image-158\" src=\"https:\/\/webs.uab.cat\/reicit\/wp-content\/uploads\/sites\/390\/2019\/09\/001-sergi-ortiz.jpg\" alt=\"\" width=\"200\" height=\"266\" srcset=\"https:\/\/webs.uab.cat\/reicit\/wp-content\/uploads\/sites\/390\/2019\/09\/001-sergi-ortiz.jpg 451w, https:\/\/webs.uab.cat\/reicit\/wp-content\/uploads\/sites\/390\/2019\/09\/001-sergi-ortiz-226x300.jpg 226w\" sizes=\"auto, (max-width: 200px) 100vw, 200px\" \/>\n\nReicit contributor: Tomoko Umemoto\n\nFurther information\n\n<hr \/>\n\n<strong>14\/08\/2019<\/strong>\n\n<strong>PANORAMA DE LA COCINA FUSI\u00d3N JAPONESA EN CATALU\u00d1A<\/strong>\n\nEntrevista a\u00a0Seiki Nakashima (Restaurant Gaig)\n\n<img loading=\"lazy\" decoding=\"async\" class=\" size-full wp-image-161\" src=\"https:\/\/webs.uab.cat\/reicit\/wp-content\/uploads\/sites\/390\/2019\/09\/01-seiki-nakashima-min.jpg\" alt=\"\" width=\"200\" height=\"271\" srcset=\"https:\/\/webs.uab.cat\/reicit\/wp-content\/uploads\/sites\/390\/2019\/09\/01-seiki-nakashima-min.jpg 442w, https:\/\/webs.uab.cat\/reicit\/wp-content\/uploads\/sites\/390\/2019\/09\/01-seiki-nakashima-min-221x300.jpg 221w\" sizes=\"auto, (max-width: 200px) 100vw, 200px\" \/>\n\nReicit contributor: Tomoko Umemoto\n\nFurther information\n\n<hr \/>\n\n<strong>07\/09\/2020<\/strong>\n<strong>PANORAMA DE LA COCINA FUSI\u00d3N JAPONESA EN CATALU\u00d1A<\/strong>\n\nRyuji Murakami (<em>BOUZU<\/em>)\n\n<img loading=\"lazy\" decoding=\"async\" class=\" size-full wp-image-164\" src=\"https:\/\/webs.uab.cat\/reicit\/wp-content\/uploads\/sites\/390\/2019\/09\/ryuji_murakami_jpeg.jpg\" alt=\"\" width=\"150\" height=\"267\" srcset=\"https:\/\/webs.uab.cat\/reicit\/wp-content\/uploads\/sites\/390\/2019\/09\/ryuji_murakami_jpeg.jpg 337w, https:\/\/webs.uab.cat\/reicit\/wp-content\/uploads\/sites\/390\/2019\/09\/ryuji_murakami_jpeg-169x300.jpg 169w\" sizes=\"auto, (max-width: 150px) 100vw, 150px\" \/>\n\nContribuci\u00f3\u00a0Reicit:\u00a0Tomoko Umemoto\n\n<a href=\"https:\/\/www.kulturklik.euskadi.eus\/evento\/2019091111531632\/jornada-los-medios-audio-visuales-y-las-lenguas-no-hegemonicas-retos-de-futuro-\/kulturklik\/es\/z12-detnewpr\/es\/\">M\u00e9s\u00a0informaci\u00f3<\/a>\n\n<hr \/>\n\n<strong>20\/12\/2019<\/strong>\n\n<strong>PANORAMA DE LA COCINA FUSI\u00d3N JAPONESA EN CATALU\u00d1A<\/strong>\n\nEntrevista a\u00a0Kenji Ueno (\u00a0<em>Can Kenji<\/em>, <em>Aiueno <\/em>y <em>Sato i Tanaka<\/em>)\n\n<img loading=\"lazy\" decoding=\"async\" class=\" size-full wp-image-167\" src=\"https:\/\/webs.uab.cat\/reicit\/wp-content\/uploads\/sites\/390\/2019\/09\/001-kenji-ueno.jpg\" alt=\"\" width=\"250\" height=\"185\" srcset=\"https:\/\/webs.uab.cat\/reicit\/wp-content\/uploads\/sites\/390\/2019\/09\/001-kenji-ueno.jpg 800w, https:\/\/webs.uab.cat\/reicit\/wp-content\/uploads\/sites\/390\/2019\/09\/001-kenji-ueno-300x222.jpg 300w, https:\/\/webs.uab.cat\/reicit\/wp-content\/uploads\/sites\/390\/2019\/09\/001-kenji-ueno-768x569.jpg 768w\" sizes=\"auto, (max-width: 250px) 100vw, 250px\" \/>\n\nReicit contributor: Tomoko Umemoto\n\nFurther information\n\n<hr \/>\n\n<strong>18\/07\/2019<\/strong>\n\n<strong>PANORAMA DE LA COCINA FUSI\u00d3N JAPONESA EN CATALU\u00d1A<\/strong>\n\nEntrevista a\u00a0Albert Raurich, Tamae Imachi, Takeshi Somekawa (Dos Palillos)\n\n<img loading=\"lazy\" decoding=\"async\" class=\" size-full wp-image-170\" src=\"https:\/\/webs.uab.cat\/reicit\/wp-content\/uploads\/sites\/390\/2019\/09\/01-rusca.jpg\" alt=\"01-rusca.jpg\" width=\"291\" height=\"165\" srcset=\"https:\/\/webs.uab.cat\/reicit\/wp-content\/uploads\/sites\/390\/2019\/09\/01-rusca.jpg 694w, https:\/\/webs.uab.cat\/reicit\/wp-content\/uploads\/sites\/390\/2019\/09\/01-rusca-300x170.jpg 300w\" sizes=\"auto, (max-width: 291px) 100vw, 291px\" \/>\n\nReicit contributor: Tomoko Umemoto\n\nFurther information\n\n<hr \/>\n\n<strong>10\/05\/2019<\/strong>\n\n<strong>PANORAMA DE LA COCINA FUSI\u00d3N JAPONESA EN CATALU\u00d1A<\/strong>\n\nEntrevista a\u00a0Carme Ruscalleda (Restaurant Sant Pau, Restaurant Sant Pau Tokio)\n\n<img loading=\"lazy\" decoding=\"async\" class=\" size-full wp-image-173\" src=\"https:\/\/webs.uab.cat\/reicit\/wp-content\/uploads\/sites\/390\/2019\/09\/00-rusca.jpg\" alt=\"00-rusca.jpg\" width=\"181\" height=\"332\" srcset=\"https:\/\/webs.uab.cat\/reicit\/wp-content\/uploads\/sites\/390\/2019\/09\/00-rusca.jpg 327w, https:\/\/webs.uab.cat\/reicit\/wp-content\/uploads\/sites\/390\/2019\/09\/00-rusca-164x300.jpg 164w\" sizes=\"auto, (max-width: 181px) 100vw, 181px\" \/>\n\nReicit contributor: Tomoko Umemoto\n\nFurther information\n\n<hr \/>\n\n<strong>04\/10\/2019<\/strong>\n\n<strong>Jornada: &#8220;Los medios audio-visuales y las lenguas no hegem\u00f3nicas retos de futuro&#8221;<\/strong>\n\n<img loading=\"lazy\" decoding=\"async\" class=\" size-full wp-image-176\" src=\"https:\/\/webs.uab.cat\/reicit\/wp-content\/uploads\/sites\/390\/2019\/09\/jardunaldiak.jpg\" alt=\"jardunaldiak.jpg\" width=\"353\" height=\"235\" srcset=\"https:\/\/webs.uab.cat\/reicit\/wp-content\/uploads\/sites\/390\/2019\/09\/jardunaldiak.jpg 540w, https:\/\/webs.uab.cat\/reicit\/wp-content\/uploads\/sites\/390\/2019\/09\/jardunaldiak-300x200.jpg 300w\" sizes=\"auto, (max-width: 353px) 100vw, 353px\" \/>\n\nReicit contributor: Laura Santamaria\n<a href=\"https:\/\/www.kulturklik.euskadi.eus\/evento\/2019091111531632\/jornada-los-medios-audio-visuales-y-las-lenguas-no-hegemonicas-retos-de-futuro-\/kulturklik\/es\/z12-detnewpr\/es\/\">Further information<\/a>\n\n<hr \/>\n\n<strong>\u200b<\/strong><strong>05\/10\/2019 al 04\/11\/2019<\/strong>\n\nStay research\n\nDr. Katia Aily Franco de Camargo\n\nDepartamento de L\u00ednguas e Literaturas Estrangeiras Modernas &#8211; UFRN (Brasil)\n\n<a href=\"https:\/\/www.cchla.ufrn.br\/dllem\/professores\/katia.html\">M\u00e9s informaci\u00f3<\/a>\n\n<hr \/>\n\n<strong>28\/10\/2019 al 04\/11\/2019<\/strong>\n\n<strong>Xerrada en el marc del M\u00e0ster en Traducci\u00f3 i Estudis Interculturals (MUTEI)<\/strong>\n\n<strong><img loading=\"lazy\" decoding=\"async\" class=\" size-full wp-image-179\" src=\"https:\/\/webs.uab.cat\/reicit\/wp-content\/uploads\/sites\/390\/2019\/09\/cartel-charla_k._camargo-reicit_page-0001.jpg\" alt=\"\" width=\"372\" height=\"209\" srcset=\"https:\/\/webs.uab.cat\/reicit\/wp-content\/uploads\/sites\/390\/2019\/09\/cartel-charla_k._camargo-reicit_page-0001.jpg 800w, https:\/\/webs.uab.cat\/reicit\/wp-content\/uploads\/sites\/390\/2019\/09\/cartel-charla_k._camargo-reicit_page-0001-300x169.jpg 300w, https:\/\/webs.uab.cat\/reicit\/wp-content\/uploads\/sites\/390\/2019\/09\/cartel-charla_k._camargo-reicit_page-0001-768x432.jpg 768w\" sizes=\"auto, (max-width: 372px) 100vw, 372px\" \/><\/strong>\n\n<hr \/>","protected":false},"excerpt":{"rendered":"<p>31\/05\/2023\u00a0a les 13h (Sala Jos\u00e9 Agust\u00edn Goytisolo. Biblioteca d&#8217;Humanitats) Literatures i cinemes en llengua portuguesa 21\/10\/2022 \u00a0a les 11h (aula 83 FTI) Brasil e \u00c1frica: palavras em tr\u00e2nsito Speaker: Rita Chaves (Universidade de S\u00e3o Paulo) 3\/12\/2020 15 h (CET) Cosmpolitismo y Traducci\u00f3n Confer\u00e8ncia virtual a c\u00e0rrec de Esperan\u00e7a Bielsa (Dpt. Sociologia, UAB, i Shanghai International [&hellip;]<\/p>\n","protected":false},"author":20,"featured_media":0,"parent":0,"menu_order":0,"comment_status":"closed","ping_status":"closed","template":"","meta":{"footnotes":""},"class_list":["post-182","page","type-page","status-publish","hentry"],"_links":{"self":[{"href":"https:\/\/webs.uab.cat\/reicit\/en\/wp-json\/wp\/v2\/pages\/182","targetHints":{"allow":["GET"]}}],"collection":[{"href":"https:\/\/webs.uab.cat\/reicit\/en\/wp-json\/wp\/v2\/pages"}],"about":[{"href":"https:\/\/webs.uab.cat\/reicit\/en\/wp-json\/wp\/v2\/types\/page"}],"author":[{"embeddable":true,"href":"https:\/\/webs.uab.cat\/reicit\/en\/wp-json\/wp\/v2\/users\/20"}],"replies":[{"embeddable":true,"href":"https:\/\/webs.uab.cat\/reicit\/en\/wp-json\/wp\/v2\/comments?post=182"}],"version-history":[{"count":2,"href":"https:\/\/webs.uab.cat\/reicit\/en\/wp-json\/wp\/v2\/pages\/182\/revisions"}],"predecessor-version":[{"id":334,"href":"https:\/\/webs.uab.cat\/reicit\/en\/wp-json\/wp\/v2\/pages\/182\/revisions\/334"}],"wp:attachment":[{"href":"https:\/\/webs.uab.cat\/reicit\/en\/wp-json\/wp\/v2\/media?parent=182"}],"curies":[{"name":"wp","href":"https:\/\/api.w.org\/{rel}","templated":true}]}}