{"id":613,"date":"2019-06-14T12:06:07","date_gmt":"2019-06-14T11:06:07","guid":{"rendered":"http:\/\/blogs.uab.cat\/sdlnomenclaturainterna\/?page_id=613"},"modified":"2019-06-14T12:06:07","modified_gmt":"2019-06-14T11:06:07","slug":"marc-europeu-comu-de-referencia-per-a-les-llengues","status":"publish","type":"page","link":"https:\/\/webs.uab.cat\/sdlnomenclaturainterna\/m\/marc-europeu-comu-de-referencia-per-a-les-llengues\/","title":{"rendered":"marc europeu com\u00fa de refer\u00e8ncia per a les lleng\u00fces"},"content":{"rendered":"<p><em>ca<\/em> marc europeu com\u00fa de refer\u00e8ncia per a les lleng\u00fces <em>m<\/em><br \/>\nSigla: MECR<\/p>\n<p><em>en<\/em> common european framework of reference for languages <em>n<\/em><br \/>\nInitialisms: CEFR; CEF; CEFRL<\/p>\n<p><em>es<\/em> marco com\u00fan europeo de referencia para las lenguas <em>m<\/em><br \/>\nSigla: MCER<\/p>\n<p>Vegeu <a href=\"http:\/\/blogs.uab.cat\/sdlnomenclaturainterna\/c\/curs-de-nivell-del-mecr\/\">curs de nivell del MECR<\/a><\/p>\n<p>&nbsp;<\/p>\n","protected":false},"excerpt":{"rendered":"<p>ca marc europeu com\u00fa de refer\u00e8ncia per a les lleng\u00fces m Sigla: MECR en common european framework of reference for languages n Initialisms: CEFR; CEF; CEFRL es marco com\u00fan europeo de referencia para las lenguas m Sigla: MCER Vegeu curs de nivell del MECR &nbsp;<\/p>\n","protected":false},"author":59,"featured_media":0,"parent":299,"menu_order":1,"comment_status":"closed","ping_status":"closed","template":"","meta":{"footnotes":""},"class_list":["post-613","page","type-page","status-publish","hentry"],"_links":{"self":[{"href":"https:\/\/webs.uab.cat\/sdlnomenclaturainterna\/wp-json\/wp\/v2\/pages\/613","targetHints":{"allow":["GET"]}}],"collection":[{"href":"https:\/\/webs.uab.cat\/sdlnomenclaturainterna\/wp-json\/wp\/v2\/pages"}],"about":[{"href":"https:\/\/webs.uab.cat\/sdlnomenclaturainterna\/wp-json\/wp\/v2\/types\/page"}],"author":[{"embeddable":true,"href":"https:\/\/webs.uab.cat\/sdlnomenclaturainterna\/wp-json\/wp\/v2\/users\/59"}],"replies":[{"embeddable":true,"href":"https:\/\/webs.uab.cat\/sdlnomenclaturainterna\/wp-json\/wp\/v2\/comments?post=613"}],"version-history":[{"count":0,"href":"https:\/\/webs.uab.cat\/sdlnomenclaturainterna\/wp-json\/wp\/v2\/pages\/613\/revisions"}],"up":[{"embeddable":true,"href":"https:\/\/webs.uab.cat\/sdlnomenclaturainterna\/wp-json\/wp\/v2\/pages\/299"}],"wp:attachment":[{"href":"https:\/\/webs.uab.cat\/sdlnomenclaturainterna\/wp-json\/wp\/v2\/media?parent=613"}],"curies":[{"name":"wp","href":"https:\/\/api.w.org\/{rel}","templated":true}]}}