{"id":35,"date":"2012-03-30T21:52:15","date_gmt":"2012-03-30T21:52:15","guid":{"rendered":"https:\/\/webs.uab.cat\/sebastiagiralt\/divulgacio\/"},"modified":"2026-03-01T18:49:24","modified_gmt":"2026-03-01T18:49:24","slug":"divulgacio","status":"publish","type":"page","link":"https:\/\/webs.uab.cat\/sebastiagiralt\/divulgacio\/","title":{"rendered":"Divulgaci\u00f3"},"content":{"rendered":"\n<h2 class=\"wp-block-heading\"><strong>Web<\/strong><\/h2>\n\n\n\n<p>Sebasti\u00e0 Giralt &#8211; Jaume Mensa (2013), <a href=\"https:\/\/webs.uab.cat\/arnau\/arnaudevilanova\/\">Qui \u00e9s Arnau de Vilanova<\/a>, presentaci\u00f3 general dins el web del projecte <em><a rel=\"noreferrer noopener\" href=\"https:\/\/webs.uab.cat\/arnau\" target=\"_blank\">Arnau DB. Corpus digital d&#8217;Arnau de Vilanova<\/a><\/em>.<\/p>\n\n\n\n<h2 class=\"wp-block-heading\"><strong>Articles en revistes<\/strong><\/h2>\n\n\n\n<ol class=\"wp-block-list\">\n<li>&#8220;Arnau de Vilanova en el galenisme medieval&#8221;, <em><a href=\"http:\/\/www.auriga.cat\/\" target=\"_blank\" rel=\"noopener\">Auriga<\/a><\/em>, 16 (1996), pp. 13-17. <a href=\"http:\/\/classicat.net\/arnvil.pdf\" target=\"_blank\" rel=\"noopener\"><strong>Acc\u00e9s a l&#8217;article (PDF)<\/strong><\/a>.<\/li>\n\n\n\n<li>&#8220;La irradiaci\u00f3 cient\u00edfica del monestir de Ripoll a l&#8217;alta edat mitjana&#8221;, <em><a href=\"http:\/\/www.auriga.cat\/\" target=\"_blank\" rel=\"noopener\">Auriga<\/a><\/em>, 22 (1998), pp. 14-17.<\/li>\n\n\n\n<li>&#8220;Turisme arqueol\u00f2gic: L\u00edbia&#8221;, <em><a href=\"http:\/\/www.auriga.cat\/\" target=\"_blank\" rel=\"noopener\">Auriga<\/a><\/em>, 27 (2000), pp. 18-21.<\/li>\n\n\n\n<li>&#8220;Alexandre el Gran&#8221;, <em><a href=\"http:\/\/www.auriga.cat\/\" target=\"_blank\" rel=\"noopener\">Auriga<\/a><\/em>, 40 (2004), pp. 4-7.<\/li>\n\n\n\n<li>&#8220;<em>Alexander versus<\/em> Alexandre&#8221;, <em><a href=\"http:\/\/www.auriga.cat\/\" target=\"_blank\" rel=\"noopener\">Auriga<\/a><\/em>, 40 (2004), pp. 7-9.<\/li>\n\n\n\n<li>&#8220;Veus femenines de la Roma pagana: Testimonis de la literatura llatina escrita per dones&#8221;, <em><a href=\"http:\/\/www.auriga.cat\/\" target=\"_blank\" rel=\"noopener\">Auriga<\/a><\/em>, 108 (2021), 14-24.<\/li>\n<\/ol>\n\n\n\n<p>(En col\u00b7laboraci\u00f3 amb Manel Garcia S\u00e1nchez:)<\/p>\n\n\n\n<ol class=\"wp-block-list\">\n<li>&#8220;L&#8217;expansi\u00f3 colonial grega&#8221;, <em><a href=\"http:\/\/www.auriga.cat\/\" target=\"_blank\" rel=\"noopener\">Auriga<\/a><\/em>, 11 (1994), pp. 4-7. <a href=\"http:\/\/www.xtec.es\/%7Ertorne\/colonial.pdf\" target=\"_blank\" rel=\"noopener\"><strong>Acc\u00e9s a l&#8217;article (PDF)<\/strong><\/a><\/li>\n\n\n\n<li>&#8220;Emp\u00f2rion: grecs i ibers&#8221;, <em><a href=\"http:\/\/www.auriga.cat\/\" target=\"_blank\" rel=\"noopener\">Auriga<\/a><\/em>, 12 (1994-95), pp. 22-25.<\/li>\n\n\n\n<li>&#8220;La democr\u00e0cia atenesa&#8221;, <em><a href=\"http:\/\/www.auriga.cat\/\" target=\"_blank\" rel=\"noopener\">Auriga<\/a><\/em>, 14 (1995-96), pp. 4-7.<\/li>\n\n\n\n<li>&#8220;El Centre d&#8217;Arqueologia Subaqu\u00e0tica de Catalunya&#8221;, <em><a href=\"http:\/\/www.auriga.cat\/\" target=\"_blank\" rel=\"noopener\">Auriga<\/a><\/em>, 20 (1998), pp. 18-19.<\/li>\n<\/ol>\n\n\n\n<h2 class=\"wp-block-heading\"><strong>Cap\u00edtols de llibre<\/strong><\/h2>\n\n\n\n<ol class=\"wp-block-list\">\n<li><strong>&#8220;Arnau de Vilanova, entre la medicina i la religi\u00f3&#8221;<\/strong>, Borja de&nbsp;Riquer (dir.), <a href=\"https:\/\/www.grup62.cat\/llibre-vides-catalanes-que-han-fet-historia\/318417\" target=\"_blank\" rel=\"noopener\">Vides catalanes que han fet hist\u00f2ria<\/a>, Edicions 62 (Llibres a l&#8217;Abast), 2020, pp.155-161.<\/li>\n\n\n\n<li><strong>\u201cArnau de Vilanova\u201d<\/strong>, Montserrat Tudela i Pere Izquierdo (eds.), <a href=\"http:\/\/www.auriga.cat\/doc\/Promonissaga.pdf\" target=\"_blank\" rel=\"noopener\"><em>La nissaga catalana del m\u00f3n cl\u00e0ssic<\/em><\/a>, Barcelona, Auriga, 2011, pp. 28-31. ISBN: 978-84-615-0992-8.<\/li>\n\n\n\n<li><strong>\u201cArnau de Vilanova i el vi a la medicina medieval\u201d<\/strong>, Carme Plaza (ed.), <em>Arnau de Vilanova reformador medieval. El vi i la medicina<\/em>, Montblanc, Associaci\u00f3 per Montblanc i la Conca, 2010, pp. 37-66, ISBN: 9788461456185.<\/li>\n<\/ol>\n\n\n\n<h2 class=\"wp-block-heading\"><strong>Articles en l\u00ednia<\/strong><\/h2>\n\n\n\n<ol class=\"wp-block-list\">\n<li><a href=\"http:\/\/www.sciencia.cat\/temes\/la-nigromancia-medieval-lart-de-dominar-els-dimonis\">La nigrom\u00e0ncia medieval, l&#8217;art de dominar els dimonis<\/a> (Origen, practicants, lleng\u00fces i t\u00e8cniques de la m\u00e0gia per mitj\u00e0 dels esperits), Sci\u00e8ncia.cat, 09\/08\/2017<\/li>\n\n\n\n<li><a href=\"http:\/\/www.uab.cat\/servlet\/Satellite?cid=1096481464166&amp;pagename=UABDivulga%2FPage%2FTemplatePageDetallArticleInvestigar&amp;param1=1328252533818\" target=\"_blank\" rel=\"noopener\">La malaltia de l\u2019amor en la medicina medieval<\/a>, <a href=\"http:\/\/www.uab.cat\/uabdivulga\" target=\"_blank\" rel=\"noopener\">UABDivulga<\/a>, 02\/2012 (catal\u00e0).<\/li>\n\n\n\n<li><a href=\"http:\/\/www.uab.cat\/servlet\/Satellite?cid=1096481466568&amp;pagename=UABDivulga%2FPage%2FTemplatePageDetallArticleInvestigar&amp;param1=1328252533818\" target=\"_blank\" rel=\"noopener\">La enfermedad del amor en la medicina medieval<\/a>,&nbsp;<a href=\"http:\/\/www.uab.cat\/uabdivulga\" target=\"_blank\" rel=\"noopener\">UABDivulga<\/a>, 02\/2012 (castellano).<\/li>\n<\/ol>\n\n\n\n<h2 class=\"wp-block-heading\">Mitjans de comunicaci\u00f3<\/h2>\n\n\n\n<ol class=\"wp-block-list\">\n<li>Participaci\u00f3 a <a href=\"https:\/\/www.3cat.cat\/3cat\/quan-el-desamor-es-fa-malaltia\/audio\/639913\/\">Quan el desamor es fa malaltia<\/a>, secci\u00f3 del programa El suplement de Catalunya R\u00e0dio (26\/05\/2012).<\/li>\n\n\n\n<li>Participaci\u00f3 a l&#8217;episodi &#8220;<a href=\"https:\/\/www.3cat.cat\/3cat\/els-astrolegs-de-pere-el-cerimonios\/audio\/1219783\/\">Els astr\u00f2legs de Pere el Cerimoni\u00f3s<\/a>&#8220;, al programa d&#8217;En Gu\u00e0rdia de Catalunya R\u00e0dio (5\/10\/2024).<\/li>\n<\/ol>\n\n\n\n<h2 class=\"wp-block-heading\">Confer\u00e8ncies<\/h2>\n\n\n\n<ol class=\"wp-block-list\">\n<li>Cine F\u00f2rum: M\u00e0quines, pensament i poder (10\/11\/2016), Centre de Cultura Contempor\u00e0nia de Barcelona-Centre d&#8217;Hist\u00f2ria de la Ci\u00e8ncia (UAB).<\/li>\n<\/ol>\n","protected":false},"excerpt":{"rendered":"<p>Web Sebasti\u00e0 Giralt &#8211; Jaume Mensa (2013), Qui \u00e9s Arnau de Vilanova, presentaci\u00f3 general dins el web del projecte Arnau DB. Corpus digital d&#8217;Arnau de Vilanova. Articles en revistes (En col\u00b7laboraci\u00f3 amb Manel Garcia S\u00e1nchez:) Cap\u00edtols de llibre Articles en l\u00ednia Mitjans de comunicaci\u00f3 Confer\u00e8ncies<\/p>\n","protected":false},"author":20,"featured_media":0,"parent":0,"menu_order":0,"comment_status":"closed","ping_status":"closed","template":"","meta":{"footnotes":""},"class_list":["post-35","page","type-page","status-publish","hentry"],"_links":{"self":[{"href":"https:\/\/webs.uab.cat\/sebastiagiralt\/wp-json\/wp\/v2\/pages\/35","targetHints":{"allow":["GET"]}}],"collection":[{"href":"https:\/\/webs.uab.cat\/sebastiagiralt\/wp-json\/wp\/v2\/pages"}],"about":[{"href":"https:\/\/webs.uab.cat\/sebastiagiralt\/wp-json\/wp\/v2\/types\/page"}],"author":[{"embeddable":true,"href":"https:\/\/webs.uab.cat\/sebastiagiralt\/wp-json\/wp\/v2\/users\/20"}],"replies":[{"embeddable":true,"href":"https:\/\/webs.uab.cat\/sebastiagiralt\/wp-json\/wp\/v2\/comments?post=35"}],"version-history":[{"count":9,"href":"https:\/\/webs.uab.cat\/sebastiagiralt\/wp-json\/wp\/v2\/pages\/35\/revisions"}],"predecessor-version":[{"id":185,"href":"https:\/\/webs.uab.cat\/sebastiagiralt\/wp-json\/wp\/v2\/pages\/35\/revisions\/185"}],"wp:attachment":[{"href":"https:\/\/webs.uab.cat\/sebastiagiralt\/wp-json\/wp\/v2\/media?parent=35"}],"curies":[{"name":"wp","href":"https:\/\/api.w.org\/{rel}","templated":true}]}}