{"id":35,"date":"2026-05-26T14:14:48","date_gmt":"2026-05-26T12:14:48","guid":{"rendered":"https:\/\/webs.uab.cat\/sem-sitges-27\/?page_id=35"},"modified":"2026-06-01T18:48:42","modified_gmt":"2026-06-01T16:48:42","slug":"comite-organizador","status":"publish","type":"page","link":"https:\/\/webs.uab.cat\/sem-sitges-27\/comite-organizador\/","title":{"rendered":"Comit\u00e9 organizador"},"content":{"rendered":"\n<div class=\"wp-block-group alignwide is-layout-grid wp-container-core-group-is-layout-ffa5c46f wp-block-group-is-layout-grid\">\n<div class=\"wp-block-group is-vertical is-layout-flex wp-container-core-group-is-layout-4fc3f8e1 wp-block-group-is-layout-flex\">\n<figure class=\"wp-block-image size-full\"><img loading=\"lazy\" decoding=\"async\" width=\"695\" height=\"722\" src=\"https:\/\/webs.uab.cat\/sem-sitges-27\/wp-content\/uploads\/sites\/740\/2026\/05\/image-104.png\" alt=\"\" class=\"wp-image-687\" srcset=\"https:\/\/webs.uab.cat\/sem-sitges-27\/wp-content\/uploads\/sites\/740\/2026\/05\/image-104.png 695w, https:\/\/webs.uab.cat\/sem-sitges-27\/wp-content\/uploads\/sites\/740\/2026\/05\/image-104-289x300.png 289w\" sizes=\"auto, (max-width: 695px) 100vw, 695px\" \/><\/figure>\n\n\n\n<p class=\"has-small-font-size wp-block-paragraph\"><strong>Coordinador del Congreso<\/strong><\/p>\n\n\n\n<p class=\"has-small-font-size wp-block-paragraph\">D\u00eddac Navarro Ciurana <\/p>\n\n\n\n<p class=\"has-small-font-size wp-block-paragraph\">(Universitat Aut\u00f3noma de Barcelona)<\/p>\n\n\n\n<p class=\"wp-block-paragraph\"><\/p>\n<\/div>\n\n\n\n<div class=\"wp-block-group is-vertical is-layout-flex wp-container-core-group-is-layout-4fc3f8e1 wp-block-group-is-layout-flex\">\n<figure class=\"wp-block-image size-full\"><img loading=\"lazy\" decoding=\"async\" width=\"671\" height=\"695\" src=\"https:\/\/webs.uab.cat\/sem-sitges-27\/wp-content\/uploads\/sites\/740\/2026\/05\/image-51.png\" alt=\"\" class=\"wp-image-609\" srcset=\"https:\/\/webs.uab.cat\/sem-sitges-27\/wp-content\/uploads\/sites\/740\/2026\/05\/image-51.png 671w, https:\/\/webs.uab.cat\/sem-sitges-27\/wp-content\/uploads\/sites\/740\/2026\/05\/image-51-290x300.png 290w\" sizes=\"auto, (max-width: 671px) 100vw, 671px\" \/><\/figure>\n\n\n\n<p class=\"has-small-font-size wp-block-paragraph\"><strong>Coordinadora del Seminario<\/strong><\/p>\n\n\n\n<p class=\"has-small-font-size wp-block-paragraph\">Rosanna Margalef Mart\u00ed <\/p>\n\n\n\n<p class=\"has-small-font-size wp-block-paragraph\">(Universitat de Barcelona)<\/p>\n<\/div>\n\n\n\n<div class=\"wp-block-group is-vertical is-layout-flex wp-container-core-group-is-layout-4fc3f8e1 wp-block-group-is-layout-flex\">\n<figure class=\"wp-block-image size-full\"><img loading=\"lazy\" decoding=\"async\" width=\"673\" height=\"701\" src=\"https:\/\/webs.uab.cat\/sem-sitges-27\/wp-content\/uploads\/sites\/740\/2026\/05\/image-52.png\" alt=\"\" class=\"wp-image-611\" srcset=\"https:\/\/webs.uab.cat\/sem-sitges-27\/wp-content\/uploads\/sites\/740\/2026\/05\/image-52.png 673w, https:\/\/webs.uab.cat\/sem-sitges-27\/wp-content\/uploads\/sites\/740\/2026\/05\/image-52-288x300.png 288w\" sizes=\"auto, (max-width: 673px) 100vw, 673px\" \/><\/figure>\n\n\n\n<p class=\"has-small-font-size wp-block-paragraph\"><strong>Coordinador de la Excursi\u00f3n Cient\u00edfica<\/strong><\/p>\n\n\n\n<p class=\"has-small-font-size wp-block-paragraph\">Isaac Corral Calleja <\/p>\n\n\n\n<p class=\"has-small-font-size wp-block-paragraph\">(Universitat Aut\u00f2noma de Barcelona)<\/p>\n<\/div>\n\n\n\n<div class=\"wp-block-group wp-container-content-a7057f16 is-vertical is-layout-flex wp-container-core-group-is-layout-4fc3f8e1 wp-block-group-is-layout-flex\">\n<figure class=\"wp-block-image size-full\"><img loading=\"lazy\" decoding=\"async\" width=\"672\" height=\"701\" src=\"https:\/\/webs.uab.cat\/sem-sitges-27\/wp-content\/uploads\/sites\/740\/2026\/05\/image-56.png\" alt=\"\" class=\"wp-image-619\" srcset=\"https:\/\/webs.uab.cat\/sem-sitges-27\/wp-content\/uploads\/sites\/740\/2026\/05\/image-56.png 672w, https:\/\/webs.uab.cat\/sem-sitges-27\/wp-content\/uploads\/sites\/740\/2026\/05\/image-56-288x300.png 288w\" sizes=\"auto, (max-width: 672px) 100vw, 672px\" \/><\/figure>\n\n\n\n<p class=\"has-small-font-size wp-block-paragraph\"><strong>Secretaria<\/strong><\/p>\n\n\n\n<p class=\"has-small-font-size wp-block-paragraph\">Marta Roige Tarib\u00f3 <\/p>\n\n\n\n<p class=\"has-small-font-size wp-block-paragraph\">(Universitat Aut\u00f2noma de Barcelona)<\/p>\n<\/div>\n\n\n\n<div class=\"wp-block-group wp-container-content-a7057f16 is-vertical is-layout-flex wp-container-core-group-is-layout-4fc3f8e1 wp-block-group-is-layout-flex\">\n<figure class=\"wp-block-image size-full\"><img loading=\"lazy\" decoding=\"async\" width=\"673\" height=\"703\" src=\"https:\/\/webs.uab.cat\/sem-sitges-27\/wp-content\/uploads\/sites\/740\/2026\/05\/image-57.png\" alt=\"\" class=\"wp-image-621\" srcset=\"https:\/\/webs.uab.cat\/sem-sitges-27\/wp-content\/uploads\/sites\/740\/2026\/05\/image-57.png 673w, https:\/\/webs.uab.cat\/sem-sitges-27\/wp-content\/uploads\/sites\/740\/2026\/05\/image-57-287x300.png 287w\" sizes=\"auto, (max-width: 673px) 100vw, 673px\" \/><\/figure>\n\n\n\n<p class=\"has-small-font-size wp-block-paragraph\"><strong>Tesorero<\/strong><\/p>\n\n\n\n<p class=\"has-small-font-size wp-block-paragraph\">Sergi Plana Ruiz <\/p>\n\n\n\n<p class=\"has-small-font-size wp-block-paragraph\">(Universitat Aut\u00f2noma de Barcelona)<\/p>\n<\/div>\n\n\n\n<div class=\"wp-block-group is-vertical is-layout-flex wp-container-core-group-is-layout-4fc3f8e1 wp-block-group-is-layout-flex\">\n<figure class=\"wp-block-image size-full\"><img loading=\"lazy\" decoding=\"async\" width=\"674\" height=\"704\" src=\"https:\/\/webs.uab.cat\/sem-sitges-27\/wp-content\/uploads\/sites\/740\/2026\/05\/image-54.png\" alt=\"\" class=\"wp-image-615\" srcset=\"https:\/\/webs.uab.cat\/sem-sitges-27\/wp-content\/uploads\/sites\/740\/2026\/05\/image-54.png 674w, https:\/\/webs.uab.cat\/sem-sitges-27\/wp-content\/uploads\/sites\/740\/2026\/05\/image-54-287x300.png 287w\" sizes=\"auto, (max-width: 674px) 100vw, 674px\" \/><\/figure>\n\n\n\n<p class=\"has-small-font-size wp-block-paragraph\"><strong>Vocal<\/strong><\/p>\n\n\n\n<p class=\"has-small-font-size wp-block-paragraph\">Laura Cul\u00ed Verdaguer <\/p>\n\n\n\n<p class=\"has-small-font-size wp-block-paragraph\">(Universitat Aut\u00f2noma de Barcelona)<\/p>\n<\/div>\n\n\n\n<div class=\"wp-block-group is-vertical is-layout-flex wp-container-core-group-is-layout-4fc3f8e1 wp-block-group-is-layout-flex\">\n<figure class=\"wp-block-image size-full\"><img loading=\"lazy\" decoding=\"async\" width=\"671\" height=\"701\" src=\"https:\/\/webs.uab.cat\/sem-sitges-27\/wp-content\/uploads\/sites\/740\/2026\/05\/image-55.png\" alt=\"\" class=\"wp-image-617\" srcset=\"https:\/\/webs.uab.cat\/sem-sitges-27\/wp-content\/uploads\/sites\/740\/2026\/05\/image-55.png 671w, https:\/\/webs.uab.cat\/sem-sitges-27\/wp-content\/uploads\/sites\/740\/2026\/05\/image-55-287x300.png 287w\" sizes=\"auto, (max-width: 671px) 100vw, 671px\" \/><\/figure>\n\n\n\n<p class=\"has-small-font-size wp-block-paragraph\"><strong>Vocal<\/strong><\/p>\n\n\n\n<p class=\"has-small-font-size wp-block-paragraph\">Merc\u00e8 Corbella Cordom\u00ed <\/p>\n\n\n\n<p class=\"has-small-font-size wp-block-paragraph\">(Universitat Aut\u00f2noma de Barcelona)<\/p>\n<\/div>\n\n\n\n<div class=\"wp-block-group wp-container-content-a7057f16 is-vertical is-layout-flex wp-container-core-group-is-layout-4fc3f8e1 wp-block-group-is-layout-flex\">\n<figure class=\"wp-block-image size-full\"><img loading=\"lazy\" decoding=\"async\" width=\"672\" height=\"695\" src=\"https:\/\/webs.uab.cat\/sem-sitges-27\/wp-content\/uploads\/sites\/740\/2026\/05\/image-58.png\" alt=\"\" class=\"wp-image-623\" srcset=\"https:\/\/webs.uab.cat\/sem-sitges-27\/wp-content\/uploads\/sites\/740\/2026\/05\/image-58.png 672w, https:\/\/webs.uab.cat\/sem-sitges-27\/wp-content\/uploads\/sites\/740\/2026\/05\/image-58-290x300.png 290w\" sizes=\"auto, (max-width: 672px) 100vw, 672px\" \/><\/figure>\n\n\n\n<p class=\"has-small-font-size wp-block-paragraph\"><strong>Vocal<\/strong><\/p>\n\n\n\n<p class=\"has-small-font-size wp-block-paragraph\">David G\u00f3mez Gras <\/p>\n\n\n\n<p class=\"has-small-font-size wp-block-paragraph\">(Universitat Aut\u00f2noma de Barcelona)<\/p>\n<\/div>\n\n\n\n<div class=\"wp-block-group wp-container-content-a7057f16 is-vertical is-layout-flex wp-container-core-group-is-layout-4fc3f8e1 wp-block-group-is-layout-flex\">\n<figure class=\"wp-block-image size-full\"><img loading=\"lazy\" decoding=\"async\" width=\"674\" height=\"700\" src=\"https:\/\/webs.uab.cat\/sem-sitges-27\/wp-content\/uploads\/sites\/740\/2026\/05\/image-59.png\" alt=\"\" class=\"wp-image-627\" srcset=\"https:\/\/webs.uab.cat\/sem-sitges-27\/wp-content\/uploads\/sites\/740\/2026\/05\/image-59.png 674w, https:\/\/webs.uab.cat\/sem-sitges-27\/wp-content\/uploads\/sites\/740\/2026\/05\/image-59-289x300.png 289w\" sizes=\"auto, (max-width: 674px) 100vw, 674px\" \/><\/figure>\n\n\n\n<p class=\"has-small-font-size wp-block-paragraph\"><strong>Vocal<\/strong><\/p>\n\n\n\n<p class=\"has-small-font-size wp-block-paragraph\">Albert Soler i Gil <\/p>\n\n\n\n<p class=\"has-small-font-size wp-block-paragraph\">(Universitat de Barcelona)<\/p>\n<\/div>\n\n\n\n<div class=\"wp-block-group wp-container-content-a7057f16 is-vertical is-layout-flex wp-container-core-group-is-layout-4fc3f8e1 wp-block-group-is-layout-flex\">\n<figure class=\"wp-block-image size-full\"><img loading=\"lazy\" decoding=\"async\" width=\"674\" height=\"700\" src=\"https:\/\/webs.uab.cat\/sem-sitges-27\/wp-content\/uploads\/sites\/740\/2026\/05\/image-60.png\" alt=\"\" class=\"wp-image-629\" srcset=\"https:\/\/webs.uab.cat\/sem-sitges-27\/wp-content\/uploads\/sites\/740\/2026\/05\/image-60.png 674w, https:\/\/webs.uab.cat\/sem-sitges-27\/wp-content\/uploads\/sites\/740\/2026\/05\/image-60-289x300.png 289w\" sizes=\"auto, (max-width: 674px) 100vw, 674px\" \/><\/figure>\n\n\n\n<p class=\"has-small-font-size wp-block-paragraph\"><strong>Vocal<\/strong><\/p>\n\n\n\n<p class=\"has-small-font-size wp-block-paragraph\">\u00c0ngels Canals Sabat\u00e9 <\/p>\n\n\n\n<p class=\"has-small-font-size wp-block-paragraph\">(Universitat de Barcelona)<\/p>\n<\/div>\n\n\n\n<div class=\"wp-block-group wp-container-content-a7057f16 is-vertical is-layout-flex wp-container-core-group-is-layout-4fc3f8e1 wp-block-group-is-layout-flex\">\n<figure class=\"wp-block-image size-full\"><img loading=\"lazy\" decoding=\"async\" width=\"462\" height=\"480\" src=\"https:\/\/webs.uab.cat\/sem-sitges-27\/wp-content\/uploads\/sites\/740\/2026\/05\/img_cristina_domenech.jpg\" alt=\"\" class=\"wp-image-630\" srcset=\"https:\/\/webs.uab.cat\/sem-sitges-27\/wp-content\/uploads\/sites\/740\/2026\/05\/img_cristina_domenech.jpg 462w, https:\/\/webs.uab.cat\/sem-sitges-27\/wp-content\/uploads\/sites\/740\/2026\/05\/img_cristina_domenech-289x300.jpg 289w\" sizes=\"auto, (max-width: 462px) 100vw, 462px\" \/><\/figure>\n\n\n\n<p class=\"has-small-font-size wp-block-paragraph\"><strong>Vocal<\/strong><\/p>\n\n\n\n<p class=\"has-small-font-size wp-block-paragraph\">Cristina Dom\u00e8nech Ort\u00ed <\/p>\n\n\n\n<p class=\"has-small-font-size wp-block-paragraph\">(Universitat de Barcelona)<\/p>\n<\/div>\n\n\n\n<div class=\"wp-block-group wp-container-content-a7057f16 is-vertical is-layout-flex wp-container-core-group-is-layout-4fc3f8e1 wp-block-group-is-layout-flex\">\n<figure class=\"wp-block-image size-full\"><img loading=\"lazy\" decoding=\"async\" width=\"462\" height=\"480\" src=\"https:\/\/webs.uab.cat\/sem-sitges-27\/wp-content\/uploads\/sites\/740\/2026\/05\/img_neus_otero.jpg\" alt=\"\" class=\"wp-image-631\" srcset=\"https:\/\/webs.uab.cat\/sem-sitges-27\/wp-content\/uploads\/sites\/740\/2026\/05\/img_neus_otero.jpg 462w, https:\/\/webs.uab.cat\/sem-sitges-27\/wp-content\/uploads\/sites\/740\/2026\/05\/img_neus_otero-289x300.jpg 289w\" sizes=\"auto, (max-width: 462px) 100vw, 462px\" \/><\/figure>\n\n\n\n<p class=\"has-small-font-size wp-block-paragraph\"><strong>Vocal<\/strong><\/p>\n\n\n\n<p class=\"has-small-font-size wp-block-paragraph\">Neus Otero P\u00e9rez<\/p>\n\n\n\n<p class=\"has-small-font-size wp-block-paragraph\">(Universitat de Barcelona)<\/p>\n<\/div>\n<\/div>\n\n\n\n<div class=\"wp-block-columns alignwide is-layout-flex wp-container-core-columns-is-layout-8f761849 wp-block-columns-is-layout-flex\">\n<div class=\"wp-block-column is-layout-flow wp-block-column-is-layout-flow\">\n<p class=\"has-large-font-size wp-block-paragraph\"><strong>Agrupaci\u00f3n estudiantil SEM-CAT<\/strong><\/p>\n\n\n\n<div class=\"wp-block-group alignwide is-layout-grid wp-container-core-group-is-layout-63f81b97 wp-block-group-is-layout-grid\">\n<div class=\"wp-block-group wp-container-content-94a069b3 is-vertical is-content-justification-center is-layout-flex wp-container-core-group-is-layout-524f8de7 wp-block-group-is-layout-flex\">\n<figure class=\"wp-block-image size-full\"><img loading=\"lazy\" decoding=\"async\" width=\"284\" height=\"179\" src=\"https:\/\/webs.uab.cat\/sem-sitges-27\/wp-content\/uploads\/sites\/740\/2026\/05\/image-73.png\" alt=\"\" class=\"wp-image-650\" \/><\/figure>\n\n\n\n<figure class=\"wp-block-image size-full\"><a href=\"https:\/\/www.instagram.com\/agrupacio_sem_cat\/?hl=da\"><img loading=\"lazy\" decoding=\"async\" width=\"87\" height=\"87\" src=\"https:\/\/webs.uab.cat\/sem-sitges-27\/wp-content\/uploads\/sites\/740\/2026\/05\/image-7.png\" alt=\"\" class=\"wp-image-95\" style=\"aspect-ratio:1;object-fit:cover\" \/><\/a><\/figure>\n<\/div>\n\n\n\n<div class=\"wp-block-group is-vertical is-layout-flex wp-container-core-group-is-layout-4fc3f8e1 wp-block-group-is-layout-flex\">\n<figure class=\"wp-block-image size-full\"><img loading=\"lazy\" decoding=\"async\" width=\"675\" height=\"703\" src=\"https:\/\/webs.uab.cat\/sem-sitges-27\/wp-content\/uploads\/sites\/740\/2026\/05\/image-61.png\" alt=\"\" class=\"wp-image-638\" srcset=\"https:\/\/webs.uab.cat\/sem-sitges-27\/wp-content\/uploads\/sites\/740\/2026\/05\/image-61.png 675w, https:\/\/webs.uab.cat\/sem-sitges-27\/wp-content\/uploads\/sites\/740\/2026\/05\/image-61-288x300.png 288w\" sizes=\"auto, (max-width: 675px) 100vw, 675px\" \/><\/figure>\n\n\n\n<p class=\"has-small-font-size wp-block-paragraph\">Biel Boixader Pons<\/p>\n\n\n\n<p class=\"has-small-font-size wp-block-paragraph\">(Universitat Aut\u00f3noma de Barcelona)<\/p>\n<\/div>\n\n\n\n<div class=\"wp-block-group is-vertical is-layout-flex wp-container-core-group-is-layout-4fc3f8e1 wp-block-group-is-layout-flex\">\n<figure class=\"wp-block-image size-full\"><img loading=\"lazy\" decoding=\"async\" width=\"675\" height=\"703\" src=\"https:\/\/webs.uab.cat\/sem-sitges-27\/wp-content\/uploads\/sites\/740\/2026\/05\/image-62.png\" alt=\"\" class=\"wp-image-639\" srcset=\"https:\/\/webs.uab.cat\/sem-sitges-27\/wp-content\/uploads\/sites\/740\/2026\/05\/image-62.png 675w, https:\/\/webs.uab.cat\/sem-sitges-27\/wp-content\/uploads\/sites\/740\/2026\/05\/image-62-288x300.png 288w\" sizes=\"auto, (max-width: 675px) 100vw, 675px\" \/><\/figure>\n\n\n\n<p class=\"has-small-font-size wp-block-paragraph\">Mar\u00eda Barranco Garc\u00eda<\/p>\n\n\n\n<p class=\"has-small-font-size wp-block-paragraph\">(Universitat Aut\u00f2noma de Barcelona)<\/p>\n<\/div>\n\n\n\n<div class=\"wp-block-group wp-container-content-40ba196d is-vertical is-layout-flex wp-container-core-group-is-layout-4fc3f8e1 wp-block-group-is-layout-flex\">\n<figure class=\"wp-block-image size-full\"><img loading=\"lazy\" decoding=\"async\" width=\"675\" height=\"703\" src=\"https:\/\/webs.uab.cat\/sem-sitges-27\/wp-content\/uploads\/sites\/740\/2026\/05\/image-63.png\" alt=\"\" class=\"wp-image-640\" srcset=\"https:\/\/webs.uab.cat\/sem-sitges-27\/wp-content\/uploads\/sites\/740\/2026\/05\/image-63.png 675w, https:\/\/webs.uab.cat\/sem-sitges-27\/wp-content\/uploads\/sites\/740\/2026\/05\/image-63-288x300.png 288w\" sizes=\"auto, (max-width: 675px) 100vw, 675px\" \/><\/figure>\n\n\n\n<p class=\"has-small-font-size wp-block-paragraph\">Roc Puig Hern\u00e0ndez<\/p>\n\n\n\n<p class=\"has-small-font-size wp-block-paragraph\">(Universitat Aut\u00f2noma de Barcelona)<\/p>\n<\/div>\n\n\n\n<div class=\"wp-block-group is-vertical is-layout-flex wp-container-core-group-is-layout-4fc3f8e1 wp-block-group-is-layout-flex\">\n<figure class=\"wp-block-image size-full\"><img loading=\"lazy\" decoding=\"async\" width=\"675\" height=\"703\" src=\"https:\/\/webs.uab.cat\/sem-sitges-27\/wp-content\/uploads\/sites\/740\/2026\/05\/image-64.png\" alt=\"\" class=\"wp-image-641\" srcset=\"https:\/\/webs.uab.cat\/sem-sitges-27\/wp-content\/uploads\/sites\/740\/2026\/05\/image-64.png 675w, https:\/\/webs.uab.cat\/sem-sitges-27\/wp-content\/uploads\/sites\/740\/2026\/05\/image-64-288x300.png 288w\" sizes=\"auto, (max-width: 675px) 100vw, 675px\" \/><\/figure>\n\n\n\n<p class=\"has-small-font-size wp-block-paragraph\">Adri\u00e0 S\u00e1nchez Bort<\/p>\n\n\n\n<p class=\"has-small-font-size wp-block-paragraph\">(Universitat Aut\u00f2noma de Barcelona)<\/p>\n<\/div>\n\n\n\n<div class=\"wp-block-group wp-container-content-40ba196d is-vertical is-layout-flex wp-container-core-group-is-layout-4fc3f8e1 wp-block-group-is-layout-flex\">\n<figure class=\"wp-block-image size-full\"><img loading=\"lazy\" decoding=\"async\" width=\"675\" height=\"703\" src=\"https:\/\/webs.uab.cat\/sem-sitges-27\/wp-content\/uploads\/sites\/740\/2026\/05\/image-65.png\" alt=\"\" class=\"wp-image-642\" srcset=\"https:\/\/webs.uab.cat\/sem-sitges-27\/wp-content\/uploads\/sites\/740\/2026\/05\/image-65.png 675w, https:\/\/webs.uab.cat\/sem-sitges-27\/wp-content\/uploads\/sites\/740\/2026\/05\/image-65-288x300.png 288w\" sizes=\"auto, (max-width: 675px) 100vw, 675px\" \/><\/figure>\n\n\n\n<p class=\"has-small-font-size wp-block-paragraph\">David Medina Munuera<\/p>\n\n\n\n<p class=\"has-small-font-size wp-block-paragraph\">(Universitat Aut\u00f2noma de Barcelona)<\/p>\n<\/div>\n\n\n\n<div class=\"wp-block-group wp-container-content-40ba196d is-vertical is-layout-flex wp-container-core-group-is-layout-4fc3f8e1 wp-block-group-is-layout-flex\">\n<figure class=\"wp-block-image size-full\"><img loading=\"lazy\" decoding=\"async\" width=\"675\" height=\"703\" src=\"https:\/\/webs.uab.cat\/sem-sitges-27\/wp-content\/uploads\/sites\/740\/2026\/05\/image-66.png\" alt=\"\" class=\"wp-image-643\" srcset=\"https:\/\/webs.uab.cat\/sem-sitges-27\/wp-content\/uploads\/sites\/740\/2026\/05\/image-66.png 675w, https:\/\/webs.uab.cat\/sem-sitges-27\/wp-content\/uploads\/sites\/740\/2026\/05\/image-66-288x300.png 288w\" sizes=\"auto, (max-width: 675px) 100vw, 675px\" \/><\/figure>\n\n\n\n<p class=\"has-small-font-size wp-block-paragraph\">Mar\u00e7al Montplet Matas<\/p>\n\n\n\n<p class=\"has-small-font-size wp-block-paragraph\">(Universitat Aut\u00f2noma de Barcelona)<\/p>\n<\/div>\n\n\n\n<div class=\"wp-block-group is-vertical is-layout-flex wp-container-core-group-is-layout-4fc3f8e1 wp-block-group-is-layout-flex\">\n<figure class=\"wp-block-image size-full\"><img loading=\"lazy\" decoding=\"async\" width=\"675\" height=\"703\" src=\"https:\/\/webs.uab.cat\/sem-sitges-27\/wp-content\/uploads\/sites\/740\/2026\/05\/image-67.png\" alt=\"\" class=\"wp-image-644\" srcset=\"https:\/\/webs.uab.cat\/sem-sitges-27\/wp-content\/uploads\/sites\/740\/2026\/05\/image-67.png 675w, https:\/\/webs.uab.cat\/sem-sitges-27\/wp-content\/uploads\/sites\/740\/2026\/05\/image-67-288x300.png 288w\" sizes=\"auto, (max-width: 675px) 100vw, 675px\" \/><\/figure>\n\n\n\n<p class=\"has-small-font-size wp-block-paragraph\">Laura Domingo Cazorla <\/p>\n\n\n\n<p class=\"has-small-font-size wp-block-paragraph\">(Universitat Aut\u00f2noma de Barcelona)<\/p>\n<\/div>\n\n\n\n<div class=\"wp-block-group wp-container-content-40ba196d is-vertical is-layout-flex wp-container-core-group-is-layout-4fc3f8e1 wp-block-group-is-layout-flex\">\n<figure class=\"wp-block-image size-full\"><img loading=\"lazy\" decoding=\"async\" width=\"675\" height=\"703\" src=\"https:\/\/webs.uab.cat\/sem-sitges-27\/wp-content\/uploads\/sites\/740\/2026\/05\/image-68.png\" alt=\"\" class=\"wp-image-645\" srcset=\"https:\/\/webs.uab.cat\/sem-sitges-27\/wp-content\/uploads\/sites\/740\/2026\/05\/image-68.png 675w, https:\/\/webs.uab.cat\/sem-sitges-27\/wp-content\/uploads\/sites\/740\/2026\/05\/image-68-288x300.png 288w\" sizes=\"auto, (max-width: 675px) 100vw, 675px\" \/><\/figure>\n\n\n\n<p class=\"has-small-font-size wp-block-paragraph\">Izan Membrive Zurita<\/p>\n\n\n\n<p class=\"has-small-font-size wp-block-paragraph\">(Universitat Aut\u00f2noma de Barcelona)<\/p>\n<\/div>\n\n\n\n<div class=\"wp-block-group wp-container-content-40ba196d is-vertical is-layout-flex wp-container-core-group-is-layout-4fc3f8e1 wp-block-group-is-layout-flex\">\n<figure class=\"wp-block-image size-full\"><img loading=\"lazy\" decoding=\"async\" width=\"675\" height=\"703\" src=\"https:\/\/webs.uab.cat\/sem-sitges-27\/wp-content\/uploads\/sites\/740\/2026\/05\/image-69.png\" alt=\"\" class=\"wp-image-646\" srcset=\"https:\/\/webs.uab.cat\/sem-sitges-27\/wp-content\/uploads\/sites\/740\/2026\/05\/image-69.png 675w, https:\/\/webs.uab.cat\/sem-sitges-27\/wp-content\/uploads\/sites\/740\/2026\/05\/image-69-288x300.png 288w\" sizes=\"auto, (max-width: 675px) 100vw, 675px\" \/><\/figure>\n\n\n\n<p class=\"has-small-font-size wp-block-paragraph\">Sara Rodr\u00edguez Rodr\u00edguez <\/p>\n\n\n\n<p class=\"has-small-font-size wp-block-paragraph\">(Universitat Aut\u00f2noma de Barcelona)<\/p>\n<\/div>\n\n\n\n<div class=\"wp-block-group wp-container-content-40ba196d is-vertical is-layout-flex wp-container-core-group-is-layout-4fc3f8e1 wp-block-group-is-layout-flex\">\n<figure class=\"wp-block-image size-full\"><img loading=\"lazy\" decoding=\"async\" width=\"675\" height=\"703\" src=\"https:\/\/webs.uab.cat\/sem-sitges-27\/wp-content\/uploads\/sites\/740\/2026\/05\/image-70.png\" alt=\"\" class=\"wp-image-647\" srcset=\"https:\/\/webs.uab.cat\/sem-sitges-27\/wp-content\/uploads\/sites\/740\/2026\/05\/image-70.png 675w, https:\/\/webs.uab.cat\/sem-sitges-27\/wp-content\/uploads\/sites\/740\/2026\/05\/image-70-288x300.png 288w\" sizes=\"auto, (max-width: 675px) 100vw, 675px\" \/><\/figure>\n\n\n\n<p class=\"has-small-font-size wp-block-paragraph\">Alejandro Mart\u00edn Rodr\u00edguez<\/p>\n\n\n\n<p class=\"has-small-font-size wp-block-paragraph\">(Universitat Aut\u00f2noma de Barcelona)<\/p>\n<\/div>\n\n\n\n<div class=\"wp-block-group wp-container-content-40ba196d is-vertical is-layout-flex wp-container-core-group-is-layout-4fc3f8e1 wp-block-group-is-layout-flex\">\n<figure class=\"wp-block-image size-full\"><img loading=\"lazy\" decoding=\"async\" width=\"675\" height=\"703\" src=\"https:\/\/webs.uab.cat\/sem-sitges-27\/wp-content\/uploads\/sites\/740\/2026\/05\/image-71.png\" alt=\"\" class=\"wp-image-648\" srcset=\"https:\/\/webs.uab.cat\/sem-sitges-27\/wp-content\/uploads\/sites\/740\/2026\/05\/image-71.png 675w, https:\/\/webs.uab.cat\/sem-sitges-27\/wp-content\/uploads\/sites\/740\/2026\/05\/image-71-288x300.png 288w\" sizes=\"auto, (max-width: 675px) 100vw, 675px\" \/><\/figure>\n\n\n\n<p class=\"has-small-font-size wp-block-paragraph\">Irene Berm\u00fadez Garc\u00eda<\/p>\n\n\n\n<p class=\"has-small-font-size wp-block-paragraph\">(Universitat Aut\u00f2noma de Barcelona)<\/p>\n<\/div>\n\n\n\n<div class=\"wp-block-group wp-container-content-40ba196d is-vertical is-layout-flex wp-container-core-group-is-layout-4fc3f8e1 wp-block-group-is-layout-flex\">\n<figure class=\"wp-block-image size-full\"><img loading=\"lazy\" decoding=\"async\" width=\"675\" height=\"703\" src=\"https:\/\/webs.uab.cat\/sem-sitges-27\/wp-content\/uploads\/sites\/740\/2026\/05\/image-72.png\" alt=\"\" class=\"wp-image-649\" srcset=\"https:\/\/webs.uab.cat\/sem-sitges-27\/wp-content\/uploads\/sites\/740\/2026\/05\/image-72.png 675w, https:\/\/webs.uab.cat\/sem-sitges-27\/wp-content\/uploads\/sites\/740\/2026\/05\/image-72-288x300.png 288w\" sizes=\"auto, (max-width: 675px) 100vw, 675px\" \/><\/figure>\n\n\n\n<p class=\"has-small-font-size wp-block-paragraph\">Arlet Gonz\u00e1lez Garriga<\/p>\n\n\n\n<p class=\"has-small-font-size wp-block-paragraph\">(Universitat Aut\u00f2noma de Barcelona)<\/p>\n<\/div>\n\n\n\n<div class=\"wp-block-group wp-container-content-40ba196d is-vertical is-layout-flex wp-container-core-group-is-layout-4fc3f8e1 wp-block-group-is-layout-flex\">\n<figure class=\"wp-block-image size-full\"><img loading=\"lazy\" decoding=\"async\" width=\"675\" height=\"703\" src=\"https:\/\/webs.uab.cat\/sem-sitges-27\/wp-content\/uploads\/sites\/740\/2026\/05\/image-72.png\" alt=\"\" class=\"wp-image-649\" srcset=\"https:\/\/webs.uab.cat\/sem-sitges-27\/wp-content\/uploads\/sites\/740\/2026\/05\/image-72.png 675w, https:\/\/webs.uab.cat\/sem-sitges-27\/wp-content\/uploads\/sites\/740\/2026\/05\/image-72-288x300.png 288w\" sizes=\"auto, (max-width: 675px) 100vw, 675px\" \/><\/figure>\n\n\n\n<p class=\"has-small-font-size wp-block-paragraph\">Queralt Callau Herrero<\/p>\n\n\n\n<p class=\"has-small-font-size wp-block-paragraph\">(Universitat Aut\u00f2noma de Barcelona)<\/p>\n<\/div>\n\n\n\n<div class=\"wp-block-group wp-container-content-40ba196d is-vertical is-layout-flex wp-container-core-group-is-layout-4fc3f8e1 wp-block-group-is-layout-flex\">\n<figure class=\"wp-block-image size-full\"><img loading=\"lazy\" decoding=\"async\" width=\"675\" height=\"703\" src=\"https:\/\/webs.uab.cat\/sem-sitges-27\/wp-content\/uploads\/sites\/740\/2026\/05\/image-72.png\" alt=\"\" class=\"wp-image-649\" srcset=\"https:\/\/webs.uab.cat\/sem-sitges-27\/wp-content\/uploads\/sites\/740\/2026\/05\/image-72.png 675w, https:\/\/webs.uab.cat\/sem-sitges-27\/wp-content\/uploads\/sites\/740\/2026\/05\/image-72-288x300.png 288w\" sizes=\"auto, (max-width: 675px) 100vw, 675px\" \/><\/figure>\n\n\n\n<p class=\"has-small-font-size wp-block-paragraph\">Candela Moscoso Caaceres<\/p>\n\n\n\n<p class=\"has-small-font-size wp-block-paragraph\">(Universitat Aut\u00f2noma de Barcelona)<\/p>\n<\/div>\n\n\n\n<div class=\"wp-block-group wp-container-content-40ba196d is-vertical is-layout-flex wp-container-core-group-is-layout-4fc3f8e1 wp-block-group-is-layout-flex\">\n<figure class=\"wp-block-image size-full\"><img loading=\"lazy\" decoding=\"async\" width=\"675\" height=\"703\" src=\"https:\/\/webs.uab.cat\/sem-sitges-27\/wp-content\/uploads\/sites\/740\/2026\/05\/image-72.png\" alt=\"\" class=\"wp-image-649\" srcset=\"https:\/\/webs.uab.cat\/sem-sitges-27\/wp-content\/uploads\/sites\/740\/2026\/05\/image-72.png 675w, https:\/\/webs.uab.cat\/sem-sitges-27\/wp-content\/uploads\/sites\/740\/2026\/05\/image-72-288x300.png 288w\" sizes=\"auto, (max-width: 675px) 100vw, 675px\" \/><\/figure>\n\n\n\n<p class=\"has-small-font-size wp-block-paragraph\">Thanit Sheetz Mart\u00ed<\/p>\n\n\n\n<p class=\"has-small-font-size wp-block-paragraph\">(Universitat Aut\u00f2noma de Barcelona)<\/p>\n<\/div>\n\n\n\n<div class=\"wp-block-group wp-container-content-40ba196d is-vertical is-layout-flex wp-container-core-group-is-layout-4fc3f8e1 wp-block-group-is-layout-flex\">\n<figure class=\"wp-block-image size-full\"><img loading=\"lazy\" decoding=\"async\" width=\"675\" height=\"703\" src=\"https:\/\/webs.uab.cat\/sem-sitges-27\/wp-content\/uploads\/sites\/740\/2026\/05\/image-72.png\" alt=\"\" class=\"wp-image-649\" srcset=\"https:\/\/webs.uab.cat\/sem-sitges-27\/wp-content\/uploads\/sites\/740\/2026\/05\/image-72.png 675w, https:\/\/webs.uab.cat\/sem-sitges-27\/wp-content\/uploads\/sites\/740\/2026\/05\/image-72-288x300.png 288w\" sizes=\"auto, (max-width: 675px) 100vw, 675px\" \/><\/figure>\n\n\n\n<p class=\"has-small-font-size wp-block-paragraph\">Daniel Martin Borsiczky<\/p>\n\n\n\n<p class=\"has-small-font-size wp-block-paragraph\">(Universitat Aut\u00f2noma de Barcelona)<\/p>\n<\/div>\n<\/div>\n<\/div>\n<\/div>\n","protected":false},"excerpt":{"rendered":"<p>Coordinador del Congreso D\u00eddac Navarro Ciurana (Universitat Aut\u00f3noma de Barcelona) Coordinadora del Seminario Rosanna Margalef Mart\u00ed (Universitat de Barcelona) Coordinador de la Excursi\u00f3n Cient\u00edfica Isaac Corral Calleja (Universitat Aut\u00f2noma de Barcelona) Secretaria Marta Roige Tarib\u00f3 (Universitat Aut\u00f2noma de Barcelona) Tesorero Sergi Plana Ruiz (Universitat Aut\u00f2noma de Barcelona) Vocal Laura Cul\u00ed Verdaguer (Universitat Aut\u00f2noma de Barcelona) [&hellip;]<\/p>\n","protected":false},"author":3257,"featured_media":0,"parent":0,"menu_order":0,"comment_status":"closed","ping_status":"closed","template":"","meta":{"footnotes":""},"class_list":["post-35","page","type-page","status-publish","hentry"],"_links":{"self":[{"href":"https:\/\/webs.uab.cat\/sem-sitges-27\/wp-json\/wp\/v2\/pages\/35","targetHints":{"allow":["GET"]}}],"collection":[{"href":"https:\/\/webs.uab.cat\/sem-sitges-27\/wp-json\/wp\/v2\/pages"}],"about":[{"href":"https:\/\/webs.uab.cat\/sem-sitges-27\/wp-json\/wp\/v2\/types\/page"}],"author":[{"embeddable":true,"href":"https:\/\/webs.uab.cat\/sem-sitges-27\/wp-json\/wp\/v2\/users\/3257"}],"replies":[{"embeddable":true,"href":"https:\/\/webs.uab.cat\/sem-sitges-27\/wp-json\/wp\/v2\/comments?post=35"}],"version-history":[{"count":41,"href":"https:\/\/webs.uab.cat\/sem-sitges-27\/wp-json\/wp\/v2\/pages\/35\/revisions"}],"predecessor-version":[{"id":749,"href":"https:\/\/webs.uab.cat\/sem-sitges-27\/wp-json\/wp\/v2\/pages\/35\/revisions\/749"}],"wp:attachment":[{"href":"https:\/\/webs.uab.cat\/sem-sitges-27\/wp-json\/wp\/v2\/media?parent=35"}],"curies":[{"name":"wp","href":"https:\/\/api.w.org\/{rel}","templated":true}]}}