{"id":37,"date":"2026-05-26T14:15:00","date_gmt":"2026-05-26T12:15:00","guid":{"rendered":"https:\/\/webs.uab.cat\/sem-sitges-27\/?page_id=37"},"modified":"2026-05-31T10:23:48","modified_gmt":"2026-05-31T08:23:48","slug":"comite-cientifico","status":"publish","type":"page","link":"https:\/\/webs.uab.cat\/sem-sitges-27\/comite-cientifico\/","title":{"rendered":"Comit\u00e9 cient\u00edfico"},"content":{"rendered":"\n<div class=\"wp-block-group alignwide is-layout-grid wp-container-core-group-is-layout-ffa5c46f wp-block-group-is-layout-grid\">\n<div class=\"wp-block-group wp-container-content-28834a22 is-vertical is-content-justification-center is-layout-flex wp-container-core-group-is-layout-524f8de7 wp-block-group-is-layout-flex\">\n<figure class=\"wp-block-image size-full\"><img loading=\"lazy\" decoding=\"async\" width=\"279\" height=\"289\" src=\"https:\/\/webs.uab.cat\/sem-sitges-27\/wp-content\/uploads\/sites\/740\/2026\/05\/image-87.png\" alt=\"\" class=\"wp-image-669\" \/><\/figure>\n\n\n\n<p class=\"has-small-font-size wp-block-paragraph\"><a href=\"https:\/\/www.semineral.es\/websem\/seccion1.subitem2.subitem1.do?enlaceMenu=seccion1.subitem2.subitem1\" target=\"_blank\" rel=\"noreferrer noopener\"><strong>Junta Directiva de la&nbsp;Sociedad Espa\u00f1ola de Mineralog\u00eda (SEM)<\/strong><\/a><\/p>\n<\/div>\n\n\n\n<div class=\"wp-block-group is-vertical is-layout-flex wp-container-core-group-is-layout-4fc3f8e1 wp-block-group-is-layout-flex\">\n<figure class=\"wp-block-image size-full\"><img loading=\"lazy\" decoding=\"async\" width=\"702\" height=\"725\" src=\"https:\/\/webs.uab.cat\/sem-sitges-27\/wp-content\/uploads\/sites\/740\/2026\/05\/image-103.png\" alt=\"\" class=\"wp-image-685\" srcset=\"https:\/\/webs.uab.cat\/sem-sitges-27\/wp-content\/uploads\/sites\/740\/2026\/05\/image-103.png 702w, https:\/\/webs.uab.cat\/sem-sitges-27\/wp-content\/uploads\/sites\/740\/2026\/05\/image-103-290x300.png 290w\" sizes=\"auto, (max-width: 702px) 100vw, 702px\" \/><\/figure>\n\n\n\n<p class=\"has-small-font-size wp-block-paragraph\"><strong>Presidenta<\/strong><\/p>\n\n\n\n<p class=\"has-small-font-size wp-block-paragraph\">\u00c1ngeles Fern\u00e1ndez Gonz\u00e1lez<\/p>\n\n\n\n<p class=\"has-small-font-size wp-block-paragraph\">(Universidad de Oviedo)<\/p>\n<\/div>\n\n\n\n<div class=\"wp-block-group is-vertical is-layout-flex wp-container-core-group-is-layout-4fc3f8e1 wp-block-group-is-layout-flex\">\n<figure class=\"wp-block-image size-full\"><img loading=\"lazy\" decoding=\"async\" width=\"695\" height=\"720\" src=\"https:\/\/webs.uab.cat\/sem-sitges-27\/wp-content\/uploads\/sites\/740\/2026\/05\/image-102.png\" alt=\"\" class=\"wp-image-684\" srcset=\"https:\/\/webs.uab.cat\/sem-sitges-27\/wp-content\/uploads\/sites\/740\/2026\/05\/image-102.png 695w, https:\/\/webs.uab.cat\/sem-sitges-27\/wp-content\/uploads\/sites\/740\/2026\/05\/image-102-290x300.png 290w\" sizes=\"auto, (max-width: 695px) 100vw, 695px\" \/><\/figure>\n\n\n\n<p class=\"has-small-font-size wp-block-paragraph\"><strong>Vicepresidenta<\/strong><\/p>\n\n\n\n<p class=\"has-small-font-size wp-block-paragraph\">M.\u00aa Isabel Abad Mart\u00ednez<\/p>\n\n\n\n<p class=\"has-small-font-size wp-block-paragraph\">(Universidad de Ja\u00e9n)<\/p>\n<\/div>\n\n\n\n<div class=\"wp-block-group is-vertical is-layout-flex wp-container-core-group-is-layout-4fc3f8e1 wp-block-group-is-layout-flex\">\n<figure class=\"wp-block-image size-full\"><img loading=\"lazy\" decoding=\"async\" width=\"695\" height=\"722\" src=\"https:\/\/webs.uab.cat\/sem-sitges-27\/wp-content\/uploads\/sites\/740\/2026\/05\/image-100.png\" alt=\"\" class=\"wp-image-682\" srcset=\"https:\/\/webs.uab.cat\/sem-sitges-27\/wp-content\/uploads\/sites\/740\/2026\/05\/image-100.png 695w, https:\/\/webs.uab.cat\/sem-sitges-27\/wp-content\/uploads\/sites\/740\/2026\/05\/image-100-289x300.png 289w\" sizes=\"auto, (max-width: 695px) 100vw, 695px\" \/><\/figure>\n\n\n\n<p class=\"has-small-font-size wp-block-paragraph\"><strong>Secretario<\/strong><\/p>\n\n\n\n<p class=\"has-small-font-size wp-block-paragraph\">D\u00eddac Navarro Ciurana<\/p>\n\n\n\n<p class=\"has-small-font-size wp-block-paragraph\">(Universitat Aut\u00f2noma de Barcelona)<\/p>\n<\/div>\n\n\n\n<div class=\"wp-block-group is-vertical is-layout-flex wp-container-core-group-is-layout-4fc3f8e1 wp-block-group-is-layout-flex\">\n<figure class=\"wp-block-image size-full\"><img loading=\"lazy\" decoding=\"async\" width=\"695\" height=\"722\" src=\"https:\/\/webs.uab.cat\/sem-sitges-27\/wp-content\/uploads\/sites\/740\/2026\/05\/image-101.png\" alt=\"\" class=\"wp-image-683\" srcset=\"https:\/\/webs.uab.cat\/sem-sitges-27\/wp-content\/uploads\/sites\/740\/2026\/05\/image-101.png 695w, https:\/\/webs.uab.cat\/sem-sitges-27\/wp-content\/uploads\/sites\/740\/2026\/05\/image-101-289x300.png 289w\" sizes=\"auto, (max-width: 695px) 100vw, 695px\" \/><\/figure>\n\n\n\n<p class=\"has-small-font-size wp-block-paragraph\"><strong>Tesorero<\/strong><\/p>\n\n\n\n<p class=\"has-small-font-size wp-block-paragraph\">Pedro \u00c1lvarez Lloret<\/p>\n\n\n\n<p class=\"has-small-font-size wp-block-paragraph\">(Universidad de Oviedo)<\/p>\n<\/div>\n\n\n\n<div class=\"wp-block-group wp-container-content-a7057f16 is-vertical is-layout-flex wp-container-core-group-is-layout-4fc3f8e1 wp-block-group-is-layout-flex\">\n<figure class=\"wp-block-image size-full\"><img loading=\"lazy\" decoding=\"async\" width=\"695\" height=\"726\" src=\"https:\/\/webs.uab.cat\/sem-sitges-27\/wp-content\/uploads\/sites\/740\/2026\/05\/image-97.png\" alt=\"\" class=\"wp-image-679\" srcset=\"https:\/\/webs.uab.cat\/sem-sitges-27\/wp-content\/uploads\/sites\/740\/2026\/05\/image-97.png 695w, https:\/\/webs.uab.cat\/sem-sitges-27\/wp-content\/uploads\/sites\/740\/2026\/05\/image-97-287x300.png 287w\" sizes=\"auto, (max-width: 695px) 100vw, 695px\" \/><\/figure>\n\n\n\n<p class=\"has-small-font-size wp-block-paragraph\"><strong>Vicesecretaria<\/strong><\/p>\n\n\n\n<p class=\"has-small-font-size wp-block-paragraph\">Cinta Barba Brioso<\/p>\n\n\n\n<p class=\"has-small-font-size wp-block-paragraph\">(Universidad de Sevilla)<\/p>\n<\/div>\n\n\n\n<div class=\"wp-block-group wp-container-content-a7057f16 is-vertical is-layout-flex wp-container-core-group-is-layout-4fc3f8e1 wp-block-group-is-layout-flex\">\n<figure class=\"wp-block-image size-full\"><img loading=\"lazy\" decoding=\"async\" width=\"695\" height=\"723\" src=\"https:\/\/webs.uab.cat\/sem-sitges-27\/wp-content\/uploads\/sites\/740\/2026\/05\/image-96.png\" alt=\"\" class=\"wp-image-678\" srcset=\"https:\/\/webs.uab.cat\/sem-sitges-27\/wp-content\/uploads\/sites\/740\/2026\/05\/image-96.png 695w, https:\/\/webs.uab.cat\/sem-sitges-27\/wp-content\/uploads\/sites\/740\/2026\/05\/image-96-288x300.png 288w\" sizes=\"auto, (max-width: 695px) 100vw, 695px\" \/><\/figure>\n\n\n\n<p class=\"has-small-font-size wp-block-paragraph\"><strong>Vocal<\/strong><\/p>\n\n\n\n<p class=\"has-small-font-size wp-block-paragraph\">Elisa Laita Flori\u00e1n<\/p>\n\n\n\n<p class=\"has-small-font-size wp-block-paragraph\">(Universidad de Ja\u00e9n)<\/p>\n<\/div>\n\n\n\n<div class=\"wp-block-group is-vertical is-layout-flex wp-container-core-group-is-layout-4fc3f8e1 wp-block-group-is-layout-flex\">\n<figure class=\"wp-block-image size-full\"><img loading=\"lazy\" decoding=\"async\" width=\"693\" height=\"720\" src=\"https:\/\/webs.uab.cat\/sem-sitges-27\/wp-content\/uploads\/sites\/740\/2026\/05\/image-95.png\" alt=\"\" class=\"wp-image-677\" srcset=\"https:\/\/webs.uab.cat\/sem-sitges-27\/wp-content\/uploads\/sites\/740\/2026\/05\/image-95.png 693w, https:\/\/webs.uab.cat\/sem-sitges-27\/wp-content\/uploads\/sites\/740\/2026\/05\/image-95-289x300.png 289w\" sizes=\"auto, (max-width: 693px) 100vw, 693px\" \/><\/figure>\n\n\n\n<p class=\"has-small-font-size wp-block-paragraph\"><strong>Vocal<\/strong><\/p>\n\n\n\n<p class=\"has-small-font-size wp-block-paragraph\">David Benavente<\/p>\n\n\n\n<p class=\"has-small-font-size wp-block-paragraph\">(Universidad de Alicante)<\/p>\n<\/div>\n\n\n\n<div class=\"wp-block-group wp-container-content-a7057f16 is-vertical is-layout-flex wp-container-core-group-is-layout-4fc3f8e1 wp-block-group-is-layout-flex\">\n<figure class=\"wp-block-image size-full\"><img loading=\"lazy\" decoding=\"async\" width=\"695\" height=\"723\" src=\"https:\/\/webs.uab.cat\/sem-sitges-27\/wp-content\/uploads\/sites\/740\/2026\/05\/image-94.png\" alt=\"\" class=\"wp-image-676\" srcset=\"https:\/\/webs.uab.cat\/sem-sitges-27\/wp-content\/uploads\/sites\/740\/2026\/05\/image-94.png 695w, https:\/\/webs.uab.cat\/sem-sitges-27\/wp-content\/uploads\/sites\/740\/2026\/05\/image-94-288x300.png 288w\" sizes=\"auto, (max-width: 695px) 100vw, 695px\" \/><\/figure>\n\n\n\n<p class=\"has-small-font-size wp-block-paragraph\"><strong>Vocal<\/strong><\/p>\n\n\n\n<p class=\"has-small-font-size wp-block-paragraph\">Nuria S\u00e1nchez Pastor<\/p>\n\n\n\n<p class=\"has-small-font-size wp-block-paragraph\">(Universidad Complutense de Madrid)<\/p>\n<\/div>\n\n\n\n<div class=\"wp-block-group wp-container-content-a7057f16 is-vertical is-layout-flex wp-container-core-group-is-layout-4fc3f8e1 wp-block-group-is-layout-flex\">\n<figure class=\"wp-block-image size-full\"><img loading=\"lazy\" decoding=\"async\" width=\"685\" height=\"715\" src=\"https:\/\/webs.uab.cat\/sem-sitges-27\/wp-content\/uploads\/sites\/740\/2026\/05\/image-93.png\" alt=\"\" class=\"wp-image-675\" srcset=\"https:\/\/webs.uab.cat\/sem-sitges-27\/wp-content\/uploads\/sites\/740\/2026\/05\/image-93.png 685w, https:\/\/webs.uab.cat\/sem-sitges-27\/wp-content\/uploads\/sites\/740\/2026\/05\/image-93-287x300.png 287w\" sizes=\"auto, (max-width: 685px) 100vw, 685px\" \/><\/figure>\n\n\n\n<p class=\"has-small-font-size wp-block-paragraph\"><strong>Vocal<\/strong><\/p>\n\n\n\n<p class=\"has-small-font-size wp-block-paragraph\">Concepci\u00f3n L\u00e1zaro Calisalvo<\/p>\n\n\n\n<p class=\"has-small-font-size wp-block-paragraph\">(Universidad de Granada)<\/p>\n<\/div>\n\n\n\n<div class=\"wp-block-group wp-container-content-a7057f16 is-vertical is-layout-flex wp-container-core-group-is-layout-4fc3f8e1 wp-block-group-is-layout-flex\">\n<figure class=\"wp-block-image size-full\"><img loading=\"lazy\" decoding=\"async\" width=\"685\" height=\"712\" src=\"https:\/\/webs.uab.cat\/sem-sitges-27\/wp-content\/uploads\/sites\/740\/2026\/05\/image-92.png\" alt=\"\" class=\"wp-image-674\" srcset=\"https:\/\/webs.uab.cat\/sem-sitges-27\/wp-content\/uploads\/sites\/740\/2026\/05\/image-92.png 685w, https:\/\/webs.uab.cat\/sem-sitges-27\/wp-content\/uploads\/sites\/740\/2026\/05\/image-92-289x300.png 289w\" sizes=\"auto, (max-width: 685px) 100vw, 685px\" \/><\/figure>\n\n\n\n<p class=\"has-small-font-size wp-block-paragraph\"><strong>Vocal<\/strong><\/p>\n\n\n\n<p class=\"has-small-font-size wp-block-paragraph\">Javier Mart\u00ednez Mart\u00ednez<\/p>\n\n\n\n<p class=\"has-small-font-size wp-block-paragraph\">(Instituto Geol\u00f3gico y Minero de Espa\u00f1a -IGME-)<\/p>\n<\/div>\n\n\n\n<div class=\"wp-block-group wp-container-content-a7057f16 is-vertical is-layout-flex wp-container-core-group-is-layout-4fc3f8e1 wp-block-group-is-layout-flex\">\n<figure class=\"wp-block-image size-full\"><img loading=\"lazy\" decoding=\"async\" width=\"686\" height=\"696\" src=\"https:\/\/webs.uab.cat\/sem-sitges-27\/wp-content\/uploads\/sites\/740\/2026\/05\/image-91.png\" alt=\"\" class=\"wp-image-673\" srcset=\"https:\/\/webs.uab.cat\/sem-sitges-27\/wp-content\/uploads\/sites\/740\/2026\/05\/image-91.png 686w, https:\/\/webs.uab.cat\/sem-sitges-27\/wp-content\/uploads\/sites\/740\/2026\/05\/image-91-296x300.png 296w\" sizes=\"auto, (max-width: 686px) 100vw, 686px\" \/><\/figure>\n\n\n\n<p class=\"has-small-font-size wp-block-paragraph\"><strong>Vocal<\/strong><\/p>\n\n\n\n<p class=\"has-small-font-size wp-block-paragraph\">Salvador Morales Ruano<\/p>\n\n\n\n<p class=\"has-small-font-size wp-block-paragraph\">(Universidad de Granada)<\/p>\n<\/div>\n\n\n\n<div class=\"wp-block-group wp-container-content-a7057f16 is-vertical is-layout-flex wp-container-core-group-is-layout-4fc3f8e1 wp-block-group-is-layout-flex\">\n<figure class=\"wp-block-image size-full\"><img loading=\"lazy\" decoding=\"async\" width=\"686\" height=\"704\" src=\"https:\/\/webs.uab.cat\/sem-sitges-27\/wp-content\/uploads\/sites\/740\/2026\/05\/image-90.png\" alt=\"\" class=\"wp-image-672\" srcset=\"https:\/\/webs.uab.cat\/sem-sitges-27\/wp-content\/uploads\/sites\/740\/2026\/05\/image-90.png 686w, https:\/\/webs.uab.cat\/sem-sitges-27\/wp-content\/uploads\/sites\/740\/2026\/05\/image-90-292x300.png 292w\" sizes=\"auto, (max-width: 686px) 100vw, 686px\" \/><\/figure>\n\n\n\n<p class=\"has-small-font-size wp-block-paragraph\"><strong>Vocal<\/strong><\/p>\n\n\n\n<p class=\"has-small-font-size wp-block-paragraph\">Francisco Mac\u00edas Su\u00e1rez<\/p>\n\n\n\n<p class=\"has-small-font-size wp-block-paragraph\">(Universidad de Huelva)<\/p>\n<\/div>\n\n\n\n<div class=\"wp-block-group wp-container-content-a7057f16 is-vertical is-layout-flex wp-container-core-group-is-layout-4fc3f8e1 wp-block-group-is-layout-flex\">\n<figure class=\"wp-block-image size-full\"><img loading=\"lazy\" decoding=\"async\" width=\"678\" height=\"695\" src=\"https:\/\/webs.uab.cat\/sem-sitges-27\/wp-content\/uploads\/sites\/740\/2026\/05\/image-89.png\" alt=\"\" class=\"wp-image-671\" srcset=\"https:\/\/webs.uab.cat\/sem-sitges-27\/wp-content\/uploads\/sites\/740\/2026\/05\/image-89.png 678w, https:\/\/webs.uab.cat\/sem-sitges-27\/wp-content\/uploads\/sites\/740\/2026\/05\/image-89-293x300.png 293w\" sizes=\"auto, (max-width: 678px) 100vw, 678px\" \/><\/figure>\n\n\n\n<p class=\"has-small-font-size wp-block-paragraph\"><strong>Vocal<\/strong><\/p>\n\n\n\n<p class=\"has-small-font-size wp-block-paragraph\">Susana Tim\u00f3n S\u00e1nchez<\/p>\n\n\n\n<p class=\"has-small-font-size wp-block-paragraph\">(Centro Nacional Instituto Geol\u00f3gico y Minero de Espa\u00f1a -IGME CSIC-)<\/p>\n<\/div>\n\n\n\n<div class=\"wp-block-group wp-container-content-a7057f16 is-vertical is-layout-flex wp-container-core-group-is-layout-4fc3f8e1 wp-block-group-is-layout-flex\">\n<figure class=\"wp-block-image size-full\"><img loading=\"lazy\" decoding=\"async\" width=\"702\" height=\"719\" src=\"https:\/\/webs.uab.cat\/sem-sitges-27\/wp-content\/uploads\/sites\/740\/2026\/05\/image-106.png\" alt=\"\" class=\"wp-image-690\" srcset=\"https:\/\/webs.uab.cat\/sem-sitges-27\/wp-content\/uploads\/sites\/740\/2026\/05\/image-106.png 702w, https:\/\/webs.uab.cat\/sem-sitges-27\/wp-content\/uploads\/sites\/740\/2026\/05\/image-106-293x300.png 293w\" sizes=\"auto, (max-width: 702px) 100vw, 702px\" \/><\/figure>\n\n\n\n<p class=\"has-small-font-size wp-block-paragraph\"><strong>Vocal<\/strong><\/p>\n\n\n\n<p class=\"has-small-font-size wp-block-paragraph\">Ra\u00fal Carlos Santos Jorge<\/p>\n\n\n\n<p class=\"has-small-font-size wp-block-paragraph\">(Universidad de Lisboa)<\/p>\n<\/div>\n<\/div>\n","protected":false},"excerpt":{"rendered":"<p>Junta Directiva de la&nbsp;Sociedad Espa\u00f1ola de Mineralog\u00eda (SEM) Presidenta \u00c1ngeles Fern\u00e1ndez Gonz\u00e1lez (Universidad de Oviedo) Vicepresidenta M.\u00aa Isabel Abad Mart\u00ednez (Universidad de Ja\u00e9n) Secretario D\u00eddac Navarro Ciurana (Universitat Aut\u00f2noma de Barcelona) Tesorero Pedro \u00c1lvarez Lloret (Universidad de Oviedo) Vicesecretaria Cinta Barba Brioso (Universidad de Sevilla) Vocal Elisa Laita Flori\u00e1n (Universidad de Ja\u00e9n) Vocal David Benavente [&hellip;]<\/p>\n","protected":false},"author":3257,"featured_media":0,"parent":0,"menu_order":0,"comment_status":"closed","ping_status":"closed","template":"","meta":{"footnotes":""},"class_list":["post-37","page","type-page","status-publish","hentry"],"_links":{"self":[{"href":"https:\/\/webs.uab.cat\/sem-sitges-27\/wp-json\/wp\/v2\/pages\/37","targetHints":{"allow":["GET"]}}],"collection":[{"href":"https:\/\/webs.uab.cat\/sem-sitges-27\/wp-json\/wp\/v2\/pages"}],"about":[{"href":"https:\/\/webs.uab.cat\/sem-sitges-27\/wp-json\/wp\/v2\/types\/page"}],"author":[{"embeddable":true,"href":"https:\/\/webs.uab.cat\/sem-sitges-27\/wp-json\/wp\/v2\/users\/3257"}],"replies":[{"embeddable":true,"href":"https:\/\/webs.uab.cat\/sem-sitges-27\/wp-json\/wp\/v2\/comments?post=37"}],"version-history":[{"count":3,"href":"https:\/\/webs.uab.cat\/sem-sitges-27\/wp-json\/wp\/v2\/pages\/37\/revisions"}],"predecessor-version":[{"id":691,"href":"https:\/\/webs.uab.cat\/sem-sitges-27\/wp-json\/wp\/v2\/pages\/37\/revisions\/691"}],"wp:attachment":[{"href":"https:\/\/webs.uab.cat\/sem-sitges-27\/wp-json\/wp\/v2\/media?parent=37"}],"curies":[{"name":"wp","href":"https:\/\/api.w.org\/{rel}","templated":true}]}}