{"id":165,"date":"2012-05-03T13:49:55","date_gmt":"2012-05-03T13:49:55","guid":{"rendered":"https:\/\/webs.uab.cat\/sibhilla\/enllacos-dinteres\/"},"modified":"2012-05-03T13:49:55","modified_gmt":"2012-05-03T13:49:55","slug":"enllacos-dinteres","status":"publish","type":"page","link":"https:\/\/webs.uab.cat\/sibhilla\/enllacos-dinteres\/","title":{"rendered":"Enlla\u00e7os d&#8217;inter\u00e8s"},"content":{"rendered":"<div>\n<h3>Enlla\u00e7os d&#8217;inter\u00e8s a recursos digitals<\/h3>\n<\/div>\n<p><a href=\"#cataleg1\">Cat\u00e0legs i bases de dades<\/a><\/p>\n<p><span class=\"nivell2\">&nbsp;&nbsp;&nbsp;<a href=\"#cataleg2\"> <\/a><a href=\"#cataleg2\"><span style=\"color: #808080;\">Cat\u00e0legs generals<\/span><\/a><\/span><br \/> <span class=\"nivell2\">&nbsp;&nbsp;&nbsp;&nbsp;<a href=\"#cataleg3\"><span style=\"color: #808080;\">Cat\u00e0legs de biblioteques universit\u00e0ries<\/span><\/a><\/span><br \/> <span class=\"nivell2\">&nbsp;&nbsp;&nbsp;<a href=\"#bases1\">&nbsp;<span style=\"color: #808080;\">Bases de dades i recursos digitals<\/span><\/a><\/span><\/p>\n<p> <a href=\"#arxius1\"><span class=\"nivell1\"><span style=\"color: #b38659;\">Arxius i museus<\/span><\/span><\/a><br \/> <span class=\"nivell2\">&nbsp;&nbsp;<a href=\"#arxius2\">&nbsp;<span style=\"color: #808080;\">Arxius<\/span> <\/a><\/span><br \/> <span class=\"nivell2\">&nbsp;&nbsp;&nbsp;<a href=\"#museus2\"><span style=\"color: #808080;\">Museus<\/span><\/a><\/span><\/p>\n<p> <a href=\"#entitats1\"><span class=\"nivell1\"><span style=\"color: #b38659;\">Entitats i centres d&#8217;estudis<\/span><\/span><\/a><\/p>\n<p> <a href=\"#altres1\"><span class=\"nivell1\"><span style=\"color: #b38659;\">Altres webs d&#8217;inter\u00e8s<\/span><\/span><\/a><\/p>\n<hr>\n<p><strong>&nbsp;<\/strong><\/p>\n<p>&nbsp;<\/p>\n<h4><strong><a name=\"cataleg1\"><\/a>Cat\u00e0legs i bases de dades<\/strong><\/h4>\n<p><strong>&nbsp;<\/strong><\/p>\n<hr>\n<p><span class=\"nivell2\"><strong><a name=\"cataleg2\"><\/a>Cat\u00e0legs generals<\/strong><\/span><\/p>\n<hr>\n<p><span class=\"normal\"> Cat\u00e0leg de la Biblioteca de Catalunya<br \/> <\/span><span class=\"estillink\"><a href=\"http:\/\/www.bnc.cat\/\" target=\"_top\" rel=\"noopener\">http:\/\/www.bnc.cat\/<\/a><\/span><span class=\"normal\"><\/p>\n<p> <\/span><span class=\"normal\">Cat\u00e0leg Col\u00b7lectiu de Lectura P\u00fablica<br \/> <\/span><span class=\"estillink\">&nbsp;<\/span><a href=\"http:\/\/argus.biblioteques.gencat.cat\/iii\/encore\/home?lang=cat\" target=\"_blank\" rel=\"noopener\"><span class=\"normal\">http:\/\/argus.<\/span>biblioteques.gencat.cat\/iii\/encore\/home?lang=cat<\/a><br \/><span class=\"normal\"> <br \/> Cat\u00e0leg de les Biblioteques Especialitzades de la Generalitat de Catalunya<br \/> <\/span><span class=\"estillink\"><a href=\"http:\/\/beg.gencat.net\/vtls\/catalan\/index2.html\" target=\"_top\" rel=\"noopener\">http:\/\/beg.gencat.net\/vtls\/catalan\/index2.html<\/a><\/span><span class=\"normal\"><\/p>\n<p> <\/span><span class=\"normal\"> Cat\u00e0leg Col\u00b7lectiu del Patrimoni Bibliogr\u00e0fic de Catalunya<br \/> <\/span><span class=\"estillink\"><a href=\"http:\/\/www.bnc.es\/catalegs\/patrimoni\/catalan\/inici.php\" target=\"_top\" rel=\"noopener\">http:\/\/www.bnc.es\/catalegs\/patrimoni\/catalan\/inici.php<\/a><\/p>\n<p> Cat\u00e0leg Col\u00b7lectiu de la Xarxa de Biblioteques de la Prov\u00edncia de Barcelona<br \/><span class=\"normal\"><a href=\"http:\/\/sinera.diba.cat\/\" target=\"_blank\" rel=\"noopener\">http:\/\/sinera.diba.cat\/<\/a><br \/><\/span><\/span><\/p>\n<p><span class=\"estillink\">&nbsp;<\/span><span class=\"normal\">C\u00e0taleg de Fons Local de la Biblioteca P\u00fablica de Tarragona<br \/> <\/span><span class=\"estillink\"><a href=\"http:\/\/cultura.gencat.net\/BPTARRAGONA\/abwebp.exe\/X5109\/ID16980\/G0\" target=\"_top\" rel=\"noopener\">http:\/\/cultura.gencat.net\/BPTARRAGONA\/abwebp.exe\/X5109\/ID16980\/G0<\/a><\/span><span class=\"normal\"><\/p>\n<p> <\/span><span class=\"normal\">&nbsp;<\/span><span class=\"normal\">Cat\u00e0leg de la Biblioteca de Montserrat (Abadia de Montserrat)<br \/> <\/span><span class=\"estillink\"><a href=\"http:\/\/www.bibliotecademontserrat.net\/catala\/catalogo.htm\" target=\"_top\" rel=\"noopener\">http:\/\/www.bibliotecademontserrat.net\/catala\/catalogo.htm<\/a><\/span><span class=\"normal\"><\/p>\n<p> Arxiu Hist\u00f2ric i Hemeroteca de la Ciutat de Barcelona<br \/> <\/span><span class=\"estillink\"><a href=\"http:\/\/www.bcn.es\/arxiu\/arxiuhistoric\/\" target=\"_top\" rel=\"noopener\">http:\/\/www.bcn.es\/arxiu\/arxiuhistoric\/<\/a><\/span><span class=\"normal\"><\/p>\n<p> Biblioteca P\u00fablica Ar\u00fas<br \/> <\/span><span class=\"estillink\"><a href=\"http:\/\/www.bpa.es\/\" target=\"_top\" rel=\"noopener\">http:\/\/www.bpa.es\/<\/a><\/span><span class=\"normal\"><\/p>\n<p> Biblioteca Borja (Centre Borja. Sant Cugat del Vall\u00e8s)<br \/> <\/span><span class=\"estillink\"><a href=\"http:\/\/www.bibliotecaborja.org\/\" target=\"_top\" rel=\"noopener\">http:\/\/www.bibliotecaborja.org\/<\/a><\/span><span class=\"normal\"><\/p>\n<p> Cat\u00e0leg de la Biblioteca de l&#8217;Ateneu Barcelon\u00e8s<br \/> <\/span><span class=\"estillink\"><a href=\"http:\/\/biblioteca.ateneubcn.cat\/web\/continguts\/ca\/index.html\" target=\"_top\" rel=\"noopener\">http:\/\/biblioteca.ateneubcn.cat\/web\/continguts\/ca\/index.html<\/a><\/span><\/p>\n<hr>\n<p><strong><span class=\"nivell2\">Cat\u00e0legs de biblioteques universit\u00e0ries<\/span><\/strong><a name=\"cataleg3\"><\/a><\/p>\n<hr>\n<p><span class=\"normal\">Cat\u00e0leg Col\u00b7lectiu de les Universitats de Catalunya<br \/> <\/span><span class=\"estillink\"> <a href=\"http:\/\/ccuc.cbuc.es\" target=\"_top\" rel=\"noopener\">http:\/\/ccuc.cbuc.es<\/a><\/span><span class=\"normal\"><\/p>\n<p> REBIUN. Cat\u00e1logo de la Red de Bibliotecas Universitarias de Espa\u00f1a<\/span><br \/> <span class=\"estillink\"><a href=\"http:\/\/rebiun.crue.org\/\" target=\"_top\" rel=\"noopener\">http:\/\/rebiun.crue.org\/<\/a><\/span><\/p>\n<p> <span class=\"normal\">Biblioteca Virtual Joan Llu\u00eds Vives<\/span><br \/> <span class=\"estillink\"><a href=\"http:\/\/www.lluisvives.com\" target=\"_top\" rel=\"noopener\">http:\/\/www.lluisvives.com<\/a><\/span><\/p>\n<p> <span class=\"normal\"> Universitat Aut\u00f2noma de Barcelona<\/span><br \/> <span class=\"estillink\"><a href=\"http:\/\/www.uab.es\/biblioteques\/\" target=\"_top\" rel=\"noopener\">http:\/\/www.uab.es\/biblioteques\/<\/a><\/span><\/p>\n<p> <span class=\"normal\">Universitat de Barcelona<\/span><br \/> <span class=\"estillink\"><a href=\"http:\/\/www.bib.ub.edu\/bxtu\/\" target=\"_top\" rel=\"noopener\">http:\/\/www.bib.ub.edu\/bxtu\/<\/a><\/span><\/p>\n<p> <span class=\"normal\"> Universitat de Girona<\/span><br \/> <span class=\"estillink\"><a href=\"http:\/\/biblioteca.udg.edu\/\" target=\"_top\" rel=\"noopener\">http:\/\/biblioteca.udg.edu\/<\/a><\/span><\/p>\n<p> <span class=\"normal\"> Universitat de Lleida<\/span><br \/> <span class=\"estillink\"><a href=\"http:\/\/www.bib.udl.es\/\" target=\"_top\" rel=\"noopener\">http:\/\/www.bib.udl.es\/<\/a><\/span><\/p>\n<p> <span class=\"normal\">Universitat de Vic<\/span><br \/> <span class=\"estillink\"><a href=\"http:\/\/www.uvic.cat\/biblioteca\/cataleg\/inici.html\" target=\"_top\" rel=\"noopener\">http:\/\/www.uvic.cat\/biblioteca\/cataleg\/inici.htm<\/a><\/span><a href=\"http:\/\/www.uvic.cat\/biblioteca\/cataleg\/inici.html\">l<\/a><\/p>\n<p> <span class=\"normal\">Universitat Pompeu Fabra<\/span><br \/> <span class=\"estillink\"><a href=\"http:\/\/www.upf.edu\/bib\/index.shtml\" target=\"_top\" rel=\"noopener\">http:\/\/www.upf.edu\/bib\/index.shtml<\/a><\/span><\/p>\n<p> <span class=\"normal\">Universitat Rovira i Virgili<\/span><br \/> <span class=\"estillink\"><a href=\"http:\/\/www.urv.es\/biblioteca\/index.html\" target=\"_top\" rel=\"noopener\">http:\/\/www.urv.es\/biblioteca\/index.html<\/a><\/span><\/p>\n<p> <span class=\"normal\">Universitat Ramon Llull<\/span><br \/> <span class=\"estillink\"><a href=\"http:\/\/www.url.es\/cont\/url\/biblioteques.php#section2\" target=\"_top\" rel=\"noopener\">http:\/\/www.url.es\/cont\/url\/biblioteques.php#section2<\/a><\/span><\/p>\n<p> <span class=\"normal\">Universitat Polit\u00e8cnica de Catalunya<\/span><br \/> <span class=\"estillink\"><a href=\"http:\/\/bibliotecnica.upc.es\/\" target=\"_top\" rel=\"noopener\">http:\/\/bibliotecnica.upc.es\/<\/a><\/span><\/p>\n<p> <span class=\"normal\">Universitat Oberta de Catalunya<\/span><br \/> <span class=\"estillink\"><a href=\"http:\/\/biblioteca.uoc.edu\/cat\/\" target=\"_top\" rel=\"noopener\">http:\/\/biblioteca.uoc.edu\/cat\/<\/a><\/span><\/p>\n<hr>\n<p><span class=\"nivell2\"><strong>Bases de dades i recursos digitals<\/strong><a name=\"bases1\" id=\"bases1\"><\/a><\/span><\/p>\n<hr>\n<p><span class=\"normal\"> RACO. Revistes Catalanes amb Acc\u00e9s Obert<br \/> <\/span><span class=\"estillink\"><a href=\"http:\/\/www.raco.cat\/\" target=\"_top\" rel=\"noopener\">http:\/\/www.raco.cat\/<\/a><\/span><span class=\"normal\"><\/p>\n<p> <\/span><span class=\"normal\">Portal de Revistes de l\u2019Institut Ramon Muntaner<br \/> <\/span><span class=\"estillink\"><a href=\"http:\/\/www.irmu.org\/\" target=\"_top\" rel=\"noopener\">http:\/\/www.irmu.org\/<\/a><\/span><span class=\"normal\"><\/p>\n<p> ARCA. Arxiu de Revistes Catalanes Antigues<br \/> <\/span><span class=\"estillink\"><a href=\"http:\/\/www.bnc.cat\/digital\/arca\/index.html\" target=\"_top\" rel=\"noopener\">http:\/\/www.bnc.cat\/digital\/arca\/index.html<\/a><\/span><span class=\"normal\"><\/p>\n<p> Fons local de publicacions peri\u00f2diques<br \/> <\/span><span class=\"estillink\"><a href=\"http:\/\/www.diba.es\/xbcr\/default.htm\" target=\"_top\" rel=\"noopener\">http:\/\/www.diba.es\/xbcr\/default.htm<\/a><\/span><span class=\"normal\"><\/p>\n<p> Biblioteca Virtual de Prensa Hist\u00f3rica<br \/> <a href=\"http:\/\/prensahistorica.mcu.es\/ca\/estaticos\/contenido.cmd?pagina=estaticos%2Fpresentacion\" target=\"_top\" rel=\"noopener\">http:\/\/prensahistorica.mcu.es\/ca\/estaticos\/contenido.cmd?pagina=estaticos%2Fpresentacion<\/a><\/p>\n<p> <\/span><span class=\"normal\"> Portal de revistes electr\u00f2niques TECNOCIENCIA<br \/> <\/span><span class=\"estillink\"><a href=\"http:\/\/www.tecnociencia.es\/\" target=\"_top\" rel=\"noopener\">http:\/\/www.tecnociencia.es\/<\/a><\/span><span class=\"normal\"><\/p>\n<p> <\/span><span class=\"normal\"> COMPLUDOC: Base de Datos de Art\u00edculos de Revistas <\/span><span class=\"estillink\"><br \/> <a href=\"http:\/\/europa.sim.ucm.es\/compludoc\/\" target=\"_top\" rel=\"noopener\">http:\/\/europa.sim.ucm.es\/compludoc\/<\/a><\/span><span class=\"normal\"><\/p>\n<p> <\/span><span class=\"normal\"> Biblioteca Digital de Catalunya<br \/> <\/span><span class=\"estillink\"><a href=\"http:\/\/www.cbuc.es\/cbuc\/programes_i_serveis\/bdc\" target=\"_top\" rel=\"noopener\">http:\/\/www.cbuc.es\/cbuc\/programes_i_serveis\/bdc\/<\/a><\/span><span class=\"normal\"><\/p>\n<p> Patrimoni Digital de Catalunya<br \/> <\/span><span class=\"estillink\"><a href=\"http:\/\/www.padicat.cat\/\" target=\"_top\" rel=\"noopener\">http:\/\/www.padicat.cat\/<\/a><\/span><span class=\"normal\"><\/p>\n<p> Base de Datos de Libros Editados en Espa\u00f1a (ISBN)<br \/> <\/span><span class=\"estillink\"><a href=\"http:\/\/www.mcu.es\/webISBN\/cargarLibroBusquedaAvanzada.do?cache=init&amp;prev_layout=busquedaisbn&amp;layout=busquedaisbn&amp;language=es\" target=\"_top\" rel=\"noopener\">http:\/\/www.mcu.es\/webISBN\/cargarLibroBusquedaAvanzada.do?cache=init&amp;prev_layout=busquedaisbn&amp;layout=busquedaisbn&amp;language=es<\/a><\/span><span class=\"normal\"><\/p>\n<p> <\/span><span class=\"normal\"> TDX. Tesis doctorals en xarxa<br \/> <\/span><a href=\"http:\/\/www.tdx.cat\" target=\"_blank\" rel=\"noopener\"><span class=\"estillink\">http:\/\/www.tdx.c<\/span><\/a><span class=\"normal\"><a href=\"http:\/\/www.tdx.cat\" target=\"_blank\" rel=\"noopener\">at<\/a><\/p>\n<p> TESEO. Base de Datos de Tesis Doctorales<br \/> <\/span><a href=\"https:\/\/www.educacion.gob.es\/teseo\/irGestionarConsulta.do\" target=\"_blank\" rel=\"noopener\">https:\/\/www.educacion.gob.es\/teseo\/irGestionarConsulta.do<\/a><br \/><span class=\"normal\"> <br \/> <\/span><span class=\"normal\"> RECERCAT. Dip\u00f2sit de la Recerca de Catalunya<br \/> <\/span><span class=\"estillink\"><a href=\"http:\/\/www.recercat.net\/\" target=\"_top\" rel=\"noopener\">http:\/\/www.recercat.net\/<\/a><\/span><\/p>\n<p> <span class=\"normal\">DDD. Dip\u00f2sit Digital de Documents de la UAB<\/span><br \/> <span class=\"estillink\"><a href=\"http:\/\/ddd.uab.es\/\" target=\"_top\" rel=\"noopener\">http:\/\/ddd.uab.es\/<\/a><\/span><\/p>\n<p> <span class=\"normal\"> MDC. Mem\u00f2ria Digital de Catalunya<br \/> <\/span><span class=\"estillink\"><a href=\"http:\/\/mdc.cbuc.cat\/\" target=\"_top\" rel=\"noopener\">http:\/\/mdc.cbuc.cat\/<\/a><\/span><span class=\"normal\"><\/p>\n<p> Biblioteca Digital Tarraconense (BDT)<br \/> <\/span><span class=\"estillink\"><a href=\"http:\/\/www.bibliodt.org\/bdt\/welcome.html\" target=\"_top\" rel=\"noopener\">http:\/\/www.bibliodt.org\/bdt\/welcome.html<\/a><\/span><span class=\"normal\"><\/p>\n<p> TRACES. Base de Dades de Llengua i Literatura Catalanes<br \/> <\/span><span class=\"estillink\"><a href=\"http:\/\/www.traces.uab.es\/tracesbd\/\" target=\"_top\" rel=\"noopener\">http:\/\/www.traces.uab.es\/tracesbd\/<\/a><\/span><span class=\"normal\"><\/p>\n<p> Diccionari Catalunya durant el Franquisme<br \/> <\/span><span class=\"estillink\"><a href=\"http:\/\/cefid.uab.es\/diccionari\/wfran\/form.htm\" target=\"_top\" rel=\"noopener\">http:\/\/cefid.uab.es\/diccionari\/wfran\/form.htm<\/a><\/span><span class=\"normal\"><\/p>\n<p> BDH. Base de Dades de Documents Hist\u00f2rics<br \/> <\/span><span class=\"estillink\"><a href=\"http:\/\/hipatia.uab.es\/bdh\/bdh.asp\" target=\"_top\" rel=\"noopener\">http:\/\/hipatia.uab.es\/bdh\/bdh.asp<\/a><\/span><span class=\"normal\"><\/p>\n<p> Bases de Datos Bibliogr\u00e1ficas del CSIC<br \/> <\/span><span class=\"estillink\"><a href=\"http:\/\/bddoc.csic.es:8080\/index.jsp\">http:\/\/bddoc.csic.es:8080\/index.jsp<\/a><\/span><span class=\"normal\"><\/p>\n<p> Dialnet. Portal de difusi\u00f3n de la producci\u00f3n cient\u00edfica hispana<br \/> <\/span><span class=\"estillink\"><a href=\"http:\/\/dialnet.unirioja.es\/\" target=\"_top\" rel=\"noopener\">http:\/\/dialnet.unirioja.es\/<\/a><\/span><span class=\"normal\"><\/p>\n<p> Base Documental d&#8217;Hist\u00f2ria Contempor\u00e0nia de Catalunya<br \/> <\/span><span class=\"estillink\"><a href=\"http:\/\/www.xtec.cat\/%7Ejrovira6\/index.htm\" target=\"_top\" rel=\"noopener\">http:\/\/www.xtec.cat\/~jrovira6\/index.htm<\/a><\/span><span class=\"normal\"><\/p>\n<p> Centres de documentaci\u00f3 dels Parcs Naturals<br \/> <\/span><span class=\"estillink\"><a href=\"http:\/\/www.diba.cat\/cdparcs\/default.asp\" target=\"_top\" rel=\"noopener\">http:\/\/www.diba.cat\/cdparcs\/default.asp<\/a><\/span><span class=\"normal\"><\/p>\n<p> <\/span><\/p>\n<hr>\n<p>&nbsp;<\/p>\n<h4><strong><a name=\"arxius1\"><\/a>Arxius i museus<\/strong><\/h4>\n<p><span class=\"normal\">&nbsp;<\/span><\/p>\n<hr>\n<p><span class=\"nivell2\"><strong>Arxius<\/strong><a name=\"arxius2\"><\/a><\/span><\/p>\n<hr>\n<p><span class=\"normal\"> Arxiu Nacional de Catalunya<br \/> <\/span><span class=\"estillink\"> <a href=\"http:\/\/cultura.gencat.net\/anc\/index.htm\" target=\"_top\" rel=\"noopener\">http:\/\/cultura.gencat.net\/anc\/index.htm<\/a><\/span><span class=\"normal\"><\/p>\n<p> Arxiu de la Corona d&#8217;Arag\u00f3<br \/> <\/span><span class=\"estillink\"><a href=\"http:\/\/www.mcu.es\/archivos\/MC\/ACA\/index.html\" target=\"_top\" rel=\"noopener\">http:\/\/www.mcu.es\/archivos\/MC\/ACA\/index.html<\/a><\/span><span class=\"normal\"><\/p>\n<p> Cercador dels arxius de Catalunya<br \/> <\/span><span class=\"estillink\"> <a href=\"http:\/\/cultura.gencat.net\/arxius\/directori.asp\" target=\"_top\" rel=\"noopener\">http:\/\/cultura.gencat.net\/arxius\/directori.asp<\/a><\/span><span class=\"normal\"><\/p>\n<p> Arxius Comarcals de Catalunya<br \/> <\/span><span class=\"estillink\"><a href=\"http:\/\/cultura.gencat.net\/arxius\/arxicoma.asp\" target=\"_top\" rel=\"noopener\">http:\/\/cultura.gencat.net\/arxius\/arxicoma.asp<\/a><\/span><span class=\"normal\"><\/p>\n<p> Arxiu General de la Diputaci\u00f3 de Barcelona<br \/> <\/span><span class=\"estillink\"><a href=\"http:\/\/www.diba.es\/arxiu\/default.asp\" target=\"_top\" rel=\"noopener\">http:\/\/www.diba.es\/arxiu\/default.asp<\/a><\/span><span class=\"normal\"><\/p>\n<p> Arxiu de la Diputaci\u00f3 de Tarragona<br \/> <\/span><span class=\"estillink\"><a href=\"http:\/\/www.diputaciodetarragona.cat\/houdipu\/web-dipu\/per_tu\/arxiu\/index.php\" target=\"_top\" rel=\"noopener\">http:\/\/www.diputaciodetarragona.cat\/houdipu\/web-dipu\/per_tu\/arxiu\/index.php<\/a><\/span><span class=\"normal\"><\/p>\n<p> Arxiu Municipal Administratiu de Barcelona<br \/> <\/span><span class=\"estillink\"><a href=\"http:\/\/www.bcn.es\/arxiu\/administratiu\/\" target=\"_top\" rel=\"noopener\">http:\/\/www.bcn.es\/arxiu\/administratiu\/<\/a><\/span><span class=\"normal\"><\/p>\n<p> Arxiu Municipal de Lleida<br \/> <\/span><span class=\"estillink\">&nbsp;<\/span><a href=\"http:\/\/imac.paeria.es\/ca\/arxiuMunicipal\/\" target=\"_blank\" rel=\"noopener\">http:\/\/imac.paeria.es\/ca\/arxiuMunicipal\/<\/a><br \/><span class=\"normal\"> <br \/> Arxiu Episcopal de Vic<br \/> <\/span><span class=\"estillink\"><a href=\"http:\/\/www.abev.net\/arxiu\/wxis.exe?IsisScript=ARXIU_PA.xis&amp;form_search=Search\" target=\"_top\" rel=\"noopener\">http:\/\/www.abev.net\/arxiu\/wxis.exe?IsisScript=ARXIU_PA.xis&amp;form_search=Search<\/a><\/span><span class=\"normal\"><\/p>\n<p> Arxiu Dioces\u00e0 de Barcelona<br \/> <\/span><a href=\"http:\/\/www.cultura.arqbcn.cat\/arxiu_cat.php\" target=\"_blank\" rel=\"noopener\">http:\/\/www.cultura.arqbcn.cat\/arxiu_cat.php<\/a><span class=\"normal\"><\/p>\n<p> Arxiu Dioces\u00e0 de Girona<br \/> <\/span><span class=\"estillink\"><a href=\"http:\/\/www.arxiuadg.org\/arxiu\/inici_credits.php?lleng=cast_\" target=\"_top\" rel=\"noopener\">http:\/\/www.arxiuadg.org\/arxiu\/inici_credits.php?lleng=cast_<\/a><\/span><span class=\"normal\"><\/p>\n<p> Arxiu Dioces\u00e0 de Lleida<br \/> <\/span><span class=\"estillink\"><a href=\"http:\/\/www.bisbatlleida.org\/arxiu\/arxiu.htm\" target=\"_top\" rel=\"noopener\">http:\/\/www.bisbatlleida.org\/arxiu\/arxiu.htm<\/a><\/span><span class=\"normal\"><\/p>\n<p> Arxiu de la Catedral de Lleida<br \/> <\/span><span class=\"estillink\"><a href=\"http:\/\/www.bisbatlleida.org\/catedral\/arxcatedr.htm\" target=\"_top\" rel=\"noopener\">http:\/\/www.bisbatlleida.org\/catedral\/arxcatedr.htm<\/a><\/span><span class=\"normal\"><\/p>\n<p> Arxius Fotogr\u00e0fics de Catalunya<br \/> <\/span><span class=\"estillink\"><a href=\"http:\/\/www.ultrafox.com\/ct\/iafc\/afindex.htm\" target=\"_top\" rel=\"noopener\">http:\/\/www.ultrafox.com\/ct\/iafc\/afindex.htm<\/a><\/span><span class=\"normal\"><\/p>\n<p> Arxiu Gav\u00edn<br \/> <\/span><a href=\"http:\/\/arxiugavin.wordpress.com\/\" target=\"_blank\" rel=\"noopener\">http:\/\/arxiugavin.wordpress.com\/<\/a><\/p>\n<p><span class=\"normal\">Arxiu Coderch<br \/> <\/span><span class=\"estillink\"><a href=\"http:\/\/www-etsav.upc.es\/arxcoderch\/index.htm\" target=\"_top\" rel=\"noopener\">http:\/\/www-etsav.upc.es\/arxcoderch\/index.htm<\/a><\/span><span class=\"normal\"><\/p>\n<p> Archives D\u00e9partementales des Pyren\u00e9es Orientales<br \/> <\/span><span class=\"estillink\"><a href=\"http:\/\/www.cg66.fr\/culture\/archives\/index.html\" target=\"_top\" rel=\"noopener\">http:\/\/www.cg66.fr\/culture\/archives\/index.html<\/a><\/span><span class=\"normal\"><\/p>\n<p> Associaci\u00f3 d&#8217;Arxivers de Catalunya<br \/> <\/span><a href=\"http:\/\/www.arxivers.com\/\" target=\"_blank\" rel=\"noopener\">http:\/\/www.arxivers.com\/<\/a><span class=\"normal\"><\/p>\n<p> <\/span><\/p>\n<hr>\n<p><strong><span class=\"nivell2\">Museus<\/span><\/strong><span class=\"normal\"><a name=\"museus2\" id=\"museus2\"><\/a><\/span><\/p>\n<hr>\n<p><span class=\"normal\"> Museu d&#8217;Hist\u00f2ria de Catalunya<br \/> <\/span><a href=\"http:\/\/www.mhcat.net\/\" target=\"_blank\" rel=\"noopener\">http:\/\/www.mhcat.net\/<\/a><span class=\"normal\"><\/p>\n<p> Cercador de Museus. Museus i col\u00b7leccions de Catalunya<br \/> <\/span><span class=\"estillink\"><a href=\"http:\/\/cultura.gencat.net\/museus\/muscerca1.asp\" target=\"_top\" rel=\"noopener\">http:\/\/cultura.gencat.net\/museus\/muscerca1.asp<\/a><\/span><span class=\"normal\"><\/p>\n<p> Xarxa de Museus Locals. Diputaci\u00f3 de Bracelona<br \/> <\/span><a href=\"http:\/\/www.diba.cat\/web\/opc\/default_xml\" target=\"_blank\" rel=\"noopener\">http:\/\/www.diba.cat\/web\/opc\/default_xml<\/a><span class=\"normal\"><\/p>\n<p> Museu d&#8217;Arqueologia de Catalunya<br \/> <\/span><a href=\"http:\/\/www.mac.cat\/\" target=\"_blank\" rel=\"noopener\">http:\/\/www.mac.cat\/<\/a><span class=\"normal\"><\/p>\n<p> Museu Nacional de la Ci\u00e8ncia i la T\u00e8cnica de Catalunya<br \/> <\/span><a href=\"http:\/\/www.mnactec.cat\/\" target=\"_blank\" rel=\"noopener\">http:\/\/www.mnactec.cat\/<\/a><span class=\"normal\"><\/p>\n<p> Museu de la Hist\u00f2ria de la Immigraci\u00f3 de Catalunya (MHIC)<br \/> <\/span><span class=\"estillink\"><a href=\"http:\/\/www.mhic.net\/\" target=\"_top\" rel=\"noopener\">http:\/\/www.mhic.net\/<\/a><\/span><span class=\"normal\"><\/p>\n<p> Museu Memorial de l&#8217;Exili (MUME)<br \/> <a href=\"http:\/\/www.museuexili.cat\/\" target=\"_top\" rel=\"noopener\">http:\/\/www.museuexili.cat\/<\/a><\/p>\n<p> Museu Episcopal de Vic<br \/> <\/span><span class=\"estillink\"><a href=\"http:\/\/www.museuepiscopalvic.com\" target=\"_top\" rel=\"noopener\">http:\/\/www.museuepiscopalvic.com<\/a><\/span><span class=\"normal\"><\/p>\n<p> Museu Mar\u00edtim de Barcelona<br \/> <\/span><span class=\"estillink\"><a href=\"http:\/\/www.museumaritimbarcelona.org\" target=\"_top\" rel=\"noopener\">http:\/\/www.museumaritimbarcelona.org<\/a><\/span><span class=\"normal\"><\/p>\n<p> Museu de Montserrat<br \/> <\/span><span class=\"estillink\"><a href=\"http:\/\/www.montserratvisita.com\/Cultura\/_pUI7-gXTbraorWsYtYXV_cNn3xUjT0lQtF9DlHWIlRA\" target=\"_top\" rel=\"noopener\">http:\/\/www.montserratvisita.com\/Cultura\/_pUI7-gXTbraorWsYtYXV_cNn3xUjT0lQtF9DlHWIlRA<\/a><\/span><span class=\"normal\"><\/p>\n<p>Biblioteca Museu V\u00edctor Balaguer<br \/> <\/span><span class=\"estillink\"><a href=\"http:\/\/www.victorbalaguer.cat\" target=\"_top\" rel=\"noopener\">http:\/\/www.victorbalaguer.cat<\/a><\/span><\/p>\n<p><span class=\"normal\">Associaci\u00f3 de Muse\u00f2legs de Catalunya<br \/> <\/span><span class=\"estillink\"><a href=\"http:\/\/www.museologia.org\/\" target=\"_top\" rel=\"noopener\">http:\/\/www.museologia.org\/<\/a><\/span><span class=\"normal\"><\/p>\n<p> <\/span><\/p>\n<hr>\n<p>&nbsp;<\/p>\n<h4><strong><a name=\"entitats1\"><\/a>Entitats i centres d&#8217;estudis<\/strong><\/h4>\n<p>&nbsp;<\/p>\n<hr>\n<p><span class=\"normal\"> Coordinadora de Centres d&#8217;Estudis de Parla Catalana. CCEPC<br \/> <\/span><span class=\"estillink\"><a href=\"http:\/\/www.ccepc.org\/\" target=\"_top\" rel=\"noopener\">http:\/\/www.ccepc.org\/<\/a><\/span><span class=\"normal\"><\/p>\n<p> <\/span><span class=\"normal\">Institut Ramon Muntaner<br \/> <\/span><span class=\"estillink\"><a href=\"http:\/\/www.irmu.org\/\" target=\"_top\" rel=\"noopener\">http:\/\/www.irmu.org\/<\/a><\/span><span class=\"normal\"><\/p>\n<p> Centre d&#8217;Estudis Hist\u00f2rics Internacionals (Pavell\u00f3 de la Rep\u00fablica)<br \/> <\/span><span class=\"estillink\"><a href=\"http:\/\/www.ub.es\/cehi\/descrip.php\" target=\"_top\" rel=\"noopener\">http:\/\/www.ub.es\/cehi\/descrip.php<\/a><\/span><span class=\"normal\"><\/p>\n<p> Institut d&#8217;Estudis Catalans<br \/> <\/span><span class=\"estillink\"><a href=\"http:\/\/www.iec.cat\" target=\"_top\" rel=\"noopener\">http:\/\/www.iec.cat<\/a><\/span><span class=\"normal\"><\/p>\n<p> Patronat Francesc Eiximenis<br \/> <\/span><span class=\"estillink\"><a href=\"http:\/\/www.ddgi.cat\/eiximenis\/\" target=\"_top\" rel=\"noopener\">http:\/\/www.ddgi.cat\/eiximenis\/<\/a><\/span><span class=\"normal\"><\/p>\n<p> Institut d&#8217;Estudis Ilerdencs<br \/> <\/span><span class=\"estillink\"><a href=\"http:\/\/www.fpiei.es\/\" target=\"_top\" rel=\"noopener\">http:\/\/www.fpiei.es\/<\/a><\/span><span class=\"normal\"><\/p>\n<p> Centre d&#8217;Hist\u00f2ria Contempor\u00e0nia de Catalunya<br \/> <\/span><span class=\"estillink\"><a href=\"http:\/\/www.gencat.net\/chcc\/\" target=\"_top\" rel=\"noopener\">http:\/\/www.gencat.net\/chcc\/<\/a><\/span><span class=\"normal\"><\/p>\n<p> Centre d&#8217;Estudis Demogr\u00e0fics<br \/> <\/span><span class=\"estillink\"><a href=\"http:\/\/www.ced.uab.es\/catalonia\/projectes\/p57.htm\" target=\"_top\" rel=\"noopener\">http:\/\/www.ced.uab.es\/catalonia\/projectes\/p57.htm<\/a><\/span><span class=\"normal\"><\/p>\n<p> Institut Cartogr\u00e0fic de Catalunya<br \/> <\/span><span class=\"estillink\"><a href=\"http:\/\/www.icc.es\/portal\/\" target=\"_top\" rel=\"noopener\">http:\/\/www.icc.es\/portal\/<\/a><\/span><span class=\"normal\"><\/p>\n<p> Institut d&#8217;Estad\u00edstica de Catalunya<br \/> <\/span><span class=\"estillink\"><a href=\"http:\/\/www.idescat.net\/\" target=\"_top\" rel=\"noopener\">http:\/\/www.idescat.net\/<\/a><\/span><span class=\"normal\"><\/p>\n<p> Institut d&#8217;Estudis Medievals<br \/> <\/span><a href=\"http:\/\/centresderecerca.uab.cat\/iem\/\" target=\"_blank\" rel=\"noopener\">http:\/\/centresderecerca.uab.cat\/iem\/<\/a><br \/><span class=\"estillink\"> <br \/> <\/span><span class=\"normal\"> Societat Catalana de Genealogia, Her\u00e0ldica, Sigil\u00b7lografia, Vexil\u00b7lologia i Nobili\u00e0ria<br \/> <\/span><span class=\"estillink\"><a href=\"http:\/\/www.scgenealogia.org\/\" target=\"_top\" rel=\"noopener\">http:\/\/www.scgenealogia.org\/<\/a><\/span><span class=\"normal\"><\/p>\n<p> Societat Catalana de Geografia<br \/> <\/span><span class=\"estillink\"><a href=\"http:\/\/scg.iec.cat\/\" target=\"_top\" rel=\"noopener\">http:\/\/scg.iec.cat\/<\/a><\/span><span class=\"normal\"><\/p>\n<p> Societat Catalana d&#8217;Hist\u00f2ria de la Ci\u00e8ncia i de la T\u00e8cnica<\/span><span class=\"estillink\"><br \/> <a href=\"http:\/\/schct.iec.cat\/\" target=\"_top\" rel=\"noopener\">http:\/\/schct.iec.cat\/<\/a><\/p>\n<p> <\/span><span class=\"normal\"> Amics de l&#8217;Art Rom\u00e0nic<br \/> <\/span><span class=\"estillink\"><a href=\"http:\/\/aar.iec.cat\/\" target=\"_top\" rel=\"noopener\">http:\/\/aar.iec.cat\/<\/a><\/span><span class=\"normal\"><\/p>\n<p> Amics dels Museus de Catalunya<br \/> <\/span><span class=\"estillink\"><a href=\"http:\/\/www.amicsdelsmuseus.org\/\" target=\"_top\" rel=\"noopener\">http:\/\/www.amicsdelsmuseus.org\/<\/a><\/span><span class=\"normal\"><\/p>\n<p> <\/span><span class=\"normal\"> Fundaci\u00f3 Castells Culturals Catalunya<br \/> <a href=\"http:\/\/www.castellscatalunya.com\/cat-1-14\" target=\"_top\" rel=\"noopener\">http:\/\/www.castellscatalunya.com\/cat-1-14<\/a><\/p>\n<p> Institut d&#8217;Estudis Regionals i Metropolitans de Barcelona<br \/> <\/span><span class=\"estillink\"><a href=\"http:\/\/www.iermb.uab.es\/\" target=\"_top\" rel=\"noopener\">http:\/\/www.iermb.uab.es\/<\/a><\/span><span class=\"normal\"><\/p>\n<p> Centre d&#8217;Estudis sobre les \u00c8poques Franquista i Democr\u00e0tica<br \/> <\/span><span class=\"estillink\"><a href=\"http:\/\/www.cefid.uab.es\" target=\"_top\" rel=\"noopener\">http:\/\/www.cefid.uab.es<\/a><\/span><span class=\"normal\"><\/p>\n<p> Centre de Promoci\u00f3 de la Cultura Popular i Tradicional Catalana<br \/> <\/span><span class=\"estillink\"> <a href=\"http:\/\/cultura.gencat.net\/cpcptc\/index.htm\" target=\"_top\" rel=\"noopener\">http:\/\/cultura.gencat.net\/cpcptc\/index.htm<\/a><\/span><span class=\"normal\"><\/p>\n<p> Centre Excursionista de Catalunya<br \/> <\/span><span class=\"estillink\"><a href=\"http:\/\/www.cec.cat\/\" target=\"_top\" rel=\"noopener\">http:\/\/www.cec.cat\/<\/a><\/span><span class=\"normal\"><\/p>\n<p> Memorial Democr\u00e0tic<br \/> <\/span><a href=\"http:\/\/www20.gencat.cat\/portal\/site\/memorialdemocratic\" target=\"_blank\" rel=\"noopener\">http:\/\/www20.gencat.cat\/portal\/site\/memorialdemocratic<\/a><br \/><span class=\"normal\"> <br \/> Associaci\u00f3 per a la recuperaci\u00f3 de la Mem\u00f2ria Hist\u00f2rica de Catalunya<br \/> <\/span><span class=\"estillink\"><a href=\"http:\/\/www.memoriacatalunya.org\" target=\"_top\" rel=\"noopener\">http:\/\/www.memoriacatalunya.org<\/a><\/span><span class=\"normal\"><\/p>\n<p> Confederaci\u00f3n Espa\u00f1ola de Centros de Estudios Locales (CECEL)<br \/> <\/span><span class=\"estillink\"><a href=\"http:\/\/www.filol.csic.es\/CECEL\/\" target=\"_top\" rel=\"noopener\">http:\/\/www.filol.csic.es\/CECEL\/<\/a><\/span><span class=\"normal\"><\/p>\n<p> Grup d&#8217;Hist\u00f2ria del Casal de Mataro<br \/> <\/span><span class=\"estillink\"><a href=\"http:\/\/www.ghcmataro.org\/\" target=\"_top\" rel=\"noopener\">http:\/\/www.ghcmataro.org\/<\/a><\/span><span class=\"normal\"><\/p>\n<p> Taller d&#8217;Hist\u00f2ria de Gr\u00e0cia<br \/> <\/span><a href=\"http:\/\/www.tallerhistoriadegracia.cat\/\" target=\"_blank\" rel=\"noopener\">http:\/\/www.tallerhistoriadegracia.cat\/<\/a><span class=\"normal\"><\/p>\n<p> Taller d&#8217;Hist\u00f2ria de Ma\u00e7anet de la Selva<br \/> <\/span><span class=\"estillink\"><a href=\"http:\/\/www.tallerhistoriamassanet.cat\/htm\/index.asp?seccio=publicacions\" target=\"_top\" rel=\"noopener\">http:\/\/www.tallerhistoriamassanet.cat\/htm\/index.asp?seccio=publicacions<\/a><\/span><span class=\"normal\"><\/p>\n<p> Taller d&#8217;Hist\u00f2ria de Celr\u00e0<br \/> <\/span><span class=\"estillink\"><a href=\"http:\/\/tdhcelra.blogspot.com\/\" target=\"_top\" rel=\"noopener\">http:\/\/tdhcelra.blogspot.com\/<\/a><\/span><span class=\"normal\"><\/p>\n<p> Fundaci\u00f3 Utopia Juan N. Garcia-Nieto<\/span><span class=\"estillink\"> <br \/> <a href=\"http:\/\/www.fundacioutopia.com\" target=\"_top\" rel=\"noopener\">http:\/\/www.fundacioutopia.com<\/a><\/p>\n<p> <\/span><span class=\"normal\">Fundaci\u00f3 Jaume Bofill<br \/> <\/span> <span class=\"estillink\"> <a href=\"http:\/\/www.fbofill.cat\/\" target=\"_top\" rel=\"noopener\">http:\/\/www.fbofill.cat\/<\/a><\/p>\n<p> <\/span><span class=\"normal\">Fundaci\u00f3 Rafael Campalans<\/span><span class=\"estillink\"><br \/> <a href=\"http:\/\/www.fundaciocampalans.com\/\" target=\"_top\" rel=\"noopener\">http:\/\/www.fundaciocampalans.com\/<\/a><\/p>\n<p> <\/span><span class=\"normal\">Fundaci\u00f3 Carles Pi i Sunyer<\/span><span class=\"estillink\"><br \/> <a href=\"http:\/\/www.pisunyer.org\/\" target=\"_top\" rel=\"noopener\">http:\/\/www.pisunyer.org\/<\/a><\/p>\n<p> <\/span><\/p>\n<hr>\n<p>&nbsp;<\/p>\n<h4><a name=\"altres1\"><\/a>Altres webs d&#8217;inter\u00e8s<\/h4>\n<p>&nbsp;<\/p>\n<hr>\n<p><span class=\"normal\"> Nomencl\u00e0tor oficial de topon\u00edmia major de Catalunya <br \/> <\/span><a href=\"http:\/\/www20.gencat.cat\/portal\/site\/ptop\/menuitem.dbf7b17bb47cda345f13ae92b0c0e1a0\/?vgnextoid=32f04413c1548210VgnVCM1000008d0c1e0aRCRD&amp;vgnextchannel=32f04413c1548210VgnVCM1000008d0c1e0aRCRD\" target=\"_blank\" rel=\"noopener\">http:\/\/www20.gencat.cat\/portal\/site\/ptop\/menuitem.dbf7b17bb47cda345f13ae92b0c0e1a0\/?vgnextoid=32f04413c1548210VgnVCM1000008d0c1e0aRCRD&amp;vgnextchannel=32f04413c1548210VgnVCM1000008d0c1e0aRCRD<\/a><br \/> <span class=\"normal\"> <br \/> <\/span><span class=\"normal\"> Portal Giron\u00ed d&#8217;Hist\u00f2ria i Genealogia<br \/> <\/span><span class=\"estillink\"><a href=\"http:\/\/www.bohigas.com\/\" target=\"_top\" rel=\"noopener\">http:\/\/www.bohigas.com\/<\/a><\/span><span class=\"normal\"><\/p>\n<p> Arxiu d&#8217;Imatges Emili Massanas i Burcet<br \/> <a href=\"http:\/\/www.ddgi.cat\/aiembWeb\/\" target=\"_top\" rel=\"noopener\"> http:\/\/www.ddgi.cat\/aiembWeb\/ Fotografies de Barcelona. Cr\u00f2nica i anecdotari<\/a><\/p>\n<p> <\/span><span class=\"normal\"> L&#8217;Aven\u00e7. Revista d&#8217;Hist\u00f2ria i Cultura<br \/> <\/span><span class=\"estillink\"><a href=\"http:\/\/www.lavenc.com\/\" target=\"_top\" rel=\"noopener\">http:\/\/www.lavenc.com\/<\/a><\/span><span class=\"normal\"><\/p>\n<p> Plecs d&#8217;Hist\u00f2ria Local<br \/> <\/span><span class=\"estillink\"><a href=\"http:\/\/www.sre.urv.es\/irmu\/plecs\/\" target=\"_top\" rel=\"noopener\">http:\/\/www.sre.urv.es\/irmu\/plecs\/<\/a><\/span><span class=\"normal\"><\/p>\n<p> Segle XX. Revista catalana d&#8217;Hist\u00f2ria<br \/> <\/span><a href=\"http:\/\/seglexxrevistacatalanahistoria.blogspot.com\/\" target=\"_blank\" rel=\"noopener\">http:\/\/seglexxrevistacatalanahistoria.blogspot.com\/<\/a><\/p>\n<p><span class=\"normal\">&nbsp;<\/span><span class=\"normal\"><br \/> Biblioteca del Parlament de Catalunya<br \/> <\/span><span class=\"estillink\"><a href=\"http:\/\/www.parlament.cat\/cgi-bin\/abwebp.exe\/X6101\/ID1009200841\/G0\" target=\"_top\" rel=\"noopener\">http:\/\/www.parlament.cat\/cgi-bin\/abwebp.exe\/X6101\/ID19575\/G0<\/a><\/span><span class=\"normal\"><\/p>\n<p> Temes d&#8217;Hist\u00f2ria Contempor\u00e0nia<br \/> <\/span><span class=\"estillink\"><a href=\"http:\/\/www.buxaweb.com\/historia\/temes\/\" target=\"_top\" rel=\"noopener\">http:\/\/www.buxaweb.com\/historia\/temes\/<\/a><\/span><span class=\"normal\"><\/p>\n<p> Rafael Dalmau Editor<br \/> <\/span><span class=\"estillink\"><a href=\"http:\/\/www.rafaeldalmaueditor.cat\/\" target=\"_top\" rel=\"noopener\">http:\/\/www.rafaeldalmaueditor.cat\/ <\/a><\/span><span class=\"normal\"><\/p>\n<p> Cosset\u00e0nia Edicions<br \/> <\/span><span class=\"estillink\"><a href=\"http:\/\/www.cossetania.com\/\" target=\"_top\" rel=\"noopener\">http:\/\/www.cossetania.com\/<\/a><\/span><span class=\"normal\"><\/p>\n<p> Eumo Editorial<br \/> <\/span><span class=\"estillink\"><a href=\"http:\/\/www.eumoeditorial.com\/\" target=\"_top\" rel=\"noopener\">http:\/\/www.eumoeditorial.com\/<\/a><\/span><span class=\"normal\"><\/p>\n<p> Publicacions de l&#8217;Abadia de Montserrat<br \/> <\/span><span class=\"estillink\"><a href=\"http:\/\/www.pamsa.com\/\" target=\"_top\" rel=\"noopener\">http:\/\/www.pamsa.com\/<\/a><\/span><span class=\"normal\"><\/p>\n<p> Enciclop\u00e8dia Catalana<br \/> <\/span><span class=\"estillink\"><a href=\"http:\/\/www.enciclopedia-catalana.com\/\" target=\"_top\" rel=\"noopener\">http:\/\/www.enciclopedia-catalana.com\/<\/a><\/span><span class=\"normal\"><\/p>\n<p> L&#8217;Arc de Ber\u00e0. Cat\u00e0leg editorial del llibre en catal\u00e0<br \/> <\/span><span class=\"estillink\"><a href=\"http:\/\/www.arcdebera.com\/editorials\/ACCAT\/1.htm\" target=\"_top\" rel=\"noopener\">http:\/\/www.arcdebera.com\/editorials\/ACCAT\/1.htm<\/a><\/span><span class=\"normal\"><\/p>\n<p> Cercador catal\u00e0 cercat.com<br \/> <\/span><span class=\"estillink\"><a href=\"http:\/\/www.cercat.com\/\" target=\"_top\" rel=\"noopener\">http:\/\/www.cercat.com\/<\/a><\/span><span class=\"normal\"><\/p>\n<p> Xarxa Telem\u00e0tica Educativa de Catalunya<\/span><span class=\"estillink\"><br \/> <a href=\"http:\/\/xtec.cat\/\" target=\"_top\" rel=\"noopener\">http:\/\/xtec.cat\/<\/a><\/p>\n<p> <\/span><span class=\"normal\">Associaci\u00f3 Catalana de Premsa Comarcal<\/span><span class=\"estillink\"><br \/> <\/span><a href=\"http:\/\/www.premsacomarcal.cat\/\" target=\"_blank\" rel=\"noopener\">http:\/\/www.premsacomarcal.cat\/<\/a><br \/><span class=\"estillink\"> <br \/> <\/span><span class=\"normal\"> Tallers d&#8217;Hist\u00f2ria als Casals de Gent Gran<br \/> <\/span><span class=\"estillink\"><a href=\"http:\/\/www.xtec.cat\/%7Epgomez1\/\" target=\"_top\" rel=\"noopener\">http:\/\/www.xtec.cat\/~pgomez1\/<\/a><\/span><span class=\"normal\"><\/p>\n<p> Local History links<br \/> <\/span><span class=\"estillink\"><a href=\"http:\/\/www.local-history.co.uk\/links\/\" target=\"_top\" rel=\"noopener\">http:\/\/www.local-history.co.uk\/links\/<\/a><\/span><span class=\"normal\"><\/p>\n<p> Local History On-line<br \/> <\/span><span class=\"estillink\"><a href=\"http:\/\/www.local-history.co.uk\/\" target=\"_top\" rel=\"noopener\">http:\/\/www.local-history.co.uk\/<\/a><\/span><span class=\"normal\"><\/p>\n<p> British Association for Local History<br \/> <\/span><span class=\"estillink\"><a href=\"http:\/\/www.balh.co.uk\/index.php\" target=\"_top\" rel=\"noopener\">http:\/\/www.balh.co.uk\/index.php<\/a><\/span><span class=\"normal\"><\/p>\n<p> BBC &#8211; History &#8211; Local History Trail<br \/> <\/span><span class=\"estillink\"><a href=\"http:\/\/www.bbc.co.uk\/history\/trail\/local_history\/\" target=\"_top\" rel=\"noopener\">http:\/\/www.bbc.co.uk\/history\/trail\/local_history\/<\/a><\/span><span class=\"normal\"><\/p>\n<p> American Association for State and Local History<br \/> <\/span><span class=\"estillink\"><a href=\"http:\/\/www.aaslh.org\/\" target=\"_top\" rel=\"noopener\">http:\/\/www.aaslh.org\/<\/a><\/span><span class=\"normal\"><\/p>\n<p> <\/span><span class=\"normal\"> Informazioni sulla storia locale <br \/> <\/span><span class=\"estillink\"><a href=\"http:\/\/www.senato.it\/relazioni\/21616\/21705\/29059\/genpagspalla.htm\" target=\"_top\" rel=\"noopener\">http:\/\/www.senato.it\/relazioni\/21616\/21705\/29059\/genpagspalla.htm<\/a><\/span><span class=\"normal\"><br \/> <\/span><span class=\"estillink\"> <br \/> <\/span><span class=\"normal\">CDS-ISIS Database software<\/span><span class=\"estillink\"><br \/> <a href=\"http:\/\/portal.unesco.org\/ci\/en\/ev.php-URL_ID=5330&amp;URL_DO=DO_TOPIC&amp;URL_SECTION=201.html\" target=\"_top\" rel=\"noopener\">http:\/\/portal.unesco.org\/ci\/en\/ev.php-URL_ID=5330&amp;URL_DO=DO_TOPIC&amp;URL_SECTION=201.html<\/a><\/p>\n<p> <\/span><span class=\"normal\">CINDOC. Distribuidor Nacional de Micro CDS-ISIS<\/span><span class=\"estillink\"><br \/> <a href=\"http:\/\/www.cindoc.csic.es\/isis\/isis.htm\" target=\"_top\" rel=\"noopener\">http:\/\/www.cindoc.csic.es\/isis\/isis.htm<\/a><\/p>\n<p> <\/span><span class=\"normal\">Tesauros y Glosarios CINDOC en linea<\/span><span class=\"estillink\"><br \/> <a href=\"http:\/\/thes.cindoc.csic.es\/index_esp.html\" target=\"_top\" rel=\"noopener\">http:\/\/thes.cindoc.csic.es\/index_esp.html<\/a><\/p>\n<p> <\/span><span class=\"normal\">TERMCAT. Centre de Terminologia<\/span><span class=\"estillink\"><br \/> <a href=\"http:\/\/www.termcat.cat\/\" target=\"_top\" rel=\"noopener\">http:\/\/www.termcat.cat\/<\/a><\/p>\n<p> <\/span><span class=\"normal\">EUROVOC. Thesaurus<\/span><span class=\"estillink\"><br \/> <a href=\"http:\/\/europa.eu\/eurovoc\/\" target=\"_top\" rel=\"noopener\">http:\/\/europa.eu\/eurovoc\/<\/a><br \/> <\/span><\/p>\n","protected":false},"excerpt":{"rendered":"<p>Enlla\u00e7os d&#8217;inter\u00e8s a recursos digitals Cat\u00e0legs i bases de dades &nbsp;&nbsp;&nbsp; Cat\u00e0legs generals &nbsp;&nbsp;&nbsp;&nbsp;Cat\u00e0legs de biblioteques universit\u00e0ries &nbsp;&nbsp;&nbsp;&nbsp;Bases de dades i recursos digitals Arxius i museus &nbsp;&nbsp;&nbsp;Arxius &nbsp;&nbsp;&nbsp;Museus Entitats i centres d&#8217;estudis Altres webs d&#8217;inter\u00e8s &nbsp; &nbsp; Cat\u00e0legs i bases de dades &nbsp; Cat\u00e0legs generals Cat\u00e0leg de la Biblioteca de Catalunya http:\/\/www.bnc.cat\/ Cat\u00e0leg Col\u00b7lectiu de [&hellip;]<\/p>\n","protected":false},"author":20,"featured_media":0,"parent":0,"menu_order":0,"comment_status":"closed","ping_status":"closed","template":"","meta":{"footnotes":""},"class_list":["post-165","page","type-page","status-publish","hentry"],"_links":{"self":[{"href":"https:\/\/webs.uab.cat\/sibhilla\/wp-json\/wp\/v2\/pages\/165","targetHints":{"allow":["GET"]}}],"collection":[{"href":"https:\/\/webs.uab.cat\/sibhilla\/wp-json\/wp\/v2\/pages"}],"about":[{"href":"https:\/\/webs.uab.cat\/sibhilla\/wp-json\/wp\/v2\/types\/page"}],"author":[{"embeddable":true,"href":"https:\/\/webs.uab.cat\/sibhilla\/wp-json\/wp\/v2\/users\/20"}],"replies":[{"embeddable":true,"href":"https:\/\/webs.uab.cat\/sibhilla\/wp-json\/wp\/v2\/comments?post=165"}],"version-history":[{"count":0,"href":"https:\/\/webs.uab.cat\/sibhilla\/wp-json\/wp\/v2\/pages\/165\/revisions"}],"wp:attachment":[{"href":"https:\/\/webs.uab.cat\/sibhilla\/wp-json\/wp\/v2\/media?parent=165"}],"curies":[{"name":"wp","href":"https:\/\/api.w.org\/{rel}","templated":true}]}}