{"id":1996,"date":"2023-03-07T14:57:30","date_gmt":"2023-03-07T14:57:30","guid":{"rendered":"https:\/\/webs.uab.cat\/sibhilla\/?page_id=1996"},"modified":"2023-06-08T06:39:43","modified_gmt":"2023-06-08T06:39:43","slug":"ajuda-a-la-cerca","status":"publish","type":"page","link":"https:\/\/webs.uab.cat\/sibhilla\/ajuda-a-la-cerca\/","title":{"rendered":"Ajuda a la cerca"},"content":{"rendered":"\n<p>Es poden realitzar dos tipus  de cerca a la base de dades (b\u00e0sica o avan\u00e7ada) i visualitzar les dades en diferents formats.<\/p>\n\n\n\n<div class=\"wp-block-buttons is-layout-flex wp-block-buttons-is-layout-flex\">\n<div class=\"wp-block-button is-style-fill\"><a class=\"wp-block-button__link\" href=\"#cerca-basica\">Cerca b\u00e0sica<\/a><\/div>\n\n\n\n<div class=\"wp-block-button\"><a class=\"wp-block-button__link\" href=\"#cerca_avan\u00e7ada\">Cerca avan\u00e7ada<\/a><\/div>\n\n\n\n<div class=\"wp-block-button\"><a class=\"wp-block-button__link\" href=\"#visualitzacio\">Visualitzaci\u00f3<\/a><\/div>\n<\/div>\n\n\n\n<div id=\"cerca_basica\" class=\"wp-block-group\"><div class=\"wp-block-group__inner-container is-layout-flow wp-block-group-is-layout-flow\">\n<div class=\"wp-block-group alignfull is-vertical is-layout-flex wp-container-core-group-is-layout-8cf370e7 wp-block-group-is-layout-flex\">\n<h2 class=\"has-text-align-left wp-block-heading\"><mark><mark style=\"background-color:#fff\" class=\"has-inline-color has-accent-color\">Cerca b\u00e0sica (formulari lliure)<\/mark><\/mark><\/h2>\n\n\n\n<p>La cerca lliure, tipus google, \u00e9s la m\u00e9s&nbsp;<strong>exhaustiva&nbsp;<\/strong>i la m\u00e9s r\u00e0pida. Us permet fer cerques per qualsevol&nbsp;<strong>paraula&nbsp;<\/strong>a tots els camps de la base de dades:<\/p>\n\n\n\n<figure class=\"wp-block-table\"><table><tbody><tr><td><strong>Paraules del t\u00edtol<\/strong><\/td><td><strong>Paraules del resum<\/strong><\/td><\/tr><tr><td><strong>Mat\u00e8ries<\/strong> (descriptors tem\u00e0tics, identificadors personals i corporatius)<\/td><td><strong>\u00c0mbit geogr\u00e0fic<\/strong><\/td><\/tr><tr><td><strong>Autors <\/strong>(cognoms o noms d&#8217;autors personals i paraules d&#8217;autors corporatius)<\/td><td><strong>Data de publicaci\u00f3<\/strong><\/td><\/tr><tr><td><strong>Paraules del t\u00edtol de la col\u00b7lecci\u00f3 i subcol\u00b7lecci\u00f3<\/strong><\/td><td><strong>Paraules del t\u00edtol de la revista buidada<\/strong><\/td><\/tr><tr><td><strong>Tipus de document<\/strong> (monografies, articles de revistes&#8230;)<\/td><td><strong>Tipus de suport<\/strong> (fitxer inform\u00e0tic, v\u00eddeo, material cartogr\u00e0fic&#8230;)<\/td><\/tr><\/tbody><\/table><\/figure>\n\n\n\n<p>&nbsp;<\/p>\n\n\n\n<p>S\u2019ha de tenir en compte que aquest tipus de cerca pot, a vegades, generar \u201csoroll documental\u201d, \u00e9s a dir, informaci\u00f3 no desitjada o pertinent a la cerca plantejada.<\/p>\n\n\n\n<figure class=\"wp-block-image size-large\"><img loading=\"lazy\" decoding=\"async\" width=\"1024\" height=\"239\" src=\"https:\/\/webs.uab.cat\/sibhilla\/wp-content\/uploads\/sites\/164\/2023\/03\/ajuda_cerca_cat_1-1024x239.png\" alt=\"\" class=\"wp-image-2057\" srcset=\"https:\/\/webs.uab.cat\/sibhilla\/wp-content\/uploads\/sites\/164\/2023\/03\/ajuda_cerca_cat_1-1024x239.png 1024w, https:\/\/webs.uab.cat\/sibhilla\/wp-content\/uploads\/sites\/164\/2023\/03\/ajuda_cerca_cat_1-300x70.png 300w, https:\/\/webs.uab.cat\/sibhilla\/wp-content\/uploads\/sites\/164\/2023\/03\/ajuda_cerca_cat_1-768x179.png 768w, https:\/\/webs.uab.cat\/sibhilla\/wp-content\/uploads\/sites\/164\/2023\/03\/ajuda_cerca_cat_1.png 1145w\" sizes=\"auto, (max-width: 1024px) 100vw, 1024px\" \/><\/figure>\n\n\n\n<p>Per defecte, el programa fa una intersecci\u00f3 dels termes (<strong>AND<\/strong>) indicats: cerca&nbsp;<strong>refer\u00e8ncies amb totes les paraules.<\/strong><\/p>\n\n\n\n<p>En el cas de voler realitzar una suma de conceptes (<strong>OR)<\/strong>&nbsp;s\u2019haur\u00e0 d\u2019indicar la opci\u00f3: &#8220;<strong>qualsevol paraula&#8221;.<\/strong><\/p>\n\n\n\n<p><strong>Exemples<\/strong>:<\/p>\n\n\n\n<figure class=\"wp-block-table\"><table><tbody><tr><td><strong><em>Guerra civil espanyola Terrassa<\/em><\/strong><\/td><td>Recupera les refer\u00e8ncies sobre la guerra civil espanyola a la ciutat de Terrassa<\/td><\/tr><tr><td><strong><em>Franquisme articles 2015<\/em><\/strong><\/td><td>Recupera els articles de revista sobre franquisme publicats l\u2019any 2015<\/td><\/tr><tr><td><strong><em>Vicens Vives monografies<\/em><\/strong><\/td><td>Recupera les monografies de o sobre l\u2019historiador Vicens Vives<\/td><\/tr><tr><td><strong><em>Material did\u00e0ctic Vall\u00e8s Occidental<\/em><\/strong><\/td><td>Recupera material did\u00e0ctic de la comarca i municipis del Vall\u00e8s Occidental<\/td><\/tr><tr><td><strong><em>Barcelona 1850L<\/em><\/strong><\/td><td>Recupera refer\u00e8ncies sobre Barcelona situades cronol\u00f2gicament al per\u00edode 1851-1900<\/td><\/tr><\/tbody><\/table><\/figure>\n\n\n\n<div class=\"wp-block-group is-vertical is-layout-flex wp-container-core-group-is-layout-8cf370e7 wp-block-group-is-layout-flex\">\n<p><strong><mark style=\"background-color:#fff\" class=\"has-inline-color has-accent-color\">Consells de cerca:<\/mark><\/strong><\/p>\n\n\n\n<p><strong>&#8211; Evitar l\u2019\u00fas de car\u00e0cters especials:&nbsp;\u2018&nbsp;&nbsp;\/&nbsp;&nbsp;(&nbsp;&nbsp;)&nbsp;&nbsp;&#8211;&nbsp;&nbsp;&nbsp;_<\/strong><\/p>\n\n\n\n<p>S\u2019ha de tenir curar de no emprar car\u00e0cters especials,&nbsp;tipus guions, ap\u00f2strofs etc..<\/p>\n\n\n\n<p><strong>S\u00ed<\/strong>&nbsp;es pot emprar la ela geminada (l\u00b7l)<\/p>\n\n\n\n<p><strong>&#8211;<\/strong>&nbsp;<strong>Evitar l\u2019\u00fas de preposicions, conjuncions i contraccions&nbsp;<\/strong>(de, del, a, amb, i  &#8230;)<\/p>\n\n\n\n<p><strong>&#8211; \u00das del truncament&nbsp;<\/strong><strong>($)<\/strong><\/p>\n\n\n\n<p>Podem fer servir el truncament amb el s\u00edmbol de dolar<strong>&nbsp;($)<\/strong>&nbsp;qu\u00e8 cerca les paraules i termes amb l\u2019arrel indicada:<\/p>\n\n\n\n<p>Per exemple:<strong>&nbsp;Industr$<\/strong>&nbsp;cerca:<\/p>\n\n\n\n<p><strong><u>industr<\/u><\/strong><strong>ials,<u>&nbsp;indust<\/u>rialitzaci\u00f3,&nbsp;<u>ind\u00fast<\/u>ries, i tots els tipus d\u2019ind\u00fastria&nbsp;<\/strong>(ind\u00fastria t\u00e8xtil, ind\u00fastria cotonera, ind\u00fastria mec\u00e0nica, etc..)<\/p>\n\n\n\n<p>Per limitar la cerca a un \u00edndex determinat (autors, mat\u00e8ries..) feu servir el&nbsp;<strong>FORMULARI AVAN\u00c7AT<\/strong><\/p>\n<\/div>\n<\/div>\n<\/div><\/div>\n\n\n\n<div id=\"cerca_avan\u00e7ada\" class=\"wp-block-group\"><div class=\"wp-block-group__inner-container is-layout-flow wp-block-group-is-layout-flow\">\n<p>La funci\u00f3 de la cerca avan\u00e7ada \u00e9s garantir una major&nbsp;<strong>especificitat<\/strong>. <\/p>\n\n\n\n<h2 class=\"wp-block-heading\"><mark><mark style=\"background-color:#fff\" class=\"has-inline-color has-accent-color\">Cerca avan\u00e7ada (formulari avan\u00e7at<\/mark><\/mark>)<\/h2>\n\n\n\n<p><\/p>\n\n\n\n<div class=\"wp-block-group alignfull\"><div class=\"wp-block-group__inner-container is-layout-flow wp-block-group-is-layout-flow\">\n<h3 class=\"wp-block-heading\"><em>1. Limitar la cerca a un \u00edndex determinat<\/em><\/h3>\n\n\n\n<div class=\"wp-block-group alignfull is-vertical is-layout-flex wp-container-core-group-is-layout-8cf370e7 wp-block-group-is-layout-flex\">\n<ul class=\"wp-block-list\"><li><strong>Qualsevol camp<\/strong>&nbsp;(seria l\u2019equivalent a la cerca lliure)<\/li><li><strong>Autor&nbsp;<\/strong>(autors personals i corporatius, jornades i congressos)<\/li><li><strong>Mat\u00e8ries<\/strong>&nbsp;(descriptors tem\u00e0tics, identificadors personals i corporatius). Els&nbsp;<strong>descriptors de mat\u00e8ria<\/strong>&nbsp;emprats en la indexaci\u00f3 i recuperaci\u00f3 del contingut dels documents estan recollits al&nbsp;<strong><a href=\"http:\/\/vocabularyserver.com\/historia_catalunya\/\">Tesaurus d\u2019Hist\u00f2ria de Catalunya.<\/a><\/strong><\/li><li><strong>Geogr\u00e0fic<\/strong>&nbsp;(\u00e0mbit geogr\u00e0fic de l\u2019estudi: municipi, comarca, prov\u00edncia, barri, muntanya, etc..)<\/li><li><strong>Comarques&nbsp;<\/strong>(permet cercar o limitar una cerca en una comarca determinada)<\/li><li><strong>Paraules del t\u00edtol<\/strong>&nbsp;(garanteix la m\u00e0xima pertinen\u00e7a i especificitat del document)<\/li><li><strong>Data de publicaci\u00f3<\/strong><\/li><li><strong>&nbsp;Revistes buidades&nbsp;<\/strong>(revistes de les qu\u00e8 s\u2019han extret articles)<\/li><li><strong>&nbsp;Col\u00b7lecci\u00f3<\/strong><\/li><li>&nbsp;<strong>Tipus de document<\/strong><\/li><\/ul>\n\n\n\n<figure class=\"wp-block-table\"><table><tbody><tr><td>Articles de revista<\/td><td>In\u00e8dits<\/td><\/tr><tr><td>Monografies<\/td><td>Parts de monografies<\/td><\/tr><tr><td>Revistes<\/td><td>Tesis doctorals<\/td><\/tr><tr><td>Treballs de recerca<\/td><td>Treballs de curs<\/td><\/tr><\/tbody><\/table><\/figure>\n\n\n\n<ul class=\"wp-block-list\"><li>&nbsp;<strong>Tipus de suport<\/strong><\/li><\/ul>\n\n\n\n<figure class=\"wp-block-table\"><table><tbody><tr><td class=\"has-text-align-left\" data-align=\"left\">Enregistrament de v\u00eddeo<\/td><td>Enregistrament sonor<\/td><\/tr><tr><td class=\"has-text-align-left\" data-align=\"left\">Material audiovisual<\/td><td>Material cartogr\u00e0fic<\/td><\/tr><tr><td class=\"has-text-align-left\" data-align=\"left\">Material especial<\/td><td>Material gr\u00e0fic<\/td><\/tr><tr><td class=\"has-text-align-left\" data-align=\"left\">Microforma<\/td><td>Fitxer inform\u00e0tic<\/td><\/tr><\/tbody><\/table><\/figure>\n\n\n\n<ul class=\"wp-block-list\"><li><strong>Per\u00edode cronol\u00f2gic<\/strong>&nbsp;(cronologia del document pautada per per\u00edodes). La&nbsp;cronologia dels documents es pauta en:<ul><li>(M) Mil\u00b7lennis (0000M, 1000M)<\/li><li>(D) Cinc-cents anys (1000D aniria de 1001 al 1500)<\/li><li>(C) Segles (1800C&nbsp;aniria de 1801 fins al 1900)<\/li><li>(L) Cinquanta anys (1900L aniria de&nbsp;1901 al&nbsp;1950)<\/li><li>(X) D\u00e8cades (1980X aniria de&nbsp;1981 al&nbsp;1990)<\/li><\/ul><\/li><li>La mateixa pauta serveix per la cronologia abans de Crist (<strong>aC)<\/strong> amb una A davant:  0000AM&nbsp;&nbsp;&nbsp;&nbsp;&nbsp;&nbsp;1000AD&nbsp;&nbsp;&nbsp;&nbsp;&nbsp;0400AC&nbsp;&nbsp;&nbsp;&nbsp;&nbsp;&nbsp;0450AL&nbsp;&nbsp;&nbsp;&nbsp;&nbsp;0360AX<\/li><\/ul>\n\n\n\n<figure class=\"wp-block-image size-large\"><img loading=\"lazy\" decoding=\"async\" width=\"1024\" height=\"384\" src=\"https:\/\/webs.uab.cat\/sibhilla\/wp-content\/uploads\/sites\/164\/2023\/03\/ajuda_cerca_cat_2-1024x384.png\" alt=\"\" class=\"wp-image-2060\" srcset=\"https:\/\/webs.uab.cat\/sibhilla\/wp-content\/uploads\/sites\/164\/2023\/03\/ajuda_cerca_cat_2-1024x384.png 1024w, https:\/\/webs.uab.cat\/sibhilla\/wp-content\/uploads\/sites\/164\/2023\/03\/ajuda_cerca_cat_2-300x112.png 300w, https:\/\/webs.uab.cat\/sibhilla\/wp-content\/uploads\/sites\/164\/2023\/03\/ajuda_cerca_cat_2-768x288.png 768w, https:\/\/webs.uab.cat\/sibhilla\/wp-content\/uploads\/sites\/164\/2023\/03\/ajuda_cerca_cat_2-1200x450.png 1200w, https:\/\/webs.uab.cat\/sibhilla\/wp-content\/uploads\/sites\/164\/2023\/03\/ajuda_cerca_cat_2.png 1489w\" sizes=\"auto, (max-width: 1024px) 100vw, 1024px\" \/><\/figure>\n<\/div>\n<\/div><\/div>\n\n\n\n<p><strong>Procediment:<\/strong><\/p>\n\n\n\n<ol class=\"wp-block-list\"><li>Seleccioni l\u2019\u00edndex al qual vol limitar la cerca.<\/li><li>Si desitja visualitzar l\u2019\u00edndex i des d\u2019all\u00e0 poder seleccionar els termes per la cerca, faci clic sobre la icona del \u00edndex.<\/li><\/ol>\n\n\n\n<p>&nbsp;&nbsp;Pot :<\/p>\n\n\n\n<ul class=\"wp-block-list\"><li>&nbsp;Pr\u00e9mer l\u2019opci\u00f3&nbsp;<strong>Mostrar l\u2019\u00edndex&nbsp;<\/strong>(el mostra des de l\u2019inici)<\/li><li><strong>&nbsp;Ingressar l\u2019arrel d\u2019una paraula&nbsp;<\/strong>des de la qual comen\u00e7ar a visualitzar-lo i despr\u00e9s l\u2019opci\u00f3&nbsp;<strong>Mostrar l\u2019\u00edndex<\/strong>.<\/li><li><strong>&nbsp; o seleccionar una lletra,&nbsp;<\/strong>en la barra inferior, a partir de la qual comen\u00e7ar a llegir l\u2019\u00edndex<\/li><\/ul>\n\n\n\n<figure class=\"wp-block-image size-large\"><img loading=\"lazy\" decoding=\"async\" width=\"1024\" height=\"279\" src=\"https:\/\/webs.uab.cat\/sibhilla\/wp-content\/uploads\/sites\/164\/2023\/03\/ajuda_cerca_cat_3-1024x279.png\" alt=\"\" class=\"wp-image-2063\" srcset=\"https:\/\/webs.uab.cat\/sibhilla\/wp-content\/uploads\/sites\/164\/2023\/03\/ajuda_cerca_cat_3-1024x279.png 1024w, https:\/\/webs.uab.cat\/sibhilla\/wp-content\/uploads\/sites\/164\/2023\/03\/ajuda_cerca_cat_3-300x82.png 300w, https:\/\/webs.uab.cat\/sibhilla\/wp-content\/uploads\/sites\/164\/2023\/03\/ajuda_cerca_cat_3-768x209.png 768w, https:\/\/webs.uab.cat\/sibhilla\/wp-content\/uploads\/sites\/164\/2023\/03\/ajuda_cerca_cat_3-1200x327.png 1200w, https:\/\/webs.uab.cat\/sibhilla\/wp-content\/uploads\/sites\/164\/2023\/03\/ajuda_cerca_cat_3.png 1431w\" sizes=\"auto, (max-width: 1024px) 100vw, 1024px\" \/><\/figure>\n\n\n\n<p>Seguidament es desplega el llistat de termes de l\u2019\u00edndex seleccionat, des d\u2019on:<\/p>\n\n\n\n<p>&nbsp;&nbsp;&nbsp;&nbsp;&nbsp;&nbsp;&nbsp;&nbsp;&nbsp;&nbsp;&nbsp;&nbsp;&#8211; Cercar termes per elaborar la cerca (clic al terme i opci\u00f3&nbsp;<strong>PROPERS<\/strong>)<\/p>\n\n\n\n<p>(passen al requadre de termes seleccionats i es pot continuar sumant termes fins finalitzar i pr\u00e9mer el bot\u00f3&nbsp;<strong>Cercar termes)<\/strong><\/p>\n\n\n\n<p>&nbsp;&nbsp;&nbsp;&nbsp;&nbsp;&nbsp;&nbsp;&nbsp;&nbsp;&nbsp;&nbsp;&nbsp;&#8211; Cercar termes per enviar-los al formulari (opci\u00f3&nbsp;<strong>AFEGIR<\/strong>)<\/p>\n\n\n\n<p>(el terme seleccionat passa al formulari de cerca des d\u2019on es pot combinar els termes amb els operadors booleans)<\/p>\n\n\n\n<p>&nbsp;&nbsp;&nbsp;&nbsp;&nbsp;&nbsp;&nbsp;&nbsp;&nbsp;&nbsp;&nbsp;&nbsp;&#8211; Cercar un terme directament (opci\u00f3&nbsp;<strong>CERCAR<\/strong>)<\/p>\n\n\n\n<p>&nbsp;(el terme seleccionat es cerca i el programa mostra la pantalla de resultats)<\/p>\n\n\n\n<figure class=\"wp-block-image size-large\"><img loading=\"lazy\" decoding=\"async\" width=\"1024\" height=\"587\" src=\"https:\/\/webs.uab.cat\/sibhilla\/wp-content\/uploads\/sites\/164\/2023\/03\/ajuda_cerca_cat_4-1024x587.png\" alt=\"\" class=\"wp-image-2066\" srcset=\"https:\/\/webs.uab.cat\/sibhilla\/wp-content\/uploads\/sites\/164\/2023\/03\/ajuda_cerca_cat_4-1024x587.png 1024w, https:\/\/webs.uab.cat\/sibhilla\/wp-content\/uploads\/sites\/164\/2023\/03\/ajuda_cerca_cat_4-300x172.png 300w, https:\/\/webs.uab.cat\/sibhilla\/wp-content\/uploads\/sites\/164\/2023\/03\/ajuda_cerca_cat_4-768x441.png 768w, https:\/\/webs.uab.cat\/sibhilla\/wp-content\/uploads\/sites\/164\/2023\/03\/ajuda_cerca_cat_4-1200x688.png 1200w, https:\/\/webs.uab.cat\/sibhilla\/wp-content\/uploads\/sites\/164\/2023\/03\/ajuda_cerca_cat_4.png 1386w\" sizes=\"auto, (max-width: 1024px) 100vw, 1024px\" \/><\/figure>\n\n\n\n<h3 class=\"wp-block-heading\"><em>2. Combinar termes a trav\u00e9s d&#8217;operadors booleans<\/em><\/h3>\n\n\n\n<p>&nbsp;&nbsp;&nbsp;&nbsp;&nbsp;&nbsp;&nbsp;&nbsp;&nbsp;<mark style=\"background-color:#fff\" class=\"has-inline-color has-accent-color\">&nbsp;&nbsp;&nbsp;<strong>AND<\/strong><\/mark>&nbsp;intersecci\u00f3 (que siguin&nbsp;<strong>tots els termes<\/strong>&nbsp;en el registre)<\/p>\n\n\n\n<p><strong>&nbsp;&nbsp;&nbsp;&nbsp;&nbsp;&nbsp;&nbsp;&nbsp;&nbsp;&nbsp;&nbsp;&nbsp;&nbsp;&nbsp;&nbsp;&nbsp;&nbsp;&nbsp;&nbsp;&nbsp;&nbsp;&nbsp;&nbsp;&nbsp;<em>Moviment ve\u00efnal<\/em> AND <em>Barcelona<\/em><\/strong><\/p>\n\n\n\n<p><strong>&nbsp;&nbsp;&nbsp;&nbsp;&nbsp;&nbsp;&nbsp;&nbsp;&nbsp;<mark style=\"background-color:#fff\" class=\"has-inline-color has-accent-color\">&nbsp;&nbsp;&nbsp;OR<\/mark><\/strong>&nbsp;suma termes (busca tots els registres&nbsp;<strong>que tinguin algun dels termes<\/strong>)<\/p>\n\n\n\n<p>&nbsp;&nbsp;&nbsp;&nbsp;&nbsp;&nbsp;&nbsp;&nbsp;&nbsp;&nbsp;&nbsp;&nbsp;&nbsp;&nbsp;&nbsp;&nbsp;&nbsp;&nbsp;&nbsp;&nbsp;&nbsp;&nbsp;&nbsp;&nbsp;<strong><em>Biografies<\/em> OR <em>Mem\u00f2ries<\/em> OR <em>Dietaris<\/em><\/strong><\/p>\n\n\n\n<p>&nbsp;&nbsp;&nbsp;&nbsp;&nbsp;&nbsp;&nbsp;&nbsp;&nbsp;&nbsp;&nbsp;&nbsp;<mark style=\"background-color:#fff\" class=\"has-inline-color has-accent-color\"><strong>AND<\/strong>&nbsp;<strong>NOT<\/strong><\/mark><strong>&nbsp;<\/strong>resta (cerca els registres&nbsp;<strong>amb el primer terme que no continguin el segon terme<\/strong>&nbsp;indicat)&nbsp;&nbsp;&nbsp;&nbsp;&nbsp;&nbsp;&nbsp;&nbsp;&nbsp;&nbsp;&nbsp;<\/p>\n\n\n\n<p>&nbsp;&nbsp;&nbsp;&nbsp;&nbsp;&nbsp;&nbsp;&nbsp;&nbsp;&nbsp;&nbsp;&nbsp;&nbsp;&nbsp;&nbsp;&nbsp;&nbsp;&nbsp;&nbsp;&nbsp;&nbsp;&nbsp;&nbsp;<em>&nbsp;<strong>Antifranquisme<\/strong><\/em><strong> NOT <em>Repressi\u00f3 pol\u00edtica<\/em><\/strong><\/p>\n\n\n\n<figure class=\"wp-block-image size-large\"><img loading=\"lazy\" decoding=\"async\" width=\"1024\" height=\"229\" src=\"https:\/\/webs.uab.cat\/sibhilla\/wp-content\/uploads\/sites\/164\/2023\/03\/ajuda_cerca_cat_5-1024x229.png\" alt=\"\" class=\"wp-image-2069\" srcset=\"https:\/\/webs.uab.cat\/sibhilla\/wp-content\/uploads\/sites\/164\/2023\/03\/ajuda_cerca_cat_5-1024x229.png 1024w, https:\/\/webs.uab.cat\/sibhilla\/wp-content\/uploads\/sites\/164\/2023\/03\/ajuda_cerca_cat_5-300x67.png 300w, https:\/\/webs.uab.cat\/sibhilla\/wp-content\/uploads\/sites\/164\/2023\/03\/ajuda_cerca_cat_5-768x172.png 768w, https:\/\/webs.uab.cat\/sibhilla\/wp-content\/uploads\/sites\/164\/2023\/03\/ajuda_cerca_cat_5-1200x268.png 1200w, https:\/\/webs.uab.cat\/sibhilla\/wp-content\/uploads\/sites\/164\/2023\/03\/ajuda_cerca_cat_5.png 1482w\" sizes=\"auto, (max-width: 1024px) 100vw, 1024px\" \/><\/figure>\n\n\n\n<p>Exemple: la cerca anterior busca totes les biografies, mem\u00f2ries, dietaris o epistolaris del per\u00edode de la guerra civil espanyola per\u00f2 que no siguin del Vall\u00e8s Occidental<\/p>\n\n\n\n<h2 class=\"wp-block-heading\"><strong><mark><mark style=\"background-color:#fff\" class=\"has-inline-color has-accent-color\">Visualitzar i seleccionar una cerca<\/mark><\/mark><\/strong><\/h2>\n<\/div><\/div>\n\n\n\n<div id=\"visualitzacio\" class=\"wp-block-group\"><div class=\"wp-block-group__inner-container is-layout-flow wp-block-group-is-layout-flow\">\n<p>L\u2019execuci\u00f3 d\u2019una cerca (<strong>bot\u00f3 cercar<\/strong>) ens mostra la relaci\u00f3 de registres resultants, en el format per defecte.<\/p>\n\n\n<div class=\"wp-block-image\">\n<figure class=\"aligncenter size-full\"><img loading=\"lazy\" decoding=\"async\" width=\"619\" height=\"472\" src=\"https:\/\/webs.uab.cat\/sibhilla\/wp-content\/uploads\/sites\/164\/2023\/03\/ajuda_cerca_cat_6.png\" alt=\"\" class=\"wp-image-2020\" srcset=\"https:\/\/webs.uab.cat\/sibhilla\/wp-content\/uploads\/sites\/164\/2023\/03\/ajuda_cerca_cat_6.png 619w, https:\/\/webs.uab.cat\/sibhilla\/wp-content\/uploads\/sites\/164\/2023\/03\/ajuda_cerca_cat_6-300x229.png 300w\" sizes=\"auto, (max-width: 619px) 100vw, 619px\" \/><\/figure>\n<\/div>\n\n\n<div class=\"wp-block-group is-vertical is-layout-flex wp-container-core-group-is-layout-8cf370e7 wp-block-group-is-layout-flex\">\n<p><strong>&#8211; Resultats i barra de navegaci\u00f3<\/strong><\/p>\n\n\n\n<p>A la part superior de la pantalla es mostra el<strong>&nbsp;nombre de refer\u00e8ncies trobades<\/strong>&nbsp;i es visualitzen les 20 primeres. Per avan\u00e7ar a les seg\u00fcents p\u00e0gines cal anar a la&nbsp;<strong>barra de navegaci\u00f3&nbsp;<\/strong>de la dreta.<\/p>\n\n\n\n<ul class=\"wp-block-list\"><li><strong>Navegaci\u00f3 hipertextual<\/strong>:  l\u2019aplicaci\u00f3 permet una navegaci\u00f3 hipertextual a trav\u00e9s dels camps amb enlla\u00e7 . Aquesta opci\u00f3 permet accedir, doncs, directament a la cerca per una mat\u00e8ria, \u00e0mbit geogr\u00e0fic, autor, revista, etc..<\/li><li><strong>Selecci\u00f3, impressi\u00f3 i boomarks<\/strong>: a l\u2019esquerra de la pantalla tenim la possibilitat de:<ul><li>&nbsp;<strong>Seleccionar<\/strong>&nbsp;els registres d\u2019inter\u00e8s del resultat d\u2019una cerca (casella de selecci\u00f3).<\/li><li>Una vegada seleccionats cal anar a l\u2019opci\u00f3 del men\u00fa superior \u201c<strong>la seva selecci\u00f3<\/strong>\u201d des d\u2019on podem imprimir-los o enviar-los a un document PDF.<\/li><li>&nbsp;<strong>Imprimir&nbsp;<\/strong>directament a la impressora o a un document PDF.<\/li><li>&nbsp;<strong>Boomarks<\/strong>&nbsp;permet enviar el resultat d\u2019una cerca simple a una aplicaci\u00f3 determinada. <\/li><\/ul><\/li><li><strong>Opcions men\u00fa superior<\/strong><ul><li><strong>La seva selecci\u00f3<\/strong>: permet imprimir o enviar a un document PDF els registres seleccionats d\u2019una cerca pr\u00e8via.<\/li><li><strong>Enviar resultat:<\/strong>&nbsp;permet imprimir, enviar a un document PDF o a l\u2019ordinador (en format HTML o ISO2709) el resultat d\u2019una cerca o b\u00e9 un rang de registres de la cerca.<\/li><li><strong>Nova cerca<\/strong>: mostra la pantalla de cerca inicial.<\/li><li><strong>Final de p\u00e0gina<\/strong>: mostra el final de la p\u00e0gina i el formulari de cerca per si es vol refinar la cerca o plantejar una altra diferent.<\/li><li>&nbsp;&nbsp;<strong>Configurar<\/strong>: permet:<ul><li>&nbsp;&nbsp;<strong>Canviar d\u2019idioma&nbsp;<\/strong>(castell\u00e0, angl\u00e8s, franc\u00e8s i portugu\u00e8s)<\/li><li>&nbsp;&nbsp;<strong>Activar la barra de navegaci\u00f3<\/strong>&nbsp;entre cada refer\u00e8ncia<\/li><li>&nbsp;&nbsp;<strong>Canviar el format de visualitzaci\u00f3\/presentaci\u00f3<\/strong>&nbsp;de les refer\u00e8ncies<\/li><\/ul><\/li><\/ul><\/li><\/ul>\n<\/div>\n\n\n\n<p><strong>Format de citaci\u00f3<\/strong>:<\/p>\n\n\n\n<figure class=\"wp-block-image size-full\"><img loading=\"lazy\" decoding=\"async\" width=\"911\" height=\"203\" src=\"https:\/\/webs.uab.cat\/sibhilla\/wp-content\/uploads\/sites\/164\/2023\/03\/ajuda_cerca_cat_7-1.png\" alt=\"\" class=\"wp-image-2072\" srcset=\"https:\/\/webs.uab.cat\/sibhilla\/wp-content\/uploads\/sites\/164\/2023\/03\/ajuda_cerca_cat_7-1.png 911w, https:\/\/webs.uab.cat\/sibhilla\/wp-content\/uploads\/sites\/164\/2023\/03\/ajuda_cerca_cat_7-1-300x67.png 300w, https:\/\/webs.uab.cat\/sibhilla\/wp-content\/uploads\/sites\/164\/2023\/03\/ajuda_cerca_cat_7-1-768x171.png 768w\" sizes=\"auto, (max-width: 911px) 100vw, 911px\" \/><\/figure>\n\n\n\n<p><strong>Format detallat,<\/strong>&nbsp;amb els literals de cada camp:<\/p>\n\n\n\n<figure class=\"wp-block-image size-full\"><img loading=\"lazy\" decoding=\"async\" width=\"869\" height=\"917\" src=\"https:\/\/webs.uab.cat\/sibhilla\/wp-content\/uploads\/sites\/164\/2023\/03\/ajuda_cerca_cat_8-1.png\" alt=\"\" class=\"wp-image-2075\" srcset=\"https:\/\/webs.uab.cat\/sibhilla\/wp-content\/uploads\/sites\/164\/2023\/03\/ajuda_cerca_cat_8-1.png 869w, https:\/\/webs.uab.cat\/sibhilla\/wp-content\/uploads\/sites\/164\/2023\/03\/ajuda_cerca_cat_8-1-284x300.png 284w, https:\/\/webs.uab.cat\/sibhilla\/wp-content\/uploads\/sites\/164\/2023\/03\/ajuda_cerca_cat_8-1-768x810.png 768w\" sizes=\"auto, (max-width: 869px) 100vw, 869px\" \/><\/figure>\n<\/div><\/div>\n","protected":false},"excerpt":{"rendered":"<p>Es poden realitzar dos tipus de cerca a la base de dades (b\u00e0sica o avan\u00e7ada) i visualitzar les dades en diferents formats. Cerca b\u00e0sica (formulari lliure) La cerca lliure, tipus google, \u00e9s la m\u00e9s&nbsp;exhaustiva&nbsp;i la m\u00e9s r\u00e0pida. Us permet fer cerques per qualsevol&nbsp;paraula&nbsp;a tots els camps de la base de dades: Paraules del t\u00edtol Paraules [&hellip;]<\/p>\n","protected":false},"author":102,"featured_media":0,"parent":0,"menu_order":0,"comment_status":"closed","ping_status":"closed","template":"","meta":{"footnotes":""},"class_list":["post-1996","page","type-page","status-publish","hentry"],"_links":{"self":[{"href":"https:\/\/webs.uab.cat\/sibhilla\/wp-json\/wp\/v2\/pages\/1996","targetHints":{"allow":["GET"]}}],"collection":[{"href":"https:\/\/webs.uab.cat\/sibhilla\/wp-json\/wp\/v2\/pages"}],"about":[{"href":"https:\/\/webs.uab.cat\/sibhilla\/wp-json\/wp\/v2\/types\/page"}],"author":[{"embeddable":true,"href":"https:\/\/webs.uab.cat\/sibhilla\/wp-json\/wp\/v2\/users\/102"}],"replies":[{"embeddable":true,"href":"https:\/\/webs.uab.cat\/sibhilla\/wp-json\/wp\/v2\/comments?post=1996"}],"version-history":[{"count":47,"href":"https:\/\/webs.uab.cat\/sibhilla\/wp-json\/wp\/v2\/pages\/1996\/revisions"}],"predecessor-version":[{"id":3336,"href":"https:\/\/webs.uab.cat\/sibhilla\/wp-json\/wp\/v2\/pages\/1996\/revisions\/3336"}],"wp:attachment":[{"href":"https:\/\/webs.uab.cat\/sibhilla\/wp-json\/wp\/v2\/media?parent=1996"}],"curies":[{"name":"wp","href":"https:\/\/api.w.org\/{rel}","templated":true}]}}