{"id":227,"date":"2012-05-03T15:35:38","date_gmt":"2012-05-03T15:35:38","guid":{"rendered":"https:\/\/webs.uab.cat\/sibhilla\/publicacions-sdhlc\/"},"modified":"2023-06-02T10:23:17","modified_gmt":"2023-06-02T10:23:17","slug":"publicacions-sdhlc","status":"publish","type":"page","link":"https:\/\/webs.uab.cat\/sibhilla\/publicacions-sdhlc\/","title":{"rendered":"Publicacions"},"content":{"rendered":"\n<h2 class=\"wp-block-heading\">Monografies<\/h2>\n\n\n\n<div class=\"wp-block-columns is-layout-flex wp-container-core-columns-is-layout-9d6595d7 wp-block-columns-is-layout-flex\">\n<div class=\"wp-block-column is-layout-flow wp-block-column-is-layout-flow\" style=\"flex-basis:100%\">\n<div class=\"wp-block-group alignwide\"><div class=\"wp-block-group__inner-container is-layout-flow wp-block-group-is-layout-flow\">\n<div class=\"wp-block-media-text alignwide is-stacked-on-mobile\" style=\"grid-template-columns:28% auto\"><figure class=\"wp-block-media-text__media\"><img loading=\"lazy\" decoding=\"async\" width=\"298\" height=\"166\" src=\"https:\/\/webs.uab.cat\/sibhilla\/wp-content\/uploads\/sites\/164\/2023\/03\/prezzi-5.png\" alt=\"\" class=\"wp-image-2366 size-full\" \/><\/figure><div class=\"wp-block-media-text__content\">\n<p class=\"has-text-align-left has-normal-font-size\">Cuadrado, M.; Rius, N. <em>Presentaci\u00f3 Jornades Humanitats Digitals 2018<\/em> [recurs electr\u00f2nic]. Bellaterra: Sibhil\u00b7la, 2018<\/p>\n\n\n\n<div class=\"wp-block-buttons is-layout-flex wp-block-buttons-is-layout-flex\">\n<div class=\"wp-block-button\"><a class=\"wp-block-button__link\" href=\"https:\/\/prezi.com\/view\/cCH2KpI9SkBGguzOSpD0\/\">descarrega<\/a><\/div>\n<\/div>\n\n\n\n<p><\/p>\n<\/div><\/div>\n<\/div><\/div>\n<\/div>\n<\/div>\n\n\n\n<div class=\"wp-block-media-text is-stacked-on-mobile\" style=\"grid-template-columns:27% auto\"><figure class=\"wp-block-media-text__media\"><img loading=\"lazy\" decoding=\"async\" width=\"227\" height=\"259\" src=\"https:\/\/webs.uab.cat\/sibhilla\/wp-content\/uploads\/sites\/164\/2023\/03\/bibliografia_montmelo_3.png\" alt=\"\" class=\"wp-image-1891 size-full\" \/><\/figure><div class=\"wp-block-media-text__content\">\n<p class=\"has-normal-font-size\">Cuadrado, M. <em>Bibliografia sobre Montmel\u00f3 (1688-2017)<\/em> [recurs electr\u00f2nic]. Bellaterra: Sibhil\u00b7la, 2018.  (56 p\u00e0g.)<\/p>\n\n\n\n<p><a href=\"https:\/\/webs.uab.cat\/sibhilla\/bibliografia-sobre-montmelo-1688-2017\/\" data-type=\"page\" data-id=\"342\" target=\"_blank\" rel=\"noreferrer noopener\">M\u00e9s informaci\u00f3<\/a><\/p>\n\n\n\n<div class=\"wp-block-buttons is-layout-flex wp-block-buttons-is-layout-flex\">\n<div class=\"wp-block-button\"><a class=\"wp-block-button__link\" href=\"https:\/\/webs.uab.cat\/sibhilla\/wp-content\/uploads\/sites\/164\/2018\/03\/bibliografia_montmelo.pdf\">Descarrega<\/a><\/div>\n<\/div>\n<\/div><\/div>\n\n\n\n<div class=\"wp-block-media-text is-stacked-on-mobile\" style=\"grid-template-columns:25% auto\"><figure class=\"wp-block-media-text__media\"><img loading=\"lazy\" decoding=\"async\" width=\"150\" height=\"146\" src=\"https:\/\/webs.uab.cat\/sibhilla\/wp-content\/uploads\/sites\/164\/2012\/05\/carrer_arbres_22.jpg\" alt=\"\" class=\"wp-image-197 size-full\" \/><\/figure><div class=\"wp-block-media-text__content\">\n<p class=\"has-normal-font-size\">&#8220;Carrer del Arbres. \u00cdndexs 1979-2012&#8221;. <em>Carrer dels Arbres<\/em>, n\u00fam. 22 (2012), p. 175-260.<\/p>\n\n\n\n<p class=\"has-normal-font-size\">Badalona : Museu de Badalona, 2012<\/p>\n<\/div><\/div>\n\n\n\n<div class=\"wp-block-media-text is-stacked-on-mobile\" style=\"grid-template-columns:25% auto\"><figure class=\"wp-block-media-text__media\"><img loading=\"lazy\" decoding=\"async\" width=\"150\" height=\"150\" src=\"https:\/\/webs.uab.cat\/sibhilla\/wp-content\/uploads\/sites\/164\/2012\/05\/Bibliografia_PAN.jpg\" alt=\"\" class=\"wp-image-200 size-full\" \/><\/figure><div class=\"wp-block-media-text__content\">\n<p class=\"has-normal-font-size\"><em>Pere Anguera i Nolla (1953-2010). Bibliografia.<\/em> Bellaterra : Servei de Documentaci\u00f3 d&#8217;Hist\u00f2ria Local de Catalunya, 2011. 160 p\u00e0g.<\/p>\n\n\n\n<p><\/p>\n<\/div><\/div>\n\n\n\n<div class=\"wp-block-media-text is-stacked-on-mobile\" style=\"grid-template-columns:25% auto\"><figure class=\"wp-block-media-text__media\"><img loading=\"lazy\" decoding=\"async\" width=\"150\" height=\"150\" src=\"https:\/\/webs.uab.cat\/sibhilla\/wp-content\/uploads\/sites\/164\/2012\/05\/diccionari.jpg\" alt=\"\" class=\"wp-image-218 size-full\" \/><\/figure><div class=\"wp-block-media-text__content\">\n<p class=\"has-normal-font-size\">Cuadrado, M. \u201cEl Servei de Documentaci\u00f3 d\u2019Hist\u00f2ria Local de Catalunya\u201d.&nbsp;En: <em>Diccionari d\u2019Historiogr\u00e0fia Catalana<\/em>. A cura d\u2019Antoni Sim\u00f3n. Barcelona : Enciclopedia Catalana, 2003. P\u00e0g. 1091-1092<\/p>\n\n\n\n<p class=\"has-normal-font-size\">Perpinya, E. &#8220;Congressos Internacionals d&#8217;Hist\u00f2ria Local&#8221;. En: <em>Diccionari d\u2019Historiogr\u00e0fia Catalana<\/em>. A cura d\u2019Antoni Sim\u00f3n. Barcelona : Enciclopedia Catalana, 2003. P\u00e0g. 366-367<\/p>\n<\/div><\/div>\n\n\n\n<div class=\"wp-block-media-text is-stacked-on-mobile\" style=\"grid-template-columns:25% auto\"><figure class=\"wp-block-media-text__media\"><img loading=\"lazy\" decoding=\"async\" width=\"150\" height=\"150\" src=\"https:\/\/webs.uab.cat\/sibhilla\/wp-content\/uploads\/sites\/164\/2012\/05\/bergueda.jpg\" alt=\"\" class=\"wp-image-215 size-full\" \/><\/figure><div class=\"wp-block-media-text__content\">\n<p class=\"has-normal-font-size\">Cuadrado, M.; Perpiny\u00e0, E. <em>Bibliografia sobre el Bergued\u00e0<\/em>. Berga: Associaci\u00f3 Cultural El Vilat\u00e0 : Cosset\u00e0nia, 2001. (L\u2019Escambell, 24) 235 p\u00e0g.<\/p>\n<\/div><\/div>\n\n\n\n<div class=\"wp-block-media-text is-stacked-on-mobile\" style=\"grid-template-columns:25% auto\"><figure class=\"wp-block-media-text__media\"><img loading=\"lazy\" decoding=\"async\" width=\"150\" height=\"150\" src=\"https:\/\/webs.uab.cat\/sibhilla\/wp-content\/uploads\/sites\/164\/2012\/05\/Tesaurus.jpg\" alt=\"\" class=\"wp-image-212 size-full\" \/><\/figure><div class=\"wp-block-media-text__content\">\n<p class=\"has-normal-font-size\">Cuadrado, M.; Garc\u00eda, C.; Perpiny\u00e0, M. et al. <em>Tesaurus d\u2019Hist\u00f2ria de Catalunya. Edici\u00f3 0<\/em>. Presentaci\u00f3 jer\u00e0rquica i alfab\u00e8tica. Bellaterra : Servei de Documentaci\u00f3 d\u2019Hist\u00f2ria Local de Catalunya, 1999<\/p>\n<\/div><\/div>\n\n\n\n<div class=\"wp-block-media-text is-stacked-on-mobile\" style=\"grid-template-columns:25% auto\"><figure class=\"wp-block-media-text__media\"><img loading=\"lazy\" decoding=\"async\" width=\"150\" height=\"150\" src=\"https:\/\/webs.uab.cat\/sibhilla\/wp-content\/uploads\/sites\/164\/2012\/05\/tesaurus_cont.jpg\" alt=\"\" class=\"wp-image-209 size-full\" \/><\/figure><div class=\"wp-block-media-text__content\">\n<p class=\"has-normal-font-size\">Cuadrado, M.; Garc\u00eda, C.; Perpiny\u00e0, M. et al. <em>Tesaurus d&#8217;hist\u00f2ria contempor\u00e0nia de Catalunya<\/em>. Barcelona: Diputaci\u00f3 de Barcelona, 1996. 237 p\u00e0g.<\/p>\n<\/div><\/div>\n\n\n\n<div class=\"wp-block-media-text is-stacked-on-mobile\" style=\"grid-template-columns:25% auto\"><figure class=\"wp-block-media-text__media\"><img loading=\"lazy\" decoding=\"async\" width=\"150\" height=\"150\" src=\"https:\/\/webs.uab.cat\/sibhilla\/wp-content\/uploads\/sites\/164\/2012\/05\/valles_occ.JPG\" alt=\"\" class=\"wp-image-203 size-full\" \/><\/figure><div class=\"wp-block-media-text__content\">\n<p class=\"has-normal-font-size\">Cuadrado, M.; Garc\u00eda, C.; Perpiny\u00e0, M. et al. <em>Bibliografia sobre el Vall\u00e8s Occidental (1700-1993).<\/em> Barcelona: Alta Fulla : Consell Comarcal del Vall\u00e8s Occidental, 1994. 374 p\u00e0g.<\/p>\n<\/div><\/div>\n\n\n\n<div class=\"wp-block-media-text is-stacked-on-mobile\" style=\"grid-template-columns:25% auto\"><figure class=\"wp-block-media-text__media\"><img loading=\"lazy\" decoding=\"async\" width=\"150\" height=\"150\" src=\"https:\/\/webs.uab.cat\/sibhilla\/wp-content\/uploads\/sites\/164\/2012\/05\/perspectivas.jpg\" alt=\"\" class=\"wp-image-206 size-full\" \/><\/figure><div class=\"wp-block-media-text__content\">\n<p class=\"has-normal-font-size\">Cuadrado, M.; Perpiny\u00e0, M.; Perpiny\u00e0, E. \u201cLa Inform\u00e1tica al servicio de los historiadores: experiencia de creaci\u00f3n y desarrollo de una base de datos de Historia Local de Catalunya\u201d.<\/p>\n\n\n\n<p class=\"has-normal-font-size\">A: <em>Perspectivas de La Historia Local en Catalu\u00f1a,<\/em> editat per J. Aguirreazkuenaga i M. Urquijo. Bilbao: Servicio Editorial de la Universidad del Pais Vasco, 1994. (European Local and Regional Comparative History Series, 4). P\u00e0g. 89-104<\/p>\n<\/div><\/div>\n\n\n\n<h2 class=\"wp-block-heading\">Col\u00b7laboracions<\/h2>\n\n\n\n<div class=\"wp-block-media-text is-stacked-on-mobile\" style=\"grid-template-columns:25% auto\"><figure class=\"wp-block-media-text__media\"><img loading=\"lazy\" decoding=\"async\" width=\"145\" height=\"145\" src=\"https:\/\/webs.uab.cat\/sibhilla\/wp-content\/uploads\/sites\/164\/2012\/05\/lleida1.jpg\" alt=\"\" class=\"wp-image-224 size-full\" \/><\/figure><div class=\"wp-block-media-text__content\">\n<p class=\"has-normal-font-size\">Mir, Conxita (Dir.); Agust\u00ed, Carme (Dir.); <em>Bibliografia de les comarques de Lleida i la Franja de Ponent [recurs electr\u00f2nic] <\/em>. Lleida : Universitat de Lleida : Institut d\u2019Estudis Ilerdencs, 2004. Amb la col\u00b7laboraci\u00f3 del SDHLC de la UAB.<\/p>\n<\/div><\/div>\n\n\n\n<div class=\"wp-block-media-text is-stacked-on-mobile\" style=\"grid-template-columns:25% auto\"><figure class=\"wp-block-media-text__media\"><img loading=\"lazy\" decoding=\"async\" width=\"150\" height=\"150\" src=\"https:\/\/webs.uab.cat\/sibhilla\/wp-content\/uploads\/sites\/164\/2012\/05\/girona.JPG\" alt=\"\" class=\"wp-image-221 size-full\" \/><\/figure><div class=\"wp-block-media-text__content\">\n<p class=\"has-normal-font-size\">Alberch, Ramon (Dir.); Boadas, Joan (Dir.); Nadal, Joaquim (Dir); <em>Bibliografia de la ciutat de Girona [Recurs electr\u00f2nic]<\/em> . Girona : Ajuntament de Girona, 2002. Amb la col\u00b7laboraci\u00f3 del SDHLC de la UAB.<\/p>\n<\/div><\/div>\n\n\n\n<h2 class=\"wp-block-heading\">Articles<\/h2>\n\n\n\n<p>&#8211;&nbsp;&nbsp;Cuadrado, M.; Garc\u00eda, C.; Perpiny\u00e0, M. et al. \u201cLa inform\u00e0tica al servei de la Hist\u00f2ria\u201d. <em>L&#8217;Aven\u00e7. Revista d&#8217;Hist\u00f2ria<\/em>, n\u00fam. 141 (octubre 1990): 35-37.<\/p>\n\n\n\n<p>&#8211;&nbsp;&nbsp;Cuadrado, M.; Garc\u00eda, C.; Perpiny\u00e0, M. et al. \u201cLa Hist\u00f2ria a l&#8217;abast\u201d. <em>Butllet\u00ed de la Societat Catalana d&#8217;Estudis Hist\u00f2rics<\/em>, n\u00fam. 5 (1994): 101-108.<\/p>\n\n\n\n<p>&#8211;&nbsp;&nbsp;Cuadrado, M.; Garc\u00eda, C.; Perpiny\u00e0, M. et al. \u201c<a href=\"http:\/\/www.raco.cat\/index.php\/Item\/article\/view\/22453\/22287\">El Thesaurus d\u2019hist\u00f2ria de Catalunya: creaci\u00f3 i an\u00e0lisi d\u2019un llenguatge documental aplicat a la hist\u00f2ria\u201d<\/a>. <em>Item<\/em>, n\u00fam. 15 (juliol-desembre 1994): 134-159.<\/p>\n\n\n\n<p>&#8211;&nbsp;&nbsp;Cuadrado, M.; Garc\u00eda, C.; Perpiny\u00e0, M. et al. \u201c\u00cdndex dels articles de Plecs\u201d. <em>Plecs d\u2019Hist\u00f2ria Local<\/em>, n\u00fam. 51 (juny 1994): 35-50.<\/p>\n\n\n\n<p>&#8211;&nbsp;&nbsp;Cuadrado, M. \u201cEl Servei de Documentaci\u00f3 d\u2019Hist\u00f2ria Local de Catalunya\u201d. <em>Biblioteca Informacions. Publicaci\u00f3 del Servei de Biblioteques de la UAB<\/em>, n\u00fam. 15 (gener 1997): 12.<\/p>\n\n\n\n<p>&#8211;&nbsp;&nbsp;Cuadrado, M.; Garc\u00eda, C.; Perpiny\u00e0, E. et al. \u201cEl Servei de Documentaci\u00f3 d\u2019Hist\u00f2ria Local de Catalunya de la UAB: 10 anys de funcionament\u201d. <em>Terme. Revista del Centre d\u2019Estudis Hist\u00f2rics de Terrassa<\/em>, n\u00fam. 12 (novembre, 1997): 8-9.<\/p>\n\n\n\n<p>&#8211;&nbsp;&nbsp;Cuadrado, M.; Garc\u00eda, C.; Perpiny\u00e0, E. et al. \u201cCodina: una base de dades per al Baix Llobregat\u201d. <em>Materials del Baix Llobregat<\/em>, n\u00fam. 3 (1997): 95-103.<\/p>\n\n\n\n<p>&#8211;&nbsp;&nbsp;Cuadrado, M.; Garc\u00eda, C.; Perpiny\u00e0, E. et al. \u201c10 anys del Servei de Documentaci\u00f3 d\u2019Hist\u00f2ria Local de Catalunya de la UAB\u201d. <em>Plecs d\u2019Hist\u00f2ria Local<\/em>, n\u00fam. 73 (febrer, 1998): 36-39<\/p>\n\n\n\n<p>&#8211;&nbsp;&nbsp;Cuadrado, M.; Garc\u00eda, C.; Perpiny\u00e0, M. et al. \u201cChlio: la base de dades d\u2019hist\u00f2ria local de Catalunya\u201d. <em>Plecs d\u2019Hist\u00f2ria Local<\/em>, n\u00fam. 73 (febrer, 1998): 40-42.<\/p>\n\n\n\n<p>&#8211;&nbsp;&nbsp;Cuadrado, M.; Garc\u00eda, C.; Perpiny\u00e0, E . et al. \u201cLes bases de dades comarcals: l\u2019exemple \u201cCodina\u201d\u201d. <em>Plecs d\u2019Hist\u00f2ria Local<\/em>, n\u00fam. 73 (febrer, 1998): 43-45.<\/p>\n\n\n\n<p>&#8211;&nbsp;&nbsp;Abadal, E.; Cuadrado, M.; Gasc\u00f3n, J. et al. \u201cDisseny i creaci\u00f3 de bases de dades bibliogr\u00e0fiques amb CDS\/ISIS: l\u2019experi\u00e8ncia de SABA-DOC\u201d.<em> BID: Textos universitaris de biblioteconomia i documentaci\u00f3<\/em>, n\u00fam. 3 (desembre 1999)<br><a href=\"http:\/\/www.ub.es\/biblio\/bid\/bid03.htm\">http:\/\/www.ub.es\/biblio\/bid\/bid03.htm<\/a><\/p>\n\n\n\n<p>&#8211;&nbsp;&nbsp;Perpiny\u00e0, E.; Cuadrado, M.; \u201c\u00cdndex 1994-1999\u201d. <em>Materials del Baix Llobregat<\/em>, n\u00fam. 6 (2000): 207-228.<\/p>\n\n\n\n<p>&#8211;&nbsp;&nbsp;Cuadrado, M. \u201cEl Servei de Documentaci\u00f3 d\u2019Hist\u00f2ria Local de Catalunya de la Universitat Aut\u00f2noma de Barcelona\u201d. <em>Drassana : revista del Museu Mar\u00edtim de Barcelona<\/em>, n\u00fam. 10 (octubre 2002) : 31-38<\/p>\n\n\n\n<p>&#8211;&nbsp;&nbsp;\u201cServei de Documentaci\u00f3 d\u2019Hist\u00f2ria Local de Catalunya\u201d. <em>Aut\u00f2noma. Publicacions de la Universitat Aut\u00f2noma de Barcelona<\/em>, n\u00fam. 187 (novembre 2005) : 10.<\/p>\n\n\n\n<p>&#8211;&nbsp; Alemany, M.; Cuadrado, M.; Riera, C.; Rius, N. \u201c Sibhil\u00b7la : 25 anys al servei de la cultura catalana\u201d. <em>L\u2019Aven\u00e7. Revista d\u2019Hist\u00f2ria<\/em>, 384 (novembre 2012), p. 59-61<\/p>\n\n\n\n<p>&#8211;&nbsp; Alemany, M.; Cuadrado, M.; Riera, C.; Rius, N. \u201c SIBHIL\u00b7LA, al servei de la difusi\u00f3 del patrimoni documental catal\u00e0\u201d. <em>Frontissa : publicaci\u00f3 semestral de la Coordinadora de Centres d\u2019Estudis de Parla Catalana<\/em>, n\u00fam. 30 (desembre 2015), p. 13-14<\/p>\n\n\n\n<h2 class=\"wp-block-heading\">Pon\u00e8ncies i comunicacions<\/h2>\n\n\n\n<p><strong>&#8211; <\/strong>Participaci\u00f3 a la Taula rodona \u201cExperi\u00e8ncies i projectes\u201d del <em>I Congr\u00e9s Internacional d&#8217;Hist\u00f2ria Local de Catalunya.<\/em> Organitzat per la Revista d\u2019Hist\u00f2ria Contempor\u00e0nia &#8220;L&#8217;Aven\u00e7&#8221;, amb el suport de la Diputaci\u00f3 i l\u2019Ajuntament de Barcelona, (Barcelona 15 &#8211; 16 de novembre de 1991)<\/p>\n\n\n\n<p>&#8211; Cuadrado, M.; Garc\u00eda, C.; Perpiny\u00e0, M. et al. \u201cExperi\u00e8ncia de construcci\u00f3 d&#8217;una base de dades i d&#8217;un thesaurus d&#8217;hist\u00f2ria local de Catalunya&#8221;. Comunicaci\u00f3 presentada a las <em>4es Jornades Catalanes de Documentaci\u00f3<\/em>, organitzades pel Col\u00b7legi Oficial de Bibliotecaris i la Societat Catalana de Documentaci\u00f3 (SOCADI). (Barcelona 22 &#8211; 24 de gener de 1992)<\/p>\n\n\n\n<p>&#8211; Cuadrado, M.; Garc\u00eda, C.; Perpiny\u00e0, M. et al. \u201cEl Servei de Documentaci\u00f3 d\u2019Hist\u00f2ria Local de Catalunya de la Universitat Aut\u00f2noma de Barcelona: experiencia de creaci\u00f3n de una base de datos y de un tesaurus de historia de Catalunya\u201d. Comunicaci\u00f3 presentada al <em>Congreso Internacional sobre sistemas de informaci\u00f3n hist\u00f3rica<\/em>, organitzat per les \u201cJuntas Generales de Alava\u201d. (Vitoria, 6-8 de novembre de 1997)<\/p>\n\n\n\n<p>&#8211; Abadal, E.; Cuadrado, M., Criach, D. et. al. \u201cCentres de Documentaci\u00f3 i Biblioteques de Sabadell en xarxa: una iniciativa per a incrementar els serveis de la biblioteca p\u00fablica al municipi\u201d. Comunicaci\u00f3 presentada a les <em>7 enes. Jornades Catalanes de Documentaci\u00f3<\/em>. (Barcelona, 4-6 de novembre de 1999)<\/p>\n\n\n\n<p>&#8211; Cuadrado, M. \u201cEl Servei de Documentaci\u00f3 d\u2019Hist\u00f2ria Local de Catalunya de la Universitat Aut\u00f2noma de Barcelona\u201d. Pon\u00e8ncia presentada a: \u201cEl paper dels centres de documentaci\u00f3 especialitzats\u201d . <em>Centre de Documentaci\u00f3 Mar\u00edtima. Museu Mar\u00edtim<\/em>. (Barcelona, 24 de maig de 2001)<\/p>\n\n\n\n<p>&#8211; Cuadrado, M. \u201cEl Servei de Documentaci\u00f3 d\u2019Hist\u00f2ria Local de Catalunya de la Universitat Aut\u00f2noma de Barcelona\u201d. Pon\u00e8ncia presentada a: <em>I Jornades d\u2019Ensenyament d\u2019Hist\u00f2ria de Catalunya<\/em>. Associaci\u00f3 Con\u00e8ixer Catalunya, ICE de la UAB (Cerdanyola del Vall\u00e8s, 8 i 9 de novembre de 2002)<\/p>\n\n\n\n<p>&#8211; Cuadrado, M.; Vilanova, F.; Monfort, A. \u201cSobre les repressions franquistes a Catalunya. Unes notes informatives dels darrers quinze anys\u201d. Pon\u00e8ncia presentada al Congr\u00e9s, organitzat pel CEFID: <em>El Franquisme a Catalunya. Quinze anys de recerques (2000-2015) : balan\u00e7 i perspectives.<\/em> Facultat de Filosofia i Lletres de la UAB, 3 i 4 de setembre de 2015.<\/p>\n\n\n\n<p>&#8211; Cuadrado, M.; Rius, N. &#8220;El Fons d\u2019Hist\u00f2ria Local de Catalunya del SIBHIL\u00b7LA&#8221;. Comunicaci\u00f3 presentada a les <em>Jornades \u201cEl Vall\u00e8s de la societat agr\u00e0ria a la societat industrial. Eines i recursos per a la hist\u00f2ria local<\/em>\u201d (Sabadell, 18-11-2015), organitzat&nbsp; per la Fundaci\u00f3 Bosch i Cardellach, el CORE de Patrimoni de la Universitat Aut\u00f2noma de Barcelona i la Generalitat de Catalunya<\/p>\n","protected":false},"excerpt":{"rendered":"<p>Monografies Cuadrado, M.; Rius, N. Presentaci\u00f3 Jornades Humanitats Digitals 2018 [recurs electr\u00f2nic]. Bellaterra: Sibhil\u00b7la, 2018 &#8220;Carrer del Arbres. \u00cdndexs 1979-2012&#8221;. Carrer dels Arbres, n\u00fam. 22 (2012), p. 175-260. Badalona : Museu de Badalona, 2012 Pere Anguera i Nolla (1953-2010). Bibliografia. Bellaterra : Servei de Documentaci\u00f3 d&#8217;Hist\u00f2ria Local de Catalunya, 2011. 160 p\u00e0g. Cuadrado, M. \u201cEl [&hellip;]<\/p>\n","protected":false},"author":20,"featured_media":0,"parent":0,"menu_order":0,"comment_status":"closed","ping_status":"closed","template":"","meta":{"footnotes":""},"class_list":["post-227","page","type-page","status-publish","hentry"],"_links":{"self":[{"href":"https:\/\/webs.uab.cat\/sibhilla\/wp-json\/wp\/v2\/pages\/227","targetHints":{"allow":["GET"]}}],"collection":[{"href":"https:\/\/webs.uab.cat\/sibhilla\/wp-json\/wp\/v2\/pages"}],"about":[{"href":"https:\/\/webs.uab.cat\/sibhilla\/wp-json\/wp\/v2\/types\/page"}],"author":[{"embeddable":true,"href":"https:\/\/webs.uab.cat\/sibhilla\/wp-json\/wp\/v2\/users\/20"}],"replies":[{"embeddable":true,"href":"https:\/\/webs.uab.cat\/sibhilla\/wp-json\/wp\/v2\/comments?post=227"}],"version-history":[{"count":12,"href":"https:\/\/webs.uab.cat\/sibhilla\/wp-json\/wp\/v2\/pages\/227\/revisions"}],"predecessor-version":[{"id":3424,"href":"https:\/\/webs.uab.cat\/sibhilla\/wp-json\/wp\/v2\/pages\/227\/revisions\/3424"}],"wp:attachment":[{"href":"https:\/\/webs.uab.cat\/sibhilla\/wp-json\/wp\/v2\/media?parent=227"}],"curies":[{"name":"wp","href":"https:\/\/api.w.org\/{rel}","templated":true}]}}