{"id":2370,"date":"2023-03-17T12:10:52","date_gmt":"2023-03-17T12:10:52","guid":{"rendered":"https:\/\/webs.uab.cat\/sibhilla\/?page_id=2370"},"modified":"2023-06-01T11:31:10","modified_gmt":"2023-06-01T11:31:10","slug":"servei-datencio-als-usuaris","status":"publish","type":"page","link":"https:\/\/webs.uab.cat\/sibhilla\/servei-datencio-als-usuaris\/","title":{"rendered":"Servei d&#8217;atenci\u00f3 als usuaris"},"content":{"rendered":"\n<blockquote class=\"wp-block-quote is-layout-flow wp-block-quote-is-layout-flow\"><p><em>Donat el seu caire pluridisciplinari, el FonsHL est\u00e0 obert a un ampli ventall d\u2019usuaris: professors, investigadors, estudiants de tercer cicle o erudits locals (estudis cient\u00edfics), el professorat i alumnat de prim\u00e0ria i secund\u00e0ria (material did\u00e0ctic), institucions i organismes locals (mem\u00f2ries, estad\u00edstiques\u2026), les associacions o entitats culturals (tradicions populars, exposicions art\u00edstiques, esports\u2026), com en general, a qualsevol ciutad\u00e0 que tingui inquietud pel coneixement de la seva comarca o municipi.<\/em><\/p><\/blockquote>\n\n\n\n<p>Sibhil\u00b7la d\u00f3na un servei d\u2019atenci\u00f3 personalitzada a les consultes dels usuaris. <br>\u00c9s un servei adre\u00e7at a estudiants, personal docent i investigador de la UAB, biblioteques i centres d\u2019informaci\u00f3 i a qualsevol usuari extern interessat.<br>L\u2019atenci\u00f3 personalitzada suposa:<\/p>\n\n\n\n<div class=\"wp-block-group is-vertical is-layout-flex wp-container-core-group-is-layout-8cf370e7 wp-block-group-is-layout-flex\">\n<ul class=\"wp-block-list\"><li>La realitzaci\u00f3 d\u2019una cerca m\u00e9s acurada i precisa de la tem\u00e0tica proposada o les necessitats d\u2019informaci\u00f3, per part dels t\u00e8cnics del servei coneixedors del llenguatge documental emprat per la indexaci\u00f3 dels documents (terminologia especialitzada recollida en el Tesaurus d\u2019Hist\u00f2ria de Catalunya) i del programari inform\u00e0tic.<\/li><li>Possibilitat t\u00e8cnica d\u2019obtenir un document digital amb el llistat de refer\u00e8ncies resultants de la cerca, acompanyat d\u2019un \u00edndex d\u2019autors, mat\u00e8ries, top\u00f2nim geogr\u00e0fic, etc.<\/li><\/ul>\n\n\n\n<p>Aquest servei va adre\u00e7at a :<\/p>\n\n\n\n<div class=\"wp-block-group\"><div class=\"wp-block-group__inner-container is-layout-flow wp-block-group-is-layout-flow\">\n<ul class=\"wp-block-list\"><li>Estudiants de grau de la UAB que realitzen treballs de final de grau sobre una tem\u00e0tica local concreta.<\/li><li>Estudiants de m\u00e0ster i postgrau i investigadors que inicien una investigaci\u00f3 (TFM, tesi doctoral\u2026) sobre una tem\u00e0tica concreta a nivell catal\u00e0.<br>Donem informaci\u00f3 sobre els estudis i tesis existents sobre la tem\u00e0tica i informaci\u00f3 sobre possibles fonts documentals (literatura grisa d\u2019entitats, estatuts d\u2019associacions, biografies i mem\u00f2ries de personatges\u2026)<\/li><li>Professorat que necessita una relaci\u00f3 bibliogr\u00e0fica sobre una tem\u00e0tica espec\u00edfica per a la tasca docent: propostes de lectures i treballs al alumnat.<\/li><li>Professorat i estudiants de secund\u00e0ria que elaboren els seus \u201ctreballs de recerca\u201d.<\/li><\/ul>\n<\/div><\/div>\n\n\n\n<p>Podeu contactar amb nosaltres:<\/p>\n\n\n\n<div class=\"wp-block-group is-vertical is-layout-flex wp-container-core-group-is-layout-8cf370e7 wp-block-group-is-layout-flex\">\n<blockquote class=\"wp-block-quote is-layout-flow wp-block-quote-is-layout-flow\"><p>A trav\u00e9s del nostre correu electr\u00f2nic: <a href=\"mailto:sibhilla@uab.cat\">sibhilla@uab.cat<\/a><\/p><p><strong>Biblioteca d&#8217;Humanitats<\/strong>. 2a planta. Despatx L-219 (dilluns a dijous de 9h. &#8211; 16h.)<\/p><p>Tel\u00e8fon:  93 581 2537<\/p><\/blockquote>\n<\/div>\n\n\n\n<p><\/p>\n\n\n\n<p><\/p>\n<\/div>\n","protected":false},"excerpt":{"rendered":"<p>Donat el seu caire pluridisciplinari, el FonsHL est\u00e0 obert a un ampli ventall d\u2019usuaris: professors, investigadors, estudiants de tercer cicle o erudits locals (estudis cient\u00edfics), el professorat i alumnat de prim\u00e0ria i secund\u00e0ria (material did\u00e0ctic), institucions i organismes locals (mem\u00f2ries, estad\u00edstiques\u2026), les associacions o entitats culturals (tradicions populars, exposicions art\u00edstiques, esports\u2026), com en general, a [&hellip;]<\/p>\n","protected":false},"author":102,"featured_media":0,"parent":0,"menu_order":0,"comment_status":"closed","ping_status":"closed","template":"","meta":{"footnotes":""},"class_list":["post-2370","page","type-page","status-publish","hentry"],"_links":{"self":[{"href":"https:\/\/webs.uab.cat\/sibhilla\/wp-json\/wp\/v2\/pages\/2370","targetHints":{"allow":["GET"]}}],"collection":[{"href":"https:\/\/webs.uab.cat\/sibhilla\/wp-json\/wp\/v2\/pages"}],"about":[{"href":"https:\/\/webs.uab.cat\/sibhilla\/wp-json\/wp\/v2\/types\/page"}],"author":[{"embeddable":true,"href":"https:\/\/webs.uab.cat\/sibhilla\/wp-json\/wp\/v2\/users\/102"}],"replies":[{"embeddable":true,"href":"https:\/\/webs.uab.cat\/sibhilla\/wp-json\/wp\/v2\/comments?post=2370"}],"version-history":[{"count":8,"href":"https:\/\/webs.uab.cat\/sibhilla\/wp-json\/wp\/v2\/pages\/2370\/revisions"}],"predecessor-version":[{"id":3152,"href":"https:\/\/webs.uab.cat\/sibhilla\/wp-json\/wp\/v2\/pages\/2370\/revisions\/3152"}],"wp:attachment":[{"href":"https:\/\/webs.uab.cat\/sibhilla\/wp-json\/wp\/v2\/media?parent=2370"}],"curies":[{"name":"wp","href":"https:\/\/api.w.org\/{rel}","templated":true}]}}