{"id":2375,"date":"2023-03-17T12:23:18","date_gmt":"2023-03-17T12:23:18","guid":{"rendered":"https:\/\/webs.uab.cat\/sibhilla\/?page_id=2375"},"modified":"2023-06-15T16:05:20","modified_gmt":"2023-06-15T16:05:20","slug":"catalegs-i-bases-de-dades","status":"publish","type":"page","link":"https:\/\/webs.uab.cat\/sibhilla\/catalegs-i-bases-de-dades\/","title":{"rendered":"Cat\u00e0legs i bases de dades"},"content":{"rendered":"\n<div class=\"wp-block-buttons is-layout-flex wp-block-buttons-is-layout-flex\">\n<div class=\"wp-block-button\"><a class=\"wp-block-button__link wp-element-button\" href=\"#catalegs-generals\"> generals<\/a><\/div>\n\n\n\n<div class=\"wp-block-button\"><a class=\"wp-block-button__link wp-element-button\" href=\"#catalegs-universitats\">Universitaris<\/a><\/div>\n\n\n\n<div class=\"wp-block-button\"><a class=\"wp-block-button__link wp-element-button\" href=\"#catalegs-bases-dades\">bases dades i repositoris<\/a><\/div>\n<\/div>\n\n\n\n<h2 class=\"wp-block-heading\" id=\"catalegs-generals\"><strong>Cat\u00e0legs generals<\/strong><\/h2>\n\n\n\n<p>Cat\u00e0leg de la Biblioteca de Catalunya<br><a href=\"http:\/\/www.bnc.cat\/\">http:\/\/www.bnc.cat\/<\/a><br><br>Cat\u00e0leg Col\u00b7lectiu de Lectura P\u00fablica<br>&nbsp;<a rel=\"noreferrer noopener\" href=\"http:\/\/argus.biblioteques.gencat.cat\/iii\/encore\/home?lang=cat\" target=\"_blank\">http:\/\/argus.biblioteques.gencat.cat\/iii\/encore\/home?lang=cat<\/a><br><br>Cat\u00e0leg de les Biblioteques Especialitzades de la Generalitat de Catalunya<br><a href=\"http:\/\/beg.gencat.net\/vtls\/catalan\/index2.html\">http:\/\/beg.gencat.net\/vtls\/catalan\/index2.html<\/a><br><br>Cat\u00e0leg Col\u00b7lectiu del Patrimoni Bibliogr\u00e0fic de Catalunya<br><a href=\"http:\/\/www.bnc.es\/catalegs\/patrimoni\/catalan\/inici.php\">http:\/\/www.bnc.es\/catalegs\/patrimoni\/catalan\/inici.php<\/a><br><br>Cat\u00e0leg Col\u00b7lectiu de la Xarxa de Biblioteques de la Prov\u00edncia de Barcelona<br><a rel=\"noreferrer noopener\" href=\"http:\/\/sinera.diba.cat\/\" target=\"_blank\">http:\/\/sinera.diba.cat\/<\/a><\/p>\n\n\n\n<p>C\u00e0taleg de Fons Local de la Biblioteca P\u00fablica de Tarragona<br><a href=\"http:\/\/cultura.gencat.net\/BPTARRAGONA\/abwebp.exe\/X5109\/ID16980\/G0\">http:\/\/cultura.gencat.net\/BPTARRAGONA\/abwebp.exe\/X5109\/ID16980\/G0<\/a><br><br>Cat\u00e0leg de la Biblioteca de Montserrat (Abadia de Montserrat)<br><a href=\"http:\/\/www.bibliotecademontserrat.net\/catala\/catalogo.htm\">http:\/\/www.bibliotecademontserrat.net\/catala\/catalogo.htm<\/a><br><br>Arxiu Hist\u00f2ric i Hemeroteca de la Ciutat de Barcelona<br><a href=\"http:\/\/www.bcn.es\/arxiu\/arxiuhistoric\/\">http:\/\/www.bcn.es\/arxiu\/arxiuhistoric\/<\/a><br><br>Biblioteca P\u00fablica Ar\u00fas<br><a href=\"http:\/\/www.bpa.es\/\">http:\/\/www.bpa.es\/<\/a><br><br>Biblioteca Borja (Centre Borja. Sant Cugat del Vall\u00e8s)<br><a href=\"http:\/\/www.bibliotecaborja.org\/\">http:\/\/www.bibliotecaborja.org\/<\/a><br><br>Cat\u00e0leg de la Biblioteca de l&#8217;Ateneu Barcelon\u00e8s<br><a href=\"http:\/\/biblioteca.ateneubcn.cat\/web\/continguts\/ca\/index.html\">http:\/\/biblioteca.ateneubcn.cat\/web\/continguts\/ca\/index.html<\/a><\/p>\n\n\n\n<h2 class=\"wp-block-heading\" id=\"catalegs-universitats\"><strong>Cat\u00e0legs de biblioteques universit\u00e0ries<\/strong><\/h2>\n\n\n\n<p>Cat\u00e0leg Col\u00b7lectiu de les Universitats de Catalunya<br><a href=\"http:\/\/ccuc.cbuc.es\/\">http:\/\/ccuc.cbuc.es<\/a><br><br>REBIUN. Cat\u00e1logo de la Red de Bibliotecas Universitarias de Espa\u00f1a<br><a href=\"http:\/\/rebiun.crue.org\/\">http:\/\/rebiun.crue.org\/<\/a><br><br>Biblioteca Virtual Joan Llu\u00eds Vives<br><a href=\"http:\/\/www.lluisvives.com\/\">http:\/\/www.lluisvives.com<\/a><br><br>Universitat Aut\u00f2noma de Barcelona<br><a href=\"http:\/\/www.uab.es\/biblioteques\/\">http:\/\/www.uab.es\/biblioteques\/<\/a><br><br>Universitat de Barcelona<br><a href=\"http:\/\/www.bib.ub.edu\/bxtu\/\">http:\/\/www.bib.ub.edu\/bxtu\/<\/a><br><br>Universitat de Girona<br><a href=\"http:\/\/biblioteca.udg.edu\/\">http:\/\/biblioteca.udg.edu\/<\/a><br><br>Universitat de Lleida<br><a href=\"http:\/\/www.bib.udl.es\/\">http:\/\/www.bib.udl.es\/<\/a><br><br>Universitat de Vic<br><a href=\"http:\/\/www.uvic.cat\/biblioteca\/cataleg\/inici.html\">http:\/\/www.uvic.cat\/biblioteca\/cataleg\/inici.html<\/a><br><br>Universitat Pompeu Fabra<br><a href=\"http:\/\/www.upf.edu\/bib\/index.shtml\">http:\/\/www.upf.edu\/bib\/index.shtml<\/a><br><br>Universitat Rovira i Virgili<br><a href=\"http:\/\/www.urv.es\/biblioteca\/index.html\">http:\/\/www.urv.es\/biblioteca\/index.html<\/a><br><br>Universitat Ramon Llull<br><a href=\"http:\/\/www.url.es\/cont\/url\/biblioteques.php#section2\">http:\/\/www.url.es\/cont\/url\/biblioteques.php#section2<\/a><br><br>Universitat Polit\u00e8cnica de Catalunya<br><a href=\"http:\/\/bibliotecnica.upc.es\/\">http:\/\/bibliotecnica.upc.es\/<\/a><br><br>Universitat Oberta de Catalunya<br><a href=\"http:\/\/biblioteca.uoc.edu\/cat\/\">http:\/\/biblioteca.uoc.edu\/cat\/<\/a><\/p>\n\n\n\n<h2 class=\"wp-block-heading\" id=\"catalegs-bases-dades\"><strong>Bases de dades i recursos digitals<\/strong><\/h2>\n\n\n\n<p>RACO. Revistes Catalanes amb Acc\u00e9s Obert<br><a href=\"http:\/\/www.raco.cat\/\">http:\/\/www.raco.cat\/<\/a><br><br>Portal de Revistes de l\u2019Institut Ramon Muntaner<br><a href=\"http:\/\/www.irmu.org\/\">http:\/\/www.irmu.org\/<\/a><br><br>ARCA. Arxiu de Revistes Catalanes Antigues<br><a href=\"http:\/\/www.bnc.cat\/digital\/arca\/index.html\">http:\/\/www.bnc.cat\/digital\/arca\/index.html<\/a><br><br>Fons local de publicacions peri\u00f2diques<br><a href=\"http:\/\/www.diba.es\/xbcr\/default.htm\">http:\/\/www.diba.es\/xbcr\/default.htm<\/a><br><br>Biblioteca Virtual de Prensa Hist\u00f3rica<br><a href=\"http:\/\/prensahistorica.mcu.es\/ca\/estaticos\/contenido.cmd?pagina=estaticos%2Fpresentacion\">http:\/\/prensahistorica.mcu.es\/ca\/estaticos\/contenido.cmd?pagina=estaticos%2Fpresentacion<\/a><br><br>Portal de revistes electr\u00f2niques TECNOCIENCIA<br><a href=\"http:\/\/www.tecnociencia.es\/\">http:\/\/www.tecnociencia.es\/<\/a><br><br>COMPLUDOC: Base de Datos de Art\u00edculos de Revistas<br><a href=\"http:\/\/europa.sim.ucm.es\/compludoc\/\">http:\/\/europa.sim.ucm.es\/compludoc\/<\/a><br><br>Biblioteca Digital de Catalunya<br><a href=\"http:\/\/www.cbuc.es\/cbuc\/programes_i_serveis\/bdc\">http:\/\/www.cbuc.es\/cbuc\/programes_i_serveis\/bdc\/<\/a><br><br>Patrimoni Digital de Catalunya<br><a href=\"http:\/\/www.padicat.cat\/\">http:\/\/www.padicat.cat\/<\/a><br><br>Base de Datos de Libros Editados en Espa\u00f1a (ISBN)<br><a href=\"http:\/\/www.mcu.es\/webISBN\/cargarLibroBusquedaAvanzada.do?cache=init&amp;prev_layout=busquedaisbn&amp;layout=busquedaisbn&amp;language=es\">http:\/\/www.mcu.es\/webISBN\/cargarLibroBusquedaAvanzada.do?cache=init&amp;prev_layout=busquedaisbn&amp;layout=busquedaisbn&amp;language=es<\/a><br><br>TDX. Tesis doctorals en xarxa<br><a rel=\"noreferrer noopener\" href=\"http:\/\/www.tdx.cat\/\" target=\"_blank\">http:\/\/www.tdx.cat<\/a><br><br>TESEO. Base de Datos de Tesis Doctorales<br><a rel=\"noreferrer noopener\" href=\"https:\/\/www.educacion.gob.es\/teseo\/irGestionarConsulta.do\" target=\"_blank\">https:\/\/www.educacion.gob.es\/teseo\/irGestionarConsulta.do<\/a><br><br>RECERCAT. Dip\u00f2sit de la Recerca de Catalunya<br><a href=\"http:\/\/www.recercat.net\/\">http:\/\/www.recercat.net\/<\/a><br><br>DDD. Dip\u00f2sit Digital de Documents de la UAB<br><a href=\"http:\/\/ddd.uab.es\/\">http:\/\/ddd.uab.es\/<\/a><br><br>MDC. Mem\u00f2ria Digital de Catalunya<br><a href=\"http:\/\/mdc.cbuc.cat\/\">http:\/\/mdc.cbuc.cat\/<\/a><br><br>Biblioteca Digital Tarraconense (BDT)<br><a href=\"http:\/\/www.bibliodt.org\/bdt\/welcome.html\">http:\/\/www.bibliodt.org\/bdt\/welcome.html<\/a><br><br>TRACES. Base de Dades de Llengua i Literatura Catalanes<br><a href=\"http:\/\/www.traces.uab.es\/tracesbd\/\">http:\/\/www.traces.uab.es\/tracesbd\/<\/a><br><br>Diccionari Catalunya durant el Franquisme<br><a href=\"http:\/\/cefid.uab.es\/diccionari\/wfran\/form.htm\">http:\/\/cefid.uab.es\/diccionari\/wfran\/form.htm<\/a><br><br>BDH. Base de Dades de Documents Hist\u00f2rics<br><a href=\"http:\/\/hipatia.uab.es\/bdh\/bdh.asp\">http:\/\/hipatia.uab.es\/bdh\/bdh.asp<\/a><br><br>Bases de Datos Bibliogr\u00e1ficas del CSIC<br><a href=\"http:\/\/bddoc.csic.es:8080\/index.jsp\">http:\/\/bddoc.csic.es:8080\/index.jsp<\/a><br><br>Dialnet. Portal de difusi\u00f3n de la producci\u00f3n cient\u00edfica hispana<br><a href=\"http:\/\/dialnet.unirioja.es\/\">http:\/\/dialnet.unirioja.es\/<\/a><br><br>Base Documental d&#8217;Hist\u00f2ria Contempor\u00e0nia de Catalunya<br><a href=\"http:\/\/www.xtec.cat\/~jrovira6\/index.htm\">http:\/\/www.xtec.cat\/~jrovira6\/index.htm<\/a><br><br>Centres de documentaci\u00f3 dels Parcs Naturals<br><a href=\"http:\/\/www.diba.cat\/cdparcs\/default.asp\">http:\/\/www.diba.cat\/cdparcs\/default.asp<\/a><\/p>\n\n\n\n<p>Biblioteca virtual dels Pallars i l&#8217;Alta Ribagor\u00e7a<br><a href=\"https:\/\/tarterdellibres.wordpress.com\/2017\/01\/02\/tarter-de-llibres-fons-locals-de-les-biblioteques-dels-pallars-i-ribagorca\/\" target=\"_blank\" rel=\"noreferrer noopener\">https:\/\/tarterdellibres.wordpress.com\/2017\/01\/02\/tarter-de-llibres-fons-locals-de-les-biblioteques-dels-pallars-i-ribagorca\/<\/a><\/p>\n\n\n\n<p><\/p>\n\n\n\n<p><\/p>\n\n\n\n<p><\/p>\n\n\n\n<p><\/p>\n\n\n\n<p><br><br><\/p>\n","protected":false},"excerpt":{"rendered":"<p>Cat\u00e0legs generals Cat\u00e0leg de la Biblioteca de Catalunyahttp:\/\/www.bnc.cat\/ Cat\u00e0leg Col\u00b7lectiu de Lectura P\u00fablica&nbsp;http:\/\/argus.biblioteques.gencat.cat\/iii\/encore\/home?lang=cat Cat\u00e0leg de les Biblioteques Especialitzades de la Generalitat de Catalunyahttp:\/\/beg.gencat.net\/vtls\/catalan\/index2.html Cat\u00e0leg Col\u00b7lectiu del Patrimoni Bibliogr\u00e0fic de Catalunyahttp:\/\/www.bnc.es\/catalegs\/patrimoni\/catalan\/inici.php Cat\u00e0leg Col\u00b7lectiu de la Xarxa de Biblioteques de la Prov\u00edncia de Barcelonahttp:\/\/sinera.diba.cat\/ C\u00e0taleg de Fons Local de la Biblioteca P\u00fablica de Tarragonahttp:\/\/cultura.gencat.net\/BPTARRAGONA\/abwebp.exe\/X5109\/ID16980\/G0 Cat\u00e0leg de la [&hellip;]<\/p>\n","protected":false},"author":102,"featured_media":0,"parent":0,"menu_order":0,"comment_status":"closed","ping_status":"closed","template":"","meta":{"footnotes":""},"class_list":["post-2375","page","type-page","status-publish","hentry"],"_links":{"self":[{"href":"https:\/\/webs.uab.cat\/sibhilla\/wp-json\/wp\/v2\/pages\/2375","targetHints":{"allow":["GET"]}}],"collection":[{"href":"https:\/\/webs.uab.cat\/sibhilla\/wp-json\/wp\/v2\/pages"}],"about":[{"href":"https:\/\/webs.uab.cat\/sibhilla\/wp-json\/wp\/v2\/types\/page"}],"author":[{"embeddable":true,"href":"https:\/\/webs.uab.cat\/sibhilla\/wp-json\/wp\/v2\/users\/102"}],"replies":[{"embeddable":true,"href":"https:\/\/webs.uab.cat\/sibhilla\/wp-json\/wp\/v2\/comments?post=2375"}],"version-history":[{"count":11,"href":"https:\/\/webs.uab.cat\/sibhilla\/wp-json\/wp\/v2\/pages\/2375\/revisions"}],"predecessor-version":[{"id":3630,"href":"https:\/\/webs.uab.cat\/sibhilla\/wp-json\/wp\/v2\/pages\/2375\/revisions\/3630"}],"wp:attachment":[{"href":"https:\/\/webs.uab.cat\/sibhilla\/wp-json\/wp\/v2\/media?parent=2375"}],"curies":[{"name":"wp","href":"https:\/\/api.w.org\/{rel}","templated":true}]}}