{"id":2393,"date":"2023-03-17T12:51:24","date_gmt":"2023-03-17T12:51:24","guid":{"rendered":"https:\/\/webs.uab.cat\/sibhilla\/?page_id=2393"},"modified":"2023-07-25T09:45:19","modified_gmt":"2023-07-25T09:45:19","slug":"2393-2","status":"publish","type":"page","link":"https:\/\/webs.uab.cat\/sibhilla\/2393-2\/","title":{"rendered":"Entitats i centres d&#8217;estudis locals"},"content":{"rendered":"\n<div class=\"wp-block-buttons is-content-justification-center is-layout-flex wp-container-core-buttons-is-layout-16018d1d wp-block-buttons-is-layout-flex\">\n<div class=\"wp-block-button\"><a class=\"wp-block-button__link wp-element-button\" href=\"#centres-estudis-a-b\">A-B<\/a><\/div>\n\n\n\n<div class=\"wp-block-button\"><a class=\"wp-block-button__link wp-element-button\" href=\"#centres-estudis-C-D\">C-D<\/a><\/div>\n\n\n\n<div class=\"wp-block-button\"><a class=\"wp-block-button__link wp-element-button\" href=\"#centres-estudis-E-L\">E-L<\/a><\/div>\n\n\n\n<div class=\"wp-block-button\"><a class=\"wp-block-button__link wp-element-button\" href=\"#centres-estudis-M-T\">M-T<\/a><\/div>\n<\/div>\n\n\n\n<p id=\"centres_estudis_a-b\"><strong>A-B<\/strong><\/p>\n\n\n\n<p>Agrupaci\u00f3 d&#8217;Estudis Rubinencs Rivo Rubeo<\/p>\n\n\n\n<p>\u00c0mbit de Recerques del Bergued\u00e0<\/p>\n\n\n\n<p><a href=\"http:\/\/www.amicsdebesalu.cat\/web\/index\">Amics de Besal\u00fa i el Seu Comtat<\/a><\/p>\n\n\n\n<p><a href=\"http:\/\/aar.iec.cat\/\" target=\"_blank\" rel=\"noreferrer noopener\">Amics de l&#8217;Art Rom\u00e0nic<\/a><\/p>\n\n\n\n<p><a href=\"http:\/\/amicsdelscastells.blogspot.com.es\/\">Amics dels Castells i del Nucli Antic de Tortosa<\/a><\/p>\n\n\n\n<p><a href=\"http:\/\/www.amicsdelsmuseus.org\/\" target=\"_blank\" rel=\"noreferrer noopener\">Amics dels Museus de Catalunya<\/a><\/p>\n\n\n\n<p><a href=\"https:\/\/arxiumemoriapopular.wordpress.com\/\">Arxiu de la Mem\u00f2ria Popular<\/a><\/p>\n\n\n\n<p><a href=\"http:\/\/arxiuhistoric.blogspot.com\/\">Arxiu Hist\u00f2ric de Roquetes<\/a><\/p>\n\n\n\n<p><a href=\"https:\/\/www.arxiuhistoricpoblenou.cat\/\">Arxiu Hist\u00f2ric del Poblenou<\/a><\/p>\n\n\n\n<p><a href=\"http:\/\/acbs.cat\/\">Associaci\u00f3 Cultural Baixa Segarra<\/a><\/p>\n\n\n\n<p><a href=\"http:\/\/www.lorafal.cat\/\">Associaci\u00f3 Cultural Lo Rafal d\u2019Alcanar<\/a><\/p>\n\n\n\n<p><a href=\"http:\/\/www.modilianum.org\/\">Associaci\u00f3 Cultural Modilianum<\/a><\/p>\n\n\n\n<p><a href=\"https:\/\/www.valldecapafonts.com\/\">Associaci\u00f3 Cultural Picorandan<\/a><\/p>\n\n\n\n<p><a href=\"http:\/\/www.memoriacatalunya.org\" target=\"_blank\" rel=\"noreferrer noopener\">Associaci\u00f3 per a la recuperaci\u00f3 de la Mem\u00f2ria Hist\u00f2rica de Catalunya<\/a><\/p>\n\n\n\n<p id=\"centres-estudis-C-D\"><strong>C-D<\/strong><\/p>\n\n\n\n<p><a href=\"https:\/\/www.ccepc.cat\/\">CCEPC (a l&#8217;IEC)<\/a><\/p>\n\n\n\n<p><a href=\"http:\/\/www.cea.cat\/\">Centre d\u2019Estudis Argentonins Jaume Clavell<\/a><\/p>\n\n\n\n<p><a href=\"http:\/\/ceulldecona.blogspot.com.es\/\">Centre d\u2019Estudis d\u2019Ulldecona<\/a><\/p>\n\n\n\n<p><a href=\"http:\/\/www.ceconcabarbera.cat\/\">Centre d\u2019Estudis de la Conca de Barber\u00e0<\/a><\/p>\n\n\n\n<p><a href=\"http:\/\/www.cepriorat.cat\/\">Centre d\u2019Estudis del Priorat<\/a><\/p>\n\n\n\n<p>Centre d\u2019Estudis Francesc Martorell<\/p>\n\n\n\n<p>Centre d\u2019Estudis Locals del Casal de l\u2019Espluga de Francol\u00ed<\/p>\n\n\n\n<p><a href=\"https:\/\/www.facebook.com\/centre.destudisplaners\/info\">Centre d\u2019Estudis Planers<\/a><\/p>\n\n\n\n<p><a href=\"http:\/\/ceselvata.wordpress.com\/\">Centre d\u2019Estudis Selvatans (La Selva del Camp)<\/a><\/p>\n\n\n\n<p><a href=\"http:\/\/patrimonisenienc.blogspot.com.es\/\">Centre d\u2019Estudis Seniencs<\/a><\/p>\n\n\n\n<p><a href=\"http:\/\/www.solivella.net\/\">Centre d\u2019Estudis Solivellencs<\/a><\/p>\n\n\n\n<p><a href=\"https:\/\/www.carrutxa.cat\/\">Centre de Documentaci\u00f3 del Patrimoni i la Mem\u00f2ria \/ Carrutxa<\/a><\/p>\n\n\n\n<p><a href=\"http:\/\/www.elsports.cat\/\">Centre de Documentaci\u00f3 Ecomuseu dels Ports<\/a><\/p>\n\n\n\n<p>Centre de Documentaci\u00f3 i Recerca Hist\u00f2rica de l&#8217;Escala<\/p>\n\n\n\n<p><a href=\"http:\/\/crem-santaperpetua.cat\/\">Centre de Recerques i Estudis Mogoda<\/a><\/p>\n\n\n\n<p>Centre d&#8217;Estudis Alcoverencs<\/p>\n\n\n\n<p><a href=\"http:\/\/www.centreestudiscanetencs.cat\/\">Centre d&#8217;Estudis Canetencs<\/a><\/p>\n\n\n\n<p><a href=\"http:\/\/www.cecianoia.org\/\">Centre d&#8217;Estudis Comarcals (CECI)<\/a><\/p>\n\n\n\n<p><a href=\"https:\/\/cecbanyoles.cat\/\">Centre d&#8217;Estudis Comarcals de Banyoles<\/a><\/p>\n\n\n\n<p><a href=\"https:\/\/www.cenoguera.cat\/\">Centre d&#8217;Estudis Comarcals de la Noguera<\/a><\/p>\n\n\n\n<p><a href=\"http:\/\/www.cecripolles.org\/\">Centre d&#8217;Estudis Comarcals del Ripoll\u00e8s<\/a><\/p>\n\n\n\n<p><a href=\"https:\/\/centrestudiscomarcalsegria.wordpress.com\/\">Centre d&#8217;Estudis Comarcals del Segri\u00e0<\/a><\/p>\n\n\n\n<p><a href=\"http:\/\/www.cestudisaltafulla.cat\/\">Centre d&#8217;Estudis d&#8217;Altafulla<\/a><\/p>\n\n\n\n<p><a href=\"http:\/\/www.centrestudisgranollers.es\/\">Centre d&#8217;Estudis de Granollers<\/a><\/p>\n\n\n\n<p><a href=\"https:\/\/cenbn.cat\/ca\">Centre d&#8217;Estudis de la Natura del Barcelon\u00e8s Nord<\/a><\/p>\n\n\n\n<p><a href=\"http:\/\/www.riberadebre.org\/\">Centre d&#8217;Estudis de la Ribera d&#8217;Ebre<\/a><\/p>\n\n\n\n<p><a href=\"http:\/\/terra-alta.cat\/\">Centre d&#8217;Estudis de la Terra Alta<\/a><\/p>\n\n\n\n<p><a href=\"http:\/\/cegarrigues.cat\/\">Centre d&#8217;Estudis de les Garrigues<\/a><\/p>\n\n\n\n<p><a href=\"https:\/\/www.celh.cat\/\">Centre d&#8217;Estudis de l&#8217;Hospitalet (CEL&#8217;H)<\/a><\/p>\n\n\n\n<p><a href=\"http:\/\/cemrecerca.blogspot.com\/\">Centre d&#8217;Estudis de Montmel\u00f3<\/a><\/p>\n\n\n\n<p><a href=\"http:\/\/elracodelcemv.wordpress.com\/cemv\/\">Centre d&#8217;Estudis de Montorn\u00e8s del Vall\u00e8s<\/a><\/p>\n\n\n\n<p><a href=\"https:\/\/www.vilamajor.cat\/ajuntament\/govern\/organismes-dependents-o-vinculats\/centre-destudis-de-sant-pere-de-vilamajor.html\">Centre d&#8217;Estudis de Sant Pere de Vilamajor<\/a><\/p>\n\n\n\n<p>Centre d&#8217;Estudis de Valldoreix<\/p>\n\n\n\n<p>Centre d&#8217;Estudis de Viladecans<\/p>\n\n\n\n<p><a href=\"https:\/\/cebages.org\/\">Centre d&#8217;Estudis del Bages<\/a><\/p>\n\n\n\n<p>Centre d&#8217;estudis del Baix Segre<\/p>\n\n\n\n<p><a href=\"http:\/\/centreestudisgaia.cat\/\">Centre d&#8217;Estudis del Gai\u00e0<\/a><\/p>\n\n\n\n<p>Centre d&#8217;Estudis del Masroig<\/p>\n\n\n\n<p>Centre d&#8217;Estudis del Pallars<\/p>\n\n\n\n<p><a href=\"http:\/\/www.ced.uab.es\/catalonia\/projectes\/p57.htm\" target=\"_blank\" rel=\"noreferrer noopener\">Centre d&#8217;Estudis Demogr\u00e0fics<\/a><\/p>\n\n\n\n<p>Centre d&#8217;Estudis Esteve Albert i Corp<\/p>\n\n\n\n<p><a href=\"http:\/\/www.cefalset.cat\/\">Centre d&#8217;Estudis Falsetans<\/a><\/p>\n\n\n\n<p>Centre d&#8217;Estudis Hist\u00f2rics Comarcals del Baix Ebre<\/p>\n\n\n\n<p><a href=\"http:\/\/cehterrassa.org\/\">Centre d&#8217;Estudis Hist\u00f2rics de Terrassa<\/a><\/p>\n\n\n\n<p>Centre d&#8217;Estudis Hist\u00f2rics Garrigencs<\/p>\n\n\n\n<p><a href=\"https:\/\/t.co\/GI52gjrkc6?amp=1\">Centre d&#8217;Estudis Hist\u00f2rics Internacionals (CEHI-UB)<\/a><\/p>\n\n\n\n<p><a href=\"https:\/\/www.facebook.com\/malgratcedzc\/\">Centre d&#8217;Estudis i Documentaci\u00f3 Zen\u00f2bia Camprub\u00ed<\/a><\/p>\n\n\n\n<p><a href=\"https:\/\/www.google.es\/url?sa=t&amp;rct=j&amp;q=&amp;esrc=s&amp;source=web&amp;cd=2&amp;cad=rja&amp;uact=8&amp;ved=0ahUKEwikmd7j55bSAhULXBoKHX4PCKQQFggkMAE&amp;url=http%3A%2F%2Fcentreestudisignasiiglesias.blogspot.com%2F&amp;usg=AFQjCNFAYVm0ORZ2O2zwrnVQOl6GEUXMuA&amp;sig2=GpNk6rQmntgxCya068-7kg\">Centre d&#8217;Estudis Ignasi Iglesias<\/a><\/p>\n\n\n\n<p><a href=\"https:\/\/www.cejeb.org\/\">Centre d&#8217;Estudis Josep Ester Borr\u00e0s<\/a><\/p>\n\n\n\n<p><a href=\"http:\/\/lacetans.solsonae.cat\/\">Centre d&#8217;Estudis Lacetans<\/a><\/p>\n\n\n\n<p><a href=\"http:\/\/www.celvilosell.cat\/\">Centre d&#8217;Estudis Locals del Vilosell<\/a><\/p>\n\n\n\n<p><a href=\"http:\/\/www.parietes.com\/\">Centre d&#8217;Estudis Locals Parietes<\/a><\/p>\n\n\n\n<p>Centre d&#8217;Estudis Molletans<\/p>\n\n\n\n<p><a href=\"http:\/\/cerib.blogspot.com\/\">Centre d&#8217;Estudis Ribagor\u00e7ans<\/a><\/p>\n\n\n\n<p><a href=\"https:\/\/cerap.cat\/\">Centre d&#8217;Estudis Riudomencs Arnau de Palomar<\/a><\/p>\n\n\n\n<p>Centre d&#8217;Estudis Rodencs<\/p>\n\n\n\n<p><a href=\"https:\/\/www.vallclara.com\/\">Centre d&#8217;Estudis Santa Maria de Vallclara<\/a><\/p>\n\n\n\n<p><a href=\"https:\/\/www.facebook.com\/centreestudissantfostencs.amicsdecabanyes\/?locale=ca_ES\">Centre d&#8217;Estudis Santfostencs Amics de Cabanyes<\/a><\/p>\n\n\n\n<p><a href=\"http:\/\/centreestudissantjustencs.cat\/\">Centre d&#8217;Estudis Santjustencs<\/a><\/p>\n\n\n\n<p><a href=\"https:\/\/www.sinibald.cat\/\">Centre d&#8217;Estudis Sinibald de Mas<\/a><\/p>\n\n\n\n<p><a href=\"http:\/\/cevilassarencs.org\/\">Centre d&#8217;Estudis Vilassarencs<\/a><\/p>\n\n\n\n<p><a href=\"https:\/\/webs.uab.cat\/cedid\/es\/\" target=\"_blank\" rel=\"noreferrer noopener\">Centre d&#8217;Estudis sobre Dictadures i Democr\u00e0cies<\/a><\/p>\n\n\n\n<p><a href=\"http:\/\/www.gencat.net\/chcc\/\" target=\"_blank\" rel=\"noreferrer noopener\">Centre d&#8217;Hist\u00f2ria Contempor\u00e0nia de Catalunya<\/a><\/p>\n\n\n\n<p><a href=\"https:\/\/chncb.cat\/\">Centre d&#8217;Hist\u00f2ria Natural de la Conca de Barber\u00e0<\/a><\/p>\n\n\n\n<p>Centre d&#8217;Investigacions Arqueol\u00f2giques de Girona<\/p>\n\n\n\n<p><a href=\"http:\/\/cultura.gencat.net\/cpcptc\/index.htm\" target=\"_blank\" rel=\"noreferrer noopener\">Centre de Promoci\u00f3 de la Cultura Popular i Tradicional Catalana<\/a><\/p>\n\n\n\n<p><a href=\"http:\/\/www.cec.cat\/\" target=\"_blank\" rel=\"noreferrer noopener\">Centre Excursionista de Catalunya<\/a><\/p>\n\n\n\n<p><a href=\"https:\/\/cloudpccontrol.info\/cmc-cervera.cat\/\">Centre Municipal de Cultura de Cervera<\/a><\/p>\n\n\n\n<p><a href=\"http:\/\/www.filol.csic.es\/CECEL\/\" target=\"_blank\" rel=\"noreferrer noopener\">Confederaci\u00f3n Espa\u00f1ola de Centros de Estudios Locales (CECEL)<\/a><\/p>\n\n\n\n<p><a href=\"http:\/\/www.ccepc.org\/\" target=\"_blank\" rel=\"noreferrer noopener\">Coordinadora de Centres d&#8217;Estudis de Parla Catalana. CCEPC<\/a><\/p>\n\n\n\n<p id=\"centres-estudis-E-L\"><strong>E-L<\/strong><\/p>\n\n\n\n<p>Espai de Recerca de Molins de Rei<\/p>\n\n\n\n<p><a href=\"https:\/\/www.efes.cat\/\">L&#8217;Espitllera Forum d\u2019Estudis Segarrencs<\/a><\/p>\n\n\n\n<p><a href=\"http:\/\/www.gelsantcugat.cat\/\">Estudis Santcugatencs<\/a><\/p>\n\n\n\n<p><a href=\"http:\/\/www.pisunyer.org\/\" target=\"_blank\" rel=\"noreferrer noopener\">Fundaci\u00f3 Carles Pi i Sunyer<\/a><\/p>\n\n\n\n<p><a href=\"http:\/\/www.castellscatalunya.com\/cat-1-14\" target=\"_blank\" rel=\"noreferrer noopener\">Fundaci\u00f3 Castells Culturals Catalunya<\/a><\/p>\n\n\n\n<p><a href=\"http:\/\/www.fbofill.cat\/\" target=\"_blank\" rel=\"noreferrer noopener\">Fundaci\u00f3 Jaume Bofill<\/a><\/p>\n\n\n\n<p><a href=\"http:\/\/www.fundaciocampalans.com\/\" target=\"_blank\" rel=\"noreferrer noopener\">Fundaci\u00f3 Rafael Campalans<\/a><\/p>\n\n\n\n<p><a href=\"http:\/\/www.fundacioutopia.com\" target=\"_blank\" rel=\"noreferrer noopener\">Fundaci\u00f3 Utopia Juan N. Garcia-Nieto<\/a><\/p>\n\n\n\n<p><a href=\"https:\/\/www.facebook.com\/centredestudisrubinencs.gcmr\">Grup de Col\u00b7laboradors del Museu de Rub\u00ed &#8211; Centre d&#8217;Estudis<\/a><\/p>\n\n\n\n<p><a href=\"http:\/\/www.recercacerdanya.org\/\">Grup de Recerca de Cerdanya<\/a><\/p>\n\n\n\n<p><a href=\"http:\/\/greccassa.cat\/\">Grup de Recerca i Estudis Cassanencs<\/a><\/p>\n\n\n\n<p><a href=\"http:\/\/grupderecerquesterresdeponent.blogspot.com\/\">Grup de Recerques Terres de Ponent<\/a><\/p>\n\n\n\n<p><a href=\"http:\/\/amicscastell.blogspot.com.es\/\">Grup d&#8217;Estudis Cubellencs Amics del Castell<\/a><\/p>\n\n\n\n<p><a href=\"https:\/\/delmaciodeconito.wordpress.com\/\">Grup d&#8217;Estudis Cunitencs Delmacio de Cunito.<\/a><\/p>\n\n\n\n<p><a href=\"https:\/\/elpougrupdestudis.cat\/\">Grup d&#8217;Estudis de la Vall d&#8217;Horta i la Muntanya Pelada<\/a><\/p>\n\n\n\n<p><a href=\"https:\/\/grupestudis.entitats.esplugues.cat\/\">Grup d&#8217;Estudis d&#8217;Esplugues<\/a><\/p>\n\n\n\n<p><a href=\"http:\/\/www.gelsantcugat.cat\/\">Grup d&#8217;Estudis Locals de Sant Cugat del Vall\u00e8s<\/a><\/p>\n\n\n\n<p><a href=\"https:\/\/www.ges-sitges.org\/\">Grup d&#8217;Estudis Sitgetans<\/a><\/p>\n\n\n\n<p><a href=\"https:\/\/ghcmataro.wordpress.com\/\">Grup d&#8217;Hist\u00f2ria del Casal de Matar\u00f3<\/a><\/p>\n\n\n\n<p>Grupo de Estudios Hist\u00f3ricos de Gramanet del Bes\u00f3s<\/p>\n\n\n\n<p><a href=\"http:\/\/www.icc.es\/portal\/\" target=\"_blank\" rel=\"noreferrer noopener\">Institut Cartogr\u00e0fic de Catalunya<\/a><\/p>\n\n\n\n<p><a href=\"http:\/\/www.idescat.net\/\" target=\"_blank\" rel=\"noreferrer noopener\">Institut d&#8217;Estad\u00edstica de Catalunya<\/a><\/p>\n\n\n\n<p><a href=\"https:\/\/publicacions.iec.cat\/\">Institut d&#8217;Estudis Catalans<\/a><\/p>\n\n\n\n<p><a href=\"https:\/\/www.ieceretans.org\/\">Institut d&#8217;Estudis Ceretans<\/a><\/p>\n\n\n\n<p><a href=\"https:\/\/www.facebook.com\/institutdestudiscomarcals.alturgell\/?locale=ca_ES\">Institut d&#8217;Estudis Comarcals Alt Urgell<\/a><\/p>\n\n\n\n<p><a href=\"https:\/\/www.facebook.com\/iecmontsia\/\">Institut d&#8217;Estudis Comarcals del Montsi\u00e0<\/a><\/p>\n\n\n\n<p>Institut d&#8217;Estudis Comarcals del Pla d&#8217;Urgell<\/p>\n\n\n\n<p><a href=\"http:\/\/www.iebe.org\/\">Institut d&#8217;Estudis del Baix Empord\u00e0<\/a><\/p>\n\n\n\n<p><a href=\"http:\/\/www.iee.cat\/\">Institut d\u2019Estudis Empordanesos<\/a><\/p>\n\n\n\n<p><a href=\"https:\/\/ieg.cat\/\">Institut d&#8217;Estudis Gironins<\/a><\/p>\n\n\n\n<p><a href=\"http:\/\/www.fpiei.cat\/\">Institut d&#8217;Estudis Ilerdencs<\/a><\/p>\n\n\n\n<p><a href=\"http:\/\/centresderecerca.uab.cat\/iem\/\" target=\"_blank\" rel=\"noreferrer noopener\">Institut d&#8217;Estudis Medievals<\/a><\/p>\n\n\n\n<p><a href=\"http:\/\/www.iermb.uab.es\/\" target=\"_blank\" rel=\"noreferrer noopener\">Institut d&#8217;Estudis Regionals i Metropolitans de Barcelona<\/a><\/p>\n\n\n\n<p><a href=\"https:\/\/iev.cat\/\">Institut d&#8217;Estudis Vallencs<\/a><\/p>\n\n\n\n<p><a href=\"http:\/\/www.irmu.org\/\" target=\"_blank\" rel=\"noreferrer noopener\">Institut Ramon Muntaner<\/a><\/p>\n\n\n\n<p id=\"centres-estudis-M-T\"><strong>M-T<\/strong><\/p>\n\n\n\n<p><a href=\"http:\/\/www20.gencat.cat\/portal\/site\/memorialdemocratic\" target=\"_blank\" rel=\"noreferrer noopener\">Memorial Democr\u00e0tic<\/a><\/p>\n\n\n\n<p><a href=\"http:\/\/www.masmm.org\/\">Museu-Arxiu Santa Maria<\/a><\/p>\n\n\n\n<p><a href=\"http:\/\/pehoc.cat\/\">Patronat d&#8217;Estudis Hist\u00f2rics d&#8217;Olot i Comarca<\/a><\/p>\n\n\n\n<p><a href=\"http:\/\/www.ddgi.cat\/eiximenis\/\" target=\"_blank\" rel=\"noreferrer noopener\">Patronat Francesc Eiximenis<\/a><\/p>\n\n\n\n<p><a href=\"http:\/\/www.patronatestudisosonencs.ca\/\">Patronat d&#8217;Estudis Osonencs<\/a><\/p>\n\n\n\n<p><a href=\"https:\/\/www.arqueologica.org\/\">Reial Societat Arqueol\u00f3gica Tarraconense<\/a><\/p>\n\n\n\n<p><a href=\"http:\/\/www.scgenealogia.org\/\" target=\"_blank\" rel=\"noreferrer noopener\">Societat Catalana de Genealogia, Her\u00e0ldica, Sigil\u00b7lografia, Vexil\u00b7lologia i Nobili\u00e0ria<\/a><\/p>\n\n\n\n<p><a href=\"http:\/\/scg.iec.cat\/\" target=\"_blank\" rel=\"noreferrer noopener\">Societat Catalana de Geografia<\/a><\/p>\n\n\n\n<p><a href=\"http:\/\/schct.iec.cat\/\" target=\"_blank\" rel=\"noreferrer noopener\">Societat Catalana d&#8217;Hist\u00f2ria de la Ci\u00e8ncia i de la T\u00e8cnica<\/a><\/p>\n\n\n\n<p><a href=\"http:\/\/tdhcelra.blogspot.com\/\" target=\"_blank\" rel=\"noreferrer noopener\">Taller d&#8217;Hist\u00f2ria de Celr\u00e0<\/a><\/p>\n\n\n\n<p><a href=\"https:\/\/www.tallerhistoriadegracia.cat\/\">Taller d&#8217;Hist\u00f2ria de Gr\u00e0cia<\/a><\/p>\n\n\n\n<p><a href=\"http:\/\/www.tallerhistoriamassanet.cat\/htm\/index.asp?seccio=publicacions\" target=\"_blank\" rel=\"noreferrer noopener\">Taller d&#8217;Hist\u00f2ria de Ma\u00e7anet de la Selva<\/a><\/p>\n","protected":false},"excerpt":{"rendered":"<p>A-B Agrupaci\u00f3 d&#8217;Estudis Rubinencs Rivo Rubeo \u00c0mbit de Recerques del Bergued\u00e0 Amics de Besal\u00fa i el Seu Comtat Amics de l&#8217;Art Rom\u00e0nic Amics dels Castells i del Nucli Antic de Tortosa Amics dels Museus de Catalunya Arxiu de la Mem\u00f2ria Popular Arxiu Hist\u00f2ric de Roquetes Arxiu Hist\u00f2ric del Poblenou Associaci\u00f3 Cultural Baixa Segarra Associaci\u00f3 Cultural [&hellip;]<\/p>\n","protected":false},"author":102,"featured_media":0,"parent":0,"menu_order":0,"comment_status":"closed","ping_status":"closed","template":"","meta":{"footnotes":""},"class_list":["post-2393","page","type-page","status-publish","hentry"],"_links":{"self":[{"href":"https:\/\/webs.uab.cat\/sibhilla\/wp-json\/wp\/v2\/pages\/2393","targetHints":{"allow":["GET"]}}],"collection":[{"href":"https:\/\/webs.uab.cat\/sibhilla\/wp-json\/wp\/v2\/pages"}],"about":[{"href":"https:\/\/webs.uab.cat\/sibhilla\/wp-json\/wp\/v2\/types\/page"}],"author":[{"embeddable":true,"href":"https:\/\/webs.uab.cat\/sibhilla\/wp-json\/wp\/v2\/users\/102"}],"replies":[{"embeddable":true,"href":"https:\/\/webs.uab.cat\/sibhilla\/wp-json\/wp\/v2\/comments?post=2393"}],"version-history":[{"count":14,"href":"https:\/\/webs.uab.cat\/sibhilla\/wp-json\/wp\/v2\/pages\/2393\/revisions"}],"predecessor-version":[{"id":3681,"href":"https:\/\/webs.uab.cat\/sibhilla\/wp-json\/wp\/v2\/pages\/2393\/revisions\/3681"}],"wp:attachment":[{"href":"https:\/\/webs.uab.cat\/sibhilla\/wp-json\/wp\/v2\/media?parent=2393"}],"curies":[{"name":"wp","href":"https:\/\/api.w.org\/{rel}","templated":true}]}}