{"id":2458,"date":"2023-03-24T07:40:33","date_gmt":"2023-03-24T07:40:33","guid":{"rendered":"https:\/\/webs.uab.cat\/sibhilla\/?page_id=2458"},"modified":"2023-06-08T06:23:06","modified_gmt":"2023-06-08T06:23:06","slug":"arxius-i-museus","status":"publish","type":"page","link":"https:\/\/webs.uab.cat\/sibhilla\/arxius-i-museus\/","title":{"rendered":"Museus i arxius"},"content":{"rendered":"\n<p><\/p>\n\n\n\n<div class=\"wp-block-buttons is-layout-flex wp-block-buttons-is-layout-flex\">\n<div class=\"wp-block-button\"><a class=\"wp-block-button__link\" href=\"#arxius\">Arxius<\/a><\/div>\n\n\n\n<div class=\"wp-block-button\"><a class=\"wp-block-button__link\" href=\"#museus\">Museus<\/a><\/div>\n<\/div>\n\n\n\n<h2 class=\"wp-block-heading\" id=\"arxius\"><strong>Arxius<\/strong><a><\/a><\/h2>\n\n\n\n<p><a rel=\"noreferrer noopener\" href=\"http:\/\/cultura.gencat.net\/anc\/index.htm\" target=\"_blank\">Arxiu Nacional de Catalunya<\/a><\/p>\n\n\n\n<p><a rel=\"noreferrer noopener\" href=\"http:\/\/www.mcu.es\/archivos\/MC\/ACA\/index.html\" target=\"_blank\">Arxiu de la Corona d&#8217;Arag\u00f3<\/a><\/p>\n\n\n\n<p><a rel=\"noreferrer noopener\" href=\"http:\/\/cultura.gencat.net\/arxius\/directori.asp\" target=\"_blank\">Cercador dels arxius de Catalunya<\/a><\/p>\n\n\n\n<p><a rel=\"noreferrer noopener\" href=\"http:\/\/cultura.gencat.net\/arxius\/arxicoma.asp\" target=\"_blank\">Arxius Comarcals de Catalunya<\/a><\/p>\n\n\n\n<p><a rel=\"noreferrer noopener\" href=\"http:\/\/www.diba.es\/arxiu\/default.asp\" target=\"_blank\">Arxiu General de la Diputaci\u00f3 de Barcelona<\/a><\/p>\n\n\n\n<p><a rel=\"noreferrer noopener\" href=\"http:\/\/www.diputaciodetarragona.cat\/houdipu\/web-dipu\/per_tu\/arxiu\/index.php\" target=\"_blank\">Arxiu de la Diputaci\u00f3 de Tarragona<\/a><\/p>\n\n\n\n<p><a rel=\"noreferrer noopener\" href=\"http:\/\/www.bcn.es\/arxiu\/administratiu\/\" target=\"_blank\">Arxiu Municipal Administratiu de Barcelona<\/a><\/p>\n\n\n\n<p><a rel=\"noreferrer noopener\" href=\"http:\/\/imac.paeria.es\/ca\/arxiuMunicipal\/\" target=\"_blank\">Arxiu Municipal de Lleida<\/a><\/p>\n\n\n\n<p><a rel=\"noreferrer noopener\" href=\"http:\/\/www.abev.net\/arxiu\/wxis.exe?IsisScript=ARXIU_PA.xis&amp;form_search=Search\" target=\"_blank\">Arxiu Episcopal de Vic<\/a><\/p>\n\n\n\n<p><a rel=\"noreferrer noopener\" href=\"http:\/\/www.cultura.arqbcn.cat\/arxiu_cat.php\" target=\"_blank\">Arxiu Dioces\u00e0 de Barcelona<\/a><\/p>\n\n\n\n<p><a rel=\"noreferrer noopener\" href=\"http:\/\/www.arxiuadg.org\/arxiu\/inici_credits.php?lleng=cast_\" target=\"_blank\">Arxiu Dioces\u00e0 de Girona<\/a><\/p>\n\n\n\n<p><a rel=\"noreferrer noopener\" href=\"http:\/\/www.bisbatlleida.org\/arxiu\/arxiu.htm\" target=\"_blank\">Arxiu Dioces\u00e0 de Lleida<\/a><\/p>\n\n\n\n<p><a rel=\"noreferrer noopener\" href=\"http:\/\/www.bisbatlleida.org\/catedral\/arxcatedr.htm\" target=\"_blank\">Arxiu de la Catedral de Lleida<\/a><\/p>\n\n\n\n<p><a rel=\"noreferrer noopener\" href=\"http:\/\/www.ultrafox.com\/ct\/iafc\/afindex.htm\" target=\"_blank\">Arxius Fotogr\u00e0fics de Catalunya<\/a><\/p>\n\n\n\n<p><a rel=\"noreferrer noopener\" href=\"http:\/\/arxiugavin.wordpress.com\/\" target=\"_blank\">Arxiu Gav\u00edn<\/a><\/p>\n\n\n\n<p><a rel=\"noreferrer noopener\" href=\"http:\/\/www-etsav.upc.es\/arxcoderch\/index.htm\" target=\"_blank\">Arxiu Coderch<\/a><\/p>\n\n\n\n<p><a rel=\"noreferrer noopener\" href=\"http:\/\/www.cg66.fr\/culture\/archives\/index.html\" target=\"_blank\">Archives D\u00e9partementales des Pyren\u00e9es Orientales<\/a><\/p>\n\n\n\n<p><a rel=\"noreferrer noopener\" href=\"http:\/\/www.arxivers.com\/\" target=\"_blank\">Associaci\u00f3 d&#8217;Arxivers de Catalunya<\/a><\/p>\n\n\n\n<p><\/p>\n\n\n\n<h2 class=\"wp-block-heading\" id=\"museus\"><strong>Museus<\/strong><a><\/a><\/h2>\n\n\n\n<p><a rel=\"noreferrer noopener\" href=\"http:\/\/www.mhcat.net\/\" target=\"_blank\">Museu d&#8217;Hist\u00f2ria de Catalunya<\/a><\/p>\n\n\n\n<p><a rel=\"noreferrer noopener\" href=\"http:\/\/cultura.gencat.net\/museus\/muscerca1.asp\" target=\"_blank\">Cercador de Museus. Museus i col\u00b7leccions de Catalunya<\/a><\/p>\n\n\n\n<p><a rel=\"noreferrer noopener\" href=\"http:\/\/www.diba.cat\/web\/opc\/default_xml\" target=\"_blank\">Xarxa de Museus Locals. Diputaci\u00f3 de Bracelona<\/a><\/p>\n\n\n\n<p><a rel=\"noreferrer noopener\" href=\"http:\/\/www.mac.cat\/\" target=\"_blank\">Museu d&#8217;Arqueologia de Catalunya<\/a><\/p>\n\n\n\n<p><a rel=\"noreferrer noopener\" href=\"http:\/\/www.mnactec.cat\/\" target=\"_blank\">Museu Nacional de la Ci\u00e8ncia i la T\u00e8cnica de Catalunya<\/a><\/p>\n\n\n\n<p><a rel=\"noreferrer noopener\" href=\"http:\/\/www.mhic.net\/\" target=\"_blank\">Museu de la Hist\u00f2ria de la Immigraci\u00f3 de Catalunya (MHIC)<\/a><\/p>\n\n\n\n<p><a rel=\"noreferrer noopener\" href=\"http:\/\/www.museuexili.cat\/\" target=\"_blank\">Museu Memorial de l&#8217;Exili (MUME)<\/a><\/p>\n\n\n\n<p><a rel=\"noreferrer noopener\" href=\"http:\/\/www.museuepiscopalvic.com\" target=\"_blank\">Museu Episcopal de Vic<\/a><\/p>\n\n\n\n<p><a rel=\"noreferrer noopener\" href=\"http:\/\/www.museumaritimbarcelona.org\" target=\"_blank\">Museu Mar\u00edtim de Barcelona<\/a><\/p>\n\n\n\n<p><a rel=\"noreferrer noopener\" href=\"http:\/\/www.montserratvisita.com\/Cultura\/_pUI7-gXTbraorWsYtYXV_cNn3xUjT0lQtF9DlHWIlRA\" target=\"_blank\">Museu de Montserrat<\/a><\/p>\n\n\n\n<p><a rel=\"noreferrer noopener\" href=\"http:\/\/www.victorbalaguer.cat\" target=\"_blank\">Biblioteca Museu V\u00edctor Balaguer<\/a><\/p>\n\n\n\n<p><a rel=\"noreferrer noopener\" href=\"http:\/\/www.museologia.org\/\" target=\"_blank\">Associaci\u00f3 de Muse\u00f2legs de Catalunya<\/a><\/p>\n","protected":false},"excerpt":{"rendered":"<p>Arxius Arxiu Nacional de Catalunya Arxiu de la Corona d&#8217;Arag\u00f3 Cercador dels arxius de Catalunya Arxius Comarcals de Catalunya Arxiu General de la Diputaci\u00f3 de Barcelona Arxiu de la Diputaci\u00f3 de Tarragona Arxiu Municipal Administratiu de Barcelona Arxiu Municipal de Lleida Arxiu Episcopal de Vic Arxiu Dioces\u00e0 de Barcelona Arxiu Dioces\u00e0 de Girona Arxiu Dioces\u00e0 [&hellip;]<\/p>\n","protected":false},"author":102,"featured_media":0,"parent":0,"menu_order":0,"comment_status":"closed","ping_status":"closed","template":"","meta":{"footnotes":""},"class_list":["post-2458","page","type-page","status-publish","hentry"],"_links":{"self":[{"href":"https:\/\/webs.uab.cat\/sibhilla\/wp-json\/wp\/v2\/pages\/2458","targetHints":{"allow":["GET"]}}],"collection":[{"href":"https:\/\/webs.uab.cat\/sibhilla\/wp-json\/wp\/v2\/pages"}],"about":[{"href":"https:\/\/webs.uab.cat\/sibhilla\/wp-json\/wp\/v2\/types\/page"}],"author":[{"embeddable":true,"href":"https:\/\/webs.uab.cat\/sibhilla\/wp-json\/wp\/v2\/users\/102"}],"replies":[{"embeddable":true,"href":"https:\/\/webs.uab.cat\/sibhilla\/wp-json\/wp\/v2\/comments?post=2458"}],"version-history":[{"count":10,"href":"https:\/\/webs.uab.cat\/sibhilla\/wp-json\/wp\/v2\/pages\/2458\/revisions"}],"predecessor-version":[{"id":3511,"href":"https:\/\/webs.uab.cat\/sibhilla\/wp-json\/wp\/v2\/pages\/2458\/revisions\/3511"}],"wp:attachment":[{"href":"https:\/\/webs.uab.cat\/sibhilla\/wp-json\/wp\/v2\/media?parent=2458"}],"curies":[{"name":"wp","href":"https:\/\/api.w.org\/{rel}","templated":true}]}}