{"id":2819,"date":"2023-05-24T11:21:11","date_gmt":"2023-05-24T11:21:11","guid":{"rendered":"https:\/\/webs.uab.cat\/sibhilla\/?page_id=2819"},"modified":"2025-07-30T08:30:26","modified_gmt":"2025-07-30T06:30:26","slug":"informacio-bibliografica-sobre-historia-local-de-catalunya","status":"publish","type":"page","link":"https:\/\/webs.uab.cat\/sibhilla\/","title":{"rendered":"Informaci\u00f3 bibliogr\u00e0fica sobre Hist\u00f2ria Local de Catalunya"},"content":{"rendered":"\n<p class=\"has-large-font-size\"><\/p>\n\n\n\n<div class=\"wp-block-columns is-layout-flex wp-container-core-columns-is-layout-9d6595d7 wp-block-columns-is-layout-flex\">\n<div class=\"wp-block-column is-layout-flow wp-block-column-is-layout-flow\">\n<blockquote class=\"wp-block-quote is-layout-flow wp-block-quote-is-layout-flow\">\n<p><em>Recollim la bibliografia local de Catalunya, dispersa en cat\u00e0legs, repositoris, centres d&#8217;informaci\u00f3 i revistes, en una \u00fanica base de dades bibliogr\u00e0fica per facilitar-vos la recerca<\/em><\/p>\n<\/blockquote>\n<\/div>\n<\/div>\n\n\n\n<div class=\"wp-block-columns alignwide are-vertically-aligned-center is-layout-flex wp-container-core-columns-is-layout-9d6595d7 wp-block-columns-is-layout-flex\">\n<div class=\"wp-block-column is-vertically-aligned-center is-layout-flow wp-block-column-is-layout-flow\"><div class=\"wp-block-image is-style-default\">\n<figure class=\"aligncenter size-full\"><a href=\"https:\/\/webs.uab.cat\/sibhilla\/?page_id=1522\"><img loading=\"lazy\" decoding=\"async\" width=\"309\" height=\"210\" src=\"https:\/\/webs.uab.cat\/sibhilla\/wp-content\/uploads\/sites\/164\/2023\/03\/sibhilla_2.png\" alt=\"\" class=\"wp-image-2727\" srcset=\"https:\/\/webs.uab.cat\/sibhilla\/wp-content\/uploads\/sites\/164\/2023\/03\/sibhilla_2.png 309w, https:\/\/webs.uab.cat\/sibhilla\/wp-content\/uploads\/sites\/164\/2023\/03\/sibhilla_2-300x204.png 300w\" sizes=\"auto, (max-width: 309px) 100vw, 309px\" \/><\/a><figcaption class=\"wp-element-caption\"><strong>Projecte Sibhil\u00b7la<\/strong><\/figcaption><\/figure>\n<\/div><\/div>\n\n\n\n<div class=\"wp-block-column is-vertically-aligned-center is-layout-flow wp-block-column-is-layout-flow\"><div class=\"wp-block-image is-style-default\">\n<figure class=\"aligncenter size-full\"><a href=\"https:\/\/webs.uab.cat\/sibhilla\/fons-dhistoria-local-de-catalunya-0\/\"><img loading=\"lazy\" decoding=\"async\" width=\"374\" height=\"209\" src=\"https:\/\/webs.uab.cat\/sibhilla\/wp-content\/uploads\/sites\/164\/2024\/05\/mosaic_fons_2.png\" alt=\"\" class=\"wp-image-4000\" srcset=\"https:\/\/webs.uab.cat\/sibhilla\/wp-content\/uploads\/sites\/164\/2024\/05\/mosaic_fons_2.png 374w, https:\/\/webs.uab.cat\/sibhilla\/wp-content\/uploads\/sites\/164\/2024\/05\/mosaic_fons_2-300x168.png 300w\" sizes=\"auto, (max-width: 374px) 100vw, 374px\" \/><\/a><figcaption class=\"wp-element-caption\"><strong>Fons d&#8217;Hist\u00f2ria Local<\/strong><\/figcaption><\/figure>\n<\/div><\/div>\n\n\n\n<div class=\"wp-block-column is-vertically-aligned-center is-layout-flow wp-block-column-is-layout-flow\"><div class=\"wp-block-image is-style-default\">\n<figure class=\"aligncenter size-full\"><a href=\"https:\/\/webs.uab.cat\/sibhilla\/tesaurus-dhistoria-de-catalunya-0\/\" target=\"_blank\" rel=\"noreferrer noopener\"><img loading=\"lazy\" decoding=\"async\" width=\"223\" height=\"209\" src=\"https:\/\/webs.uab.cat\/sibhilla\/wp-content\/uploads\/sites\/164\/2023\/03\/tesaurus_01_SD_4-1.jpg\" alt=\"\" class=\"wp-image-1949\" \/><\/a><figcaption class=\"wp-element-caption\"><strong>Tesaurus d&#8217;Hist\u00f2ria Local de Catalunya<\/strong><\/figcaption><\/figure>\n<\/div><\/div>\n<\/div>\n\n\n\n<div class=\"wp-block-columns alignwide are-vertically-aligned-center is-layout-flex wp-container-core-columns-is-layout-9d6595d7 wp-block-columns-is-layout-flex\">\n<div class=\"wp-block-column is-vertically-aligned-center is-layout-flow wp-block-column-is-layout-flow\"><div class=\"wp-block-image\">\n<figure class=\"aligncenter size-full is-resized\"><a href=\"https:\/\/webs.uab.cat\/sibhilla\/cerques-guiades\/\"><img loading=\"lazy\" decoding=\"async\" width=\"274\" height=\"186\" src=\"https:\/\/webs.uab.cat\/sibhilla\/wp-content\/uploads\/sites\/164\/2023\/03\/cerques_guiades_3.png\" alt=\"\" class=\"wp-image-2744\" style=\"width:331px;height:auto\" \/><\/a><figcaption class=\"wp-element-caption\"><strong>Cerques guiades<\/strong><\/figcaption><\/figure>\n<\/div><\/div>\n\n\n\n<div class=\"wp-block-column is-vertically-aligned-center is-layout-flow wp-block-column-is-layout-flow\"><div class=\"wp-block-image\">\n<figure class=\"aligncenter size-full is-resized\"><a href=\"https:\/\/webs.uab.cat\/sibhilla\/recursos\/\" target=\"_blank\" rel=\" noreferrer noopener\"><img loading=\"lazy\" decoding=\"async\" width=\"277\" height=\"277\" src=\"https:\/\/webs.uab.cat\/sibhilla\/wp-content\/uploads\/sites\/164\/2025\/07\/Pagina_IA_color.png\" alt=\"\" class=\"wp-image-4041\" style=\"width:222px;height:auto\" srcset=\"https:\/\/webs.uab.cat\/sibhilla\/wp-content\/uploads\/sites\/164\/2025\/07\/Pagina_IA_color.png 277w, https:\/\/webs.uab.cat\/sibhilla\/wp-content\/uploads\/sites\/164\/2025\/07\/Pagina_IA_color-150x150.png 150w\" sizes=\"auto, (max-width: 277px) 100vw, 277px\" \/><\/a><figcaption class=\"wp-element-caption\"><strong>Recursos<\/strong><\/figcaption><\/figure>\n<\/div><\/div>\n\n\n\n<div class=\"wp-block-column is-vertically-aligned-center is-layout-flow wp-block-column-is-layout-flow\">\n<figure class=\"wp-block-image size-full\"><a href=\"https:\/\/www.uab.cat\/ca\/historia-moderna-contemporania\" target=\"_blank\" rel=\"noreferrer noopener\"><img loading=\"lazy\" decoding=\"async\" width=\"378\" height=\"210\" src=\"https:\/\/webs.uab.cat\/sibhilla\/wp-content\/uploads\/sites\/164\/2023\/03\/depar_1.png\" alt=\"\" class=\"wp-image-2738\" srcset=\"https:\/\/webs.uab.cat\/sibhilla\/wp-content\/uploads\/sites\/164\/2023\/03\/depar_1.png 378w, https:\/\/webs.uab.cat\/sibhilla\/wp-content\/uploads\/sites\/164\/2023\/03\/depar_1-300x167.png 300w\" sizes=\"auto, (max-width: 378px) 100vw, 378px\" \/><\/a><\/figure>\n<\/div>\n<\/div>\n\n\n\n<p><\/p>\n","protected":false},"excerpt":{"rendered":"<p>Recollim la bibliografia local de Catalunya, dispersa en cat\u00e0legs, repositoris, centres d&#8217;informaci\u00f3 i revistes, en una \u00fanica base de dades bibliogr\u00e0fica per facilitar-vos la recerca<\/p>\n","protected":false},"author":7,"featured_media":0,"parent":0,"menu_order":0,"comment_status":"closed","ping_status":"closed","template":"","meta":{"footnotes":""},"class_list":["post-2819","page","type-page","status-publish","hentry"],"_links":{"self":[{"href":"https:\/\/webs.uab.cat\/sibhilla\/wp-json\/wp\/v2\/pages\/2819","targetHints":{"allow":["GET"]}}],"collection":[{"href":"https:\/\/webs.uab.cat\/sibhilla\/wp-json\/wp\/v2\/pages"}],"about":[{"href":"https:\/\/webs.uab.cat\/sibhilla\/wp-json\/wp\/v2\/types\/page"}],"author":[{"embeddable":true,"href":"https:\/\/webs.uab.cat\/sibhilla\/wp-json\/wp\/v2\/users\/7"}],"replies":[{"embeddable":true,"href":"https:\/\/webs.uab.cat\/sibhilla\/wp-json\/wp\/v2\/comments?post=2819"}],"version-history":[{"count":13,"href":"https:\/\/webs.uab.cat\/sibhilla\/wp-json\/wp\/v2\/pages\/2819\/revisions"}],"predecessor-version":[{"id":4053,"href":"https:\/\/webs.uab.cat\/sibhilla\/wp-json\/wp\/v2\/pages\/2819\/revisions\/4053"}],"wp:attachment":[{"href":"https:\/\/webs.uab.cat\/sibhilla\/wp-json\/wp\/v2\/media?parent=2819"}],"curies":[{"name":"wp","href":"https:\/\/api.w.org\/{rel}","templated":true}]}}