{"id":287,"date":"2012-09-04T12:35:16","date_gmt":"2012-09-04T12:35:16","guid":{"rendered":"https:\/\/webs.uab.cat\/sibhilla\/antic-sdhlc\/"},"modified":"2024-11-26T09:47:09","modified_gmt":"2024-11-26T07:47:09","slug":"antic-sdhlc","status":"publish","type":"page","link":"https:\/\/webs.uab.cat\/sibhilla\/antic-sdhlc\/","title":{"rendered":"Servei de Documentaci\u00f3 d&#8217;Hist\u00f2ria Local de Catalunya (1987-2012)"},"content":{"rendered":"\n<p>&nbsp;<\/p>\n\n\n\n<p class=\"has-text-align-left\">El <strong><em>Servei de Documentaci\u00f3 d&#8217;Hist\u00f2ria de Local Catalunya <\/em>(SDHLC)<\/strong> va ser un servei especialitzat de suport a la recerca (S3) de la Universitat Aut\u00f2noma de Barcelona (UAB), adscrit al <em>Departament d\u2019Hist\u00f2ria Moderna i Contempor\u00e0nia<\/em> i dirigit pel catedr\u00e0tic Dr. Borja de Riquer. Va ser tamb\u00e9 membre del <a href=\"https:\/\/webs.uab.cat\/cedid\/es\/\" target=\"_blank\" rel=\"noopener\"><strong>Centre d\u2019Estudis sobre Dictadures i Democr\u00e0cies (CEDID)<\/strong>.<\/a><\/p>\n\n\n\n<p>Va n\u00e9ixer l\u2019any 1987, com a grup de recerca (<em>Grup d\u2019Hist\u00f2ria Local<\/em>), amb l\u2019objectiu de facilitar l\u2019acc\u00e9s a la informaci\u00f3 bibliogr\u00e0fica, en una conjuntura d\u2019augment de la producci\u00f3 i demanda d\u2019estudis locals, i donar suport a la comunitat cient\u00edfica i universit\u00e0ria davant l\u2019escassa difusi\u00f3 i\/o manca de circuits de distribuci\u00f3 de la literatura local. L\u2019any 1995 la UAB aprova el seu reconeixement com a servei de suport a la recerca S3 i li atorga la denominaci\u00f3 de &#8220;Servei de Documentaci\u00f3 d&#8217;Hist\u00f2ria Local de Catalunya&#8221;.<\/p>\n\n\n\n<p>D\u2019en\u00e7\u00e0 de la seva creaci\u00f3, l\u2019objectiu fonamental del SDHLC va ser l\u2019elaboraci\u00f3, producci\u00f3, actualitzaci\u00f3 i difusi\u00f3 d\u2019una infraestructura de recerca que permet\u00e9s superar les dificultats d\u2019acc\u00e9s i difusi\u00f3 de la bibliografia d\u2019hist\u00f2ria de Catalunya.<\/p>\n\n\n\n<p>Aquest objectiu es va materialitzar en la creaci\u00f3 l\u2019any 1990, en conveni amb la <em>Diputaci\u00f3 de Barcelona <\/em>&nbsp;i la <em>Coordinadora de Centres d\u2019Estudis de Parla Catalana<\/em>, del<strong> <a href=\"http:\/\/www.diba.cat\/fonshl\/\">\u201c<\/a><a href=\"http:\/\/sibhilla.uab.cat\/fonshl\" target=\"_blank\" rel=\"noreferrer noopener\">Fons d\u2019Hist\u00f2ria Local de Catalunya<\/a><a href=\"http:\/\/www.diba.cat\/fonshl\/\">\u201d<\/a><\/strong>base de dades bibliogr\u00e0fica que recull refer\u00e8ncies de documents (monografies, articles, revistes, tesis, parts de monografies, actes de congressos, documents electr\u00f2nics, etc.) sobre hist\u00f2ria de Catalunya recollits a biblioteques i centres d\u2019informaci\u00f3 de tot Catalunya. \u00c9s un cat\u00e0leg unificat de recursos de literatura sobre Catalunya amb una descripci\u00f3 exhaustiva i especialitzada del contingut del document (segons el <strong>\u201c<a href=\"http:\/\/www.vocabularyserver.com\/historia_catalunya\/\" target=\"_blank\" rel=\"noreferrer noopener\">Tesaurus d\u2019Hist\u00f2ria de Catalunya<\/a>\u201d<\/strong> elaborat pel SDHC), amb una difusi\u00f3 amigable per l\u2019usuari i, en alguns casos, amb acc\u00e9s directe al document en format PDF. L\u2019objectiu final era que l\u2019usuari acced\u00eds a la informaci\u00f3 d\u2019una forma r\u00e0pida i precisa. Aquest cat\u00e0leg, amb m\u00e9s de <strong>260.000 refer\u00e8ncies<\/strong>, \u00e9s avui dia una de les bases de dades bibliogr\u00e0fiques m\u00e9s importants de l\u2019estat espanyol, referent de consulta indispensable abans d\u2019iniciar una investigaci\u00f3 sobre la hist\u00f2ria de Catalunya.<\/p>\n\n\n\n<p>A banda d&#8217;aquest projecte, el SDHLC va participar a <strong>11 projectes d\u2019investigaci\u00f3 I+D<\/strong>, <strong>33 convenis de col\u00b7laboraci\u00f3<\/strong> i <strong>16 col\u00b7laboracions amb grups de recerca<\/strong> de la UAB.<\/p>\n\n\n\n<p>&nbsp;<\/p>\n\n\n\n<div class=\"wp-block-buttons is-layout-flex wp-block-buttons-is-layout-flex\">\n<div class=\"wp-block-button\"><a class=\"wp-block-button__link wp-element-button\" href=\"https:\/\/webs.uab.cat\/sibhilla\/wp-content\/uploads\/sites\/164\/2017\/03\/Relacio_convenis_1987-2010-1.pdf\" target=\"_blank\" rel=\"noreferrer noopener\">convenis i col\u00b7laboracions<\/a><\/div>\n\n\n\n<div class=\"wp-block-button\"><a class=\"wp-block-button__link wp-element-button\" href=\"https:\/\/webs.uab.cat\/sibhilla\/wp-content\/uploads\/sites\/164\/2023\/02\/Recull_premsa-1-1.pdf\" target=\"_blank\" rel=\"noreferrer noopener\">Recull de premsa<\/a><\/div>\n<\/div>\n","protected":false},"excerpt":{"rendered":"<p>&nbsp; El Servei de Documentaci\u00f3 d&#8217;Hist\u00f2ria de Local Catalunya (SDHLC) va ser un servei especialitzat de suport a la recerca (S3) de la Universitat Aut\u00f2noma de Barcelona (UAB), adscrit al Departament d\u2019Hist\u00f2ria Moderna i Contempor\u00e0nia i dirigit pel catedr\u00e0tic Dr. Borja de Riquer. Va ser tamb\u00e9 membre del Centre d\u2019Estudis sobre Dictadures i Democr\u00e0cies (CEDID). [&hellip;]<\/p>\n","protected":false},"author":20,"featured_media":0,"parent":0,"menu_order":0,"comment_status":"closed","ping_status":"closed","template":"","meta":{"footnotes":""},"class_list":["post-287","page","type-page","status-publish","hentry"],"_links":{"self":[{"href":"https:\/\/webs.uab.cat\/sibhilla\/wp-json\/wp\/v2\/pages\/287","targetHints":{"allow":["GET"]}}],"collection":[{"href":"https:\/\/webs.uab.cat\/sibhilla\/wp-json\/wp\/v2\/pages"}],"about":[{"href":"https:\/\/webs.uab.cat\/sibhilla\/wp-json\/wp\/v2\/types\/page"}],"author":[{"embeddable":true,"href":"https:\/\/webs.uab.cat\/sibhilla\/wp-json\/wp\/v2\/users\/20"}],"replies":[{"embeddable":true,"href":"https:\/\/webs.uab.cat\/sibhilla\/wp-json\/wp\/v2\/comments?post=287"}],"version-history":[{"count":14,"href":"https:\/\/webs.uab.cat\/sibhilla\/wp-json\/wp\/v2\/pages\/287\/revisions"}],"predecessor-version":[{"id":4019,"href":"https:\/\/webs.uab.cat\/sibhilla\/wp-json\/wp\/v2\/pages\/287\/revisions\/4019"}],"wp:attachment":[{"href":"https:\/\/webs.uab.cat\/sibhilla\/wp-json\/wp\/v2\/media?parent=287"}],"curies":[{"name":"wp","href":"https:\/\/api.w.org\/{rel}","templated":true}]}}