{"id":46,"date":"2010-06-22T15:31:57","date_gmt":"2010-06-22T13:31:57","guid":{"rendered":"https:\/\/webs.uab.cat\/spl\/psicogenere\/"},"modified":"2023-02-28T14:57:02","modified_gmt":"2023-02-28T12:57:02","slug":"psicogenere","status":"publish","type":"page","link":"https:\/\/webs.uab.cat\/spl\/psicogenere\/","title":{"rendered":"Unitat de Psicog\u00e8nere"},"content":{"rendered":"<div class=\"wp-block-image\">\n<figure class=\"aligncenter\"><img loading=\"lazy\" decoding=\"async\" width=\"400\" height=\"300\" src=\"https:\/\/webs.uab.cat\/spl\/wp-content\/uploads\/sites\/357\/2010\/06\/acollida_psicologica_gratuita_0_0.png\" alt=\"acollida_psicologica_gratuita_0_0.png\" class=\"wp-image-45\" srcset=\"https:\/\/webs.uab.cat\/spl\/wp-content\/uploads\/sites\/357\/2010\/06\/acollida_psicologica_gratuita_0_0.png 400w, https:\/\/webs.uab.cat\/spl\/wp-content\/uploads\/sites\/357\/2010\/06\/acollida_psicologica_gratuita_0_0-300x225.png 300w\" sizes=\"auto, (max-width: 400px) 100vw, 400px\" \/><\/figure>\n<\/div>\n\n\n<p><strong>Psicog\u00e8nere<\/strong>&nbsp;ofereix&nbsp;<strong>acollida, acompanyament, assessorament i treball psicoterap\u00e8utic,<\/strong>&nbsp;des d\u2019una&nbsp;<strong><em>perspectiva especialitzada en g\u00e8nere<\/em><\/strong>,&nbsp;<strong>a nivell individual i grupal<\/strong>, per a persones que han viscut o viuen&nbsp;<strong>malestars i conflictes emocionals<\/strong>&nbsp;<strong>(personals i interpersonals), o relacions abusives, o microviol\u00e8ncies o viol\u00e8ncies de g\u00e8nere (incloses les viol\u00e8ncies lgtbiq+)&nbsp;<\/strong>com a resultat de les desigualtats i identitats bin\u00e0ries de g\u00e8nere<strong>,&nbsp;<\/strong>per tal d\u2019acompanyar i oferir eines per a potenciar una&nbsp;<strong>salut feminista.<\/strong><\/p>\n\n\n\n<p>En aquest sentit,&nbsp;<em>col\u00b7laborem amb diferents centres i associacions especialitzades<\/em>, per tal de poder d&#8217;oferir serveis d\u2019acompanyament i treball terap\u00e8utic d\u2019apoderament, adaptats a cadascuna de les&nbsp;<strong><em>necessitats i demandes<\/em><\/strong><strong><em>espec\u00edfiques<\/em><\/strong>&nbsp;de cada persona.<\/p>\n\n\n\n<p>Aquest servei&nbsp;<strong>\u00e9s gratu\u00eft<\/strong>&nbsp;per les persones de la comunitat de la UAB&nbsp;i, per adaptar-nos al context actual, oferim&nbsp;<strong>atenci\u00f3 presencial o en l\u00ednia donada la situaci\u00f3 excepcional que estem vivint.<\/strong><\/p>\n\n\n\n<p><strong>Si est\u00e0s vivint alguna d\u2019aquestes situacions i necessites acompanyament emocional i psicol\u00f2gic, pots contactar-nos mitjan\u00e7ant el formulari de cita pr\u00e8via\u00a0<a href=\"https:\/\/webs.uab.cat\/spl\/webform\/contacta-amb-nosaltres\/\" data-type=\"webform\" data-id=\"241\"><u>CONTACTA AMB NOSALTRES\u00a0<\/u><\/a>que trobar\u00e0s al web, a la part dreta.<\/strong><\/p>\n\n\n\n<p><em>Responsable de la Unitat: Margot Pujal<\/em><br>Correu electr\u00f2nic:&nbsp;<a href=\"mailto:psicologia.perspectiva.genere@uab.cat\">psicologia.perspectiva.genere@uab.cat<\/a><\/p>\n\n\n\n<p><strong>Horari d&#8217;atenci\u00f3 psicol\u00f2gica:&nbsp;dimecres de 10 a 15h, amb cit\u00e0 pr\u00e8via.<\/strong><\/p>\n\n\n\n<p>Si\u00a0vols m\u00e9s informaci\u00f3\u00a0<a href=\"https:\/\/webs.uab.cat\/spl\/psicogenere\/\" data-type=\"page\" data-id=\"46\">Centre Joan Riviere en Psicologia i G\u00e8nere<\/a>\u00a0de la UAB.<\/p>\n","protected":false},"excerpt":{"rendered":"<p>Psicog\u00e8nere&nbsp;ofereix&nbsp;acollida, acompanyament, assessorament i treball psicoterap\u00e8utic,&nbsp;des d\u2019una&nbsp;perspectiva especialitzada en g\u00e8nere,&nbsp;a nivell individual i grupal, per a persones que han viscut o viuen&nbsp;malestars i conflictes emocionals&nbsp;(personals i interpersonals), o relacions abusives, o microviol\u00e8ncies o viol\u00e8ncies de g\u00e8nere (incloses les viol\u00e8ncies lgtbiq+)&nbsp;com a resultat de les desigualtats i identitats bin\u00e0ries de g\u00e8nere,&nbsp;per tal d\u2019acompanyar i oferir eines [&hellip;]<\/p>\n","protected":false},"author":20,"featured_media":0,"parent":0,"menu_order":0,"comment_status":"closed","ping_status":"closed","template":"","meta":{"footnotes":""},"class_list":["post-46","page","type-page","status-publish","hentry"],"_links":{"self":[{"href":"https:\/\/webs.uab.cat\/spl\/wp-json\/wp\/v2\/pages\/46","targetHints":{"allow":["GET"]}}],"collection":[{"href":"https:\/\/webs.uab.cat\/spl\/wp-json\/wp\/v2\/pages"}],"about":[{"href":"https:\/\/webs.uab.cat\/spl\/wp-json\/wp\/v2\/types\/page"}],"author":[{"embeddable":true,"href":"https:\/\/webs.uab.cat\/spl\/wp-json\/wp\/v2\/users\/20"}],"replies":[{"embeddable":true,"href":"https:\/\/webs.uab.cat\/spl\/wp-json\/wp\/v2\/comments?post=46"}],"version-history":[{"count":2,"href":"https:\/\/webs.uab.cat\/spl\/wp-json\/wp\/v2\/pages\/46\/revisions"}],"predecessor-version":[{"id":327,"href":"https:\/\/webs.uab.cat\/spl\/wp-json\/wp\/v2\/pages\/46\/revisions\/327"}],"wp:attachment":[{"href":"https:\/\/webs.uab.cat\/spl\/wp-json\/wp\/v2\/media?parent=46"}],"curies":[{"name":"wp","href":"https:\/\/api.w.org\/{rel}","templated":true}]}}