{"id":106,"date":"2016-04-26T14:07:41","date_gmt":"2016-04-26T12:07:41","guid":{"rendered":"https:\/\/webs.uab.cat\/supraterra\/collaboradors\/"},"modified":"2023-06-02T16:02:52","modified_gmt":"2023-06-02T14:02:52","slug":"collaboradors","status":"publish","type":"page","link":"https:\/\/webs.uab.cat\/supraterra\/collaboradors\/","title":{"rendered":"Col\u00b7laboradors"},"content":{"rendered":"\n<h2 class=\"wp-block-heading\"><strong>Col\u00b7laboradors en Institucions alienes<\/strong><\/h2>\n\n\n\n<p>Puy Ayarza \u2013 <em>Departamento&nbsp;de Geolog\u00eda, Universidad de Salamanca<\/em><\/p>\n\n\n\n<p>Idoia Rosales \u2013&nbsp;<em>Instituto Geol\u00f3gico y Minero de Espa\u00f1a<\/em><\/p>\n\n\n\n<p>Antonio Barnolas \u2013&nbsp;<em>Instituto Geol\u00f3gico y Minero de Espa\u00f1a<\/em><\/p>\n\n\n\n<p>Pierre Labaume \u2013&nbsp;<em>Universit\u00e9 de Montpellier, Fran\u00e7a<\/em><\/p>\n\n\n\n<p>Marc Jolivet \u2013 <em>Universit\u00e9 de Rennes-1, Fran\u00e7a<\/em><\/p>\n\n\n\n<p>Yves Lagabrielle \u2013&nbsp;<em>Universit\u00e9 de Rennes-1, Fran\u00e7a<\/em><\/p>\n\n\n\n<p>Daniel Stockli \u2013&nbsp;<em>University of Texas-Austin, EEUU<\/em><\/p>\n\n\n\n<p>Lewis Owen \u2013 <em>University of Cincinnati, EEUU<\/em><\/p>\n\n\n\n<p>Andr\u00e9s Mora \u2013&nbsp;<em>ECOPETROL, Colombia<\/em><\/p>\n\n\n\n<p>Enrique Gomez-Rivas \u2013 <em>Universitat de Barcelona<\/em><\/p>\n\n\n\n<p>Paul D. Bons \u2013&nbsp;<em>University of T\u00fcebingen, Alemanya<\/em><\/p>\n\n\n\n<p>Mar\u00eda Gema Llorens \u2013 <em>Geosciences Barcelona, GEO3BCN-CSIC (former post-doc) <\/em><\/p>\n\n\n\n<p><\/p>\n\n\n\n<h2 class=\"wp-block-heading\"><strong>Doctorats egressats<\/strong><\/h2>\n\n\n\n<p>Norbert Caldera &#8211; <em><a href=\"https:\/\/www.tdx.cat\/handle\/10803\/688310\">Ductile deformation of the Pyrenean hinterland during the Alpine collision: The case of the proximal Iberian margin in the Eaux-Chaudes massif (west-central Pyrenees)<\/a>\u00a0<\/em><\/p>\n\n\n\n<p>Guillem Piris &#8211; <a href=\"https:\/\/ddd.uab.cat\/search?f=title&amp;p=Evaluation%20of%20reservoir%20potential%20and%20induced%20seismicity%20of%20deep%20geothermal%20systems&amp;sc=1&amp;ln=ca\"><em>Evaluation of reservoir potential and induced seismicity of deep geothermal systems<\/em><\/a><\/p>\n\n\n\n<p>Xavier Coll &#8211; <em><a href=\"https:\/\/www.tdx.cat\/handle\/10803\/675250\">Proced\u00e8ncia i patr\u00f3 de dispersi\u00f3 de sediments en conques d\u2019avantpa\u00eds: Avantatges d\u2019un enfoc multim\u00e8tode i aplicaci\u00f3 al cas de la conca sudpirinenca de Jaca<\/a>\u00a0<\/em><\/p>\n\n\n\n<p>Laura Burrel \u00a0\u2013\u00a0 <em><a href=\"https:\/\/www.tdx.cat\/handle\/10803\/670423\">Salt tectonics in the Central Southern Pyrenees: Integrated tectonostratigraphic and numerical modelling study<\/a>\u00a0<\/em><\/p>\n\n\n\n<p>Juan Camilo Ru\u00edz \u2013\u00a0<em> <a href=\"https:\/\/www.tdx.cat\/handle\/10803\/671818\">Modelamiento estructural de la parte axial de la Cordillera Oriental de Colombia: Entre el p\u00e1ramo de Sumapaz y la Sabana de Bogot\u00e1<\/a>\u00a0<\/em><\/p>\n\n\n\n<p>Merc\u00e8 Fern\u00e0ndez \u2013 <em>Evoluci\u00f3 del mantell subcontinental litosf\u00e8ric del NE d&#8217;Iberia a partir de l&#8217;orientaci\u00f3 cristal\u00b7logr\u00e0fica preferent i la geoqu\u00edmica de xen\u00f2lits mant\u00e8l\u00b7lics<\/em><\/p>\n\n\n\n<p>Salvador Boya\u00a0\u2013 <em>The Sabi\u00f1\u00e1nigo flood-dominated delta systems revisited (Jaca basin, South-central Pyrenees, Spain).<\/em><\/p>\n\n\n\n<p>Luc\u00eda Struth \u2013&nbsp;<em>Tectonics and evolution of fluvial drainage network in the central sector of the Eastern Cordillera of Colombia.<\/em><\/p>\n\n\n\n<p>Marc Viaplana \u2013&nbsp;<em>Din\u00e1mica de la red de drenaje en sistemas orog\u00e9nicos-cuencas y sus implicaciones sobre los sistemas petroleros.<\/em><\/p>\n\n\n\n<p>Mireia Domenech \u2013&nbsp;<em>Inversi\u00f3n tect\u00f3nica y din\u00e1mica del relieve en or\u00f3genos intraplaca: el caso del Alto Atlas occidental de Marruecos.<\/em><\/p>\n\n\n\n<p>Alvar Pastor \u2013&nbsp;<em>Evoluci\u00f3n tect\u00f3nica y geomorfol\u00f3gica reciente de las cuencas de antepa\u00eds subatl\u00e1sicas: Cuencas de Ouarzazate y Missour.<\/em><\/p>\n\n\n\n<p>Eliseo Tes\u00f3n\u00a0\u2013 <em>Estructura y cronolog\u00eda de la deformaci\u00f3n en el borde sur del alto Atlas (Marruecos) a partir del registro tectono-sedimentario de la cuenca de antepa\u00eds de Ouarzazate.<\/em><\/p>\n\n\n\n<p>Eduard Saura\u00a0\u2013 <em>An\u00e0lisi estructura de la zona de les Nogueres (Pirineus Centrals).<\/em><\/p>\n","protected":false},"excerpt":{"rendered":"<p>Col\u00b7laboradors en Institucions alienes Puy Ayarza \u2013 Departamento&nbsp;de Geolog\u00eda, Universidad de Salamanca Idoia Rosales \u2013&nbsp;Instituto Geol\u00f3gico y Minero de Espa\u00f1a Antonio Barnolas \u2013&nbsp;Instituto Geol\u00f3gico y Minero de Espa\u00f1a Pierre Labaume \u2013&nbsp;Universit\u00e9 de Montpellier, Fran\u00e7a Marc Jolivet \u2013 Universit\u00e9 de Rennes-1, Fran\u00e7a Yves Lagabrielle \u2013&nbsp;Universit\u00e9 de Rennes-1, Fran\u00e7a Daniel Stockli \u2013&nbsp;University of Texas-Austin, EEUU Lewis Owen [&hellip;]<\/p>\n","protected":false},"author":20,"featured_media":0,"parent":0,"menu_order":0,"comment_status":"closed","ping_status":"closed","template":"","meta":{"footnotes":""},"class_list":["post-106","page","type-page","status-publish","hentry"],"_links":{"self":[{"href":"https:\/\/webs.uab.cat\/supraterra\/wp-json\/wp\/v2\/pages\/106","targetHints":{"allow":["GET"]}}],"collection":[{"href":"https:\/\/webs.uab.cat\/supraterra\/wp-json\/wp\/v2\/pages"}],"about":[{"href":"https:\/\/webs.uab.cat\/supraterra\/wp-json\/wp\/v2\/types\/page"}],"author":[{"embeddable":true,"href":"https:\/\/webs.uab.cat\/supraterra\/wp-json\/wp\/v2\/users\/20"}],"replies":[{"embeddable":true,"href":"https:\/\/webs.uab.cat\/supraterra\/wp-json\/wp\/v2\/comments?post=106"}],"version-history":[{"count":3,"href":"https:\/\/webs.uab.cat\/supraterra\/wp-json\/wp\/v2\/pages\/106\/revisions"}],"predecessor-version":[{"id":444,"href":"https:\/\/webs.uab.cat\/supraterra\/wp-json\/wp\/v2\/pages\/106\/revisions\/444"}],"wp:attachment":[{"href":"https:\/\/webs.uab.cat\/supraterra\/wp-json\/wp\/v2\/media?parent=106"}],"curies":[{"name":"wp","href":"https:\/\/api.w.org\/{rel}","templated":true}]}}