{"id":93,"date":"2024-12-11T12:27:43","date_gmt":"2024-12-11T10:27:43","guid":{"rendered":"https:\/\/webs.uab.cat\/tocarlahistoria\/?page_id=93"},"modified":"2025-07-28T13:21:11","modified_gmt":"2025-07-28T11:21:11","slug":"la-navegacio-i-el-posicionament-geografic-a-ledat-moderna","status":"publish","type":"page","link":"https:\/\/webs.uab.cat\/tocarlahistoria\/la-navegacio-i-el-posicionament-geografic-a-ledat-moderna\/","title":{"rendered":"Navegaci\u00f3 i posicionament geogr\u00e0fic a l\u2019Edat Moderna"},"content":{"rendered":"<div class=\"wp-block-image is-style-rounded\">\n<figure class=\"alignleft size-full is-resized\"><img loading=\"lazy\" decoding=\"async\" width=\"354\" height=\"300\" src=\"https:\/\/webs.uab.cat\/tocarlahistoria\/wp-content\/uploads\/sites\/585\/2024\/12\/TOP-CARTOGRAFIA.png\" alt=\"Unitat Cartografia\" class=\"wp-image-1104\" style=\"aspect-ratio:16\/9;object-fit:cover;width:100px\" srcset=\"https:\/\/webs.uab.cat\/tocarlahistoria\/wp-content\/uploads\/sites\/585\/2024\/12\/TOP-CARTOGRAFIA.png 354w, https:\/\/webs.uab.cat\/tocarlahistoria\/wp-content\/uploads\/sites\/585\/2024\/12\/TOP-CARTOGRAFIA-300x254.png 300w\" sizes=\"auto, (max-width: 354px) 100vw, 354px\" \/><\/figure>\n<\/div>\n\n\n<p class=\"wp-block-paragraph\">A finals del segle XV la navegaci\u00f3 va patir un canvi profund: es va passar d&#8217;una navegaci\u00f3 costanera a una \u00abnavegaci\u00f3 d&#8217;al\u00e7ada\u00bb o \u00abnavegaci\u00f3 astron\u00f2mica\u00bb, iniciada a l&#8217;Atl\u00e0ntic pels portuguesos i perfeccionada en les d\u00e8cades posteriors pels Estats mar\u00edtims d&#8217;Europa que consideraven el comer\u00e7 per mar la millor base per al seu engrandiment.<\/p>\n\n\n\n<p class=\"wp-block-paragraph\">Quatre eren els elements clau per a la navegaci\u00f3: el rumb, la dist\u00e0ncia, la latitud i la longitud. Els tractadistes n\u00e0utics van buscar el seu coneixement prec\u00eds i, per determinar-los, des del segle XVI es feien servir diferents instruments. Els pilots havien de guiar-se pel cel i per saber la seva posici\u00f3 havien de determinar l&#8217;al\u00e7ada a trav\u00e9s de l&#8217;observaci\u00f3 del sol i l&#8217;estrella polar. Aquest c\u00e0lcul es realitzava fent \u00fas d&#8217;instruments com l&#8217;astrolabi, el quadrant o la ballesta i s&#8217;emprava la corredora per mesurar la velocitat del vaixell i la dist\u00e0ncia recorreguda. De la mateixa manera, havien d&#8217;utilitzar la br\u00faixola per determinar el rumb, i era imprescindible con\u00e8ixer b\u00e9 els cicles lunars i marees i disposar de cartes de navegaci\u00f3 correctes.<\/p>\n\n\n<div class=\"wp-block-image\">\n<figure class=\"aligncenter size-large\"><a href=\"https:\/\/webs.uab.cat\/tocarlahistoria\/wp-content\/uploads\/sites\/585\/2024\/10\/astrolabi-dues-bandes.jpg\" target=\"_blank\" rel=\"noreferrer noopener\"><img loading=\"lazy\" decoding=\"async\" width=\"1024\" height=\"668\" src=\"https:\/\/webs.uab.cat\/tocarlahistoria\/wp-content\/uploads\/sites\/585\/2024\/10\/astrolabi-dues-bandes-1024x668.jpg\" alt=\"Astrolabi astron\u00f2mic, utilitzat per la navegaci\u00f3 i el posicionament. 1598.\" class=\"wp-image-345\" srcset=\"https:\/\/webs.uab.cat\/tocarlahistoria\/wp-content\/uploads\/sites\/585\/2024\/10\/astrolabi-dues-bandes-1024x668.jpg 1024w, https:\/\/webs.uab.cat\/tocarlahistoria\/wp-content\/uploads\/sites\/585\/2024\/10\/astrolabi-dues-bandes-300x196.jpg 300w, https:\/\/webs.uab.cat\/tocarlahistoria\/wp-content\/uploads\/sites\/585\/2024\/10\/astrolabi-dues-bandes-768x501.jpg 768w, https:\/\/webs.uab.cat\/tocarlahistoria\/wp-content\/uploads\/sites\/585\/2024\/10\/astrolabi-dues-bandes.jpg 1076w\" sizes=\"auto, (max-width: 1024px) 100vw, 1024px\" \/><\/a><figcaption class=\"wp-element-caption\">Astrolabi astron\u00f2mic, 1598. <a href=\"https:\/\/artsandculture.google.com\/asset\/astronomic-astrolabe\/zAEDMPmM-eVTjw\" target=\"_blank\" rel=\"noreferrer noopener\">Col\u00b7lecci\u00f3 Museo Naval Madrid<\/a><\/figcaption><\/figure>\n<\/div>\n\n\n<p class=\"wp-block-paragraph\">En aquesta \u00e8poca trobem tamb\u00e9 aven\u00e7os te\u00f2rics, molts dels quals es recollien als anomenats \u00abRegiments\u00bb, uns manuals de navegaci\u00f3 de car\u00e0cter pr\u00e0ctic. Un dels m\u00e9s reconeguts durant el segle XVI va ser l&#8217;<em>Art de Navegar<\/em> de Pedro de Medina, impr\u00e8s a Valladolid el 1545 i tradu\u00eft a cinc idiomes durant la cent\u00faria.<\/p>\n\n\n\n<p class=\"wp-block-paragraph\">Tot i aix\u00f2, els resultats que s&#8217;obtenien amb els instruments de navegaci\u00f3 durant els segles XVI i XVII eren poc precisos a causa dels errors de les pr\u00f2pies eines i de les condicions dif\u00edcils en qu\u00e8 es realitzaven els mesuraments. D&#8217;altra banda, fins el segle XVIII no va ser possible determinar la longitud, tot i que durant les cent\u00faries anteriors van ser diverses les propostes per calcular-la.<\/p>\n\n\n\n<div style=\"height:46px\" aria-hidden=\"true\" class=\"wp-block-spacer\"><\/div>\n\n\n\n<p class=\"has-gris-londres-background-color has-background wp-block-paragraph\"><strong>DOCUMENTS RELACIONATS<\/strong><\/p>\n\n\n\n<figure class=\"wp-block-gallery has-nested-images columns-default is-cropped wp-block-gallery-1 is-layout-flex wp-block-gallery-is-layout-flex\">\n<figure class=\"wp-block-image size-large\"><a href=\"https:\/\/webs.uab.cat\/tocarlahistoria\/document-1-el-arte-de-navegar-de-pedro-de-medina\/\" target=\"_blank\" rel=\"noreferrer noopener\"><img loading=\"lazy\" decoding=\"async\" width=\"615\" height=\"938\" data-id=\"350\" src=\"https:\/\/webs.uab.cat\/tocarlahistoria\/wp-content\/uploads\/sites\/585\/2024\/10\/arte-de-navegar.jpg\" alt=\"Document 1: Arte de Navegar de Pedro de Medina.\" class=\"wp-image-350\" srcset=\"https:\/\/webs.uab.cat\/tocarlahistoria\/wp-content\/uploads\/sites\/585\/2024\/10\/arte-de-navegar.jpg 615w, https:\/\/webs.uab.cat\/tocarlahistoria\/wp-content\/uploads\/sites\/585\/2024\/10\/arte-de-navegar-197x300.jpg 197w\" sizes=\"auto, (max-width: 615px) 100vw, 615px\" \/><\/a><figcaption class=\"wp-element-caption\"><strong>DOCUMENT 1: ARTE DE NAVEGAR<\/strong>,<strong> P. DE MEDINA<\/strong><\/figcaption><\/figure>\n\n\n\n<figure class=\"wp-block-image size-large\"><a href=\"https:\/\/webs.uab.cat\/tocarlahistoria\/document-2-carta-nautica-del-pacific-sud-d-h-gerritsz\/\" target=\"_blank\" rel=\"noreferrer noopener\"><img loading=\"lazy\" decoding=\"async\" width=\"1024\" height=\"761\" data-id=\"351\" src=\"https:\/\/webs.uab.cat\/tocarlahistoria\/wp-content\/uploads\/sites\/585\/2024\/10\/Carta-del-Pacifico-Sur-1024x761.jpg\" alt=\"Document 2: Carta N\u00e0utica del Pac\u00edfic Sud\" class=\"wp-image-351\" srcset=\"https:\/\/webs.uab.cat\/tocarlahistoria\/wp-content\/uploads\/sites\/585\/2024\/10\/Carta-del-Pacifico-Sur-1024x761.jpg 1024w, https:\/\/webs.uab.cat\/tocarlahistoria\/wp-content\/uploads\/sites\/585\/2024\/10\/Carta-del-Pacifico-Sur-300x223.jpg 300w, https:\/\/webs.uab.cat\/tocarlahistoria\/wp-content\/uploads\/sites\/585\/2024\/10\/Carta-del-Pacifico-Sur-768x571.jpg 768w, https:\/\/webs.uab.cat\/tocarlahistoria\/wp-content\/uploads\/sites\/585\/2024\/10\/Carta-del-Pacifico-Sur-1200x892.jpg 1200w, https:\/\/webs.uab.cat\/tocarlahistoria\/wp-content\/uploads\/sites\/585\/2024\/10\/Carta-del-Pacifico-Sur.jpg 1299w\" sizes=\"auto, (max-width: 1024px) 100vw, 1024px\" \/><\/a><figcaption class=\"wp-element-caption\"><strong>DOCUMENT 2: CARTA N\u00c0UTICA DEL PAC\u00cdFIC SU<\/strong>D<\/figcaption><\/figure>\n\n\n\n<figure class=\"wp-block-image size-large\"><a href=\"https:\/\/webs.uab.cat\/tocarlahistoria\/document-3-cosmographia-de-petrus-apianus\/\" target=\"_blank\" rel=\"noreferrer noopener\"><img loading=\"lazy\" decoding=\"async\" width=\"1024\" height=\"798\" data-id=\"352\" src=\"https:\/\/webs.uab.cat\/tocarlahistoria\/wp-content\/uploads\/sites\/585\/2024\/10\/observacio-amb-ballesta-scaled-e1728896324554-1024x798.jpg\" alt=\"Document 3: Cosmographia de Petrus Apianus\" class=\"wp-image-352\" srcset=\"https:\/\/webs.uab.cat\/tocarlahistoria\/wp-content\/uploads\/sites\/585\/2024\/10\/observacio-amb-ballesta-scaled-e1728896324554-1024x798.jpg 1024w, https:\/\/webs.uab.cat\/tocarlahistoria\/wp-content\/uploads\/sites\/585\/2024\/10\/observacio-amb-ballesta-scaled-e1728896324554-300x234.jpg 300w, https:\/\/webs.uab.cat\/tocarlahistoria\/wp-content\/uploads\/sites\/585\/2024\/10\/observacio-amb-ballesta-scaled-e1728896324554-768x599.jpg 768w, https:\/\/webs.uab.cat\/tocarlahistoria\/wp-content\/uploads\/sites\/585\/2024\/10\/observacio-amb-ballesta-scaled-e1728896324554-1536x1197.jpg 1536w, https:\/\/webs.uab.cat\/tocarlahistoria\/wp-content\/uploads\/sites\/585\/2024\/10\/observacio-amb-ballesta-scaled-e1728896324554-2048x1596.jpg 2048w, https:\/\/webs.uab.cat\/tocarlahistoria\/wp-content\/uploads\/sites\/585\/2024\/10\/observacio-amb-ballesta-scaled-e1728896324554-1200x935.jpg 1200w, https:\/\/webs.uab.cat\/tocarlahistoria\/wp-content\/uploads\/sites\/585\/2024\/10\/observacio-amb-ballesta-scaled-e1728896324554-1980x1543.jpg 1980w\" sizes=\"auto, (max-width: 1024px) 100vw, 1024px\" \/><\/a><figcaption class=\"wp-element-caption\"><strong>DOCUMENT 3: COSMOGRAFIA, P. APIANO<\/strong><\/figcaption><\/figure>\n<\/figure>\n\n\n\n<div style=\"height:46px\" aria-hidden=\"true\" class=\"wp-block-spacer\"><\/div>\n\n\n\n<details class=\"wp-block-details has-small-font-size is-layout-flow wp-block-details-is-layout-flow\"><summary>Credits de les imatges<\/summary>\n<p class=\"wp-block-paragraph\"><\/p>\n\n\n\n<p class=\"wp-block-paragraph\"><\/p>\n\n\n\n<ul class=\"wp-block-list\">\n<li>Michiel Coignet. Astrolabi astron\u00f2mic, 1598. <a href=\"https:\/\/artsandculture.google.com\/asset\/astronomic-astrolabe\/zAEDMPmM-eVTjw\" target=\"_blank\" rel=\"noreferrer noopener\">Col\u00b7lecci\u00f3 del Museo Naval de Madrid<\/a><\/li>\n<\/ul>\n<\/details>\n\n\n\n<p class=\"wp-block-paragraph\"><\/p>\n","protected":false},"excerpt":{"rendered":"<p>A finals del segle XV la navegaci\u00f3 va patir un canvi profund: es va passar d&#8217;una navegaci\u00f3 costanera a una \u00abnavegaci\u00f3 d&#8217;al\u00e7ada\u00bb o \u00abnavegaci\u00f3 astron\u00f2mica\u00bb, iniciada a l&#8217;Atl\u00e0ntic pels portuguesos i perfeccionada en les d\u00e8cades posteriors pels Estats mar\u00edtims d&#8217;Europa que consideraven el comer\u00e7 per mar la millor base per al seu engrandiment. Quatre eren [&hellip;]<\/p>\n","protected":false},"author":1605,"featured_media":0,"parent":0,"menu_order":0,"comment_status":"closed","ping_status":"closed","template":"","meta":{"footnotes":""},"class_list":["post-93","page","type-page","status-publish","hentry"],"yoast_head":"<!-- This site is optimized with the Yoast SEO plugin v26.8 - https:\/\/yoast.com\/product\/yoast-seo-wordpress\/ -->\n<title>Navegaci\u00f3 i posicionament geogr\u00e0fic a l\u2019Edat Moderna - TOCAR LA HIST\u00d2RIA<\/title>\n<meta name=\"description\" content=\"La navegaci\u00f3 i el posicionament geogr\u00e0fic a l\u2019Edat Moderna constitueixen un dels principals \u00e0mbits de desenvolupament cient\u00edfic de l&#039;\u00e8poca.\" \/>\n<meta name=\"robots\" content=\"index, follow, max-snippet:-1, max-image-preview:large, max-video-preview:-1\" \/>\n<link rel=\"canonical\" href=\"https:\/\/webs.uab.cat\/tocarlahistoria\/la-navegacio-i-el-posicionament-geografic-a-ledat-moderna\/\" \/>\n<meta property=\"og:locale\" content=\"ca_ES\" \/>\n<meta property=\"og:type\" content=\"article\" \/>\n<meta property=\"og:title\" content=\"Navegaci\u00f3 i posicionament geogr\u00e0fic a l\u2019Edat Moderna - TOCAR LA HIST\u00d2RIA\" \/>\n<meta property=\"og:description\" content=\"La navegaci\u00f3 i el posicionament geogr\u00e0fic a l\u2019Edat Moderna constitueixen un dels principals \u00e0mbits de desenvolupament cient\u00edfic de l&#039;\u00e8poca.\" \/>\n<meta property=\"og:url\" content=\"https:\/\/webs.uab.cat\/tocarlahistoria\/la-navegacio-i-el-posicionament-geografic-a-ledat-moderna\/\" \/>\n<meta property=\"og:site_name\" content=\"TOCAR LA HIST\u00d2RIA\" \/>\n<meta property=\"article:modified_time\" content=\"2025-07-28T11:21:11+00:00\" \/>\n<meta property=\"og:image\" content=\"https:\/\/webs.uab.cat\/tocarlahistoria\/wp-content\/uploads\/sites\/585\/2024\/12\/TOP-CARTOGRAFIA.png\" \/>\n\t<meta property=\"og:image:width\" content=\"354\" \/>\n\t<meta property=\"og:image:height\" content=\"300\" \/>\n\t<meta property=\"og:image:type\" content=\"image\/png\" \/>\n<meta name=\"twitter:card\" content=\"summary_large_image\" \/>\n<meta name=\"twitter:label1\" content=\"Temps estimat de lectura\" \/>\n\t<meta name=\"twitter:data1\" content=\"3 minuts\" \/>\n<script type=\"application\/ld+json\" class=\"yoast-schema-graph\">{\"@context\":\"https:\/\/schema.org\",\"@graph\":[{\"@type\":\"WebPage\",\"@id\":\"https:\/\/webs.uab.cat\/tocarlahistoria\/la-navegacio-i-el-posicionament-geografic-a-ledat-moderna\/\",\"url\":\"https:\/\/webs.uab.cat\/tocarlahistoria\/la-navegacio-i-el-posicionament-geografic-a-ledat-moderna\/\",\"name\":\"Navegaci\u00f3 i posicionament geogr\u00e0fic a l\u2019Edat Moderna - TOCAR LA HIST\u00d2RIA\",\"isPartOf\":{\"@id\":\"https:\/\/webs.uab.cat\/tocarlahistoria\/#website\"},\"primaryImageOfPage\":{\"@id\":\"https:\/\/webs.uab.cat\/tocarlahistoria\/la-navegacio-i-el-posicionament-geografic-a-ledat-moderna\/#primaryimage\"},\"image\":{\"@id\":\"https:\/\/webs.uab.cat\/tocarlahistoria\/la-navegacio-i-el-posicionament-geografic-a-ledat-moderna\/#primaryimage\"},\"thumbnailUrl\":\"https:\/\/webs.uab.cat\/tocarlahistoria\/wp-content\/uploads\/sites\/585\/2024\/12\/TOP-CARTOGRAFIA.png\",\"datePublished\":\"2024-12-11T10:27:43+00:00\",\"dateModified\":\"2025-07-28T11:21:11+00:00\",\"description\":\"La navegaci\u00f3 i el posicionament geogr\u00e0fic a l\u2019Edat Moderna constitueixen un dels principals \u00e0mbits de desenvolupament cient\u00edfic de l'\u00e8poca.\",\"breadcrumb\":{\"@id\":\"https:\/\/webs.uab.cat\/tocarlahistoria\/la-navegacio-i-el-posicionament-geografic-a-ledat-moderna\/#breadcrumb\"},\"inLanguage\":\"ca\",\"potentialAction\":[{\"@type\":\"ReadAction\",\"target\":[\"https:\/\/webs.uab.cat\/tocarlahistoria\/la-navegacio-i-el-posicionament-geografic-a-ledat-moderna\/\"]}]},{\"@type\":\"ImageObject\",\"inLanguage\":\"ca\",\"@id\":\"https:\/\/webs.uab.cat\/tocarlahistoria\/la-navegacio-i-el-posicionament-geografic-a-ledat-moderna\/#primaryimage\",\"url\":\"https:\/\/webs.uab.cat\/tocarlahistoria\/wp-content\/uploads\/sites\/585\/2024\/12\/TOP-CARTOGRAFIA.png\",\"contentUrl\":\"https:\/\/webs.uab.cat\/tocarlahistoria\/wp-content\/uploads\/sites\/585\/2024\/12\/TOP-CARTOGRAFIA.png\",\"width\":354,\"height\":300,\"caption\":\"Unitat de Cartografia\"},{\"@type\":\"BreadcrumbList\",\"@id\":\"https:\/\/webs.uab.cat\/tocarlahistoria\/la-navegacio-i-el-posicionament-geografic-a-ledat-moderna\/#breadcrumb\",\"itemListElement\":[{\"@type\":\"ListItem\",\"position\":1,\"name\":\"Inici\",\"item\":\"https:\/\/webs.uab.cat\/tocarlahistoria\/\"},{\"@type\":\"ListItem\",\"position\":2,\"name\":\"Navegaci\u00f3 i posicionament geogr\u00e0fic a l\u2019Edat Moderna\"}]},{\"@type\":\"WebSite\",\"@id\":\"https:\/\/webs.uab.cat\/tocarlahistoria\/#website\",\"url\":\"https:\/\/webs.uab.cat\/tocarlahistoria\/\",\"name\":\"TOCAR LA HIST\u00d2RIA\",\"description\":\"\",\"potentialAction\":[{\"@type\":\"SearchAction\",\"target\":{\"@type\":\"EntryPoint\",\"urlTemplate\":\"https:\/\/webs.uab.cat\/tocarlahistoria\/?s={search_term_string}\"},\"query-input\":{\"@type\":\"PropertyValueSpecification\",\"valueRequired\":true,\"valueName\":\"search_term_string\"}}],\"inLanguage\":\"ca\"}]}<\/script>\n<!-- \/ Yoast SEO plugin. -->","yoast_head_json":{"title":"Navegaci\u00f3 i posicionament geogr\u00e0fic a l\u2019Edat Moderna - TOCAR LA HIST\u00d2RIA","description":"La navegaci\u00f3 i el posicionament geogr\u00e0fic a l\u2019Edat Moderna constitueixen un dels principals \u00e0mbits de desenvolupament cient\u00edfic de l'\u00e8poca.","robots":{"index":"index","follow":"follow","max-snippet":"max-snippet:-1","max-image-preview":"max-image-preview:large","max-video-preview":"max-video-preview:-1"},"canonical":"https:\/\/webs.uab.cat\/tocarlahistoria\/la-navegacio-i-el-posicionament-geografic-a-ledat-moderna\/","og_locale":"ca_ES","og_type":"article","og_title":"Navegaci\u00f3 i posicionament geogr\u00e0fic a l\u2019Edat Moderna - TOCAR LA HIST\u00d2RIA","og_description":"La navegaci\u00f3 i el posicionament geogr\u00e0fic a l\u2019Edat Moderna constitueixen un dels principals \u00e0mbits de desenvolupament cient\u00edfic de l'\u00e8poca.","og_url":"https:\/\/webs.uab.cat\/tocarlahistoria\/la-navegacio-i-el-posicionament-geografic-a-ledat-moderna\/","og_site_name":"TOCAR LA HIST\u00d2RIA","article_modified_time":"2025-07-28T11:21:11+00:00","og_image":[{"width":354,"height":300,"url":"https:\/\/webs.uab.cat\/tocarlahistoria\/wp-content\/uploads\/sites\/585\/2024\/12\/TOP-CARTOGRAFIA.png","type":"image\/png"}],"twitter_card":"summary_large_image","twitter_misc":{"Temps estimat de lectura":"3 minuts"},"schema":{"@context":"https:\/\/schema.org","@graph":[{"@type":"WebPage","@id":"https:\/\/webs.uab.cat\/tocarlahistoria\/la-navegacio-i-el-posicionament-geografic-a-ledat-moderna\/","url":"https:\/\/webs.uab.cat\/tocarlahistoria\/la-navegacio-i-el-posicionament-geografic-a-ledat-moderna\/","name":"Navegaci\u00f3 i posicionament geogr\u00e0fic a l\u2019Edat Moderna - TOCAR LA HIST\u00d2RIA","isPartOf":{"@id":"https:\/\/webs.uab.cat\/tocarlahistoria\/#website"},"primaryImageOfPage":{"@id":"https:\/\/webs.uab.cat\/tocarlahistoria\/la-navegacio-i-el-posicionament-geografic-a-ledat-moderna\/#primaryimage"},"image":{"@id":"https:\/\/webs.uab.cat\/tocarlahistoria\/la-navegacio-i-el-posicionament-geografic-a-ledat-moderna\/#primaryimage"},"thumbnailUrl":"https:\/\/webs.uab.cat\/tocarlahistoria\/wp-content\/uploads\/sites\/585\/2024\/12\/TOP-CARTOGRAFIA.png","datePublished":"2024-12-11T10:27:43+00:00","dateModified":"2025-07-28T11:21:11+00:00","description":"La navegaci\u00f3 i el posicionament geogr\u00e0fic a l\u2019Edat Moderna constitueixen un dels principals \u00e0mbits de desenvolupament cient\u00edfic de l'\u00e8poca.","breadcrumb":{"@id":"https:\/\/webs.uab.cat\/tocarlahistoria\/la-navegacio-i-el-posicionament-geografic-a-ledat-moderna\/#breadcrumb"},"inLanguage":"ca","potentialAction":[{"@type":"ReadAction","target":["https:\/\/webs.uab.cat\/tocarlahistoria\/la-navegacio-i-el-posicionament-geografic-a-ledat-moderna\/"]}]},{"@type":"ImageObject","inLanguage":"ca","@id":"https:\/\/webs.uab.cat\/tocarlahistoria\/la-navegacio-i-el-posicionament-geografic-a-ledat-moderna\/#primaryimage","url":"https:\/\/webs.uab.cat\/tocarlahistoria\/wp-content\/uploads\/sites\/585\/2024\/12\/TOP-CARTOGRAFIA.png","contentUrl":"https:\/\/webs.uab.cat\/tocarlahistoria\/wp-content\/uploads\/sites\/585\/2024\/12\/TOP-CARTOGRAFIA.png","width":354,"height":300,"caption":"Unitat de Cartografia"},{"@type":"BreadcrumbList","@id":"https:\/\/webs.uab.cat\/tocarlahistoria\/la-navegacio-i-el-posicionament-geografic-a-ledat-moderna\/#breadcrumb","itemListElement":[{"@type":"ListItem","position":1,"name":"Inici","item":"https:\/\/webs.uab.cat\/tocarlahistoria\/"},{"@type":"ListItem","position":2,"name":"Navegaci\u00f3 i posicionament geogr\u00e0fic a l\u2019Edat Moderna"}]},{"@type":"WebSite","@id":"https:\/\/webs.uab.cat\/tocarlahistoria\/#website","url":"https:\/\/webs.uab.cat\/tocarlahistoria\/","name":"TOCAR LA HIST\u00d2RIA","description":"","potentialAction":[{"@type":"SearchAction","target":{"@type":"EntryPoint","urlTemplate":"https:\/\/webs.uab.cat\/tocarlahistoria\/?s={search_term_string}"},"query-input":{"@type":"PropertyValueSpecification","valueRequired":true,"valueName":"search_term_string"}}],"inLanguage":"ca"}]}},"_links":{"self":[{"href":"https:\/\/webs.uab.cat\/tocarlahistoria\/wp-json\/wp\/v2\/pages\/93","targetHints":{"allow":["GET"]}}],"collection":[{"href":"https:\/\/webs.uab.cat\/tocarlahistoria\/wp-json\/wp\/v2\/pages"}],"about":[{"href":"https:\/\/webs.uab.cat\/tocarlahistoria\/wp-json\/wp\/v2\/types\/page"}],"author":[{"embeddable":true,"href":"https:\/\/webs.uab.cat\/tocarlahistoria\/wp-json\/wp\/v2\/users\/1605"}],"replies":[{"embeddable":true,"href":"https:\/\/webs.uab.cat\/tocarlahistoria\/wp-json\/wp\/v2\/comments?post=93"}],"version-history":[{"count":43,"href":"https:\/\/webs.uab.cat\/tocarlahistoria\/wp-json\/wp\/v2\/pages\/93\/revisions"}],"predecessor-version":[{"id":1947,"href":"https:\/\/webs.uab.cat\/tocarlahistoria\/wp-json\/wp\/v2\/pages\/93\/revisions\/1947"}],"wp:attachment":[{"href":"https:\/\/webs.uab.cat\/tocarlahistoria\/wp-json\/wp\/v2\/media?parent=93"}],"curies":[{"name":"wp","href":"https:\/\/api.w.org\/{rel}","templated":true}]}}