{"id":96,"date":"2024-12-11T12:27:43","date_gmt":"2024-12-11T10:27:43","guid":{"rendered":"https:\/\/webs.uab.cat\/tocarlahistoria\/?page_id=96"},"modified":"2025-07-28T13:23:41","modified_gmt":"2025-07-28T11:23:41","slug":"escola-cartografica-holandesa-ciencia-i-comerc","status":"publish","type":"page","link":"https:\/\/webs.uab.cat\/tocarlahistoria\/escola-cartografica-holandesa-ciencia-i-comerc\/","title":{"rendered":"L&#8217;Escola holandesa: navegaci\u00f3 i comer\u00e7 colonial"},"content":{"rendered":"<div class=\"wp-block-image is-style-rounded\">\n<figure class=\"alignleft size-full is-resized\"><img loading=\"lazy\" decoding=\"async\" width=\"354\" height=\"300\" src=\"https:\/\/webs.uab.cat\/tocarlahistoria\/wp-content\/uploads\/sites\/585\/2024\/12\/TOP-CARTOGRAFIA.png\" alt=\"Unitat Cartografia\" class=\"wp-image-1104\" style=\"aspect-ratio:16\/9;object-fit:cover;width:100px\" srcset=\"https:\/\/webs.uab.cat\/tocarlahistoria\/wp-content\/uploads\/sites\/585\/2024\/12\/TOP-CARTOGRAFIA.png 354w, https:\/\/webs.uab.cat\/tocarlahistoria\/wp-content\/uploads\/sites\/585\/2024\/12\/TOP-CARTOGRAFIA-300x254.png 300w\" sizes=\"auto, (max-width: 354px) 100vw, 354px\" \/><\/figure>\n<\/div>\n\n\n<p>Al segle XVI, la Monarquia Hisp\u00e0nica i el Regne de Portugal han dominat l\u2019expansi\u00f3 europea pels altres continents. Per\u00f2, a la d\u00e8cada de 1590 ja no es troben en condicions de defensar el seu monopoli sobre imperis tan immensos. <strong>Les Prov\u00edncies Unides<\/strong> (les 17 prov\u00edncies al nord dels Pa\u00efsos Baixos), enfrontades a la Monarquia Hisp\u00e0nica des de la revolta de 1568, ho aprofiten per fer-se amb algunes bases al Carib i, sobretot, amb el control de la lucrativa ruta de les esp\u00e8cies, entre Indoxina i Europa.<\/p>\n\n\n\n<p>El factor decisiu es la creaci\u00f3, el 1602, de la <strong>Companyia Holandesa de les \u00cdndies Orientals<\/strong> (VOC, per les seves sigles en neerland\u00e8s), que ofereix un model exit\u00f3s de col\u00b7laboraci\u00f3 p\u00fablico-privada en l\u2019explotaci\u00f3 colonial, posteriorment imitat al Regne Unit i altres pa\u00efsos.<\/p>\n\n\n\n<div class=\"wp-block-media-text is-stacked-on-mobile\"><figure class=\"wp-block-media-text__media\"><a href=\"https:\/\/webs.uab.cat\/tocarlahistoria\/wp-content\/uploads\/sites\/585\/2024\/09\/512px-Flag_of_the_Dutch_West_India_Company.svg_.png\" target=\"_blank\" rel=\"noreferrer noopener\"><img loading=\"lazy\" decoding=\"async\" width=\"512\" height=\"342\" src=\"https:\/\/webs.uab.cat\/tocarlahistoria\/wp-content\/uploads\/sites\/585\/2024\/09\/512px-Flag_of_the_Dutch_West_India_Company.svg_.png\" alt=\"Bandera de la VOC.\" class=\"wp-image-57 size-full\" srcset=\"https:\/\/webs.uab.cat\/tocarlahistoria\/wp-content\/uploads\/sites\/585\/2024\/09\/512px-Flag_of_the_Dutch_West_India_Company.svg_.png 512w, https:\/\/webs.uab.cat\/tocarlahistoria\/wp-content\/uploads\/sites\/585\/2024\/09\/512px-Flag_of_the_Dutch_West_India_Company.svg_-300x200.png 300w\" sizes=\"auto, (max-width: 512px) 100vw, 512px\" \/><\/a><\/figure><div class=\"wp-block-media-text__content\">\n<p>D\u2019una banda, la VOC \u00e9s una societat an\u00f2nima, en la que la puixant burgesia holandesa pot invertir amb garanties de grans beneficis, que despr\u00e9s es redistribueixen de forma capil\u00b7lar per totes les Prov\u00edncies Unides gr\u00e0cies a la participaci\u00f3 de molts petits accionistes. <\/p>\n<\/div><\/div>\n\n\n\n<p>D\u2019altra banda, les autoritats holandeses garanteixen a la VOC el monopoli del comer\u00e7 amb \u00c0sia i el suport militar necessari per protegir els seus vaixells i les seves factories fortificades, que s\u2019estenen <strong>des de Ceilan fins a les Illes Moluques,<\/strong> m\u00e9s encara despr\u00e9s que, el 1648, el rei Felip IV reconegu\u00e9s finalment la independ\u00e8ncia de les Prov\u00edncies Unides a la Pau de Westf\u00e0lia.<\/p>\n\n\n\n<p>La VOC t\u00e9 al seu servei un ex\u00e8rcit d\u2019impressors, gravadors i cart\u00f2grafs treballant sota la direcci\u00f3 d\u2018un \u201ccart\u00f2graf oficial\u201d. La seva funci\u00f3 \u00e9s recollir informaci\u00f3 dels pilots holandesos per cartografiar les rutes mar\u00edtimes m\u00e9s r\u00e0pides i segures i dibuixar amb precisi\u00f3 els territoris amb m\u00e9s inter\u00e8s mercantil. L\u2019any 1638, per exemple, la Companyia disposa de m\u00e9s de 2.000 vaixells que porten a Europa no nom\u00e9s esp\u00e8cies, sin\u00f3 tamb\u00e9 teixits i productes de luxe com l\u2019ivori, el t\u00e9 o la porcellana xinesa, molt ben valorada per la noblesa i l\u2019alta burgesia de tot el continent. Hi treballen aproximadament 30.000 marins.<\/p>\n\n\n\n<p>A m\u00e9s, l\u2019esplendor econ\u00f2mic d\u2019Amsterdam i de tot el pa\u00eds estimula la compet\u00e8ncia entre moltes impremtes privades que pugnen per publicar els mapes i els atles de millor qualitat. Mapes i cartes n\u00e0utiques que empren els mariners o els inversors per orientar-se, per\u00f2 que tamb\u00e9 poden ser utilitzats com a productes d\u2019ostentaci\u00f3 o penjats a les parets d\u2019edificis p\u00fablics i privats amb intenci\u00f3 decorativa o propagand\u00edstica. Aix\u00f2, \u00e9s clar, no hagu\u00e9s estat possible sense l\u2019exist\u00e8ncia pr\u00e8via d\u2019una important tradici\u00f3 cartogr\u00e0fica als Pa\u00efsos Baixos del segle XVI, el representant m\u00e9s important de la qual havia estat el c\u00e8lebre Gerard Mercator (1512-1594), autor el 1569 d\u2019un mapamundi la projecci\u00f3 del qual encara \u00e9s utilitzada als nostres dies.<\/p>\n\n\n<div class=\"wp-block-image\">\n<figure class=\"aligncenter size-large is-resized\"><a href=\"https:\/\/webs.uab.cat\/tocarlahistoria\/wp-content\/uploads\/sites\/585\/2024\/10\/Les_Provinces-Unies_des_Pays-Bas_qui_.Robert_de_btv1b53042560h_1.jpeg\" target=\"_blank\" rel=\"noreferrer noopener\"><img loading=\"lazy\" decoding=\"async\" width=\"1024\" height=\"843\" src=\"https:\/\/webs.uab.cat\/tocarlahistoria\/wp-content\/uploads\/sites\/585\/2024\/10\/Les_Provinces-Unies_des_Pays-Bas_qui_.Robert_de_btv1b53042560h_1-1024x843.jpeg\" alt=\"Mapa dels Pa\u00efsos Baixos de Robert Vaugondy. 1753.\" class=\"wp-image-373\" style=\"width:640px;height:auto\" srcset=\"https:\/\/webs.uab.cat\/tocarlahistoria\/wp-content\/uploads\/sites\/585\/2024\/10\/Les_Provinces-Unies_des_Pays-Bas_qui_.Robert_de_btv1b53042560h_1-1024x843.jpeg 1024w, https:\/\/webs.uab.cat\/tocarlahistoria\/wp-content\/uploads\/sites\/585\/2024\/10\/Les_Provinces-Unies_des_Pays-Bas_qui_.Robert_de_btv1b53042560h_1-300x247.jpeg 300w, https:\/\/webs.uab.cat\/tocarlahistoria\/wp-content\/uploads\/sites\/585\/2024\/10\/Les_Provinces-Unies_des_Pays-Bas_qui_.Robert_de_btv1b53042560h_1-768x632.jpeg 768w, https:\/\/webs.uab.cat\/tocarlahistoria\/wp-content\/uploads\/sites\/585\/2024\/10\/Les_Provinces-Unies_des_Pays-Bas_qui_.Robert_de_btv1b53042560h_1.jpeg 1176w\" sizes=\"auto, (max-width: 1024px) 100vw, 1024px\" \/><\/a><figcaption class=\"wp-element-caption\">Robert de Vaugondy, Gilles.<em> Les Provinces-Unies des Pays-Bas<\/em> [&#8230;]. 1753. <\/figcaption><\/figure>\n<\/div>\n\n\n<p><\/p>\n\n\n\n<p>A les Prov\u00edncies Unides, al segle XVII, canvia el sentit de la cartografia. Els mapes elaborats per enc\u00e0rrec dels portuguesos i els espanyols al segle XVI pretenien identificar noves zones i rutes per l\u2019expansi\u00f3 imperial. Aix\u00f2 implicava que sovint eren manuscrits i, en principi, confidencials, ja que es cercava garantir el control pol\u00edtic exclusiu de les monarquies ib\u00e8riques sobre aquells territoris.<\/p>\n\n\n\n<p>Els mapes holandesos del segle XVII tenen una <strong>finalitat mercantil,<\/strong> paren especial atenci\u00f3 a les zones comercialment m\u00e9s productives, s\u00f3n reprodu\u00efts gr\u00e0cies a les impremtes i esdevenen, ells mateixos, objectes d\u2019un comer\u00e7 molt rendible en el context d\u2019aquest capitalisme naixent. L\u2019inter\u00e8s primordialment cient\u00edfic dels cosm\u00f2grafs del Renaixement havia estat substitu\u00eft per l\u2019afany de lucre dels impressors del segle XVII: la cartografia havia esdevingut, ella mateixa, una ind\u00fastria.<\/p>\n\n\n\n<div style=\"height:36px\" aria-hidden=\"true\" class=\"wp-block-spacer\"><\/div>\n\n\n\n<p class=\"has-gris-londres-background-color has-background\"><strong>DOCUMENTS RELACIONATS<\/strong><\/p>\n\n\n\n<figure class=\"wp-block-gallery has-nested-images columns-3 is-cropped wp-block-gallery-1 is-layout-flex wp-block-gallery-is-layout-flex\">\n<figure class=\"wp-block-image size-large\"><a href=\"https:\/\/webs.uab.cat\/tocarlahistoria\/document-1-nova-orbis-terrarum-de-w-blaeu\/\" target=\"_blank\" rel=\"noreferrer noopener\"><img loading=\"lazy\" decoding=\"async\" width=\"1024\" height=\"669\" data-id=\"470\" src=\"https:\/\/webs.uab.cat\/tocarlahistoria\/wp-content\/uploads\/sites\/585\/2024\/11\/maritiem-museum-rotterdam-wandkaart-blaeu-1440x-q80-1024x669.jpg\" alt=\"Document 1: Nova Orbis Terrarum, de W. Blaeu.\" class=\"wp-image-470\" srcset=\"https:\/\/webs.uab.cat\/tocarlahistoria\/wp-content\/uploads\/sites\/585\/2024\/11\/maritiem-museum-rotterdam-wandkaart-blaeu-1440x-q80-1024x669.jpg 1024w, https:\/\/webs.uab.cat\/tocarlahistoria\/wp-content\/uploads\/sites\/585\/2024\/11\/maritiem-museum-rotterdam-wandkaart-blaeu-1440x-q80-300x196.jpg 300w, https:\/\/webs.uab.cat\/tocarlahistoria\/wp-content\/uploads\/sites\/585\/2024\/11\/maritiem-museum-rotterdam-wandkaart-blaeu-1440x-q80-768x502.jpg 768w, https:\/\/webs.uab.cat\/tocarlahistoria\/wp-content\/uploads\/sites\/585\/2024\/11\/maritiem-museum-rotterdam-wandkaart-blaeu-1440x-q80-1200x784.jpg 1200w, https:\/\/webs.uab.cat\/tocarlahistoria\/wp-content\/uploads\/sites\/585\/2024\/11\/maritiem-museum-rotterdam-wandkaart-blaeu-1440x-q80.jpg 1440w\" sizes=\"auto, (max-width: 1024px) 100vw, 1024px\" \/><\/a><figcaption class=\"wp-element-caption\"><strong>DOCUMENT 1: NOVA ORBIS TERRARUM DE W. BLAEU<\/strong><\/figcaption><\/figure>\n\n\n\n<figure class=\"wp-block-image size-full\"><a href=\"https:\/\/webs.uab.cat\/tocarlahistoria\/document-2-mare-liberum-dhugo-grotius\/\" target=\"_blank\" rel=\"noreferrer noopener\"><img loading=\"lazy\" decoding=\"async\" width=\"350\" height=\"553\" data-id=\"167\" src=\"https:\/\/webs.uab.cat\/tocarlahistoria\/wp-content\/uploads\/sites\/585\/2024\/09\/HugoGrotius-MareLiberum-1609.jpg\" alt=\"Document 2: Mare Liberum de Grotius\" class=\"wp-image-167\" srcset=\"https:\/\/webs.uab.cat\/tocarlahistoria\/wp-content\/uploads\/sites\/585\/2024\/09\/HugoGrotius-MareLiberum-1609.jpg 350w, https:\/\/webs.uab.cat\/tocarlahistoria\/wp-content\/uploads\/sites\/585\/2024\/09\/HugoGrotius-MareLiberum-1609-190x300.jpg 190w\" sizes=\"auto, (max-width: 350px) 100vw, 350px\" \/><\/a><figcaption class=\"wp-element-caption\"><strong>DOCUMENT 2: MARE LIBERUM DE GROTIUS<\/strong><\/figcaption><\/figure>\n\n\n\n<figure class=\"wp-block-image size-full\"><a href=\"https:\/\/webs.uab.cat\/tocarlahistoria\/document-3-allegoria-de-la-pintura-de-vermeer\/\" target=\"_blank\" rel=\"noreferrer noopener\"><img loading=\"lazy\" decoding=\"async\" width=\"567\" height=\"673\" data-id=\"168\" src=\"https:\/\/webs.uab.cat\/tocarlahistoria\/wp-content\/uploads\/sites\/585\/2024\/09\/Imatge1.jpg\" alt=\"Document 3: Al\u00b7legoria d ela pintura de Vermeer.\" class=\"wp-image-168\" srcset=\"https:\/\/webs.uab.cat\/tocarlahistoria\/wp-content\/uploads\/sites\/585\/2024\/09\/Imatge1.jpg 567w, https:\/\/webs.uab.cat\/tocarlahistoria\/wp-content\/uploads\/sites\/585\/2024\/09\/Imatge1-253x300.jpg 253w\" sizes=\"auto, (max-width: 567px) 100vw, 567px\" \/><\/a><figcaption class=\"wp-element-caption\"><strong>DOCUMENT 3: <\/strong><strong>AL\u00b7LEGORIA DE LA PINTURA, VERMEER<\/strong><\/figcaption><\/figure>\n<\/figure>\n\n\n\n<div style=\"height:46px\" aria-hidden=\"true\" class=\"wp-block-spacer\"><\/div>\n\n\n\n<details class=\"wp-block-details has-small-font-size is-layout-flow wp-block-details-is-layout-flow\"><summary>Cr\u00e8dits de les imatges<\/summary>\n<p><\/p>\n\n\n\n<ul class=\"wp-block-list\">\n<li>Himasaram. Bandera de la Companyia Holandesa de les \u00cdndies Orientals. <a href=\"https:\/\/ca.wikipedia.org\/wiki\/Companyia_Neerlandesa_de_les_%C3%8Dndies_Orientals\" target=\"_blank\" rel=\"noreferrer noopener\">Viquip\u00e8dia<\/a><\/li>\n\n\n\n<li>Robert de Vaugondy, Gilles.<em> Les Provinces-Unies des Pays-Bas, qui comprennent le duch\u00e9 de Gueldre, les comt\u00e9s de Hollande, de Zelande, de Zutphen, les seigneuries d&#8217;Utrecht, d&#8217;Ouest-Frise, d&#8217;Ower-Issel et de Groningue<\/em>. 1753 <a href=\"https:\/\/gallica.bnf.fr\/ark:\/12148\/btv1b53042560h\" target=\"_blank\" rel=\"noreferrer noopener\">Col\u00b7lecci\u00f3 Gallica. Biblioth\u00e8que nationale de France<\/a>.<\/li>\n<\/ul>\n<\/details>\n\n\n\n<div style=\"height:17px\" aria-hidden=\"true\" class=\"wp-block-spacer\"><\/div>\n\n\n\n<p><\/p>\n","protected":false},"excerpt":{"rendered":"<p>Al segle XVI, la Monarquia Hisp\u00e0nica i el Regne de Portugal han dominat l\u2019expansi\u00f3 europea pels altres continents. Per\u00f2, a la d\u00e8cada de 1590 ja no es troben en condicions de defensar el seu monopoli sobre imperis tan immensos. Les Prov\u00edncies Unides (les 17 prov\u00edncies al nord dels Pa\u00efsos Baixos), enfrontades a la Monarquia Hisp\u00e0nica [&hellip;]<\/p>\n","protected":false},"author":1605,"featured_media":0,"parent":0,"menu_order":0,"comment_status":"closed","ping_status":"closed","template":"","meta":{"footnotes":""},"class_list":["post-96","page","type-page","status-publish","hentry"],"yoast_head":"<!-- This site is optimized with the Yoast SEO plugin v26.8 - https:\/\/yoast.com\/product\/yoast-seo-wordpress\/ -->\n<title>L&#039;Escola holandesa: navegaci\u00f3 i comer\u00e7 colonial - TOCAR LA HIST\u00d2RIA<\/title>\n<meta name=\"description\" content=\"L&#039;escola holandesa de cartografia es desenvolupa paral\u00b7lelament a la navegaci\u00f3 i el comer\u00e7 de l&#039;\u00e8poca, dels quals ser\u00e0 part important.\" \/>\n<meta name=\"robots\" content=\"index, follow, max-snippet:-1, max-image-preview:large, max-video-preview:-1\" \/>\n<link rel=\"canonical\" href=\"https:\/\/webs.uab.cat\/tocarlahistoria\/escola-cartografica-holandesa-ciencia-i-comerc\/\" \/>\n<meta property=\"og:locale\" content=\"ca_ES\" \/>\n<meta property=\"og:type\" content=\"article\" \/>\n<meta property=\"og:title\" content=\"L&#039;Escola holandesa: navegaci\u00f3 i comer\u00e7 colonial - TOCAR LA HIST\u00d2RIA\" \/>\n<meta property=\"og:description\" content=\"L&#039;escola holandesa de cartografia es desenvolupa paral\u00b7lelament a la navegaci\u00f3 i el comer\u00e7 de l&#039;\u00e8poca, dels quals ser\u00e0 part important.\" \/>\n<meta property=\"og:url\" content=\"https:\/\/webs.uab.cat\/tocarlahistoria\/escola-cartografica-holandesa-ciencia-i-comerc\/\" \/>\n<meta property=\"og:site_name\" content=\"TOCAR LA HIST\u00d2RIA\" \/>\n<meta property=\"article:modified_time\" content=\"2025-07-28T11:23:41+00:00\" \/>\n<meta property=\"og:image\" content=\"https:\/\/webs.uab.cat\/tocarlahistoria\/wp-content\/uploads\/sites\/585\/2024\/12\/TOP-CARTOGRAFIA.png\" \/>\n\t<meta property=\"og:image:width\" content=\"354\" \/>\n\t<meta property=\"og:image:height\" content=\"300\" \/>\n\t<meta property=\"og:image:type\" content=\"image\/png\" \/>\n<meta name=\"twitter:card\" content=\"summary_large_image\" \/>\n<meta name=\"twitter:label1\" content=\"Temps estimat de lectura\" \/>\n\t<meta name=\"twitter:data1\" content=\"5 minuts\" \/>\n<script type=\"application\/ld+json\" class=\"yoast-schema-graph\">{\"@context\":\"https:\/\/schema.org\",\"@graph\":[{\"@type\":\"WebPage\",\"@id\":\"https:\/\/webs.uab.cat\/tocarlahistoria\/escola-cartografica-holandesa-ciencia-i-comerc\/\",\"url\":\"https:\/\/webs.uab.cat\/tocarlahistoria\/escola-cartografica-holandesa-ciencia-i-comerc\/\",\"name\":\"L'Escola holandesa: navegaci\u00f3 i comer\u00e7 colonial - TOCAR LA HIST\u00d2RIA\",\"isPartOf\":{\"@id\":\"https:\/\/webs.uab.cat\/tocarlahistoria\/#website\"},\"primaryImageOfPage\":{\"@id\":\"https:\/\/webs.uab.cat\/tocarlahistoria\/escola-cartografica-holandesa-ciencia-i-comerc\/#primaryimage\"},\"image\":{\"@id\":\"https:\/\/webs.uab.cat\/tocarlahistoria\/escola-cartografica-holandesa-ciencia-i-comerc\/#primaryimage\"},\"thumbnailUrl\":\"https:\/\/webs.uab.cat\/tocarlahistoria\/wp-content\/uploads\/sites\/585\/2024\/12\/TOP-CARTOGRAFIA.png\",\"datePublished\":\"2024-12-11T10:27:43+00:00\",\"dateModified\":\"2025-07-28T11:23:41+00:00\",\"description\":\"L'escola holandesa de cartografia es desenvolupa paral\u00b7lelament a la navegaci\u00f3 i el comer\u00e7 de l'\u00e8poca, dels quals ser\u00e0 part important.\",\"breadcrumb\":{\"@id\":\"https:\/\/webs.uab.cat\/tocarlahistoria\/escola-cartografica-holandesa-ciencia-i-comerc\/#breadcrumb\"},\"inLanguage\":\"ca\",\"potentialAction\":[{\"@type\":\"ReadAction\",\"target\":[\"https:\/\/webs.uab.cat\/tocarlahistoria\/escola-cartografica-holandesa-ciencia-i-comerc\/\"]}]},{\"@type\":\"ImageObject\",\"inLanguage\":\"ca\",\"@id\":\"https:\/\/webs.uab.cat\/tocarlahistoria\/escola-cartografica-holandesa-ciencia-i-comerc\/#primaryimage\",\"url\":\"https:\/\/webs.uab.cat\/tocarlahistoria\/wp-content\/uploads\/sites\/585\/2024\/12\/TOP-CARTOGRAFIA.png\",\"contentUrl\":\"https:\/\/webs.uab.cat\/tocarlahistoria\/wp-content\/uploads\/sites\/585\/2024\/12\/TOP-CARTOGRAFIA.png\",\"width\":354,\"height\":300,\"caption\":\"Unitat de Cartografia\"},{\"@type\":\"BreadcrumbList\",\"@id\":\"https:\/\/webs.uab.cat\/tocarlahistoria\/escola-cartografica-holandesa-ciencia-i-comerc\/#breadcrumb\",\"itemListElement\":[{\"@type\":\"ListItem\",\"position\":1,\"name\":\"Inici\",\"item\":\"https:\/\/webs.uab.cat\/tocarlahistoria\/\"},{\"@type\":\"ListItem\",\"position\":2,\"name\":\"L&#8217;Escola holandesa: navegaci\u00f3 i comer\u00e7 colonial\"}]},{\"@type\":\"WebSite\",\"@id\":\"https:\/\/webs.uab.cat\/tocarlahistoria\/#website\",\"url\":\"https:\/\/webs.uab.cat\/tocarlahistoria\/\",\"name\":\"TOCAR LA HIST\u00d2RIA\",\"description\":\"\",\"potentialAction\":[{\"@type\":\"SearchAction\",\"target\":{\"@type\":\"EntryPoint\",\"urlTemplate\":\"https:\/\/webs.uab.cat\/tocarlahistoria\/?s={search_term_string}\"},\"query-input\":{\"@type\":\"PropertyValueSpecification\",\"valueRequired\":true,\"valueName\":\"search_term_string\"}}],\"inLanguage\":\"ca\"}]}<\/script>\n<!-- \/ Yoast SEO plugin. -->","yoast_head_json":{"title":"L'Escola holandesa: navegaci\u00f3 i comer\u00e7 colonial - TOCAR LA HIST\u00d2RIA","description":"L'escola holandesa de cartografia es desenvolupa paral\u00b7lelament a la navegaci\u00f3 i el comer\u00e7 de l'\u00e8poca, dels quals ser\u00e0 part important.","robots":{"index":"index","follow":"follow","max-snippet":"max-snippet:-1","max-image-preview":"max-image-preview:large","max-video-preview":"max-video-preview:-1"},"canonical":"https:\/\/webs.uab.cat\/tocarlahistoria\/escola-cartografica-holandesa-ciencia-i-comerc\/","og_locale":"ca_ES","og_type":"article","og_title":"L'Escola holandesa: navegaci\u00f3 i comer\u00e7 colonial - TOCAR LA HIST\u00d2RIA","og_description":"L'escola holandesa de cartografia es desenvolupa paral\u00b7lelament a la navegaci\u00f3 i el comer\u00e7 de l'\u00e8poca, dels quals ser\u00e0 part important.","og_url":"https:\/\/webs.uab.cat\/tocarlahistoria\/escola-cartografica-holandesa-ciencia-i-comerc\/","og_site_name":"TOCAR LA HIST\u00d2RIA","article_modified_time":"2025-07-28T11:23:41+00:00","og_image":[{"width":354,"height":300,"url":"https:\/\/webs.uab.cat\/tocarlahistoria\/wp-content\/uploads\/sites\/585\/2024\/12\/TOP-CARTOGRAFIA.png","type":"image\/png"}],"twitter_card":"summary_large_image","twitter_misc":{"Temps estimat de lectura":"5 minuts"},"schema":{"@context":"https:\/\/schema.org","@graph":[{"@type":"WebPage","@id":"https:\/\/webs.uab.cat\/tocarlahistoria\/escola-cartografica-holandesa-ciencia-i-comerc\/","url":"https:\/\/webs.uab.cat\/tocarlahistoria\/escola-cartografica-holandesa-ciencia-i-comerc\/","name":"L'Escola holandesa: navegaci\u00f3 i comer\u00e7 colonial - TOCAR LA HIST\u00d2RIA","isPartOf":{"@id":"https:\/\/webs.uab.cat\/tocarlahistoria\/#website"},"primaryImageOfPage":{"@id":"https:\/\/webs.uab.cat\/tocarlahistoria\/escola-cartografica-holandesa-ciencia-i-comerc\/#primaryimage"},"image":{"@id":"https:\/\/webs.uab.cat\/tocarlahistoria\/escola-cartografica-holandesa-ciencia-i-comerc\/#primaryimage"},"thumbnailUrl":"https:\/\/webs.uab.cat\/tocarlahistoria\/wp-content\/uploads\/sites\/585\/2024\/12\/TOP-CARTOGRAFIA.png","datePublished":"2024-12-11T10:27:43+00:00","dateModified":"2025-07-28T11:23:41+00:00","description":"L'escola holandesa de cartografia es desenvolupa paral\u00b7lelament a la navegaci\u00f3 i el comer\u00e7 de l'\u00e8poca, dels quals ser\u00e0 part important.","breadcrumb":{"@id":"https:\/\/webs.uab.cat\/tocarlahistoria\/escola-cartografica-holandesa-ciencia-i-comerc\/#breadcrumb"},"inLanguage":"ca","potentialAction":[{"@type":"ReadAction","target":["https:\/\/webs.uab.cat\/tocarlahistoria\/escola-cartografica-holandesa-ciencia-i-comerc\/"]}]},{"@type":"ImageObject","inLanguage":"ca","@id":"https:\/\/webs.uab.cat\/tocarlahistoria\/escola-cartografica-holandesa-ciencia-i-comerc\/#primaryimage","url":"https:\/\/webs.uab.cat\/tocarlahistoria\/wp-content\/uploads\/sites\/585\/2024\/12\/TOP-CARTOGRAFIA.png","contentUrl":"https:\/\/webs.uab.cat\/tocarlahistoria\/wp-content\/uploads\/sites\/585\/2024\/12\/TOP-CARTOGRAFIA.png","width":354,"height":300,"caption":"Unitat de Cartografia"},{"@type":"BreadcrumbList","@id":"https:\/\/webs.uab.cat\/tocarlahistoria\/escola-cartografica-holandesa-ciencia-i-comerc\/#breadcrumb","itemListElement":[{"@type":"ListItem","position":1,"name":"Inici","item":"https:\/\/webs.uab.cat\/tocarlahistoria\/"},{"@type":"ListItem","position":2,"name":"L&#8217;Escola holandesa: navegaci\u00f3 i comer\u00e7 colonial"}]},{"@type":"WebSite","@id":"https:\/\/webs.uab.cat\/tocarlahistoria\/#website","url":"https:\/\/webs.uab.cat\/tocarlahistoria\/","name":"TOCAR LA HIST\u00d2RIA","description":"","potentialAction":[{"@type":"SearchAction","target":{"@type":"EntryPoint","urlTemplate":"https:\/\/webs.uab.cat\/tocarlahistoria\/?s={search_term_string}"},"query-input":{"@type":"PropertyValueSpecification","valueRequired":true,"valueName":"search_term_string"}}],"inLanguage":"ca"}]}},"_links":{"self":[{"href":"https:\/\/webs.uab.cat\/tocarlahistoria\/wp-json\/wp\/v2\/pages\/96","targetHints":{"allow":["GET"]}}],"collection":[{"href":"https:\/\/webs.uab.cat\/tocarlahistoria\/wp-json\/wp\/v2\/pages"}],"about":[{"href":"https:\/\/webs.uab.cat\/tocarlahistoria\/wp-json\/wp\/v2\/types\/page"}],"author":[{"embeddable":true,"href":"https:\/\/webs.uab.cat\/tocarlahistoria\/wp-json\/wp\/v2\/users\/1605"}],"replies":[{"embeddable":true,"href":"https:\/\/webs.uab.cat\/tocarlahistoria\/wp-json\/wp\/v2\/comments?post=96"}],"version-history":[{"count":43,"href":"https:\/\/webs.uab.cat\/tocarlahistoria\/wp-json\/wp\/v2\/pages\/96\/revisions"}],"predecessor-version":[{"id":1945,"href":"https:\/\/webs.uab.cat\/tocarlahistoria\/wp-json\/wp\/v2\/pages\/96\/revisions\/1945"}],"wp:attachment":[{"href":"https:\/\/webs.uab.cat\/tocarlahistoria\/wp-json\/wp\/v2\/media?parent=96"}],"curies":[{"name":"wp","href":"https:\/\/api.w.org\/{rel}","templated":true}]}}