{"id":2055,"date":"2022-04-19T16:05:43","date_gmt":"2022-04-19T14:05:43","guid":{"rendered":"https:\/\/webs.uab.cat\/transmedia\/postdoctoral-researchers-2\/"},"modified":"2025-03-05T20:14:01","modified_gmt":"2025-03-05T18:14:01","slug":"postdoctoral-researchers-2","status":"publish","type":"page","link":"https:\/\/webs.uab.cat\/transmedia\/ca\/postdoctoral-researchers-2\/","title":{"rendered":"Investigadors postdoctorals"},"content":{"rendered":"\n<p class=\"has-large-font-size\"><\/p>\n\n\n\n<h2 class=\"wp-block-heading\"><strong>Sarah McDonagh<\/strong><\/h2>\n\n\n<div class=\"wp-block-image is-resized\">\n<figure class=\"alignleft size-full\"><img loading=\"lazy\" decoding=\"async\" width=\"400\" height=\"400\" src=\"https:\/\/webs.uab.cat\/transmedia\/wp-content\/uploads\/sites\/282\/2024\/02\/sarah_profile.jpeg\" alt=\"Sarah McDonagh smiling for the camera.\" class=\"wp-image-1578\" srcset=\"https:\/\/webs.uab.cat\/transmedia\/wp-content\/uploads\/sites\/282\/2024\/02\/sarah_profile.jpeg 400w, https:\/\/webs.uab.cat\/transmedia\/wp-content\/uploads\/sites\/282\/2024\/02\/sarah_profile-300x300.jpeg 300w, https:\/\/webs.uab.cat\/transmedia\/wp-content\/uploads\/sites\/282\/2024\/02\/sarah_profile-150x150.jpeg 150w\" sizes=\"auto, (max-width: 400px) 100vw, 400px\" \/><\/figure>\n<\/div>\n\n\n<p><strong>Sarah McDonagh<\/strong> \u00e9s investigadora especialitzada en accessibilitat als mitjans de comunicaci\u00f3, patrimoni cultural i sostenibilitat. Les seves l\u00ednies de recerca inclouen el patrimoni digital, especialment el patrimoni controvertit, i les connexions entre sostenibilitat i accessibilitat.<\/p>\n\n\n\n<p>Sarah ha participat en diversos projectes nacionals i europeus (<a href=\"https:\/\/webs.uab.cat\/act\/\">Accessibility, Culture, and Training<\/a> i <a href=\"https:\/\/prisonsmemoryarchive.com\/\">Prisons Memory Archive<\/a>). A m\u00e9s, ha format part del projecte H2020 <a href=\"https:\/\/www.green-scent.eu\/\">GreenSCENT<\/a> (Green Citizen Engagement for a Green Future), on va col\u00b7laborar amb un equip internacional per involucrar les comunitats locals en temes mediambientals mitjan\u00e7ant el desenvolupament d&#8217;aplicacions accessibles, plataformes digitals i recursos educatius. Ha publicat en revistes internacionals (Journal of Specialised Translation i Universal Access in the Information Society) i recentment ha editat un llibre amb Routledge sobre el Pacte Verd Europeu en l&#8217;Educaci\u00f3 (European Green Deal in Education).<\/p>\n\n\n\n<p>Actualment, Sarah est\u00e0 involucrada en dos projectes sobre IA: ALFIE, que t\u00e9 com a objectiu millorar la comprensi\u00f3 de la IA a la Uni\u00f3 Europea mitjan\u00e7ant la col\u00b7laboraci\u00f3 d&#8217;experts i el desenvolupament d&#8217;una eina d&#8217;IA accessible, i MOSAIC, que pret\u00e9n crear una plataforma multiling\u00fce impulsada per IA per compartir continguts audiovisuals a nivell europeu. Tamb\u00e9 pertany a la xarxa <a href=\"https:\/\/clear-climate.com\/\">Clear Climate<\/a> i col\u00b7labora en el projecte ENACT. Aix\u00ed mateix, ha contribu\u00eft amb informes t\u00e8cnics sobre accessibilitat i sostenibilitat com a membre del Grup d&#8217;Estudi sobre Accessibilitat i Inclusi\u00f3 al <a href=\"https:\/\/www.itu.int\/en\/ITU-T\/focusgroups\/mv\/Pages\/default.aspx\">ITU Metaverse Focus Group<\/a>.<\/p>\n\n\n\n<p><strong><a href=\"mailto:SarahAnne.Mcdonagh@uab.cat\" target=\"_blank\" rel=\"noreferrer noopener\">SarahAnne.Mcdonagh@uab.cat<\/a><\/strong><\/p>\n\n\n\n<p class=\"has-large-font-size\"><\/p>\n\n\n\n<h2 class=\"wp-block-heading\"><strong>Marta Brescia-Zapata<\/strong><\/h2>\n\n\n<div class=\"wp-block-image is-resized\">\n<figure class=\"alignleft size-large\"><img loading=\"lazy\" decoding=\"async\" width=\"768\" height=\"1024\" src=\"https:\/\/webs.uab.cat\/transmedia\/wp-content\/uploads\/sites\/282\/2024\/01\/perfil_new-768x1024.jpg\" alt=\"A passport-sized photo of the postdoctoral researcher Marta Brescia. She is the classic Mediterranean woman with black, short hair, brown eyes, and is wearing a striped shirt.\" class=\"wp-image-1532\" style=\"width:296px;height:auto\" srcset=\"https:\/\/webs.uab.cat\/transmedia\/wp-content\/uploads\/sites\/282\/2024\/01\/perfil_new-768x1024.jpg 768w, https:\/\/webs.uab.cat\/transmedia\/wp-content\/uploads\/sites\/282\/2024\/01\/perfil_new-225x300.jpg 225w, https:\/\/webs.uab.cat\/transmedia\/wp-content\/uploads\/sites\/282\/2024\/01\/perfil_new-1152x1536.jpg 1152w, https:\/\/webs.uab.cat\/transmedia\/wp-content\/uploads\/sites\/282\/2024\/01\/perfil_new-1536x2048.jpg 1536w, https:\/\/webs.uab.cat\/transmedia\/wp-content\/uploads\/sites\/282\/2024\/01\/perfil_new-1200x1600.jpg 1200w, https:\/\/webs.uab.cat\/transmedia\/wp-content\/uploads\/sites\/282\/2024\/01\/perfil_new-1980x2640.jpg 1980w, https:\/\/webs.uab.cat\/transmedia\/wp-content\/uploads\/sites\/282\/2024\/01\/perfil_new-scaled.jpg 1920w\" sizes=\"auto, (max-width: 768px) 100vw, 768px\" \/><\/figure>\n<\/div>\n\n\n<p><strong>Marta Brescia Zapata<\/strong> \u00e9s traductora audiovisual especialitzada en l\u2019accessibilitat dels mitjans de comunicaci\u00f3. Compta amb un doctorat en subtitulat en entorns immersius per la Universitat Aut\u00f2noma de Barcelona, obtingut gr\u00e0cies a una beca FI finan\u00e7ada pel Govern Catal\u00e0 (2020FI_B 00814). Les seves principals \u00e0rees de recerca inclouen l\u2019accessibilitat en mitjans digitals immersius i en el Metavers.<\/p>\n\n\n\n<p>Des de 2020, Marta ha treballat en diversos projectes europeus, com <a href=\"https:\/\/www.traction-project.eu\/\" target=\"_blank\" rel=\"noreferrer noopener\">TRACTION<\/a>,&nbsp;<a href=\"https:\/\/users\/documPilar\/Desktop\/Secretaria\/BIONOTES&amp;CV\/MEDIAVERSE\">MEDIAVERSE<\/a>&nbsp;i&nbsp;<a href=\"https:\/\/www.green-scent.eu\/\" target=\"_blank\" rel=\"noreferrer noopener\">GreenSCENT<\/a>. Tamb\u00e9 ha participat activament en la xarxa europea <a href=\"https:\/\/lead-me-cost.eu\/\">LEADME<\/a>, centrada en l\u2019accessibilitat als mitjans de comunicaci\u00f3.<\/p>\n\n\n\n<p>Actualment, \u00e9s investigadora postdoctoral en el projecte <a href=\"https:\/\/athenaproject.eu\/\" target=\"_blank\" rel=\"noreferrer noopener\">Athena<\/a>, un projecte Erasmus+ que busca desenvolupar un conjunt de recomanacions per integrar l\u2019accessibilitat i el disseny universal en els plans d&#8217;estudi d\u2019educaci\u00f3 superior. A m\u00e9s, \u00e9s membre de la Xarxa AccessCat, de la xarxa <a href=\"https:\/\/clear-climate.com\/\">Clear Climate<\/a> i col\u00b7labora en el projecte ENACT.<\/p>\n\n\n\n<p><strong><a href=\"mailto:marta.brescia@uab.cat\" target=\"_blank\" rel=\"noreferrer noopener\">marta.brescia@uab.cat<\/a><\/strong><\/p>\n\n\n\n<h2 class=\"wp-block-heading\">Aida Villa\u00e9cija<\/h2>\n\n\n<div class=\"wp-block-image is-resized\">\n<figure class=\"alignleft size-full\"><img loading=\"lazy\" decoding=\"async\" width=\"220\" height=\"357\" src=\"https:\/\/webs.uab.cat\/transmedia\/wp-content\/uploads\/sites\/282\/2024\/10\/Bio_Villaecija.png\" alt=\"A picture of Aida Villa\u00e9cija.\" class=\"wp-image-1934\" style=\"width:263px;height:auto\" srcset=\"https:\/\/webs.uab.cat\/transmedia\/wp-content\/uploads\/sites\/282\/2024\/10\/Bio_Villaecija.png 220w, https:\/\/webs.uab.cat\/transmedia\/wp-content\/uploads\/sites\/282\/2024\/10\/Bio_Villaecija-185x300.png 185w\" sizes=\"auto, (max-width: 220px) 100vw, 220px\" \/><\/figure>\n<\/div>\n\n\n<p><strong>Aida Villa\u00e9cija<\/strong>&nbsp;\u00e9s ling\u00fcista i traductora, especialitzada en ling\u00fc\u00edstica de la llengua de signes. \u00c9s doctora en Traducci\u00f3 i Ci\u00e8ncies del Llenguatge per la Universitat Pompeu Fabra (2023). Les seves principals \u00e0rees de recerca se centren en el desenvolupament de corpus i l\u2019accessibilitat, aix\u00ed com en la morfologia, tant en lleng\u00fces orals com en lleng\u00fces de signes.<\/p>\n\n\n\n<p>Des de 2019 col\u00b7labora amb l&#8217;Institut d\u2019Estudis Catalans (IEC) en la creaci\u00f3 del <a href=\"https:\/\/lsc.iec.cat\/corpus\/\" data-type=\"link\" data-id=\"https:\/\/lsc.iec.cat\/corpus\/\" target=\"_blank\" rel=\"noreferrer noopener\">primer corpus de refer\u00e8ncia<\/a> i la base de dades l\u00e8xica de la llengua de signes catalana (LSC). Tamb\u00e9 ha participat en diversos projectes relacionats amb la LSC, com el <a href=\"https:\/\/www.upf.edu\/web\/lsc-lab\/projectes\/-\/asset_publisher\/RvNmZIkBSFz7\/content\/microdiachroc-llengues-cat\/maximized\">Microdiachrony in Endangered Languages across Modalities<\/a> o el projecte <a href=\"https:\/\/www.upf.edu\/web\/sign-hub\">Sign-Hub<\/a>.<\/p>\n\n\n\n<p>Actualment, \u00e9s investigadora postdoctoral en el <a href=\"https:\/\/webs.uab.cat\/wel\/es\/\" data-type=\"link\" data-id=\"https:\/\/webs.uab.cat\/wel\/es\/\" target=\"_blank\" rel=\"noreferrer noopener\">projecte WEL<\/a>, que se centra en la creaci\u00f3 de textos orals en Llenguatge F\u00e0cil per a visites culturals i videojocs.<\/p>\n\n\n\n<p><a href=\"mailto:aida.villaecija@uab.cat\"><strong>aida.villaecija@uab.cat<\/strong><\/a><\/p>\n\n\n\n<h2 class=\"wp-block-heading\">Maria Montroy Ferr\u00e9<\/h2>\n\n\n<div class=\"wp-block-image is-resized\">\n<figure class=\"alignleft size-full\"><img loading=\"lazy\" decoding=\"async\" width=\"1544\" height=\"1544\" src=\"https:\/\/webs.uab.cat\/transmedia\/wp-content\/uploads\/sites\/282\/2025\/02\/maria_montroy.jpg\" alt=\"\" class=\"wp-image-2395\" style=\"width:332px;height:auto\" srcset=\"https:\/\/webs.uab.cat\/transmedia\/wp-content\/uploads\/sites\/282\/2025\/02\/maria_montroy.jpg 1544w, https:\/\/webs.uab.cat\/transmedia\/wp-content\/uploads\/sites\/282\/2025\/02\/maria_montroy-300x300.jpg 300w, https:\/\/webs.uab.cat\/transmedia\/wp-content\/uploads\/sites\/282\/2025\/02\/maria_montroy-1024x1024.jpg 1024w, https:\/\/webs.uab.cat\/transmedia\/wp-content\/uploads\/sites\/282\/2025\/02\/maria_montroy-150x150.jpg 150w, https:\/\/webs.uab.cat\/transmedia\/wp-content\/uploads\/sites\/282\/2025\/02\/maria_montroy-768x768.jpg 768w, https:\/\/webs.uab.cat\/transmedia\/wp-content\/uploads\/sites\/282\/2025\/02\/maria_montroy-1536x1536.jpg 1536w, https:\/\/webs.uab.cat\/transmedia\/wp-content\/uploads\/sites\/282\/2025\/02\/maria_montroy-1200x1200.jpg 1200w\" sizes=\"auto, (max-width: 1544px) 100vw, 1544px\" \/><\/figure>\n<\/div>\n\n\n<p><strong>Maria Montroy<\/strong> \u00e9s traductora i doctora en Lleng\u00fces Aplicades, Literatura i Traducci\u00f3 per la Universitat Jaume I. Durant tres anys, ha format part del grup de recerca TRAMA del qual continua sent col\u00b7laboradora, tot i que el 2025 passar\u00e0 a formar part de Transmedia Catalonia i s&#8217;incorporar\u00e0 al projecte europeu IMMERSE &#8211; Aprenentatge de lleng\u00fces per a estudiants estrangers a trav\u00e9s d&#8217;objectes 3D.<\/p>\n\n\n\n<p>Els seus principals interessos de recerca giren entorn de les lleng\u00fces minoritzades, el desenvolupament hum\u00e0, la cultura i el desenvolupament i la traducci\u00f3 audiovisual com a eina per treballar aquests aspectes. Part de les seves iniciatives han estat adoptades per una ONG a S\u00e3o Tom\u00e9 i Pr\u00edncipe per treballar a favor de la transmissi\u00f3 ling\u00fc\u00edstica intergeneracional i la integraci\u00f3 d&#8217;ancians en risc d&#8217;exclusi\u00f3 a trav\u00e9s de tallers de traducci\u00f3 audiovisual.<\/p>\n\n\n\n<p>Ha realitzat estades de recerca amb el grup CiTrans a la Universitat de Val\u00e8ncia i amb la C\u00e0tedra Unesco de Patrimoni Ling\u00fc\u00edstic Mundial de la UPV\/EHU. Compagina les tasques de recerca a TMC amb la doc\u00e8ncia de diverses assignatures del grau de Traducci\u00f3 i Interpretaci\u00f3 a l&#8217;UJI.<\/p>\n\n\n\n<p><a href=\"mailto:Maria.Montroy@uab.cat\">Maria.Montroy@uab.cat<\/a><\/p>\n\n\n\n<h2 class=\"wp-block-heading\"><strong>Aikaterini Tsaousi<\/strong><\/h2>\n\n\n<div class=\"wp-block-image is-resized\">\n<figure class=\"alignleft size-full\"><img loading=\"lazy\" decoding=\"async\" width=\"781\" height=\"1039\" src=\"https:\/\/webs.uab.cat\/transmedia\/wp-content\/uploads\/sites\/282\/2025\/03\/kate.jpg\" alt=\"\" class=\"wp-image-2414\" style=\"width:332px;height:auto\" srcset=\"https:\/\/webs.uab.cat\/transmedia\/wp-content\/uploads\/sites\/282\/2025\/03\/kate.jpg 781w, https:\/\/webs.uab.cat\/transmedia\/wp-content\/uploads\/sites\/282\/2025\/03\/kate-226x300.jpg 226w, https:\/\/webs.uab.cat\/transmedia\/wp-content\/uploads\/sites\/282\/2025\/03\/kate-770x1024.jpg 770w, https:\/\/webs.uab.cat\/transmedia\/wp-content\/uploads\/sites\/282\/2025\/03\/kate-768x1022.jpg 768w\" sizes=\"auto, (max-width: 781px) 100vw, 781px\" \/><\/figure>\n<\/div>\n\n\n<p><strong>Aikaterini (Katerina) Tsaousi<\/strong> \u00e9s traductora audiovisual i ling\u00fcista, especialitzada en accessibilitat als mitjans de comunicaci\u00f3. La seva tesi doctoral, finan\u00e7ada per una beca FI del Govern Catal\u00e0 i realitzada al departament de Traducci\u00f3 i d\u2019Interpretaci\u00f3 i d\u2019Estudis de l\u2019\u00c0sia Oriental de la Universitat Aut\u00f2noma de Barcelona, se centra en la transmissi\u00f3 dels efectes de so per a l&#8217;audi\u00e8ncia sorda.<\/p>\n\n\n\n<p>A m\u00e9s de col\u00b7laborar amb diverses institucions acad\u00e8miques com a tutora, t\u00e9 una llarga traject\u00f2ria professional al sector com a traductora, gestora de projectes i consultora. Actualment, participa com a investigadora postdoctoral en el projecte <a href=\"https:\/\/inclusivrity.eu\/the-project\/\" target=\"_blank\" rel=\"noreferrer noopener\">InclusiVRity<\/a> finan\u00e7at per la Uni\u00f3 Europea que t\u00e9 com a objectiu aplicar les tecnologies de realitat virtual a les escoles de secund\u00e0ria per a fomentar l\u2019acc\u00e9s i l\u2019aprenentatge dels estudiants amb neurodiversitat. Tamb\u00e9 forma part del grup de recerca Transmedia Catalonia.<\/p>\n\n\n\n<p>Els seus interessos acad\u00e8mics se centren, sobretot, en les \u00e0rees d\u2019aprenentatge i d&#8217;acc\u00e9s a la informaci\u00f3 per part de grups amb diversitat funcional sensorial i cognitiva.<\/p>\n\n\n\n<p><strong><span style=\"text-decoration: underline\">aikaterini.tsaousi@uab.cat<\/span><\/strong><\/p>\n\n\n\n<p><\/p>\n","protected":false},"excerpt":{"rendered":"<p>Sarah McDonagh Sarah McDonagh \u00e9s investigadora especialitzada en accessibilitat als mitjans de comunicaci\u00f3, patrimoni cultural i sostenibilitat. Les seves l\u00ednies de recerca inclouen el patrimoni digital, especialment el patrimoni controvertit, i les connexions entre sostenibilitat i accessibilitat. Sarah ha participat en diversos projectes nacionals i europeus (Accessibility, Culture, and Training i Prisons Memory Archive). A [&hellip;]<\/p>\n","protected":false},"author":20,"featured_media":0,"parent":0,"menu_order":0,"comment_status":"closed","ping_status":"closed","template":"","meta":{"footnotes":""},"class_list":["post-2055","page","type-page","status-publish","hentry"],"_links":{"self":[{"href":"https:\/\/webs.uab.cat\/transmedia\/ca\/wp-json\/wp\/v2\/pages\/2055","targetHints":{"allow":["GET"]}}],"collection":[{"href":"https:\/\/webs.uab.cat\/transmedia\/ca\/wp-json\/wp\/v2\/pages"}],"about":[{"href":"https:\/\/webs.uab.cat\/transmedia\/ca\/wp-json\/wp\/v2\/types\/page"}],"author":[{"embeddable":true,"href":"https:\/\/webs.uab.cat\/transmedia\/ca\/wp-json\/wp\/v2\/users\/20"}],"replies":[{"embeddable":true,"href":"https:\/\/webs.uab.cat\/transmedia\/ca\/wp-json\/wp\/v2\/comments?post=2055"}],"version-history":[{"count":11,"href":"https:\/\/webs.uab.cat\/transmedia\/ca\/wp-json\/wp\/v2\/pages\/2055\/revisions"}],"predecessor-version":[{"id":2417,"href":"https:\/\/webs.uab.cat\/transmedia\/ca\/wp-json\/wp\/v2\/pages\/2055\/revisions\/2417"}],"wp:attachment":[{"href":"https:\/\/webs.uab.cat\/transmedia\/ca\/wp-json\/wp\/v2\/media?parent=2055"}],"curies":[{"name":"wp","href":"https:\/\/api.w.org\/{rel}","templated":true}]}}