{"id":1986,"date":"2021-02-22T14:22:14","date_gmt":"2021-02-22T12:22:14","guid":{"rendered":"https:\/\/webs.uab.cat\/transmedia\/training\/"},"modified":"2026-04-21T17:43:27","modified_gmt":"2026-04-21T15:43:27","slug":"training","status":"publish","type":"page","link":"https:\/\/webs.uab.cat\/transmedia\/es\/training\/","title":{"rendered":"Formaci\u00f3n"},"content":{"rendered":"\n<p>Los miembros del grupo de investigaci\u00f3n TransMedia Catalonia imparten, promueven o dirigen cursos a distintos niveles.<\/p>\n\n\n\n<h2 class=\"wp-block-heading\">Microcredenciales 2026-2027<\/h2>\n\n\n\n<p>TransMedia Catalonia promueve cuatro microcredenciales en l\u00ednea para el curso 2026-2027, en catal\u00e1n. Inscripci\u00f3n abierta.<\/p>\n\n\n\n<ul class=\"wp-block-list\">\n<li><a href=\"https:\/\/www.uab.cat\/web\/microcredencial-en-accessibilitat-a-la-comunicacio-i-a-la-informacio\/informacio-general-1201094877538.html\/param1-5130_2_ca\/\">Accessibilitat a la comunicaci\u00f3 i la informaci\u00f3<\/a> (2 ECTS, 14\/09\/2026-08\/11\/2026, 170 euros).<\/li>\n\n\n\n<li><a href=\"https:\/\/www.uab.cat\/web\/microcredencial-en-documents-i-comunicacio-digital-accessibles\/informacio-general-1201094877538.html\/param1-5131_2_ca\/\">Documents i comunicaci\u00f3 digital accessible <\/a>(2 ECTS, 26\/10\/2026-20\/12\/2026, 170 euros).<\/li>\n\n\n\n<li><a href=\"https:\/\/www.uab.cat\/web\/microcredencial-en-disseny-accessible-maquetacio-digital-i-ux\/ui-en-web\/informacio-general-1201094877538.html\/param1-5097_3_ca\/\">Disseny accessible: maquetaci\u00f3 digital i UX\/UI en web<\/a> (2 ECTS, 18\/01\/2027-14\/03\/2027, 170 euros).<\/li>\n\n\n\n<li><a href=\"https:\/\/www.uab.cat\/web\/microcredencial-en-escrivim-per-a-tothom-de-la-lectura-facil-a-la-comunicacio-clara\/informacio-general-1201094877538.html\/param1-5132_2_ca\/\">Escrivim per a tothom: de la lectura f\u00e0cil a la comunicaci\u00f3 clara<\/a> (2 ECTS, 18\/01\/2027-14\/03\/2027, 170 euros).<\/li>\n<\/ul>\n\n\n\n<h2 class=\"wp-block-heading\">Formaci\u00f3n a medida<\/h2>\n\n\n\n<p>Si te interesa una formaci\u00f3n a medida, no dudes en ponerte en contacto con el grupo de investigaci\u00f3n. Podemos dise\u00f1ar un curso que se ajuste a tus necesidades.<\/p>\n\n\n\n<h2 class=\"wp-block-heading\">Programas de grado y m\u00e1ster<\/h2>\n\n\n\n<p>Los miembros del grupo de investigaci\u00f3n TransMedia Catalonia participan en los siguientes programas de grado y m\u00e1ster:<\/p>\n\n\n\n<ul class=\"wp-block-list\">\n<li><a style=\"font-size: revert;, Helvetica, sans-serif;letter-spacing: 0.05rem\" href=\"https:\/\/www.uab.cat\/web\/estudiar\/l-oferta-de-masters-oficials\/informacio-general\/traduccio-audiovisual-1096480139517.html?param1=1345695508608\" target=\"_blank\" rel=\"noopener\">M\u00e1ster en Traducci\u00f3n Audiovisual <\/a><span style=\"font-size: revert;, Helvetica, sans-serif;letter-spacing: 0.05rem\">(presencial y en l\u00ednea), UAB.<\/span><\/li>\n\n\n\n<li><a style=\"font-size: revert;, Helvetica, sans-serif;letter-spacing: 0.05rem\" href=\"https:\/\/www.uab.cat\/web\/estudiar\/llistat-de-graus\/informacio-general\/x-1216708251447.html?param1=1228291018508\" target=\"_blank\" rel=\"noopener\">Grado en Traducci\u00f3n e Interpretaci\u00f3n<\/a><span style=\"font-size: revert;, Helvetica, sans-serif;letter-spacing: 0.05rem\">,&nbsp;UAB.<\/span><\/li>\n<\/ul>\n\n\n\n<h2 class=\"wp-block-heading\">Recursos educativos<\/h2>\n\n\n\n<ul class=\"wp-block-list\">\n<li><a style=\"font-size: revert;, Helvetica, sans-serif;letter-spacing: 0.05rem\" href=\"https:\/\/transmediacatalonia.uab.cat\/signem\/\" target=\"_blank\" rel=\"noopener\">SIGNEM<\/a>, recurso educativo gratuito sobre la lengua de signos catalana.<\/li>\n\n\n\n<li><a style=\"font-size: revert;, Helvetica, sans-serif;letter-spacing: 0.05rem\" href=\"https:\/\/transmediacatalonia.uab.cat\/easit\" target=\"_blank\" rel=\"noopener\">EASIT platform<\/a>, recurso educativo gratuito sobre lenguaje f\u00e1cil.<\/li>\n\n\n\n<li><a href=\"https:\/\/academy.koena.net\/\" data-type=\"link\" data-id=\"https:\/\/academy.koena.net\/\" target=\"_blank\" rel=\"noreferrer noopener\">IMPACT project<\/a>, programa educativo gratuito para la formaci\u00f3n de mediadores en accesibilidad digital.<\/li>\n\n\n\n<li><a href=\"https:\/\/idea.erasmus.ac-creteil.fr\/\" data-type=\"link\" data-id=\"https:\/\/idea.erasmus.ac-creteil.fr\/\" target=\"_blank\" rel=\"noreferrer noopener\">IDEA project<\/a>, recurso educativo gratuito sobre c\u00f3mo crear materiales accesibles para formaciones en l\u00ednea.<\/li>\n\n\n\n<li><a href=\"https:\/\/youngarchers.eu\/\">YoungArcHers<\/a>, recursos educativos gratuitos sobre c\u00f3mo promover la inclusi\u00f3n y la accesibilidad en el patrimonio arquitect\u00f3nico.<\/li>\n<\/ul>\n\n\n\n<h2 class=\"wp-block-heading\">Cursos de especializaci\u00f3n<\/h2>\n\n\n\n<p>En TransMedia Catalonia hemos ofrecido diversos cursos de especializaci\u00f3n anteriormente. Si te interesa algo similar, ponte en contacto con nosotros, ya que podemos organizar formaciones personalizadas para empresas y organizaciones.<\/p>\n\n\n\n<ul class=\"wp-block-list\">\n<li>Curs en Accessibilitat Digital: documents, webs i xarxes socials accessibles. En catal\u00e1n, 2022-2023.<\/li>\n\n\n\n<li>Course in Accessibility Management and Promotion: Accessible Services, Information and Communication. En ingl\u00e9s, 2021-2022.<\/li>\n\n\n\n<li>Curs en&nbsp;Gesti\u00f3 i promoci\u00f3 de l&#8217;accessibilitat: serveis, informaci\u00f3 i comunicaci\u00f3 accessibles. En catal\u00e1n, 2021-2022.<\/li>\n\n\n\n<li>Course in Accessible Digital Communication: Easy-to-Understand Language. EN ingl\u00e9s, catal\u00e1n y castellano. 2021-2022.<\/li>\n<\/ul>\n\n\n\n<h2 class=\"wp-block-heading\">MOOC<\/h2>\n\n\n\n<ul class=\"wp-block-list\">\n<li>Como resultado del proyecto ACT, TMC cre\u00f3 el siguiente MOOC, disponible en Coursera: <a href=\"https:\/\/www.coursera.org\/learn\/accessibility-scenic-arts\">Accessibility to the scenic arts<\/a> (en ingl\u00e9s)<\/li>\n\n\n\n<li>Como resultado del proyecto HBB4ALL, TMC cre\u00f3 el siguiente MOOC, disponible aqu\u00ed: <a href=\"https:\/\/webs.uab.cat\/hbb4all\/mooc\/\" target=\"_blank\" rel=\"noreferrer noopener\">Digital Accessibility<\/a> (en ingl\u00e9s)<\/li>\n<\/ul>\n\n\n\n<h2 class=\"wp-block-heading\">Formaci\u00f3n predoctoral<\/h2>\n\n\n\n<p>Los miembros de TransMedia Catalonia participan activamente en la supervisi\u00f3n de&nbsp;<a href=\"https:\/\/webs.uab.cat\/transmedia\/es\/theses\/\" data-type=\"page\" data-id=\"291\" target=\"_blank\" rel=\"noreferrer noopener\"><u><strong>tesis doctorales<\/strong><\/u><\/a> en el <a href=\"https:\/\/pagines.uab.cat\/doctorat-traduccio\/\" target=\"_blank\" rel=\"noopener\"><u><strong>Programa de Doctorado en Traducci\u00f3n y Estudios Interculturales<\/strong><\/u><\/a>. Si est\u00e1s interesado en comenzar un doctorado en accesibilidad en los medios o en \u00e1reas afines, no dudes en ponerte en contacto con nuestro equipo.<\/p>\n","protected":false},"excerpt":{"rendered":"<p>Los miembros del grupo de investigaci\u00f3n TransMedia Catalonia imparten, promueven o dirigen cursos a distintos niveles. Microcredenciales 2026-2027 TransMedia Catalonia promueve cuatro microcredenciales en l\u00ednea para el curso 2026-2027, en catal\u00e1n. Inscripci\u00f3n abierta. Formaci\u00f3n a medida Si te interesa una formaci\u00f3n a medida, no dudes en ponerte en contacto con el grupo de investigaci\u00f3n. Podemos [&hellip;]<\/p>\n","protected":false},"author":20,"featured_media":0,"parent":0,"menu_order":0,"comment_status":"closed","ping_status":"closed","template":"","meta":{"footnotes":""},"class_list":["post-1986","page","type-page","status-publish","hentry"],"_links":{"self":[{"href":"https:\/\/webs.uab.cat\/transmedia\/es\/wp-json\/wp\/v2\/pages\/1986","targetHints":{"allow":["GET"]}}],"collection":[{"href":"https:\/\/webs.uab.cat\/transmedia\/es\/wp-json\/wp\/v2\/pages"}],"about":[{"href":"https:\/\/webs.uab.cat\/transmedia\/es\/wp-json\/wp\/v2\/types\/page"}],"author":[{"embeddable":true,"href":"https:\/\/webs.uab.cat\/transmedia\/es\/wp-json\/wp\/v2\/users\/20"}],"replies":[{"embeddable":true,"href":"https:\/\/webs.uab.cat\/transmedia\/es\/wp-json\/wp\/v2\/comments?post=1986"}],"version-history":[{"count":8,"href":"https:\/\/webs.uab.cat\/transmedia\/es\/wp-json\/wp\/v2\/pages\/1986\/revisions"}],"predecessor-version":[{"id":2782,"href":"https:\/\/webs.uab.cat\/transmedia\/es\/wp-json\/wp\/v2\/pages\/1986\/revisions\/2782"}],"wp:attachment":[{"href":"https:\/\/webs.uab.cat\/transmedia\/es\/wp-json\/wp\/v2\/media?parent=1986"}],"curies":[{"name":"wp","href":"https:\/\/api.w.org\/{rel}","templated":true}]}}