{"id":213,"date":"2026-03-03T19:05:53","date_gmt":"2026-03-03T17:05:53","guid":{"rendered":"https:\/\/webs.uab.cat\/unidiversa\/?page_id=213"},"modified":"2026-03-09T20:18:48","modified_gmt":"2026-03-09T18:18:48","slug":"sobre-el-projecte","status":"publish","type":"page","link":"https:\/\/webs.uab.cat\/unidiversa\/sobre-el-projecte\/","title":{"rendered":"Sobre el projecte"},"content":{"rendered":"\n<div class=\"wp-block-group alignwide is-nowrap is-layout-flex wp-container-core-group-is-layout-ad2f72ca wp-block-group-is-layout-flex\">\n<blockquote class=\"wp-block-quote alignwide is-layout-flow wp-block-quote-is-layout-flow\">\n<p class=\"has-normal-font-size\"><strong>UniDiversa<\/strong> treballa per identificar, comprendre i transformar les barreres produ\u00efdes pel racisme i la xenof\u00f2bia. Busquem entendre com els processos de racialitzaci\u00f3 impacten en el benestar de les persones a les universitats catalanes mitjan\u00e7ant el disseny, la implementaci\u00f3 i l\u2019avaluaci\u00f3 de pol\u00edtiques i actuacions d\u2019acollida, inclusi\u00f3 i diversitat, des d\u2019una perspectiva interseccional.<\/p>\n<\/blockquote>\n\n\n\n<div style=\"height:5px;width:0px\" aria-hidden=\"true\" class=\"wp-block-spacer wp-container-content-463bd4c8\"><\/div>\n\n\n\n<div style=\"height:5px;width:0px\" aria-hidden=\"true\" class=\"wp-block-spacer wp-container-content-463bd4c8\"><\/div>\n<\/div>\n\n\n\n<div class=\"wp-block-columns alignwide has-negre-eben-color has-text-color has-link-color wp-elements-0d880383720e48c637be3d6077fe6306 is-layout-flex wp-container-core-columns-is-layout-9d6595d7 wp-block-columns-is-layout-flex\">\n<div class=\"wp-block-column is-layout-flow wp-block-column-is-layout-flow\" style=\"flex-basis:5px\"><\/div>\n\n\n\n<div class=\"wp-block-column is-layout-flow wp-block-column-is-layout-flow\">\n<h1 class=\"wp-block-heading alignwide has-larger-font-size\">El projecte s\u2019orienta a:<\/h1>\n\n\n\n<div style=\"height:5px\" aria-hidden=\"true\" class=\"wp-block-spacer\"><\/div>\n\n\n\n<ul class=\"wp-block-list\">\n<li>Analitzar les necessitats, els imaginaris i les propostes de la comunitat universit\u00e0ria en relaci\u00f3 amb la pluralitat \u00e8tnica-racial i cultural.<\/li>\n\n\n\n<li>Identificar barreres i factors facilitadors en l\u2019acc\u00e9s, la participaci\u00f3 i el benestar de persones que pertanyen a grups minoritzats a les universitats.<\/li>\n\n\n\n<li>Avaluar l\u2019estat actual de les pol\u00edtiques i accions de no-discriminaci\u00f3 a les universitats catalanes, en col\u00b7laboraci\u00f3 amb les unitats d\u2019igualtat i diversitat.<\/li>\n\n\n\n<li>Recollir i analitzar bones pr\u00e0ctiques i experi\u00e8ncies internacionals d\u2019accions i pol\u00edtiques per a la igualtat \u00e8tnica-racial i cultural a l\u2019educaci\u00f3 superior.<\/li>\n\n\n\n<li>Elaborar guies i recomanacions pr\u00e0ctiques per refor\u00e7ar i transversalitzar les pol\u00edtiques d\u2019igualtat de tracte i no-discriminaci\u00f3 a les universitats.<\/li>\n<\/ul>\n\n\n\n<p><\/p>\n\n\n\n<figure class=\"wp-block-image size-large is-resized\"><img loading=\"lazy\" decoding=\"async\" width=\"1024\" height=\"273\" src=\"https:\/\/webs.uab.cat\/unidiversa\/wp-content\/uploads\/sites\/695\/2026\/03\/agaur-1024x273.png\" alt=\"\" class=\"wp-image-557\" style=\"aspect-ratio:3.7514654161781946;width:150px;height:auto\" srcset=\"https:\/\/webs.uab.cat\/unidiversa\/wp-content\/uploads\/sites\/695\/2026\/03\/agaur-1024x273.png 1024w, https:\/\/webs.uab.cat\/unidiversa\/wp-content\/uploads\/sites\/695\/2026\/03\/agaur-300x80.png 300w, https:\/\/webs.uab.cat\/unidiversa\/wp-content\/uploads\/sites\/695\/2026\/03\/agaur-768x205.png 768w, https:\/\/webs.uab.cat\/unidiversa\/wp-content\/uploads\/sites\/695\/2026\/03\/agaur.png 1182w\" sizes=\"auto, (max-width: 1024px) 100vw, 1024px\" \/><\/figure>\n\n\n\n<p>Departament de Recerca i Universitats de la Generalitat de Catalunya. Convocat\u00f2ria BENES-2024. Projecte 00012. Per\u00edode d\u2019execuci\u00f3: 2025-2027<\/p>\n<\/div>\n\n\n\n<div class=\"wp-block-column is-layout-flow wp-block-column-is-layout-flow\" style=\"flex-basis:5px\"><\/div>\n\n\n\n<div class=\"wp-block-column is-layout-flow wp-block-column-is-layout-flow\">\n<h2 class=\"wp-block-heading alignwide has-larger-font-size\">Accions<\/h2>\n\n\n\n<div data-wp-context=\"{ &quot;autoclose&quot;: true, &quot;accordionItems&quot;: [] }\" data-wp-interactive=\"core\/accordion\" role=\"group\" class=\"wp-block-accordion alignwide has-gris-pubilla-background-color has-background is-layout-flow wp-block-accordion-is-layout-flow\">\n<div data-wp-class--is-open=\"state.isOpen\" data-wp-context=\"{ &quot;id&quot;: &quot;accordion-item-1&quot;, &quot;openByDefault&quot;: false }\" data-wp-init=\"callbacks.initAccordionItems\" data-wp-on-window--hashchange=\"callbacks.hashChange\" class=\"wp-block-accordion-item is-layout-flow wp-block-accordion-item-is-layout-flow\">\n<h3 class=\"wp-block-accordion-heading has-normal-font-size\"><button aria-expanded=\"false\" aria-controls=\"accordion-item-1-panel\" data-wp-bind--aria-expanded=\"state.isOpen\" data-wp-on--click=\"actions.toggle\" data-wp-on--keydown=\"actions.handleKeyDown\" id=\"accordion-item-1\" class=\"wp-block-accordion-heading__toggle\"><span class=\"wp-block-accordion-heading__toggle-title\"><strong>Enquesta<\/strong> destinada a la comunitat universit\u00e0ria<\/span><span class=\"wp-block-accordion-heading__toggle-icon\" aria-hidden=\"true\">+<\/span><\/button><\/h3>\n\n\n\n<div inert aria-labelledby=\"accordion-item-1\" data-wp-bind--inert=\"!state.isOpen\" id=\"accordion-item-1-panel\" role=\"region\" class=\"wp-block-accordion-panel is-layout-flow wp-block-accordion-panel-is-layout-flow\">\n<p>El projecte parteix de la col\u00b7laboraci\u00f3 estreta amb el Servei d\u2019Igualtat i Diversitat (SIDI) de la UAB, amb qui col\u00b7laborem per a elaborar una <strong>enquesta<\/strong> destinada a la comunitat universit\u00e0ria.<\/p>\n<\/div>\n<\/div>\n<\/div>\n\n\n\n<div data-wp-context=\"{ &quot;autoclose&quot;: true, &quot;accordionItems&quot;: [] }\" data-wp-interactive=\"core\/accordion\" role=\"group\" class=\"wp-block-accordion alignwide has-gris-pubilla-background-color has-background is-layout-flow wp-block-accordion-is-layout-flow\">\n<div data-wp-class--is-open=\"state.isOpen\" data-wp-context=\"{ &quot;id&quot;: &quot;accordion-item-2&quot;, &quot;openByDefault&quot;: false }\" data-wp-init=\"callbacks.initAccordionItems\" data-wp-on-window--hashchange=\"callbacks.hashChange\" class=\"wp-block-accordion-item is-layout-flow wp-block-accordion-item-is-layout-flow\">\n<h3 class=\"wp-block-accordion-heading has-normal-font-size\"><button aria-expanded=\"false\" aria-controls=\"accordion-item-2-panel\" data-wp-bind--aria-expanded=\"state.isOpen\" data-wp-on--click=\"actions.toggle\" data-wp-on--keydown=\"actions.handleKeyDown\" id=\"accordion-item-2\" class=\"wp-block-accordion-heading__toggle\"><span class=\"wp-block-accordion-heading__toggle-title\">Entrevistes a informants clau<\/span><span class=\"wp-block-accordion-heading__toggle-icon\" aria-hidden=\"true\">+<\/span><\/button><\/h3>\n\n\n\n<div inert aria-labelledby=\"accordion-item-2\" data-wp-bind--inert=\"!state.isOpen\" id=\"accordion-item-2-panel\" role=\"region\" class=\"wp-block-accordion-panel is-layout-flow wp-block-accordion-panel-is-layout-flow\">\n<p>Comptem amb persones amb experi\u00e8ncia en l\u2019an\u00e0lisi del racisme i la discriminaci\u00f3 \u00e8tnica-racial i per motius d\u2019origen a l\u2019educaci\u00f3 superior a Catalunya, amb qui fem <strong>entrevistes en profunditat<\/strong>.<\/p>\n<\/div>\n<\/div>\n<\/div>\n\n\n\n<div data-wp-context=\"{ &quot;autoclose&quot;: true, &quot;accordionItems&quot;: [] }\" data-wp-interactive=\"core\/accordion\" role=\"group\" class=\"wp-block-accordion alignwide has-gris-pubilla-background-color has-background is-layout-flow wp-block-accordion-is-layout-flow\">\n<div data-wp-class--is-open=\"state.isOpen\" data-wp-context=\"{ &quot;id&quot;: &quot;accordion-item-3&quot;, &quot;openByDefault&quot;: false }\" data-wp-init=\"callbacks.initAccordionItems\" data-wp-on-window--hashchange=\"callbacks.hashChange\" class=\"wp-block-accordion-item is-layout-flow wp-block-accordion-item-is-layout-flow\">\n<h3 class=\"wp-block-accordion-heading has-normal-font-size\"><button aria-expanded=\"false\" aria-controls=\"accordion-item-3-panel\" data-wp-bind--aria-expanded=\"state.isOpen\" data-wp-on--click=\"actions.toggle\" data-wp-on--keydown=\"actions.handleKeyDown\" id=\"accordion-item-3\" class=\"wp-block-accordion-heading__toggle\"><span class=\"wp-block-accordion-heading__toggle-title\">Grups de discussi\u00f3 amb entitats del tercer sector<\/span><span class=\"wp-block-accordion-heading__toggle-icon\" aria-hidden=\"true\">+<\/span><\/button><\/h3>\n\n\n\n<div inert aria-labelledby=\"accordion-item-3\" data-wp-bind--inert=\"!state.isOpen\" id=\"accordion-item-3-panel\" role=\"region\" class=\"wp-block-accordion-panel is-layout-flow wp-block-accordion-panel-is-layout-flow\">\n<p>Combinem aquests contactes amb un abordatge participatiu en di\u00e0leg amb organitzacions tercer sector. Organitzem <strong>grups de discussi\u00f3 <\/strong>dinamitzats amb <strong>Sindillar, Escola de Vida i Bayt-al-thaqafa<\/strong>.<\/p>\n<\/div>\n<\/div>\n<\/div>\n\n\n\n<div data-wp-context=\"{ &quot;autoclose&quot;: true, &quot;accordionItems&quot;: [] }\" data-wp-interactive=\"core\/accordion\" role=\"group\" class=\"wp-block-accordion alignwide has-gris-pubilla-background-color has-background is-layout-flow wp-block-accordion-is-layout-flow\">\n<div data-wp-class--is-open=\"state.isOpen\" data-wp-context=\"{ &quot;id&quot;: &quot;accordion-item-4&quot;, &quot;openByDefault&quot;: false }\" data-wp-init=\"callbacks.initAccordionItems\" data-wp-on-window--hashchange=\"callbacks.hashChange\" class=\"wp-block-accordion-item is-layout-flow wp-block-accordion-item-is-layout-flow\">\n<h3 class=\"wp-block-accordion-heading has-normal-font-size\"><button aria-expanded=\"false\" aria-controls=\"accordion-item-4-panel\" data-wp-bind--aria-expanded=\"state.isOpen\" data-wp-on--click=\"actions.toggle\" data-wp-on--keydown=\"actions.handleKeyDown\" id=\"accordion-item-4\" class=\"wp-block-accordion-heading__toggle\"><span class=\"wp-block-accordion-heading__toggle-title\"><strong>Grups focals<\/strong> amb responsables de serveis d\u2019igualtat i diversitat de les universitats catalanes<\/span><span class=\"wp-block-accordion-heading__toggle-icon\" aria-hidden=\"true\">+<\/span><\/button><\/h3>\n\n\n\n<div inert aria-labelledby=\"accordion-item-4\" data-wp-bind--inert=\"!state.isOpen\" id=\"accordion-item-4-panel\" role=\"region\" class=\"wp-block-accordion-panel is-layout-flow wp-block-accordion-panel-is-layout-flow\">\n<p>Busquem produir coneixement en di\u00e0leg amb els serveis d\u2019igualtat i diversitat de les universitats catalanes per acompanyar la seva tasca d\u2019abordatge de la pluralitat \u00e8tnica-racial a les universitats. Per a aix\u00f2, el projecte dinamitza grups focals amb <strong>responsables dels serveis d\u2019igualtat<\/strong>.<\/p>\n<\/div>\n<\/div>\n<\/div>\n\n\n\n<div data-wp-context=\"{ &quot;autoclose&quot;: true, &quot;accordionItems&quot;: [] }\" data-wp-interactive=\"core\/accordion\" role=\"group\" class=\"wp-block-accordion alignwide has-gris-pubilla-background-color has-background is-layout-flow wp-block-accordion-is-layout-flow\">\n<div data-wp-class--is-open=\"state.isOpen\" data-wp-context=\"{ &quot;id&quot;: &quot;accordion-item-5&quot;, &quot;openByDefault&quot;: false }\" data-wp-init=\"callbacks.initAccordionItems\" data-wp-on-window--hashchange=\"callbacks.hashChange\" class=\"wp-block-accordion-item is-layout-flow wp-block-accordion-item-is-layout-flow\">\n<h3 class=\"wp-block-accordion-heading has-normal-font-size\"><button aria-expanded=\"false\" aria-controls=\"accordion-item-5-panel\" data-wp-bind--aria-expanded=\"state.isOpen\" data-wp-on--click=\"actions.toggle\" data-wp-on--keydown=\"actions.handleKeyDown\" id=\"accordion-item-5\" class=\"wp-block-accordion-heading__toggle\"><span class=\"wp-block-accordion-heading__toggle-title\">Recerca documental<\/span><span class=\"wp-block-accordion-heading__toggle-icon\" aria-hidden=\"true\">+<\/span><\/button><\/h3>\n\n\n\n<div inert aria-labelledby=\"accordion-item-5\" data-wp-bind--inert=\"!state.isOpen\" id=\"accordion-item-5-panel\" role=\"region\" class=\"wp-block-accordion-panel is-layout-flow wp-block-accordion-panel-is-layout-flow\">\n<p>Complementem aquest treball de camp amb una <strong>an\u00e0lisi d\u2019experi\u00e8ncies <\/strong>internacionals portades a terme a l\u2019\u00e0mbit universitari, valorant la seva rellev\u00e0ncia i reproductibilitat a Catalunya.<\/p>\n<\/div>\n<\/div>\n<\/div>\n<\/div>\n\n\n\n<div class=\"wp-block-column is-layout-flow wp-block-column-is-layout-flow\" style=\"flex-basis:5px\"><\/div>\n<\/div>\n\n\n\n<div style=\"height:5px\" aria-hidden=\"true\" class=\"wp-block-spacer\"><\/div>\n\n\n\n<p><\/p>\n","protected":false},"excerpt":{"rendered":"<p>UniDiversa treballa per identificar, comprendre i transformar les barreres produ\u00efdes pel racisme i la xenof\u00f2bia. Busquem entendre com els processos de racialitzaci\u00f3 impacten en el benestar de les persones a les universitats catalanes mitjan\u00e7ant el disseny, la implementaci\u00f3 i l\u2019avaluaci\u00f3 de pol\u00edtiques i actuacions d\u2019acollida, inclusi\u00f3 i diversitat, des d\u2019una perspectiva interseccional. El projecte s\u2019orienta [&hellip;]<\/p>\n","protected":false},"author":3134,"featured_media":0,"parent":0,"menu_order":0,"comment_status":"closed","ping_status":"closed","template":"","meta":{"footnotes":""},"class_list":["post-213","page","type-page","status-publish","hentry"],"_links":{"self":[{"href":"https:\/\/webs.uab.cat\/unidiversa\/wp-json\/wp\/v2\/pages\/213","targetHints":{"allow":["GET"]}}],"collection":[{"href":"https:\/\/webs.uab.cat\/unidiversa\/wp-json\/wp\/v2\/pages"}],"about":[{"href":"https:\/\/webs.uab.cat\/unidiversa\/wp-json\/wp\/v2\/types\/page"}],"author":[{"embeddable":true,"href":"https:\/\/webs.uab.cat\/unidiversa\/wp-json\/wp\/v2\/users\/3134"}],"replies":[{"embeddable":true,"href":"https:\/\/webs.uab.cat\/unidiversa\/wp-json\/wp\/v2\/comments?post=213"}],"version-history":[{"count":99,"href":"https:\/\/webs.uab.cat\/unidiversa\/wp-json\/wp\/v2\/pages\/213\/revisions"}],"predecessor-version":[{"id":574,"href":"https:\/\/webs.uab.cat\/unidiversa\/wp-json\/wp\/v2\/pages\/213\/revisions\/574"}],"wp:attachment":[{"href":"https:\/\/webs.uab.cat\/unidiversa\/wp-json\/wp\/v2\/media?parent=213"}],"curies":[{"name":"wp","href":"https:\/\/api.w.org\/{rel}","templated":true}]}}