{"id":145,"date":"2019-02-04T15:22:56","date_gmt":"2019-02-04T15:22:56","guid":{"rendered":"https:\/\/webs.uab.cat\/vilarroya\/otros-proyectos\/"},"modified":"2024-04-25T17:03:04","modified_gmt":"2024-04-25T17:03:04","slug":"otros-proyectos","status":"publish","type":"page","link":"https:\/\/webs.uab.cat\/vilarroya\/es\/otros-proyectos\/","title":{"rendered":"Otros proyectos"},"content":{"rendered":"\n<p><a href=\"https:\/\/webs.uab.cat\/vilarroya\/wp-content\/uploads\/sites\/384\/2019\/02\/catedra_el_cervell_social_2006-2012.pdf\" target=\"_blank\" rel=\"noopener\">C\u00e1tedra UAB \u201cel cerebro social\u201d (2006-2012)<\/a><\/p>\n\n\n\n<p>La C\u00e1tedra \u00abel cerebro social\u00bb fue un centro de reflexi\u00f3n y educaci\u00f3n en el \u00e1mbito de la neurociencia social. Su objetivo fue generar, difundir y acercar aquellos conocimientos neurocient\u00edficos que ayudan a entender el comportamiento humano en sociedad, sobre todo los que pueden aplicarse a los problemas y conflictos m\u00e1s presentes en el mundo contempor\u00e1neo. A lo largo de su actividad, la C\u00e1tedra \u00abel cerebro social\u00bb organiz\u00f3 reuniones cient\u00edficas internacionales, conferencias p\u00fablicas, talleres para ni\u00f1os y adultos, as\u00ed como desarroll\u00f3 actividades educativas junto con el Consorcio de Educaci\u00f3n de Barcelona dirigidos a aquellos ni\u00f1os y j\u00f3venes con m\u00e1s dificultades de integraci\u00f3n escolar. Gran parte de sus actividades fueron difundidas en formato de documentos audiovisuales, art\u00edculos, revistas y libros.<\/p>\n\n\n\n<p><a href=\"https:\/\/webs.uab.cat\/vilarroya\/wp-content\/uploads\/sites\/384\/2019\/02\/creatopia_projecte.pdf\" target=\"_blank\" rel=\"noopener\">Creatop\u00eda (2005)<\/a><\/p>\n\n\n\n<p>Creatop\u00eda se configur\u00f3 como un espacio de an\u00e1lisis, encuentro y exposici\u00f3n de la creatividad contempor\u00e1nea. La idea era abrir los itinerarios creativos actuales a la observaci\u00f3n y la reflexi\u00f3n. Buscar itinerarios creativos relevantes, sin restricciones, en cualquier campo donde se pueda identificar la creatividad contempor\u00e1nea: en la pintura, el arte digital, el multimedia, la ciencia, la cotidianidad&#8230; Analizarlos, exponerlos, invitar a sus creadores y enfrentarlos a sus propias trayectorias y las de otros creadores. El reto fue hacer de esta observaci\u00f3n y reflexi\u00f3n un evento de atractivo tanto para el gran p\u00fablico como para los propios creadores as\u00ed como para todo aquel que tuviera un inter\u00e9s por la reflexi\u00f3n sobre la creaci\u00f3n contempor\u00e1nea. Creatopia trataba de responder a preguntas como: \u00bfQu\u00e9 trayectorias hay detr\u00e1s de los productos y procesos creativos contempor\u00e1neos? \u00bfQu\u00e9 naturaleza particular tienen las conexiones, derivas, intersecciones que se producen hoy en d\u00eda en los itinerarios creativos? \u00bfHasta donde llega la insatisfacci\u00f3n con los propios campos creativos y de qu\u00e9 manera se rompen las barreras entre disciplinas? \u00bfQu\u00e9 ideas, conocimientos, disciplinas son las m\u00e1s fruct\u00edferas?<\/p>\n","protected":false},"excerpt":{"rendered":"<p>C\u00e1tedra UAB \u201cel cerebro social\u201d (2006-2012) La C\u00e1tedra \u00abel cerebro social\u00bb fue un centro de reflexi\u00f3n y educaci\u00f3n en el \u00e1mbito de la neurociencia social. Su objetivo fue generar, difundir y acercar aquellos conocimientos neurocient\u00edficos que ayudan a entender el comportamiento humano en sociedad, sobre todo los que pueden aplicarse a los problemas y conflictos [&hellip;]<\/p>\n","protected":false},"author":20,"featured_media":0,"parent":0,"menu_order":0,"comment_status":"closed","ping_status":"closed","template":"","meta":{"footnotes":""},"class_list":["post-145","page","type-page","status-publish","hentry"],"_links":{"self":[{"href":"https:\/\/webs.uab.cat\/vilarroya\/es\/wp-json\/wp\/v2\/pages\/145","targetHints":{"allow":["GET"]}}],"collection":[{"href":"https:\/\/webs.uab.cat\/vilarroya\/es\/wp-json\/wp\/v2\/pages"}],"about":[{"href":"https:\/\/webs.uab.cat\/vilarroya\/es\/wp-json\/wp\/v2\/types\/page"}],"author":[{"embeddable":true,"href":"https:\/\/webs.uab.cat\/vilarroya\/es\/wp-json\/wp\/v2\/users\/20"}],"replies":[{"embeddable":true,"href":"https:\/\/webs.uab.cat\/vilarroya\/es\/wp-json\/wp\/v2\/comments?post=145"}],"version-history":[{"count":1,"href":"https:\/\/webs.uab.cat\/vilarroya\/es\/wp-json\/wp\/v2\/pages\/145\/revisions"}],"predecessor-version":[{"id":317,"href":"https:\/\/webs.uab.cat\/vilarroya\/es\/wp-json\/wp\/v2\/pages\/145\/revisions\/317"}],"wp:attachment":[{"href":"https:\/\/webs.uab.cat\/vilarroya\/es\/wp-json\/wp\/v2\/media?parent=145"}],"curies":[{"name":"wp","href":"https:\/\/api.w.org\/{rel}","templated":true}]}}