{"id":82,"date":"2016-01-19T13:43:45","date_gmt":"2016-01-19T13:43:45","guid":{"rendered":"https:\/\/webs.uab.cat\/vilarroya\/portada\/"},"modified":"2026-01-13T09:51:47","modified_gmt":"2026-01-13T09:51:47","slug":"portada","status":"publish","type":"page","link":"https:\/\/webs.uab.cat\/vilarroya\/es\/","title":{"rendered":"Portada"},"content":{"rendered":"<div class=\"wp-block-image\">\n<figure class=\"alignright size-full is-resized\"><img loading=\"lazy\" decoding=\"async\" width=\"1948\" height=\"2560\" src=\"https:\/\/webs.uab.cat\/vilarroya\/wp-content\/uploads\/sites\/384\/2026\/01\/Ovo-PRBB-2025-1-scaled.jpg\" alt=\"\" class=\"wp-image-621\" style=\"aspect-ratio:3\/4;object-fit:cover;width:247px;height:auto\" srcset=\"https:\/\/webs.uab.cat\/vilarroya\/wp-content\/uploads\/sites\/384\/2026\/01\/Ovo-PRBB-2025-1-scaled.jpg 1948w, https:\/\/webs.uab.cat\/vilarroya\/wp-content\/uploads\/sites\/384\/2026\/01\/Ovo-PRBB-2025-1-228x300.jpg 228w, https:\/\/webs.uab.cat\/vilarroya\/wp-content\/uploads\/sites\/384\/2026\/01\/Ovo-PRBB-2025-1-779x1024.jpg 779w, https:\/\/webs.uab.cat\/vilarroya\/wp-content\/uploads\/sites\/384\/2026\/01\/Ovo-PRBB-2025-1-768x1009.jpg 768w, https:\/\/webs.uab.cat\/vilarroya\/wp-content\/uploads\/sites\/384\/2026\/01\/Ovo-PRBB-2025-1-1169x1536.jpg 1169w, https:\/\/webs.uab.cat\/vilarroya\/wp-content\/uploads\/sites\/384\/2026\/01\/Ovo-PRBB-2025-1-1559x2048.jpg 1559w, https:\/\/webs.uab.cat\/vilarroya\/wp-content\/uploads\/sites\/384\/2026\/01\/Ovo-PRBB-2025-1-1200x1577.jpg 1200w, https:\/\/webs.uab.cat\/vilarroya\/wp-content\/uploads\/sites\/384\/2026\/01\/Ovo-PRBB-2025-1-1980x2602.jpg 1980w\" sizes=\"auto, (max-width: 1948px) 100vw, 1948px\" \/><\/figure>\n<\/div>\n\n\n<p>Soy licenciado en Medicina y Cirug\u00eda por la Universidad Aut\u00f3noma de Barcelona (UAB), y doctor en Ciencia Cognitiva por la misma universidad. Mi actividad se inscribe en el campo de la neurociencia cognitiva, tanto te\u00f3rica como experimental. Sin embargo, mi inter\u00e9s por enriquecer el acceso a los conocimientos neurocient\u00edficos me ha llevado a participar en proyectos que se han aproximado a la literatura y las artes esc\u00e9nicas.<\/p>\n\n\n\n<p>Actualmente, soy profesor en el departamento de Psiquiatr\u00eda y Medicina Legal de la UAB, y director del grupo de investigaci\u00f3n \u00abUnidad de Investigaci\u00f3n en Neurociencia Cognitiva\u00bb (URNC), de la UAB, as\u00ed como del \u00abGrupo de Investigaci\u00f3n en Neuroimagen en Trastornos Mentales\u00bb (GREEN) del Instituto Hospital del Mar Research Institute (lMIM). La URNC y el GREEN tienen como objetivo la aplicaci\u00f3n de t\u00e9cnicas de neuroimagen al estudio de las enfermedades mentales, pero tambi\u00e9n al estudio de c\u00f3mo el cerebro se adapta a retos vitales tan diversos como la maternidad o la lucha ideol\u00f3gica. La URNC ha sido reconocida como grupo de investigaci\u00f3n consolidado por la Generalitat de Catalu\u00f1a (2021 SGR 00121).<\/p>\n\n\n\n<p>He difundido mi investigaci\u00f3n en art\u00edculos cient\u00edficos, pero tambi\u00e9n en libros de ensayo como <em>Neuroscience without representations<\/em> (Elsevier 2024), <em>Somos lo que nos contamos<\/em> (Ariel 2019), <em>Palabra de robot<\/em> (Universidad de Valencia, 2006), o <em>La disoluci\u00f3n de la mente<\/em> (Tusquets 2002), He colaborado tambi\u00e9n en divulgaci\u00f3n cient\u00edfica en medios de comunicaci\u00f3n, sobre todo en prensa y radio.<\/p>\n\n\n\n<p>A lo largo de mi carrera he intentado cultivar v\u00ednculos entre las neurociencias y las humanidades, y he explorado diferentes formas de llevarlo a cabo (<em>De botxins i gots d&#8217;aigua<\/em>, Denes 2003; <em>Joc net<\/em>, Pag\u00e8s Editors 2004). En los \u00faltimos a\u00f1os, he tenido el privilegio de colaborar en proyectos en el \u00e1mbito de las artes esc\u00e9nicas, como en el espect\u00e1culo <em>Orion<\/em> del core\u00f3grafo Cesc Gelabert (Teatre Lliure, 2007), en las \u00f3peras <em>Casparo<\/em> (Palau de la M\u00fasica , 2011) y <em>Fausto<\/em> (La Monnaie, Bruselas 2018), de mi colega Luc Steels, as\u00ed como en un proyecto docente y de investigaci\u00f3n en la escuela de teatro <em>Eolia<\/em>.<\/p>\n\n\n\n<p><\/p>\n\n\n\n<p><\/p>\n\n\n\n<p><\/p>\n","protected":false},"excerpt":{"rendered":"<p>Soy licenciado en Medicina y Cirug\u00eda por la Universidad Aut\u00f3noma de Barcelona (UAB), y doctor en Ciencia Cognitiva por la misma universidad. Mi actividad se inscribe en el campo de la neurociencia cognitiva, tanto te\u00f3rica como experimental. Sin embargo, mi inter\u00e9s por enriquecer el acceso a los conocimientos neurocient\u00edficos me ha llevado a participar en [&hellip;]<\/p>\n","protected":false},"author":20,"featured_media":0,"parent":0,"menu_order":0,"comment_status":"closed","ping_status":"closed","template":"","meta":{"footnotes":""},"class_list":["post-82","page","type-page","status-publish","hentry"],"_links":{"self":[{"href":"https:\/\/webs.uab.cat\/vilarroya\/es\/wp-json\/wp\/v2\/pages\/82","targetHints":{"allow":["GET"]}}],"collection":[{"href":"https:\/\/webs.uab.cat\/vilarroya\/es\/wp-json\/wp\/v2\/pages"}],"about":[{"href":"https:\/\/webs.uab.cat\/vilarroya\/es\/wp-json\/wp\/v2\/types\/page"}],"author":[{"embeddable":true,"href":"https:\/\/webs.uab.cat\/vilarroya\/es\/wp-json\/wp\/v2\/users\/20"}],"replies":[{"embeddable":true,"href":"https:\/\/webs.uab.cat\/vilarroya\/es\/wp-json\/wp\/v2\/comments?post=82"}],"version-history":[{"count":7,"href":"https:\/\/webs.uab.cat\/vilarroya\/es\/wp-json\/wp\/v2\/pages\/82\/revisions"}],"predecessor-version":[{"id":625,"href":"https:\/\/webs.uab.cat\/vilarroya\/es\/wp-json\/wp\/v2\/pages\/82\/revisions\/625"}],"wp:attachment":[{"href":"https:\/\/webs.uab.cat\/vilarroya\/es\/wp-json\/wp\/v2\/media?parent=82"}],"curies":[{"name":"wp","href":"https:\/\/api.w.org\/{rel}","templated":true}]}}