{"id":2826,"date":"2023-03-30T15:38:44","date_gmt":"2023-03-30T13:38:44","guid":{"rendered":"https:\/\/webs.uab.cat\/edicio-web\/?page_id=2826"},"modified":"2026-04-22T08:00:45","modified_gmt":"2026-04-22T06:00:45","slug":"asset-pagina","status":"publish","type":"page","link":"https:\/\/webs.uab.cat\/webedit\/edicio-de-continguts\/manual\/asset-pagina\/","title":{"rendered":"L&#8217;asset p\u00e0gina"},"content":{"rendered":"\n<p>L\u2019asset P\u00e0gina \u00e9s l\u2019element principal que defineix l\u2019estructura i el contingut d\u2019una web dins del gestor Oracle WebCenter Sites. Inclou diversos camps que permeten configurar el t\u00edtol, la URL, els textos, les imatges i altres elements opcionals. Per garantir una correcta visualitzaci\u00f3, nom\u00e9s cal omplir els camps obligatoris (marcats amb asterisc vermell), mentre que la resta ofereixen opcions addicionals per personalitzar la p\u00e0gina i millorar-ne l\u2019accessibilitat i el posicionament. <\/p>\n\n\n<div class=\"wp-block-image\">\n<figure class=\"aligncenter size-full\"><img loading=\"lazy\" decoding=\"async\" width=\"992\" height=\"1163\" src=\"https:\/\/webs.uab.cat\/webedit\/wp-content\/uploads\/sites\/667\/2025\/09\/ElementsPortada.jpg\" alt=\"Captura de pantalla d'una p\u00e0gina de portada a Oracle Webcenter Sites amb blocs que indiquen els elements que la formen\" class=\"wp-image-4847\" srcset=\"https:\/\/webs.uab.cat\/webedit\/wp-content\/uploads\/sites\/667\/2025\/09\/ElementsPortada.jpg 992w, https:\/\/webs.uab.cat\/webedit\/wp-content\/uploads\/sites\/667\/2025\/09\/ElementsPortada-256x300.jpg 256w, https:\/\/webs.uab.cat\/webedit\/wp-content\/uploads\/sites\/667\/2025\/09\/ElementsPortada-873x1024.jpg 873w, https:\/\/webs.uab.cat\/webedit\/wp-content\/uploads\/sites\/667\/2025\/09\/ElementsPortada-768x900.jpg 768w\" sizes=\"auto, (max-width: 992px) 100vw, 992px\" \/><\/figure>\n<\/div>\n\n\n<p><\/p>\n\n\n<div class=\"wp-block-image\">\n<figure class=\"aligncenter size-full\"><img loading=\"lazy\" decoding=\"async\" width=\"1024\" height=\"929\" src=\"https:\/\/webs.uab.cat\/webedit\/wp-content\/uploads\/sites\/667\/2025\/09\/ElementsPaginaInterior.jpg\" alt=\"Captura de pantalla d'una p\u00e0gina interior a Oracle Webcenter Sites amb blocs que indiquen els elements que la formen\" class=\"wp-image-4848\" srcset=\"https:\/\/webs.uab.cat\/webedit\/wp-content\/uploads\/sites\/667\/2025\/09\/ElementsPaginaInterior.jpg 1024w, https:\/\/webs.uab.cat\/webedit\/wp-content\/uploads\/sites\/667\/2025\/09\/ElementsPaginaInterior-300x272.jpg 300w, https:\/\/webs.uab.cat\/webedit\/wp-content\/uploads\/sites\/667\/2025\/09\/ElementsPaginaInterior-768x697.jpg 768w\" sizes=\"auto, (max-width: 1024px) 100vw, 1024px\" \/><\/figure>\n<\/div>\n\n\n<p>A continuaci\u00f3, es mostra un exemple dels camps d\u2019una p\u00e0gina interior i l\u2019explicaci\u00f3 de cadascun:<\/p>\n\n\n<div class=\"wp-block-image\">\n<figure class=\"aligncenter size-large\"><img loading=\"lazy\" decoding=\"async\" width=\"501\" height=\"1024\" src=\"https:\/\/webs.uab.cat\/webedit\/wp-content\/uploads\/sites\/667\/2025\/11\/AssetPagina-501x1024.jpg\" alt=\"Captura de pantalla de l'asset P\u00e0gina\" class=\"wp-image-6011\" srcset=\"https:\/\/webs.uab.cat\/webedit\/wp-content\/uploads\/sites\/667\/2025\/11\/AssetPagina-501x1024.jpg 501w, https:\/\/webs.uab.cat\/webedit\/wp-content\/uploads\/sites\/667\/2025\/11\/AssetPagina-147x300.jpg 147w, https:\/\/webs.uab.cat\/webedit\/wp-content\/uploads\/sites\/667\/2025\/11\/AssetPagina-768x1571.jpg 768w, https:\/\/webs.uab.cat\/webedit\/wp-content\/uploads\/sites\/667\/2025\/11\/AssetPagina-751x1536.jpg 751w, https:\/\/webs.uab.cat\/webedit\/wp-content\/uploads\/sites\/667\/2025\/11\/AssetPagina.jpg 900w\" sizes=\"auto, (max-width: 501px) 100vw, 501px\" \/><\/figure>\n<\/div>\n\n\n<h2 class=\"wp-block-heading\">Camps i funcionalitat<\/h2>\n\n\n\n<h3 class=\"wp-block-heading\"><strong>*Nombre<\/strong><\/h3>\n\n\n\n<ul class=\"wp-block-list\">\n<li>Antigament els noms acabaven amb _ca, _es o _en.<\/li>\n\n\n\n<li>Ara, gr\u00e0cies a la nova gesti\u00f3 d\u2019idiomes, aix\u00f2 ja no \u00e9s necessari.<\/li>\n\n\n\n<li>El nom no apareix a la web, nom\u00e9s serveix per identificar la p\u00e0gina dins el gestor.<\/li>\n\n\n\n<li>Recomanaci\u00f3: utilitzeu una o dues paraules.<\/li>\n\n\n\n<li>Per traduccions, afegiu prefixe (es) o (en) per indicar l\u2019idioma.<\/li>\n<\/ul>\n\n\n\n<h3 class=\"wp-block-heading\"><strong>Etiquetas<\/strong> <\/h3>\n\n\n\n<p>Camp opcional, permet etiquetar assets per localitzar-los m\u00e9s f\u00e0cilment al gestor.<\/p>\n\n\n\n<h3 class=\"wp-block-heading\"><strong>Template<\/strong><\/h3>\n\n\n\n<p>Per p\u00e0gines interiors triar TemplatePageInterior_VA.<\/p>\n\n\n\n<h3 class=\"wp-block-heading\">*<strong>T\u00edtol<\/strong><\/h3>\n\n\n\n<ul class=\"wp-block-list\">\n<li>Camp obligatori: \u00e9s el t\u00edtol principal de la p\u00e0gina.<\/li>\n\n\n\n<li>Ha de ser clar i descriptiu.<\/li>\n\n\n\n<li>Es mostra com a encap\u00e7alament, a les pestanyes del navegador i als resultats dels cercadors.<\/li>\n\n\n\n<li>Tamb\u00e9 \u00e9s el nom per defecte als preferits. <\/li>\n<\/ul>\n\n\n\n<p class=\"wp-block-uab-info missatge wp-block-uab-a11y\">Cada p\u00e0gina d\u2019un site ha de tenir un t\u00edtol \u00fanic i descriptiu del contingut de la p\u00e0gina. Aquest t\u00edtol apareix tamb\u00e9 com a nom de la pestanya corresponent al navegador i permet identificar-la als usuaris de lectors de pantalla.<br>Vegeu m\u00e9s informaci\u00f3 a Accessibilitat > <a href=\"https:\/\/webs.uab.cat\/webedit\/titol-de-la-pagina\/\" data-type=\"page\" data-id=\"5636\">T\u00edtol de la p\u00e0gina<\/a><\/p>\n\n\n\n<h3 class=\"wp-block-heading\"><strong>T\u00edtol curt<\/strong><\/h3>\n\n\n\n<ul class=\"wp-block-list\">\n<li>Afecta al t\u00edtol dels men\u00fas i al fil d\u2019Ariadna (breadcrumb).<\/li>\n\n\n\n<li>Nom\u00e9s ompliu-lo si el t\u00edtol principal \u00e9s massa llarg.<\/li>\n<\/ul>\n\n\n\n<h3 class=\"wp-block-heading\"><strong>Meta Tag Description<\/strong><\/h3>\n\n\n\n<p>Millora el posicionament SEO. M\u00e9s informaci\u00f3, en aquesta entrada:<\/p>\n\n\n\n<div class=\"wp-block-buttons is-content-justification-center is-layout-flex wp-container-core-buttons-is-layout-16018d1d wp-block-buttons-is-layout-flex\">\n<div class=\"wp-block-button\"><a class=\"wp-block-button__link wp-element-button\" href=\"https:\/\/webs.uab.cat\/webedit\/2021\/04\/08\/metadades-que-son-i-per-a-que-serveixen\/\" target=\"_blank\" rel=\"noreferrer noopener\">Metadades, qu\u00e8 s\u00f3n i per a qu\u00e8 serveixen<\/a><\/div>\n<\/div>\n\n\n\n<h3 class=\"wp-block-heading\"><strong><strong>Meta Tag Robots<\/strong><\/strong><\/h3>\n\n\n\n<p>Manteniu l\u2019opci\u00f3 per defecte: index, follow.<br>Indica a Google si ha d\u2019indexar la p\u00e0gina (normalment s\u00ed).<\/p>\n\n\n\n<h3 class=\"wp-block-heading\">Part final de la URL<\/h3>\n\n\n\n<ul class=\"wp-block-list\">\n<li>Normalment coincideix amb el t\u00edtol de la p\u00e0gina.<\/li>\n\n\n\n<li>Recomanacions:\n<ul class=\"wp-block-list\">\n<li>Elimineu articles i car\u00e0cters especials.<\/li>\n\n\n\n<li>Els espais es converteixen en guions autom\u00e0ticament.<\/li>\n\n\n\n<li>Manteniu la URL curta i clara.<\/li>\n\n\n\n<li>Exemple: en lloc de els-serveis-disponibles-del-departament, poseu serveis-disponibles.<\/li>\n<\/ul>\n<\/li>\n\n\n\n<li><strong>No editeu aquest camp despr\u00e9s de guardar la p\u00e0gina<\/strong> per evitar errors d\u2019adreces.<\/li>\n\n\n\n<li>A la portada, deixeu el \/ per indicar la p\u00e0gina arrel.<\/li>\n<\/ul>\n\n\n\n<h3 class=\"wp-block-heading\">Amagar p\u00e0gina<\/h3>\n\n\n\n<p>Per defecte \u00e9s que no. Nom\u00e9s aplica a les p\u00e0gines filles de la portada. Aquesta configuraci\u00f3 permet crear seccions del web que no es mostrin al men\u00fa superior. L\u2019acc\u00e9s a aquestes seccions es far\u00e0 mitjan\u00e7ant enlla\u00e7os interns.<\/p>\n\n\n\n<h3 class=\"wp-block-heading\">Imatge cap\u00e7alera <\/h3>\n\n\n\n<p>Recomanem no pujar imatge: el sistema utilitzar\u00e0 la imatge global del lloc web.<\/p>\n\n\n\n<h3 class=\"wp-block-heading\"><strong>Bloc de text 1<\/strong><\/h3>\n\n\n\n<ul class=\"wp-block-list\">\n<li>Gran novetat: ja no cal associar un asset text gen\u00e8ric.<\/li>\n\n\n\n<li>El contingut que poseu aqu\u00ed apareixer\u00e0 autom\u00e0ticament a la zona central.<\/li>\n<\/ul>\n\n\n\n<p class=\"wp-block-uab-info missatge wp-block-uab-a11y\">\u00c9s important que no enganxeu textos provinents d&#8217;altres editors ja que s&#8217;incorpora codi que pot ser no accessible. Recordeu tamb\u00e9 utilitzar les opcions de l&#8217;editor de textos pee als elements definits per a cada funci\u00f3: llista, taula&#8230;<\/p>\n\n\n\n<h3 class=\"wp-block-heading\">Media<\/h3>\n\n\n\n<p>Camp opcional. Permet afegir un d&#8217;aquests assets multim\u00e8dia: <\/p>\n\n\n\n<ul class=\"wp-block-list\">\n<li><a href=\"https:\/\/webs.uab.cat\/webedit\/edicio-de-continguts\/manual\/imatges\/\" data-type=\"page\" data-id=\"2895\">Imatge<\/a><\/li>\n\n\n\n<li><a href=\"https:\/\/webs.uab.cat\/webedit\/edicio-de-continguts\/manual\/video\/\" data-type=\"page\" data-id=\"4062\">V\u00eddeo<\/a><\/li>\n\n\n\n<li><a href=\"https:\/\/webs.uab.cat\/webedit\/edicio-de-continguts\/manual\/audio\/\" data-type=\"page\" data-id=\"4072\">\u00c0udio<\/a><\/li>\n\n\n\n<li><a href=\"https:\/\/webs.uab.cat\/webedit\/edicio-de-continguts\/manual\/embed-2\/\" data-type=\"page\" data-id=\"4091\">Embed<\/a><\/li>\n<\/ul>\n\n\n\n<h3 class=\"wp-block-heading\">Bloc de text 2<\/h3>\n\n\n\n<p>Permet afegir text sota de l&#8217;asset Multim\u00e8dia del camp anterior.<\/p>\n\n\n\n<blockquote class=\"wp-block-quote is-layout-flow wp-block-quote-is-layout-flow\">\n<p>Els blocs de text 1 i 2 s\u00f3n opcionals per controlar la disposici\u00f3 del contingut:<\/p>\n\n\n\n<ul class=\"wp-block-list\">\n<li>Nom\u00e9s text \u2192 ompliu <strong>Bloc de text 1<\/strong>.<\/li>\n\n\n\n<li>Text + Recurs multim\u00e8dia \u2192 Bloc de text 1 + Media.<\/li>\n\n\n\n<li>Recurs multim\u00e8dia + Text \u2192 Media + Bloc de text 2<\/li>\n\n\n\n<li>Text + Recurs multim\u00e8dia + Text \u2192 Bloc de text 1 + Media + Bloc de text 2<\/li>\n<\/ul>\n<\/blockquote>\n\n\n<div class=\"wp-block-image\">\n<figure class=\"aligncenter size-full\"><img loading=\"lazy\" decoding=\"async\" width=\"988\" height=\"758\" src=\"https:\/\/webs.uab.cat\/webedit\/wp-content\/uploads\/sites\/667\/2025\/09\/siteprova.jpg\" alt=\"Captura de pantalla d'una p\u00e0gina interior a Oracle Webcenter Sites\" class=\"wp-image-4851\" srcset=\"https:\/\/webs.uab.cat\/webedit\/wp-content\/uploads\/sites\/667\/2025\/09\/siteprova.jpg 988w, https:\/\/webs.uab.cat\/webedit\/wp-content\/uploads\/sites\/667\/2025\/09\/siteprova-300x230.jpg 300w, https:\/\/webs.uab.cat\/webedit\/wp-content\/uploads\/sites\/667\/2025\/09\/siteprova-768x589.jpg 768w\" sizes=\"auto, (max-width: 988px) 100vw, 988px\" \/><\/figure>\n<\/div>\n\n\n<h3 class=\"wp-block-heading\">Enlla\u00e7os de l&#8217;esquerra<\/h3>\n\n\n\n<p>Normalment no es fan servir. Recomanem posar enlla\u00e7os al <strong>men\u00fa de la dreta<\/strong> per evitar confusions.<\/p>\n\n\n\n<h3 class=\"wp-block-heading\">M\u00f2duls principals (centre)<\/h3>\n\n\n\n<p>Permet afegir contingut extra (textos desplegables, llistats d&#8217;enlla\u00e7os, contingut multim\u00e8dia, etc.). Consulteu l\u2019asset \u201cM\u00f2dul\u201d per veure totes les opcions disponibles.<\/p>\n\n\n\n<h3 class=\"wp-block-heading\">Bloc de text 3<\/h3>\n\n\n\n<p>Permet afegir text despr\u00e9s del bloc de m\u00f2duls principals.<\/p>\n\n\n\n<h3 class=\"wp-block-heading\"><strong>M\u00f2duls secundaris (dreta)<\/strong><\/h3>\n\n\n\n<p>Permet afegir caixes amb informaci\u00f3 extra. Consulteu l\u2019asset \u201cM\u00f2dul\u201d per veure totes les opcions disponibles.<\/p>\n","protected":false},"excerpt":{"rendered":"<p>L\u2019asset P\u00e0gina \u00e9s l\u2019element principal que defineix l\u2019estructura i el contingut d\u2019una web dins del gestor Oracle WebCenter Sites. Inclou diversos camps que permeten configurar el t\u00edtol, la URL, els textos, les imatges i altres elements opcionals. Per garantir una correcta visualitzaci\u00f3, nom\u00e9s cal omplir els camps obligatoris (marcats amb asterisc vermell), mentre que la [&hellip;]<\/p>\n","protected":false},"author":39,"featured_media":0,"parent":4525,"menu_order":0,"comment_status":"closed","ping_status":"closed","template":"","meta":{"footnotes":""},"class_list":["post-2826","page","type-page","status-publish","hentry"],"_links":{"self":[{"href":"https:\/\/webs.uab.cat\/webedit\/wp-json\/wp\/v2\/pages\/2826","targetHints":{"allow":["GET"]}}],"collection":[{"href":"https:\/\/webs.uab.cat\/webedit\/wp-json\/wp\/v2\/pages"}],"about":[{"href":"https:\/\/webs.uab.cat\/webedit\/wp-json\/wp\/v2\/types\/page"}],"author":[{"embeddable":true,"href":"https:\/\/webs.uab.cat\/webedit\/wp-json\/wp\/v2\/users\/39"}],"replies":[{"embeddable":true,"href":"https:\/\/webs.uab.cat\/webedit\/wp-json\/wp\/v2\/comments?post=2826"}],"version-history":[{"count":34,"href":"https:\/\/webs.uab.cat\/webedit\/wp-json\/wp\/v2\/pages\/2826\/revisions"}],"predecessor-version":[{"id":7270,"href":"https:\/\/webs.uab.cat\/webedit\/wp-json\/wp\/v2\/pages\/2826\/revisions\/7270"}],"up":[{"embeddable":true,"href":"https:\/\/webs.uab.cat\/webedit\/wp-json\/wp\/v2\/pages\/4525"}],"wp:attachment":[{"href":"https:\/\/webs.uab.cat\/webedit\/wp-json\/wp\/v2\/media?parent=2826"}],"curies":[{"name":"wp","href":"https:\/\/api.w.org\/{rel}","templated":true}]}}