{"id":539,"date":"2025-02-14T13:55:57","date_gmt":"2025-02-14T11:55:57","guid":{"rendered":"https:\/\/webs.uab.cat\/wel\/?page_id=539"},"modified":"2025-03-13T17:56:31","modified_gmt":"2025-03-13T15:56:31","slug":"inscripcio-inscripcion","status":"publish","type":"page","link":"https:\/\/webs.uab.cat\/wel\/es\/inscripcio-inscripcion\/","title":{"rendered":"Inscripci\u00f3 \/ Inscripci\u00f3n"},"content":{"rendered":"\n<div style=\"height:34px\" aria-hidden=\"true\" class=\"wp-block-spacer\"><\/div>\n\n\n\n<ul class=\"wp-block-list\">\n<li>El proper dilluns 16 de juny de 2025 tindrem l\u2019oportunitat de compartir experi\u00e8ncies i resultats sobre el projecte WEL a la jornada local. Aquesta jornada ens permetr\u00e0 con\u00e8ixer de primera m\u00e0 els aven\u00e7os, resultats i impacte dels estudis duts a terme i d\u2019obrir un espai per parlar dels pr\u00f2xims passos. Consulta el programa i m\u00e9s informaci\u00f3 en aquest enlla\u00e7: <a href=\"https:\/\/webs.uab.cat\/wel\/programa-jornada-local\/\">jornada local<\/a>. <\/li>\n\n\n\n<li>El pr\u00f3ximo lunes 16 de junio de 2025 tendremos la oportunidad de compartir experiencias y resultados sobre el proyecto WEL en la jornada local. Esta jornada nos permitir\u00e1 conocer de primera mano los avances, resultados e impacto de los estudios llevados a cabo y abrir un espacio para hablar de los pr\u00f3ximos pasos. Consulta el programa y m\u00e1s informaci\u00f3n en el siguiente enlace: <a href=\"https:\/\/webs.uab.cat\/wel\/es\/programa-jornada-local\/\">jornada local<\/a>.<\/li>\n<\/ul>\n\n\n","protected":false},"excerpt":{"rendered":"","protected":false},"author":103,"featured_media":0,"parent":0,"menu_order":0,"comment_status":"closed","ping_status":"closed","template":"","meta":{"footnotes":""},"class_list":["post-539","page","type-page","status-publish","hentry"],"_links":{"self":[{"href":"https:\/\/webs.uab.cat\/wel\/es\/wp-json\/wp\/v2\/pages\/539","targetHints":{"allow":["GET"]}}],"collection":[{"href":"https:\/\/webs.uab.cat\/wel\/es\/wp-json\/wp\/v2\/pages"}],"about":[{"href":"https:\/\/webs.uab.cat\/wel\/es\/wp-json\/wp\/v2\/types\/page"}],"author":[{"embeddable":true,"href":"https:\/\/webs.uab.cat\/wel\/es\/wp-json\/wp\/v2\/users\/103"}],"replies":[{"embeddable":true,"href":"https:\/\/webs.uab.cat\/wel\/es\/wp-json\/wp\/v2\/comments?post=539"}],"version-history":[{"count":5,"href":"https:\/\/webs.uab.cat\/wel\/es\/wp-json\/wp\/v2\/pages\/539\/revisions"}],"predecessor-version":[{"id":662,"href":"https:\/\/webs.uab.cat\/wel\/es\/wp-json\/wp\/v2\/pages\/539\/revisions\/662"}],"wp:attachment":[{"href":"https:\/\/webs.uab.cat\/wel\/es\/wp-json\/wp\/v2\/media?parent=539"}],"curies":[{"name":"wp","href":"https:\/\/api.w.org\/{rel}","templated":true}]}}